{"id":32011,"date":"2024-06-07T11:43:28","date_gmt":"2024-06-07T09:43:28","guid":{"rendered":"https:\/\/reden.solar\/unsere-arbeitsweise\/"},"modified":"2024-07-23T14:26:29","modified_gmt":"2024-07-23T12:26:29","slug":"unsere-arbeitsweise","status":"publish","type":"page","link":"https:\/\/reden.solar\/de\/unsere-arbeitsweise\/","title":{"rendered":"UNSERE ARBEITSWEISE"},"content":{"rendered":"\t\t<div data-elementor-type=\"wp-page\" data-elementor-id=\"32011\" class=\"elementor elementor-32011 elementor-317\" data-elementor-post-type=\"page\">\n\t\t\t\t\t\t<section class=\"elementor-section elementor-top-section elementor-element elementor-element-15ed81b elementor-section-height-min-height elementor-section-items-stretch elementor-section-stretched banner elementor-section-boxed elementor-section-height-default\" data-id=\"15ed81b\" data-element_type=\"section\" data-e-type=\"section\" data-settings=\"{&quot;stretch_section&quot;:&quot;section-stretched&quot;,&quot;background_background&quot;:&quot;slideshow&quot;,&quot;background_slideshow_gallery&quot;:[{&quot;id&quot;:10511,&quot;url&quot;:&quot;https:\\\/\\\/reden.solar\\\/wp-content\\\/uploads\\\/2022\\\/04\\\/Cabildo_1-mod.webp&quot;},{&quot;id&quot;:10517,&quot;url&quot;:&quot;https:\\\/\\\/reden.solar\\\/wp-content\\\/uploads\\\/2022\\\/04\\\/Aerienne-7.08.19.jpg&quot;},{&quot;id&quot;:10520,&quot;url&quot;:&quot;https:\\\/\\\/reden.solar\\\/wp-content\\\/uploads\\\/2022\\\/04\\\/Giraud-Germain-1.8MWc.jpg&quot;},{&quot;id&quot;:10523,&quot;url&quot;:&quot;https:\\\/\\\/reden.solar\\\/wp-content\\\/uploads\\\/2022\\\/04\\\/Skyroadproduction_2017_DJI_0157.jpg&quot;}],&quot;background_slideshow_slide_duration&quot;:3000,&quot;background_slideshow_transition_duration&quot;:2000,&quot;background_slideshow_ken_burns&quot;:&quot;yes&quot;,&quot;background_slideshow_ken_burns_zoom_direction&quot;:&quot;out&quot;,&quot;background_slideshow_loop&quot;:&quot;yes&quot;,&quot;background_slideshow_slide_transition&quot;:&quot;fade&quot;}\">\n\t\t\t\t\t\t\t<div class=\"elementor-background-overlay\"><\/div>\n\t\t\t\t\t\t\t<div class=\"elementor-container elementor-column-gap-default\">\n\t\t\t\t\t<div class=\"elementor-column elementor-col-100 elementor-top-column elementor-element elementor-element-9a0ea48\" data-id=\"9a0ea48\" data-element_type=\"column\" data-e-type=\"column\">\n\t\t\t<div class=\"elementor-widget-wrap elementor-element-populated\">\n\t\t\t\t\t\t<section class=\"elementor-section elementor-inner-section elementor-element elementor-element-8e2d440 elementor-section-height-min-height elementor-reverse-mobile elementor-section-boxed elementor-section-height-default\" data-id=\"8e2d440\" data-element_type=\"section\" data-e-type=\"section\">\n\t\t\t\t\t\t<div class=\"elementor-container elementor-column-gap-default\">\n\t\t\t\t\t<div class=\"elementor-column elementor-col-50 elementor-inner-column elementor-element elementor-element-249cf66\" data-id=\"249cf66\" data-element_type=\"column\" data-e-type=\"column\" data-settings=\"{&quot;background_background&quot;:&quot;classic&quot;}\">\n\t\t\t<div class=\"elementor-widget-wrap elementor-element-populated\">\n\t\t\t\t\t\t<div class=\"elementor-element elementor-element-db38b1a elementor-widget elementor-widget-heading\" data-id=\"db38b1a\" data-element_type=\"widget\" data-e-type=\"widget\" data-widget_type=\"heading.default\">\n\t\t\t\t<div class=\"elementor-widget-container\">\n\t\t\t\t\t<h1 class=\"elementor-heading-title elementor-size-default\">Im Herzen der Photovoltaik-Energie<\/h1>\t\t\t\t<\/div>\n\t\t\t\t<\/div>\n\t\t\t\t\t<\/div>\n\t\t<\/div>\n\t\t\t\t<div class=\"elementor-column elementor-col-50 elementor-inner-column elementor-element elementor-element-d9defc5\" data-id=\"d9defc5\" data-element_type=\"column\" data-e-type=\"column\">\n\t\t\t<div class=\"elementor-widget-wrap elementor-element-populated\">\n\t\t\t\t\t\t<div class=\"elementor-element elementor-element-899e891 elementor-widget elementor-widget-spacer\" data-id=\"899e891\" data-element_type=\"widget\" data-e-type=\"widget\" data-widget_type=\"spacer.default\">\n\t\t\t\t<div class=\"elementor-widget-container\">\n\t\t\t\t\t\t\t<div class=\"elementor-spacer\">\n\t\t\t<div class=\"elementor-spacer-inner\"><\/div>\n\t\t<\/div>\n\t\t\t\t\t\t<\/div>\n\t\t\t\t<\/div>\n\t\t\t\t\t<\/div>\n\t\t<\/div>\n\t\t\t\t\t<\/div>\n\t\t<\/section>\n\t\t\t\t\t<\/div>\n\t\t<\/div>\n\t\t\t\t\t<\/div>\n\t\t<\/section>\n\t\t\t\t<section class=\"elementor-section elementor-top-section elementor-element elementor-element-2de7db3a txt-intro elementor-section-boxed elementor-section-height-default elementor-section-height-default\" data-id=\"2de7db3a\" data-element_type=\"section\" data-e-type=\"section\">\n\t\t\t\t\t\t<div class=\"elementor-container elementor-column-gap-no\">\n\t\t\t\t\t<div class=\"elementor-column elementor-col-100 elementor-top-column elementor-element elementor-element-2b6ad140\" data-id=\"2b6ad140\" data-element_type=\"column\" data-e-type=\"column\">\n\t\t\t<div class=\"elementor-widget-wrap elementor-element-populated\">\n\t\t\t\t\t\t<div class=\"elementor-element elementor-element-34335c7 elementor-widget elementor-widget-text-editor\" data-id=\"34335c7\" data-element_type=\"widget\" data-e-type=\"widget\" data-widget_type=\"text-editor.default\">\n\t\t\t\t<div class=\"elementor-widget-container\">\n\t\t\t\t\t\t\t\t\t<p>REDEN deckt den gesamten Prozess der Solarstromerzeugung ab<\/p>\t\t\t\t\t\t\t\t<\/div>\n\t\t\t\t<\/div>\n\t\t\t\t\t<\/div>\n\t\t<\/div>\n\t\t\t\t\t<\/div>\n\t\t<\/section>\n\t\t\t\t<section class=\"elementor-section elementor-top-section elementor-element elementor-element-548a276f txt-aparte elementor-section-stretched elementor-section-boxed elementor-section-height-default elementor-section-height-default\" data-id=\"548a276f\" data-element_type=\"section\" data-e-type=\"section\" data-settings=\"{&quot;stretch_section&quot;:&quot;section-stretched&quot;}\">\n\t\t\t\t\t\t<div class=\"elementor-container elementor-column-gap-no\">\n\t\t\t\t\t<div class=\"elementor-column elementor-col-100 elementor-top-column elementor-element elementor-element-406c411e\" data-id=\"406c411e\" data-element_type=\"column\" data-e-type=\"column\">\n\t\t\t<div class=\"elementor-widget-wrap elementor-element-populated\">\n\t\t\t\t\t\t<div class=\"elementor-element elementor-element-454d13ff block-txt-aparte elementor-widget elementor-widget-text-editor\" data-id=\"454d13ff\" data-element_type=\"widget\" data-e-type=\"widget\" data-widget_type=\"text-editor.default\">\n\t\t\t\t<div class=\"elementor-widget-container\">\n\t\t\t\t\t\t\t\t\t<p>REDEN sorgt eine l\u00fcckenlose Betreuung in jeder Phase der Projektentwicklung: Von den ersten Studien \u00fcber die Inbetriebnahme bis hin zur Wartung von Kraftwerken. Nachdem der Pachtvertrag unterzeichnet wurde, <strong>k\u00fcmmert sich REDEN um alle technischen, wirtschaftlichen und administrativen Prozesse sowie um die Baugenehmigung und die Abnahme des erzeugten PV-Stroms<\/strong>.<\/p>\n\t\t\t\t\t\t\t\t<\/div>\n\t\t\t\t<\/div>\n\t\t\t\t\t<\/div>\n\t\t<\/div>\n\t\t\t\t\t<\/div>\n\t\t<\/section>\n\t\t\t\t<section class=\"elementor-section elementor-top-section elementor-element elementor-element-957aea3 elementor-section-stretched elementor-section-boxed elementor-section-height-default elementor-section-height-default\" data-id=\"957aea3\" data-element_type=\"section\" data-e-type=\"section\" data-settings=\"{&quot;stretch_section&quot;:&quot;section-stretched&quot;,&quot;background_background&quot;:&quot;classic&quot;}\">\n\t\t\t\t\t\t<div class=\"elementor-container elementor-column-gap-no\">\n\t\t\t\t\t<div class=\"elementor-column elementor-col-100 elementor-top-column elementor-element elementor-element-cc1c449\" data-id=\"cc1c449\" data-element_type=\"column\" data-e-type=\"column\">\n\t\t\t<div class=\"elementor-widget-wrap elementor-element-populated\">\n\t\t\t\t\t\t<div class=\"elementor-element elementor-element-1b34a7e elementor-widget elementor-widget-heading\" data-id=\"1b34a7e\" data-element_type=\"widget\" data-e-type=\"widget\" data-widget_type=\"heading.default\">\n\t\t\t\t<div class=\"elementor-widget-container\">\n\t\t\t\t\t<h2 class=\"elementor-heading-title elementor-size-default\">UNSER GLOBALER ANSATZ<\/h2>\t\t\t\t<\/div>\n\t\t\t\t<\/div>\n\t\t\t\t<div class=\"elementor-element elementor-element-7f0ff94 elementor-widget elementor-widget-text-editor\" data-id=\"7f0ff94\" data-element_type=\"widget\" data-e-type=\"widget\" data-widget_type=\"text-editor.default\">\n\t\t\t\t<div class=\"elementor-widget-container\">\n\t\t\t\t\t\t\t\t\t<p>Die REDEN-Teams setzen sich aus Experten zusammen, die alle wichtigen Bereiche einer erfolgreichen Projektentwicklung abdecken:<\/p>\t\t\t\t\t\t\t\t<\/div>\n\t\t\t\t<\/div>\n\t\t\t\t<div class=\"elementor-element elementor-element-7243907 content-expertises elementor-widget elementor-widget-global elementor-global-33273 elementor-widget-html\" data-id=\"7243907\" data-element_type=\"widget\" data-e-type=\"widget\" data-widget_type=\"html.default\">\n\t\t\t\t<div class=\"elementor-widget-container\">\n\t\t\t\t\t<div class=\"nos-expertises\">\n    <ul class=\"txt-expert\">\n        <li class=\"item1\">\n            <a class=\"picto-mobile\" href=\"\/de\/unsere-arbeitsweise\/akquisitionen\/\" title=\"Akquisitionen\">\n                <img decoding=\"async\" src=\"\/wp-content\/uploads\/2020\/03\/Picto-aquisition.svg\" width=\"45\" alt=\"Picto Acquisitions\" \/>\n            <\/a>\n            <a href=\"\/de\/unsere-arbeitsweise\/akquisitionen\/\" title=\"Akquisitionen\">\n                Akquisitionen\n            <\/a>\n        <\/li>\n        <li class=\"item2\">\n            <a class=\"picto-mobile\" href=\"\/de\/unsere-arbeitsweise\/entwicklung-und-design\/\" title=\"Entwicklung und Design\">\n                <img decoding=\"async\" src=\"\/wp-content\/uploads\/2020\/03\/Picto-dev-et-concep.svg\" width=\"70\" alt=\"Picto d\u00e9veloppement et conception\" \/>\n            <\/a>\n            <a href=\"\/de\/unsere-arbeitsweise\/entwicklung-und-design\/\" title=\"Entwicklung und Design\">\n                Entwicklung<br>und Design \n            <\/a>\n        <\/li>\n        <li class=\"item3\">\n            <a class=\"picto-mobile\" href=\"\/de\/unsere-arbeitsweise\/projektmanagement-betrieb-und-instandhaltung\/\" title=\"Projektmanagement, Betrieb und Instandhaltung\">\n                <img decoding=\"async\" src=\"\/wp-content\/uploads\/2020\/03\/Picto-Maintenance.svg\" width=\"50\" alt=\"Picto ma\u00eetrise d\u2019ouvrage\" \/>\n            <\/a>\n            <a href=\"\/de\/unsere-arbeitsweise\/projektmanagement-betrieb-und-instandhaltung\/\" title=\"Projektmanagement, Betrieb und Instandhaltung\">\n                Projektmanagement, Betrieb und Instandhaltung\n            <\/a>\n            <\/li>\n        <li class=\"item4\">\n            <a class=\"picto-mobile\" href=\"\/de\/unsere-arbeitsweise\/herstellung-von-photovoltaik-penels\/\" title=\"Herstellung von Photovoltaik-Penels\">\n                <img decoding=\"async\" src=\"\/wp-content\/uploads\/2020\/03\/Picto-fab-des-modules.svg\" width=\"65\" alt=\"Picto fabrication des modules\" \/>\n            <\/a>\n            <a href=\"\/de\/unsere-arbeitsweise\/herstellung-von-photovoltaik-penels\/\" title=\"Herstellung von Photovoltaik-Penels\">\n                Herstellung von Photovoltaik-Penels\n            <\/a>\n        <\/li>\n        <li class=\"item5\">\n            <a class=\"picto-mobile\" href=\"\/de\/unsere-arbeitsweise\/administration-und-finanzierung\/\" title=\"Administration und Finanzierung\">\n                <img decoding=\"async\" src=\"\/wp-content\/uploads\/2020\/03\/Picto-financement.svg\" width=\"65\" alt=\"Picto financement\" \/>\n            <\/a>\n            <a href=\"\/de\/unsere-arbeitsweise\/administration-und-finanzierung\/\" title=\"Administration und Finanzierung\">\n                Administration und Finanzierung\n            <\/a>\n        <\/li>\n    <\/ul>\n    <ul class=\"liste-pictos\">\n        <li class=\"picto1 active-show-picto\">\n            <a href=\"\/notre-demarche\/acquisition\" title=\"Acquisitions\">\n                <img decoding=\"async\" src=\"\/wp-content\/uploads\/2020\/03\/Picto-aquisition.svg\" width=\"77\" alt=\"Picto Acquisitions\" \/>\n            <\/a>\n        <\/li>\n        <li class=\"picto2\">\n            <a href=\"\/notre-demarche\/developpement-et-conception\" title=\"D\u00e9veloppement et conception\">\n                <img decoding=\"async\" src=\"\/wp-content\/uploads\/2020\/03\/Picto-dev-et-concep.svg\" width=\"125\" alt=\"Picto d\u00e9veloppement et conception\" \/>\n            <\/a>\n        <\/li>\n        <li class=\"picto3\">\n            <a href=\"\/notre-demarche\/maitrise-d-ouvrage-exploitation-et-maintenance\" title=\"Ma\u00eetrise d\u2019ouvrage exploitation et maintenance\">\n                <img decoding=\"async\" src=\"\/wp-content\/uploads\/2020\/03\/Picto-Maintenance.svg\" width=\"90\" alt=\"Picto ma\u00eetrise d\u2019ouvrage\" \/>\n            <\/a>\n        <\/li>\n        <li class=\"picto4\">\n            <a href=\"\/notre-demarche\/fabrication-des-modules-photovoltaiques\" title=\"Fabrication des modules photovolta\u00efques\">\n                <img decoding=\"async\" src=\"\/wp-content\/uploads\/2020\/03\/Picto-fab-des-modules.svg\" width=\"128\" alt=\"Picto fabrication des modules\" \/>\n            <\/a>\n        <\/li>\n        <li class=\"picto5\">\n            <a href=\"\/notre-demarche\/demarches-administratives-et-financement\" title=\"D\u00e9marches administratives et Financement\">\n                <img decoding=\"async\" src=\"\/wp-content\/uploads\/2020\/03\/Picto-financement.svg\" width=\"124\" alt=\"Picto financement\" \/>\n            <\/a>\n        <\/li>\n    <\/ul>\n    <div class=\"circle-dashed\">&nbsp;<\/div>\n<\/div>\t\t\t\t<\/div>\n\t\t\t\t<\/div>\n\t\t\t\t\t<\/div>\n\t\t<\/div>\n\t\t\t\t\t<\/div>\n\t\t<\/section>\n\t\t\t\t<section class=\"elementor-section elementor-top-section elementor-element elementor-element-4235c03 elementor-section-stretched elementor-section-boxed elementor-section-height-default elementor-section-height-default\" data-id=\"4235c03\" data-element_type=\"section\" data-e-type=\"section\" data-settings=\"{&quot;stretch_section&quot;:&quot;section-stretched&quot;,&quot;background_background&quot;:&quot;classic&quot;}\">\n\t\t\t\t\t\t<div class=\"elementor-container elementor-column-gap-no\">\n\t\t\t\t\t<div class=\"elementor-column elementor-col-100 elementor-top-column elementor-element elementor-element-4f32776\" data-id=\"4f32776\" data-element_type=\"column\" data-e-type=\"column\">\n\t\t\t<div class=\"elementor-widget-wrap elementor-element-populated\">\n\t\t\t\t\t\t<div class=\"elementor-element elementor-element-ed7c881 elementor-widget elementor-widget-text-editor\" data-id=\"ed7c881\" data-element_type=\"widget\" data-e-type=\"widget\" data-widget_type=\"text-editor.default\">\n\t\t\t\t<div class=\"elementor-widget-container\">\n\t\t\t\t\t\t\t\t\t<p>Auf dieser Grundlage kann REDEN alle Projekte komplett eigenst\u00e4ndig durchf\u00fchren.<\/p>\n\t\t\t\t\t\t\t\t<\/div>\n\t\t\t\t<\/div>\n\t\t\t\t\t<\/div>\n\t\t<\/div>\n\t\t\t\t\t<\/div>\n\t\t<\/section>\n\t\t\t\t<section class=\"elementor-section elementor-top-section elementor-element elementor-element-e8aae8a elementor-section-stretched elementor-section-boxed elementor-section-height-default elementor-section-height-default\" data-id=\"e8aae8a\" data-element_type=\"section\" data-e-type=\"section\" data-settings=\"{&quot;stretch_section&quot;:&quot;section-stretched&quot;}\">\n\t\t\t\t\t\t<div class=\"elementor-container elementor-column-gap-no\">\n\t\t\t\t\t<div class=\"elementor-column elementor-col-100 elementor-top-column elementor-element elementor-element-2cdd80e\" data-id=\"2cdd80e\" data-element_type=\"column\" data-e-type=\"column\">\n\t\t\t<div class=\"elementor-widget-wrap elementor-element-populated\">\n\t\t\t\t\t\t<div class=\"elementor-element elementor-element-13c6334 elementor-widget elementor-widget-image\" data-id=\"13c6334\" data-element_type=\"widget\" data-e-type=\"widget\" data-widget_type=\"image.default\">\n\t\t\t\t<div class=\"elementor-widget-container\">\n\t\t\t\t\t\t\t\t\t\t\t\t\t\t\t<img fetchpriority=\"high\" decoding=\"async\" width=\"1110\" height=\"480\" src=\"https:\/\/reden.solar\/wp-content\/uploads\/2023\/07\/serre-photovoltaique-notre-demarche-1-1.webp\" class=\"attachment-full size-full wp-image-23352\" alt=\"\" srcset=\"https:\/\/reden.solar\/wp-content\/uploads\/2023\/07\/serre-photovoltaique-notre-demarche-1-1.webp 1110w, https:\/\/reden.solar\/wp-content\/uploads\/2023\/07\/serre-photovoltaique-notre-demarche-1-1-300x130.webp 300w, https:\/\/reden.solar\/wp-content\/uploads\/2023\/07\/serre-photovoltaique-notre-demarche-1-1-1024x443.webp 1024w, https:\/\/reden.solar\/wp-content\/uploads\/2023\/07\/serre-photovoltaique-notre-demarche-1-1-768x332.webp 768w\" sizes=\"(max-width: 1110px) 100vw, 1110px\" \/>\t\t\t\t\t\t\t\t\t\t\t\t\t\t\t<\/div>\n\t\t\t\t<\/div>\n\t\t\t\t\t<\/div>\n\t\t<\/div>\n\t\t\t\t\t<\/div>\n\t\t<\/section>\n\t\t\t\t<\/div>\n\t\t","protected":false},"excerpt":{"rendered":"<p>Im Herzen der Photovoltaik-Energie REDEN deckt den gesamten Prozess der Solarstromerzeugung ab REDEN sorgt eine l\u00fcckenlose Betreuung in jeder Phase der Projektentwicklung: Von den ersten Studien \u00fcber die Inbetriebnahme bis hin zur Wartung von Kraftwerken. Nachdem der Pachtvertrag unterzeichnet wurde, k\u00fcmmert sich REDEN um alle technischen, wirtschaftlichen und administrativen Prozesse sowie um die Baugenehmigung und &#8230; <a title=\"UNSERE ARBEITSWEISE\" class=\"read-more\" href=\"https:\/\/reden.solar\/de\/unsere-arbeitsweise\/\" aria-label=\"Mehr Informationen \u00fcber UNSERE ARBEITSWEISE\">Weiterlesen<\/a><\/p>\n","protected":false},"author":3,"featured_media":0,"parent":0,"menu_order":0,"comment_status":"closed","ping_status":"closed","template":"elementor_header_footer","meta":{"inline_featured_image":false,"footnotes":""},"class_list":["post-32011","page","type-page","status-publish"],"yoast_head":"<!-- This site is optimized with the Yoast SEO plugin v27.4 - https:\/\/yoast.com\/product\/yoast-seo-wordpress\/ -->\n<title>UNSERE ARBEITSWEISE - REDEN<\/title>\n<meta name=\"description\" content=\"Der REDEN-Ansatz deckt den gesamten Entwicklungszyklus einer Photovoltaikanlage ab und beherrscht alle Projektphasen\" \/>\n<meta name=\"robots\" content=\"index, follow, max-snippet:-1, max-image-preview:large, max-video-preview:-1\" \/>\n<link rel=\"canonical\" href=\"https:\/\/reden.solar\/de\/unsere-arbeitsweise\/\" \/>\n<meta property=\"og:locale\" content=\"de_DE\" \/>\n<meta property=\"og:type\" content=\"article\" \/>\n<meta property=\"og:title\" content=\"UNSERE ARBEITSWEISE - REDEN\" \/>\n<meta property=\"og:description\" content=\"Der REDEN-Ansatz deckt den gesamten Entwicklungszyklus einer Photovoltaikanlage ab und beherrscht alle Projektphasen\" \/>\n<meta property=\"og:url\" content=\"https:\/\/reden.solar\/de\/unsere-arbeitsweise\/\" \/>\n<meta property=\"og:site_name\" content=\"REDEN\" \/>\n<meta property=\"article:modified_time\" content=\"2024-07-23T12:26:29+00:00\" \/>\n<meta property=\"og:image\" content=\"https:\/\/reden.solar\/wp-content\/uploads\/2023\/07\/serre-photovoltaique-notre-demarche-1-1.webp\" \/>\n<meta name=\"twitter:card\" content=\"summary_large_image\" \/>\n<meta name=\"twitter:label1\" content=\"Gesch\u00e4tzte Lesezeit\" \/>\n\t<meta name=\"twitter:data1\" content=\"3\u00a0Minuten\" \/>\n<script type=\"application\/ld+json\" class=\"yoast-schema-graph\">{\"@context\":\"https:\\\/\\\/schema.org\",\"@graph\":[{\"@type\":\"WebPage\",\"@id\":\"https:\\\/\\\/reden.solar\\\/de\\\/unsere-arbeitsweise\\\/\",\"url\":\"https:\\\/\\\/reden.solar\\\/de\\\/unsere-arbeitsweise\\\/\",\"name\":\"UNSERE ARBEITSWEISE - REDEN\",\"isPartOf\":{\"@id\":\"https:\\\/\\\/reden.solar\\\/de\\\/#website\"},\"primaryImageOfPage\":{\"@id\":\"https:\\\/\\\/reden.solar\\\/de\\\/unsere-arbeitsweise\\\/#primaryimage\"},\"image\":{\"@id\":\"https:\\\/\\\/reden.solar\\\/de\\\/unsere-arbeitsweise\\\/#primaryimage\"},\"thumbnailUrl\":\"https:\\\/\\\/reden.solar\\\/wp-content\\\/uploads\\\/2023\\\/07\\\/serre-photovoltaique-notre-demarche-1-1.webp\",\"datePublished\":\"2024-06-07T09:43:28+00:00\",\"dateModified\":\"2024-07-23T12:26:29+00:00\",\"description\":\"Der REDEN-Ansatz deckt den gesamten Entwicklungszyklus einer Photovoltaikanlage ab und beherrscht alle Projektphasen\",\"breadcrumb\":{\"@id\":\"https:\\\/\\\/reden.solar\\\/de\\\/unsere-arbeitsweise\\\/#breadcrumb\"},\"inLanguage\":\"de\",\"potentialAction\":[{\"@type\":\"ReadAction\",\"target\":[\"https:\\\/\\\/reden.solar\\\/de\\\/unsere-arbeitsweise\\\/\"]}]},{\"@type\":\"ImageObject\",\"inLanguage\":\"de\",\"@id\":\"https:\\\/\\\/reden.solar\\\/de\\\/unsere-arbeitsweise\\\/#primaryimage\",\"url\":\"https:\\\/\\\/reden.solar\\\/wp-content\\\/uploads\\\/2023\\\/07\\\/serre-photovoltaique-notre-demarche-1-1.webp\",\"contentUrl\":\"https:\\\/\\\/reden.solar\\\/wp-content\\\/uploads\\\/2023\\\/07\\\/serre-photovoltaique-notre-demarche-1-1.webp\"},{\"@type\":\"BreadcrumbList\",\"@id\":\"https:\\\/\\\/reden.solar\\\/de\\\/unsere-arbeitsweise\\\/#breadcrumb\",\"itemListElement\":[{\"@type\":\"ListItem\",\"position\":1,\"name\":\"Accueil\",\"item\":\"https:\\\/\\\/reden.solar\\\/de\\\/\"},{\"@type\":\"ListItem\",\"position\":2,\"name\":\"UNSERE ARBEITSWEISE\"}]},{\"@type\":\"WebSite\",\"@id\":\"https:\\\/\\\/reden.solar\\\/de\\\/#website\",\"url\":\"https:\\\/\\\/reden.solar\\\/de\\\/\",\"name\":\"REDEN\",\"description\":\"Sp\u00e9cialiste de la production d\u2019\u00e9lectricit\u00e9 photovolta\u00efque et du stockage d&#039;\u00e9nergie\",\"publisher\":{\"@id\":\"https:\\\/\\\/reden.solar\\\/de\\\/#organization\"},\"potentialAction\":[{\"@type\":\"SearchAction\",\"target\":{\"@type\":\"EntryPoint\",\"urlTemplate\":\"https:\\\/\\\/reden.solar\\\/de\\\/?s={search_term_string}\"},\"query-input\":{\"@type\":\"PropertyValueSpecification\",\"valueRequired\":true,\"valueName\":\"search_term_string\"}}],\"inLanguage\":\"de\"},{\"@type\":\"Organization\",\"@id\":\"https:\\\/\\\/reden.solar\\\/de\\\/#organization\",\"name\":\"REDEN\",\"url\":\"https:\\\/\\\/reden.solar\\\/de\\\/\",\"logo\":{\"@type\":\"ImageObject\",\"inLanguage\":\"de\",\"@id\":\"https:\\\/\\\/reden.solar\\\/de\\\/#\\\/schema\\\/logo\\\/image\\\/\",\"url\":\"https:\\\/\\\/reden.solar\\\/wp-content\\\/uploads\\\/2025\\\/01\\\/cropped-reden-quadri.png\",\"contentUrl\":\"https:\\\/\\\/reden.solar\\\/wp-content\\\/uploads\\\/2025\\\/01\\\/cropped-reden-quadri.png\",\"width\":2399,\"height\":850,\"caption\":\"REDEN\"},\"image\":{\"@id\":\"https:\\\/\\\/reden.solar\\\/de\\\/#\\\/schema\\\/logo\\\/image\\\/\"},\"sameAs\":[\"https:\\\/\\\/www.linkedin.com\\\/company\\\/redensolar\\\/mycompany\\\/\",\"https:\\\/\\\/vimeo.com\\\/redensolar\"]}]}<\/script>\n<!-- \/ Yoast SEO plugin. -->","yoast_head_json":{"title":"UNSERE ARBEITSWEISE - REDEN","description":"Der REDEN-Ansatz deckt den gesamten Entwicklungszyklus einer Photovoltaikanlage ab und beherrscht alle Projektphasen","robots":{"index":"index","follow":"follow","max-snippet":"max-snippet:-1","max-image-preview":"max-image-preview:large","max-video-preview":"max-video-preview:-1"},"canonical":"https:\/\/reden.solar\/de\/unsere-arbeitsweise\/","og_locale":"de_DE","og_type":"article","og_title":"UNSERE ARBEITSWEISE - REDEN","og_description":"Der REDEN-Ansatz deckt den gesamten Entwicklungszyklus einer Photovoltaikanlage ab und beherrscht alle Projektphasen","og_url":"https:\/\/reden.solar\/de\/unsere-arbeitsweise\/","og_site_name":"REDEN","article_modified_time":"2024-07-23T12:26:29+00:00","og_image":[{"url":"https:\/\/reden.solar\/wp-content\/uploads\/2023\/07\/serre-photovoltaique-notre-demarche-1-1.webp","type":"","width":"","height":""}],"twitter_card":"summary_large_image","twitter_misc":{"Gesch\u00e4tzte Lesezeit":"3\u00a0Minuten"},"schema":{"@context":"https:\/\/schema.org","@graph":[{"@type":"WebPage","@id":"https:\/\/reden.solar\/de\/unsere-arbeitsweise\/","url":"https:\/\/reden.solar\/de\/unsere-arbeitsweise\/","name":"UNSERE ARBEITSWEISE - REDEN","isPartOf":{"@id":"https:\/\/reden.solar\/de\/#website"},"primaryImageOfPage":{"@id":"https:\/\/reden.solar\/de\/unsere-arbeitsweise\/#primaryimage"},"image":{"@id":"https:\/\/reden.solar\/de\/unsere-arbeitsweise\/#primaryimage"},"thumbnailUrl":"https:\/\/reden.solar\/wp-content\/uploads\/2023\/07\/serre-photovoltaique-notre-demarche-1-1.webp","datePublished":"2024-06-07T09:43:28+00:00","dateModified":"2024-07-23T12:26:29+00:00","description":"Der REDEN-Ansatz deckt den gesamten Entwicklungszyklus einer Photovoltaikanlage ab und beherrscht alle Projektphasen","breadcrumb":{"@id":"https:\/\/reden.solar\/de\/unsere-arbeitsweise\/#breadcrumb"},"inLanguage":"de","potentialAction":[{"@type":"ReadAction","target":["https:\/\/reden.solar\/de\/unsere-arbeitsweise\/"]}]},{"@type":"ImageObject","inLanguage":"de","@id":"https:\/\/reden.solar\/de\/unsere-arbeitsweise\/#primaryimage","url":"https:\/\/reden.solar\/wp-content\/uploads\/2023\/07\/serre-photovoltaique-notre-demarche-1-1.webp","contentUrl":"https:\/\/reden.solar\/wp-content\/uploads\/2023\/07\/serre-photovoltaique-notre-demarche-1-1.webp"},{"@type":"BreadcrumbList","@id":"https:\/\/reden.solar\/de\/unsere-arbeitsweise\/#breadcrumb","itemListElement":[{"@type":"ListItem","position":1,"name":"Accueil","item":"https:\/\/reden.solar\/de\/"},{"@type":"ListItem","position":2,"name":"UNSERE ARBEITSWEISE"}]},{"@type":"WebSite","@id":"https:\/\/reden.solar\/de\/#website","url":"https:\/\/reden.solar\/de\/","name":"REDEN","description":"Sp\u00e9cialiste de la production d\u2019\u00e9lectricit\u00e9 photovolta\u00efque et du stockage d&#039;\u00e9nergie","publisher":{"@id":"https:\/\/reden.solar\/de\/#organization"},"potentialAction":[{"@type":"SearchAction","target":{"@type":"EntryPoint","urlTemplate":"https:\/\/reden.solar\/de\/?s={search_term_string}"},"query-input":{"@type":"PropertyValueSpecification","valueRequired":true,"valueName":"search_term_string"}}],"inLanguage":"de"},{"@type":"Organization","@id":"https:\/\/reden.solar\/de\/#organization","name":"REDEN","url":"https:\/\/reden.solar\/de\/","logo":{"@type":"ImageObject","inLanguage":"de","@id":"https:\/\/reden.solar\/de\/#\/schema\/logo\/image\/","url":"https:\/\/reden.solar\/wp-content\/uploads\/2025\/01\/cropped-reden-quadri.png","contentUrl":"https:\/\/reden.solar\/wp-content\/uploads\/2025\/01\/cropped-reden-quadri.png","width":2399,"height":850,"caption":"REDEN"},"image":{"@id":"https:\/\/reden.solar\/de\/#\/schema\/logo\/image\/"},"sameAs":["https:\/\/www.linkedin.com\/company\/redensolar\/mycompany\/","https:\/\/vimeo.com\/redensolar"]}]}},"_links":{"self":[{"href":"https:\/\/reden.solar\/de\/wp-json\/wp\/v2\/pages\/32011","targetHints":{"allow":["GET"]}}],"collection":[{"href":"https:\/\/reden.solar\/de\/wp-json\/wp\/v2\/pages"}],"about":[{"href":"https:\/\/reden.solar\/de\/wp-json\/wp\/v2\/types\/page"}],"author":[{"embeddable":true,"href":"https:\/\/reden.solar\/de\/wp-json\/wp\/v2\/users\/3"}],"replies":[{"embeddable":true,"href":"https:\/\/reden.solar\/de\/wp-json\/wp\/v2\/comments?post=32011"}],"version-history":[{"count":5,"href":"https:\/\/reden.solar\/de\/wp-json\/wp\/v2\/pages\/32011\/revisions"}],"predecessor-version":[{"id":33278,"href":"https:\/\/reden.solar\/de\/wp-json\/wp\/v2\/pages\/32011\/revisions\/33278"}],"wp:attachment":[{"href":"https:\/\/reden.solar\/de\/wp-json\/wp\/v2\/media?parent=32011"}],"curies":[{"name":"wp","href":"https:\/\/api.w.org\/{rel}","templated":true}]}}