{"id":32690,"date":"2024-07-23T09:47:02","date_gmt":"2024-07-23T07:47:02","guid":{"rendered":"https:\/\/reden.solar\/ueber-uns\/"},"modified":"2026-04-02T14:43:30","modified_gmt":"2026-04-02T12:43:30","slug":"ueber-uns","status":"publish","type":"page","link":"https:\/\/reden.solar\/de\/ueber-uns\/","title":{"rendered":"\u00dcber uns"},"content":{"rendered":"\t\t<div data-elementor-type=\"wp-page\" data-elementor-id=\"32690\" class=\"elementor elementor-32690 elementor-180\" data-elementor-post-type=\"page\">\n\t\t\t\t\t\t<section class=\"elementor-section elementor-top-section elementor-element elementor-element-b571747 elementor-section-height-min-height elementor-section-items-stretch elementor-section-stretched banner elementor-section-boxed elementor-section-height-default\" data-id=\"b571747\" data-element_type=\"section\" data-e-type=\"section\" data-settings=\"{&quot;stretch_section&quot;:&quot;section-stretched&quot;,&quot;background_background&quot;:&quot;video&quot;,&quot;background_video_link&quot;:&quot;\\\/wp-content\\\/uploads\\\/2022\\\/04\\\/siege.mp4&quot;,&quot;background_play_on_mobile&quot;:&quot;yes&quot;}\">\n\t\t\t\t\t\t\t\t<div class=\"elementor-background-video-container\">\n\t\t\t\t\t\t\t\t\t\t\t\t\t<video class=\"elementor-background-video-hosted\" role=\"presentation\" autoplay muted playsinline loop><\/video>\n\t\t\t\t\t\t\t\t\t\t\t<\/div>\n\t\t\t\t\t\t\t\t\t<div class=\"elementor-background-overlay\"><\/div>\n\t\t\t\t\t\t\t<div class=\"elementor-container elementor-column-gap-default\">\n\t\t\t\t\t<div class=\"elementor-column elementor-col-100 elementor-top-column elementor-element elementor-element-adb8c11\" data-id=\"adb8c11\" data-element_type=\"column\" data-e-type=\"column\">\n\t\t\t<div class=\"elementor-widget-wrap elementor-element-populated\">\n\t\t\t\t\t\t<section class=\"elementor-section elementor-inner-section elementor-element elementor-element-4e34daa elementor-section-height-min-height elementor-section-boxed elementor-section-height-default\" data-id=\"4e34daa\" data-element_type=\"section\" data-e-type=\"section\">\n\t\t\t\t\t\t<div class=\"elementor-container elementor-column-gap-default\">\n\t\t\t\t\t<div class=\"elementor-column elementor-col-50 elementor-inner-column elementor-element elementor-element-41e5834\" data-id=\"41e5834\" data-element_type=\"column\" data-e-type=\"column\" data-settings=\"{&quot;background_background&quot;:&quot;classic&quot;}\">\n\t\t\t<div class=\"elementor-widget-wrap elementor-element-populated\">\n\t\t\t\t\t\t<div class=\"elementor-element elementor-element-5ccd60a elementor-widget elementor-widget-heading\" data-id=\"5ccd60a\" data-element_type=\"widget\" data-e-type=\"widget\" data-widget_type=\"heading.default\">\n\t\t\t\t<div class=\"elementor-widget-container\">\n\t\t\t\t\t<h1 class=\"elementor-heading-title elementor-size-default\">Erfahren Sie mehr \u00fcber die REDEN-Gruppe<\/h1>\t\t\t\t<\/div>\n\t\t\t\t<\/div>\n\t\t\t\t\t<\/div>\n\t\t<\/div>\n\t\t\t\t<div class=\"elementor-column elementor-col-50 elementor-inner-column elementor-element elementor-element-58ed8e8\" data-id=\"58ed8e8\" data-element_type=\"column\" data-e-type=\"column\">\n\t\t\t<div class=\"elementor-widget-wrap\">\n\t\t\t\t\t\t\t<\/div>\n\t\t<\/div>\n\t\t\t\t\t<\/div>\n\t\t<\/section>\n\t\t\t\t\t<\/div>\n\t\t<\/div>\n\t\t\t\t\t<\/div>\n\t\t<\/section>\n\t\t\t\t<section class=\"elementor-section elementor-top-section elementor-element elementor-element-2de7db3a txt-intro elementor-section-boxed elementor-section-height-default elementor-section-height-default\" data-id=\"2de7db3a\" data-element_type=\"section\" data-e-type=\"section\">\n\t\t\t\t\t\t<div class=\"elementor-container elementor-column-gap-no\">\n\t\t\t\t\t<div class=\"elementor-column elementor-col-100 elementor-top-column elementor-element elementor-element-2b6ad140\" data-id=\"2b6ad140\" data-element_type=\"column\" data-e-type=\"column\">\n\t\t\t<div class=\"elementor-widget-wrap elementor-element-populated\">\n\t\t\t\t\t\t<div class=\"elementor-element elementor-element-34335c7 elementor-widget elementor-widget-text-editor\" data-id=\"34335c7\" data-element_type=\"widget\" data-e-type=\"widget\" data-widget_type=\"text-editor.default\">\n\t\t\t\t<div class=\"elementor-widget-container\">\n\t\t\t\t\t\t\t\t\t<p>Die REDEN-Gruppe w\u00e4chst kontinuierlich und setzt wichtige Impulse f\u00fcr die internationale Energiewende.<\/p>\n\t\t\t\t\t\t\t\t<\/div>\n\t\t\t\t<\/div>\n\t\t\t\t\t<\/div>\n\t\t<\/div>\n\t\t\t\t\t<\/div>\n\t\t<\/section>\n\t\t\t\t<section class=\"elementor-section elementor-top-section elementor-element elementor-element-548a276f txt-aparte elementor-section-stretched elementor-section-boxed elementor-section-height-default elementor-section-height-default\" data-id=\"548a276f\" data-element_type=\"section\" data-e-type=\"section\" data-settings=\"{&quot;stretch_section&quot;:&quot;section-stretched&quot;}\">\n\t\t\t\t\t\t<div class=\"elementor-container elementor-column-gap-no\">\n\t\t\t\t\t<div class=\"elementor-column elementor-col-100 elementor-top-column elementor-element elementor-element-406c411e\" data-id=\"406c411e\" data-element_type=\"column\" data-e-type=\"column\">\n\t\t\t<div class=\"elementor-widget-wrap elementor-element-populated\">\n\t\t\t\t\t\t<div class=\"elementor-element elementor-element-454d13ff block-txt-aparte elementor-widget elementor-widget-text-editor\" data-id=\"454d13ff\" data-element_type=\"widget\" data-e-type=\"widget\" data-widget_type=\"text-editor.default\">\n\t\t\t\t<div class=\"elementor-widget-container\">\n\t\t\t\t\t\t\t\t\t<p><strong>Unser Kerngesch\u00e4ft? <span style=\"color: #55bdbe;\">Solarstrom verantwortungsvoll erzeugen.<\/span><\/strong><\/p><p>\u00a0<\/p><p>Bei REDEN erzeugen wir nicht nur klimafreundlichen Solarstrom \u2013 wir engagieren uns auch f\u00fcr Kommunen und Regionen. Unser Ziel: Menschen zusammenbringen, um eine nachhaltige Zukunft zu gestalten.<\/p><p>\u00a0<\/p><p><strong>Unsere L\u00f6sungen<\/strong>: Freifl\u00e4chenanlagen f\u00fcr degradierte B\u00f6den sowie Viehzucht- und Ackerbau-Betriebe, Agrivoltaik-Gew\u00e4chsh\u00e4user, Photovoltaik f\u00fcr \u00fcberdachte Parkpl\u00e4tze, Aufdachanlagen sowie Agrivoltaik-Dachanlagen.<\/p><p>\u00a0<\/p><p><strong>REDEN<\/strong> <strong>verf\u00fcgt \u00fcber <span style=\"color: #55bdbe;\">Expertise entlang der gesamten Photovoltaik-Wertsch\u00f6pfungskette<\/span><\/strong>:<\/p><p><strong>\u00a0<\/strong><\/p><ul><li>In unserem <strong>Ingenieurb\u00fcro <\/strong>und unserer <strong><span class=\"cf0\">Umweltgutachtern<\/span> <\/strong>sind Hydrologen, Agraringenieure, Kartographen, Umwelt- und Biodiversit\u00e4tsexperten t\u00e4tig. Sie entwickeln f\u00fcr jedes Projekt ma\u00dfgeschneiderte L\u00f6sungen, die alle Umweltaspekte ber\u00fccksichtigen und oft \u00fcber die beh\u00f6rdlichen Auflagen hinausgehen.<\/li><li>Unsere <strong>Entwicklungs-, Rechts- und Finanzabteilungen<\/strong> arbeiten eng zusammen, um Verwaltungsverfahren erfolgreich umzusetzen (Beteiligungsverfahren, Ausarbeitung von Baurechtsvertr\u00e4gen, Bauantr\u00e4ge, Finanzierung von Kraftwerken usw.).<\/li><li>Unsere <strong>industrielle Fertigung<\/strong> in Roquefort (Frankreich) produziert Photovoltaikmodule f\u00fcr unsere Projekte und verf\u00fcgt \u00fcber ein umfassendes technisches Know-how.<\/li><li>Unsere <strong>Abteilung Bau und Betriebsf\u00fchrung<\/strong> betreut den Bau, den Betrieb und die Wartung unserer Photovoltaikanlagen.<\/li><\/ul>\t\t\t\t\t\t\t\t<\/div>\n\t\t\t\t<\/div>\n\t\t\t\t<div class=\"elementor-element elementor-element-75c69eb elementor-widget elementor-widget-menu-anchor\" data-id=\"75c69eb\" data-element_type=\"widget\" data-e-type=\"widget\" data-widget_type=\"menu-anchor.default\">\n\t\t\t\t<div class=\"elementor-widget-container\">\n\t\t\t\t\t\t\t<div class=\"elementor-menu-anchor\" id=\"unseregeschichte\"><\/div>\n\t\t\t\t\t\t<\/div>\n\t\t\t\t<\/div>\n\t\t\t\t\t<\/div>\n\t\t<\/div>\n\t\t\t\t\t<\/div>\n\t\t<\/section>\n\t\t\t\t<section class=\"elementor-section elementor-top-section elementor-element elementor-element-423e7d30 elementor-section-content-top elementor-section-boxed elementor-section-height-default elementor-section-height-default\" data-id=\"423e7d30\" data-element_type=\"section\" data-e-type=\"section\" data-settings=\"{&quot;background_background&quot;:&quot;classic&quot;}\">\n\t\t\t\t\t\t<div class=\"elementor-container elementor-column-gap-no\">\n\t\t\t\t\t<div class=\"elementor-column elementor-col-100 elementor-top-column elementor-element elementor-element-19f6bef4\" data-id=\"19f6bef4\" data-element_type=\"column\" data-e-type=\"column\">\n\t\t\t<div class=\"elementor-widget-wrap elementor-element-populated\">\n\t\t\t\t\t\t<div class=\"elementor-element elementor-element-23f1f9af elementor-widget elementor-widget-heading\" data-id=\"23f1f9af\" data-element_type=\"widget\" data-e-type=\"widget\" data-widget_type=\"heading.default\">\n\t\t\t\t<div class=\"elementor-widget-container\">\n\t\t\t\t\t<h2 class=\"elementor-heading-title elementor-size-default\">Unsere GESCHICHTE <\/h2>\t\t\t\t<\/div>\n\t\t\t\t<\/div>\n\t\t\t\t\t<\/div>\n\t\t<\/div>\n\t\t\t\t\t<\/div>\n\t\t<\/section>\n\t\t\t\t<section class=\"elementor-section elementor-top-section elementor-element elementor-element-7ef9788a txt-intro elementor-section-boxed elementor-section-height-default elementor-section-height-default\" data-id=\"7ef9788a\" data-element_type=\"section\" data-e-type=\"section\" data-settings=\"{&quot;background_background&quot;:&quot;classic&quot;}\">\n\t\t\t\t\t\t<div class=\"elementor-container elementor-column-gap-no\">\n\t\t\t\t\t<div class=\"elementor-column elementor-col-100 elementor-top-column elementor-element elementor-element-62c18ebb\" data-id=\"62c18ebb\" data-element_type=\"column\" data-e-type=\"column\">\n\t\t\t<div class=\"elementor-widget-wrap elementor-element-populated\">\n\t\t\t\t\t\t<div class=\"elementor-element elementor-element-19261b2e elementor-widget elementor-widget-text-editor\" data-id=\"19261b2e\" data-element_type=\"widget\" data-e-type=\"widget\" data-widget_type=\"text-editor.default\">\n\t\t\t\t<div class=\"elementor-widget-container\">\n\t\t\t\t\t\t\t\t\t<p>Die REDEN-Gruppe wurde 2008 in der Region Lot-et-Garonne im S\u00fcdwesten Frankreichs gegr\u00fcndet. Der Schwerpunkt ihrer Aktivit\u00e4ten liegt in Europa.<\/p>\n\t\t\t\t\t\t\t\t<\/div>\n\t\t\t\t<\/div>\n\t\t\t\t\t<\/div>\n\t\t<\/div>\n\t\t\t\t\t<\/div>\n\t\t<\/section>\n\t\t\t\t<section class=\"elementor-section elementor-top-section elementor-element elementor-element-ae29bd9 texte-fond-blanc elementor-section-boxed elementor-section-height-default elementor-section-height-default\" data-id=\"ae29bd9\" data-element_type=\"section\" data-e-type=\"section\" data-settings=\"{&quot;background_background&quot;:&quot;classic&quot;}\">\n\t\t\t\t\t\t<div class=\"elementor-container elementor-column-gap-no\">\n\t\t\t\t\t<div class=\"elementor-column elementor-col-100 elementor-top-column elementor-element elementor-element-f30267f\" data-id=\"f30267f\" data-element_type=\"column\" data-e-type=\"column\">\n\t\t\t<div class=\"elementor-widget-wrap elementor-element-populated\">\n\t\t\t\t\t\t<div class=\"elementor-element elementor-element-70d1f8f elementor-widget elementor-widget-text-editor\" data-id=\"70d1f8f\" data-element_type=\"widget\" data-e-type=\"widget\" data-widget_type=\"text-editor.default\">\n\t\t\t\t<div class=\"elementor-widget-container\">\n\t\t\t\t\t\t\t\t\t<div dir=\"ltr\"><strong>REDEN ist seit 2008 stetig gewachsen und hat in der Gruppe bis heute mehr als 800 Projekte <\/strong><span style=\"color: #55bdbe;\"><strong> mit einer Kapazit\u00e4t von 1 GWp installiert<\/strong><\/span>, was sie zu einem wichtigen Akteur f\u00fcr den Energiewandel macht.<\/div>\t\t\t\t\t\t\t\t<\/div>\n\t\t\t\t<\/div>\n\t\t\t\t\t<\/div>\n\t\t<\/div>\n\t\t\t\t\t<\/div>\n\t\t<\/section>\n\t\t\t\t<section class=\"elementor-section elementor-top-section elementor-element elementor-element-2af88c2 elementor-reverse-mobile elementor-section-boxed elementor-section-height-default elementor-section-height-default\" data-id=\"2af88c2\" data-element_type=\"section\" data-e-type=\"section\">\n\t\t\t\t\t\t<div class=\"elementor-container elementor-column-gap-default\">\n\t\t\t\t\t<div class=\"elementor-column elementor-col-50 elementor-top-column elementor-element elementor-element-9428885\" data-id=\"9428885\" data-element_type=\"column\" data-e-type=\"column\" data-settings=\"{&quot;background_background&quot;:&quot;classic&quot;}\">\n\t\t\t<div class=\"elementor-widget-wrap elementor-element-populated\">\n\t\t\t\t\t\t<section class=\"elementor-section elementor-inner-section elementor-element elementor-element-0b8d074 info-annee elementor-section-boxed elementor-section-height-default elementor-section-height-default\" data-id=\"0b8d074\" data-element_type=\"section\" data-e-type=\"section\" id=\"info-annee-2008\" data-settings=\"{&quot;background_background&quot;:&quot;classic&quot;}\">\n\t\t\t\t\t\t<div class=\"elementor-container elementor-column-gap-default\">\n\t\t\t\t\t<div class=\"elementor-column elementor-col-100 elementor-inner-column elementor-element elementor-element-e7bd9cf\" data-id=\"e7bd9cf\" data-element_type=\"column\" data-e-type=\"column\">\n\t\t\t<div class=\"elementor-widget-wrap elementor-element-populated\">\n\t\t\t\t\t\t<div class=\"elementor-element elementor-element-33510c8 elementor-widget elementor-widget-image\" data-id=\"33510c8\" data-element_type=\"widget\" data-e-type=\"widget\" data-widget_type=\"image.default\">\n\t\t\t\t<div class=\"elementor-widget-container\">\n\t\t\t\t\t\t\t\t\t\t\t\t\t\t\t<img fetchpriority=\"high\" decoding=\"async\" width=\"1024\" height=\"768\" src=\"https:\/\/reden.solar\/wp-content\/uploads\/2023\/12\/Siege-REDEN_0052-1-1024x768.webp\" class=\"attachment-large size-large wp-image-27253\" alt=\"\" srcset=\"https:\/\/reden.solar\/wp-content\/uploads\/2023\/12\/Siege-REDEN_0052-1-1024x768.webp 1024w, https:\/\/reden.solar\/wp-content\/uploads\/2023\/12\/Siege-REDEN_0052-1-300x225.webp 300w, https:\/\/reden.solar\/wp-content\/uploads\/2023\/12\/Siege-REDEN_0052-1-768x576.webp 768w, https:\/\/reden.solar\/wp-content\/uploads\/2023\/12\/Siege-REDEN_0052-1-1536x1152.webp 1536w, https:\/\/reden.solar\/wp-content\/uploads\/2023\/12\/Siege-REDEN_0052-1.webp 1920w\" sizes=\"(max-width: 1024px) 100vw, 1024px\" \/>\t\t\t\t\t\t\t\t\t\t\t\t\t\t\t<\/div>\n\t\t\t\t<\/div>\n\t\t\t\t<div class=\"elementor-element elementor-element-00bfd24 elementor-widget elementor-widget-heading\" data-id=\"00bfd24\" data-element_type=\"widget\" data-e-type=\"widget\" data-widget_type=\"heading.default\">\n\t\t\t\t<div class=\"elementor-widget-container\">\n\t\t\t\t\t<h3 class=\"elementor-heading-title elementor-size-default\">Gr\u00fcndung von REDEN (ehemals Fonroche) in Roquefort (Agen) <\/h3>\t\t\t\t<\/div>\n\t\t\t\t<\/div>\n\t\t\t\t<div class=\"elementor-element elementor-element-f7a22cf elementor-widget elementor-widget-heading\" data-id=\"f7a22cf\" data-element_type=\"widget\" data-e-type=\"widget\" data-widget_type=\"heading.default\">\n\t\t\t\t<div class=\"elementor-widget-container\">\n\t\t\t\t\t<h2 class=\"elementor-heading-title elementor-size-default\">(S\u00fcdwestfrankreich)<\/h2>\t\t\t\t<\/div>\n\t\t\t\t<\/div>\n\t\t\t\t\t<\/div>\n\t\t<\/div>\n\t\t\t\t\t<\/div>\n\t\t<\/section>\n\t\t\t\t<section class=\"elementor-section elementor-inner-section elementor-element elementor-element-00717e1 info-annee elementor-section-boxed elementor-section-height-default elementor-section-height-default\" data-id=\"00717e1\" data-element_type=\"section\" data-e-type=\"section\" id=\"info-annee-2009\" data-settings=\"{&quot;background_background&quot;:&quot;classic&quot;}\">\n\t\t\t\t\t\t<div class=\"elementor-container elementor-column-gap-default\">\n\t\t\t\t\t<div class=\"elementor-column elementor-col-100 elementor-inner-column elementor-element elementor-element-9bf28ce\" data-id=\"9bf28ce\" data-element_type=\"column\" data-e-type=\"column\">\n\t\t\t<div class=\"elementor-widget-wrap elementor-element-populated\">\n\t\t\t\t\t\t<div class=\"elementor-element elementor-element-c883caa elementor-widget elementor-widget-text-editor\" data-id=\"c883caa\" data-element_type=\"widget\" data-e-type=\"widget\" data-widget_type=\"text-editor.default\">\n\t\t\t\t<div class=\"elementor-widget-container\">\n\t\t\t\t\t\t\t\t\t<p><strong>3 MW installierte Leistung<\/strong><\/p>\n\t\t\t\t\t\t\t\t<\/div>\n\t\t\t\t<\/div>\n\t\t\t\t\t<\/div>\n\t\t<\/div>\n\t\t\t\t\t<\/div>\n\t\t<\/section>\n\t\t\t\t<section class=\"elementor-section elementor-inner-section elementor-element elementor-element-d62aa90 info-annee elementor-section-boxed elementor-section-height-default elementor-section-height-default\" data-id=\"d62aa90\" data-element_type=\"section\" data-e-type=\"section\" id=\"info-annee-2010\" data-settings=\"{&quot;background_background&quot;:&quot;classic&quot;}\">\n\t\t\t\t\t\t<div class=\"elementor-container elementor-column-gap-default\">\n\t\t\t\t\t<div class=\"elementor-column elementor-col-100 elementor-inner-column elementor-element elementor-element-e55db9f\" data-id=\"e55db9f\" data-element_type=\"column\" data-e-type=\"column\">\n\t\t\t<div class=\"elementor-widget-wrap elementor-element-populated\">\n\t\t\t\t\t\t<div class=\"elementor-element elementor-element-1f71325 elementor-widget elementor-widget-text-editor\" data-id=\"1f71325\" data-element_type=\"widget\" data-e-type=\"widget\" data-widget_type=\"text-editor.default\">\n\t\t\t\t<div class=\"elementor-widget-container\">\n\t\t\t\t\t\t\t\t\t<p><strong>Kapitalerh\u00f6hung mit <span style=\"color: #33cccc;\">Eurazeo<\/span> und Er\u00f6ffnung unserer <span style=\"color: #55bdbe;\">Modulproduktion <\/span>in Frankreich<\/strong> f\u00fcr ein integriertes Photovoltaik-Gesch\u00e4ftsmodell.<\/p>\n<p><strong>10 MW installierte Leistung<\/strong><\/p>\n\t\t\t\t\t\t\t\t<\/div>\n\t\t\t\t<\/div>\n\t\t\t\t\t<\/div>\n\t\t<\/div>\n\t\t\t\t\t<\/div>\n\t\t<\/section>\n\t\t\t\t<section class=\"elementor-section elementor-inner-section elementor-element elementor-element-4625517 info-annee elementor-section-boxed elementor-section-height-default elementor-section-height-default\" data-id=\"4625517\" data-element_type=\"section\" data-e-type=\"section\" id=\"info-annee-2011\" data-settings=\"{&quot;background_background&quot;:&quot;classic&quot;}\">\n\t\t\t\t\t\t<div class=\"elementor-container elementor-column-gap-default\">\n\t\t\t\t\t<div class=\"elementor-column elementor-col-100 elementor-inner-column elementor-element elementor-element-85d19fb\" data-id=\"85d19fb\" data-element_type=\"column\" data-e-type=\"column\">\n\t\t\t<div class=\"elementor-widget-wrap elementor-element-populated\">\n\t\t\t\t\t\t<div class=\"elementor-element elementor-element-006ced8 elementor-widget elementor-widget-text-editor\" data-id=\"006ced8\" data-element_type=\"widget\" data-e-type=\"widget\" data-widget_type=\"text-editor.default\">\n\t\t\t\t<div class=\"elementor-widget-container\">\n\t\t\t\t\t\t\t\t\t<p><strong>Gr\u00fcndung von Tochtergesellschaften<\/strong> in Puerto Rico (San Juan) und Kolumbien sowie eines internationalen B\u00fcros in Madrid sowie Aktivit\u00e4ten in Kasachstan, der Ukraine und Indien.<\/p>\n<p><strong>40 MW an installierter Leistung<\/strong><\/p>\n\t\t\t\t\t\t\t\t<\/div>\n\t\t\t\t<\/div>\n\t\t\t\t\t<\/div>\n\t\t<\/div>\n\t\t\t\t\t<\/div>\n\t\t<\/section>\n\t\t\t\t<section class=\"elementor-section elementor-inner-section elementor-element elementor-element-87fcfa8 info-annee elementor-section-boxed elementor-section-height-default elementor-section-height-default\" data-id=\"87fcfa8\" data-element_type=\"section\" data-e-type=\"section\" id=\"info-annee-2012\" data-settings=\"{&quot;background_background&quot;:&quot;classic&quot;}\">\n\t\t\t\t\t\t<div class=\"elementor-container elementor-column-gap-default\">\n\t\t\t\t\t<div class=\"elementor-column elementor-col-100 elementor-inner-column elementor-element elementor-element-158c200\" data-id=\"158c200\" data-element_type=\"column\" data-e-type=\"column\">\n\t\t\t<div class=\"elementor-widget-wrap elementor-element-populated\">\n\t\t\t\t\t\t<div class=\"elementor-element elementor-element-8ef9589 elementor-widget elementor-widget-text-editor\" data-id=\"8ef9589\" data-element_type=\"widget\" data-e-type=\"widget\" data-widget_type=\"text-editor.default\">\n\t\t\t\t<div class=\"elementor-widget-container\">\n\t\t\t\t\t\t\t\t\t<p><strong>Er\u00f6ffnung der Niederlassung<\/strong> in Mexiko (Mexiko-Stadt)<\/p>\n<p><strong>123 MW an installierter Leistung<\/strong><\/p>\n\t\t\t\t\t\t\t\t<\/div>\n\t\t\t\t<\/div>\n\t\t\t\t\t<\/div>\n\t\t<\/div>\n\t\t\t\t\t<\/div>\n\t\t<\/section>\n\t\t\t\t<section class=\"elementor-section elementor-inner-section elementor-element elementor-element-ec03ebc info-annee elementor-section-boxed elementor-section-height-default elementor-section-height-default\" data-id=\"ec03ebc\" data-element_type=\"section\" data-e-type=\"section\" id=\"info-annee-2013\" data-settings=\"{&quot;background_background&quot;:&quot;classic&quot;}\">\n\t\t\t\t\t\t<div class=\"elementor-container elementor-column-gap-default\">\n\t\t\t\t\t<div class=\"elementor-column elementor-col-100 elementor-inner-column elementor-element elementor-element-2e2a4bb\" data-id=\"2e2a4bb\" data-element_type=\"column\" data-e-type=\"column\">\n\t\t\t<div class=\"elementor-widget-wrap elementor-element-populated\">\n\t\t\t\t\t\t<div class=\"elementor-element elementor-element-ab3c927 elementor-widget elementor-widget-text-editor\" data-id=\"ab3c927\" data-element_type=\"widget\" data-e-type=\"widget\" data-widget_type=\"text-editor.default\">\n\t\t\t\t<div class=\"elementor-widget-container\">\n\t\t\t\t\t\t\t\t\t<p><strong>147 MW installierte Leistung<\/strong><\/p>\n\t\t\t\t\t\t\t\t<\/div>\n\t\t\t\t<\/div>\n\t\t\t\t\t<\/div>\n\t\t<\/div>\n\t\t\t\t\t<\/div>\n\t\t<\/section>\n\t\t\t\t<section class=\"elementor-section elementor-inner-section elementor-element elementor-element-2918c5c info-annee elementor-section-boxed elementor-section-height-default elementor-section-height-default\" data-id=\"2918c5c\" data-element_type=\"section\" data-e-type=\"section\" id=\"info-annee-2014\" data-settings=\"{&quot;background_background&quot;:&quot;classic&quot;}\">\n\t\t\t\t\t\t<div class=\"elementor-container elementor-column-gap-default\">\n\t\t\t\t\t<div class=\"elementor-column elementor-col-100 elementor-inner-column elementor-element elementor-element-8242bf8\" data-id=\"8242bf8\" data-element_type=\"column\" data-e-type=\"column\">\n\t\t\t<div class=\"elementor-widget-wrap elementor-element-populated\">\n\t\t\t\t\t\t<div class=\"elementor-element elementor-element-b776863 elementor-widget elementor-widget-text-editor\" data-id=\"b776863\" data-element_type=\"widget\" data-e-type=\"widget\" data-widget_type=\"text-editor.default\">\n\t\t\t\t<div class=\"elementor-widget-container\">\n\t\t\t\t\t\t\t\t\t<p><strong>181 MW installierte Leistung<\/strong><\/p>\n\t\t\t\t\t\t\t\t<\/div>\n\t\t\t\t<\/div>\n\t\t\t\t\t<\/div>\n\t\t<\/div>\n\t\t\t\t\t<\/div>\n\t\t<\/section>\n\t\t\t\t<section class=\"elementor-section elementor-inner-section elementor-element elementor-element-3b98204 info-annee elementor-section-boxed elementor-section-height-default elementor-section-height-default\" data-id=\"3b98204\" data-element_type=\"section\" data-e-type=\"section\" id=\"info-annee-2015\" data-settings=\"{&quot;background_background&quot;:&quot;classic&quot;}\">\n\t\t\t\t\t\t<div class=\"elementor-container elementor-column-gap-default\">\n\t\t\t\t\t<div class=\"elementor-column elementor-col-100 elementor-inner-column elementor-element elementor-element-a103162\" data-id=\"a103162\" data-element_type=\"column\" data-e-type=\"column\">\n\t\t\t<div class=\"elementor-widget-wrap elementor-element-populated\">\n\t\t\t\t\t\t<div class=\"elementor-element elementor-element-8b1b2a2 elementor-widget elementor-widget-text-editor\" data-id=\"8b1b2a2\" data-element_type=\"widget\" data-e-type=\"widget\" data-widget_type=\"text-editor.default\">\n\t\t\t\t<div class=\"elementor-widget-container\">\n\t\t\t\t\t\t\t\t\t<p><strong>240 MW installierte Leistung<\/strong><\/p>\n\t\t\t\t\t\t\t\t<\/div>\n\t\t\t\t<\/div>\n\t\t\t\t\t<\/div>\n\t\t<\/div>\n\t\t\t\t\t<\/div>\n\t\t<\/section>\n\t\t\t\t<section class=\"elementor-section elementor-inner-section elementor-element elementor-element-7870b65 info-annee elementor-section-boxed elementor-section-height-default elementor-section-height-default\" data-id=\"7870b65\" data-element_type=\"section\" data-e-type=\"section\" id=\"info-annee-2016\" data-settings=\"{&quot;background_background&quot;:&quot;classic&quot;}\">\n\t\t\t\t\t\t<div class=\"elementor-container elementor-column-gap-default\">\n\t\t\t\t\t<div class=\"elementor-column elementor-col-100 elementor-inner-column elementor-element elementor-element-55aa26c\" data-id=\"55aa26c\" data-element_type=\"column\" data-e-type=\"column\">\n\t\t\t<div class=\"elementor-widget-wrap elementor-element-populated\">\n\t\t\t\t\t\t<div class=\"elementor-element elementor-element-2533d21 elementor-widget elementor-widget-text-editor\" data-id=\"2533d21\" data-element_type=\"widget\" data-e-type=\"widget\" data-widget_type=\"text-editor.default\">\n\t\t\t\t<div class=\"elementor-widget-container\">\n\t\t\t\t\t\t\t\t\t<p><strong>Verkauf<\/strong> in Indien und Kasachstan \/ Verkauf von Biogas- und Geothermieaktivit\u00e4ten<\/p><p><strong>300 MW an installierter Leistung<\/strong><\/p>\t\t\t\t\t\t\t\t<\/div>\n\t\t\t\t<\/div>\n\t\t\t\t\t<\/div>\n\t\t<\/div>\n\t\t\t\t\t<\/div>\n\t\t<\/section>\n\t\t\t\t<section class=\"elementor-section elementor-inner-section elementor-element elementor-element-881ad67 info-annee elementor-section-boxed elementor-section-height-default elementor-section-height-default\" data-id=\"881ad67\" data-element_type=\"section\" data-e-type=\"section\" id=\"info-annee-2017\" data-settings=\"{&quot;background_background&quot;:&quot;classic&quot;}\">\n\t\t\t\t\t\t<div class=\"elementor-container elementor-column-gap-default\">\n\t\t\t\t\t<div class=\"elementor-column elementor-col-100 elementor-inner-column elementor-element elementor-element-993392e\" data-id=\"993392e\" data-element_type=\"column\" data-e-type=\"column\">\n\t\t\t<div class=\"elementor-widget-wrap elementor-element-populated\">\n\t\t\t\t\t\t<div class=\"elementor-element elementor-element-b68a6d4 elementor-widget elementor-widget-text-editor\" data-id=\"b68a6d4\" data-element_type=\"widget\" data-e-type=\"widget\" data-widget_type=\"text-editor.default\">\n\t\t\t\t<div class=\"elementor-widget-container\">\n\t\t\t\t\t\t\t\t\t<h3><span style=\"color: #55bdbe;\"><strong>Die Solartochter von Fonroche wird zu REDEN Solar <\/strong><\/span><span style=\"color: #55bdbe;\"><strong><span style=\"color: #345b6d;\">und\u00a0<\/span><\/strong><\/span><span style=\"color: #345b6d;\"><strong><span style=\"color: #55bdbe;\">Infravia<\/span> erwirbt eine Beteiligung am Unternehmen\u00a0 \u00a0<\/strong><\/span><\/h3>\n<p><strong>348 MW installierte Leistung<\/strong><\/p>\n\t\t\t\t\t\t\t\t<\/div>\n\t\t\t\t<\/div>\n\t\t\t\t\t<\/div>\n\t\t<\/div>\n\t\t\t\t\t<\/div>\n\t\t<\/section>\n\t\t\t\t<section class=\"elementor-section elementor-inner-section elementor-element elementor-element-1248f6f info-annee elementor-section-boxed elementor-section-height-default elementor-section-height-default\" data-id=\"1248f6f\" data-element_type=\"section\" data-e-type=\"section\" id=\"info-annee-2018\" data-settings=\"{&quot;background_background&quot;:&quot;classic&quot;}\">\n\t\t\t\t\t\t<div class=\"elementor-container elementor-column-gap-default\">\n\t\t\t\t\t<div class=\"elementor-column elementor-col-100 elementor-inner-column elementor-element elementor-element-27bca9b\" data-id=\"27bca9b\" data-element_type=\"column\" data-e-type=\"column\">\n\t\t\t<div class=\"elementor-widget-wrap elementor-element-populated\">\n\t\t\t\t\t\t<div class=\"elementor-element elementor-element-95c7fd4 elementor-widget elementor-widget-text-editor\" data-id=\"95c7fd4\" data-element_type=\"widget\" data-e-type=\"widget\" data-widget_type=\"text-editor.default\">\n\t\t\t\t<div class=\"elementor-widget-container\">\n\t\t\t\t\t\t\t\t\t<p><strong>Aufnahme des Betriebs<\/strong> in <span style=\"color: #55bdbe;\"><strong>Spanien<\/strong> <\/span>und <span style=\"color: #55bdbe;\"><strong>Portugal<\/strong> <\/span>(51 MW), <span style=\"color: #55bdbe;\"><strong>Chile <\/strong><\/span>(30 MW), <span style=\"color: #55bdbe;\"><strong>Mexiko<\/strong> <\/span>(20 MW) und <strong><span style=\"color: #33cccc;\"><span style=\"color: #55bdbe;\">Puerto<\/span> <span style=\"color: #55bdbe;\">Rico<\/span><\/span><\/strong> (52 MW)<\/p>\n<p><strong>Akquise<\/strong>\u00a0von Projekten in Spanien (50 MW) und <strong>Bau neuer<\/strong> Projekte in Mexiko (40 MW)<\/p>\n<p><strong>Starker Ausbau der Leitungen<\/strong> in Frankreich (2,3 GW) und Chile (0,3 GW)<\/p>\n<p><strong>450 MW an installierter Leistung<\/strong><\/p>\n\t\t\t\t\t\t\t\t<\/div>\n\t\t\t\t<\/div>\n\t\t\t\t\t<\/div>\n\t\t<\/div>\n\t\t\t\t\t<\/div>\n\t\t<\/section>\n\t\t\t\t<section class=\"elementor-section elementor-inner-section elementor-element elementor-element-38345bb info-annee elementor-section-boxed elementor-section-height-default elementor-section-height-default\" data-id=\"38345bb\" data-element_type=\"section\" data-e-type=\"section\" id=\"info-annee-2019\" data-settings=\"{&quot;background_background&quot;:&quot;classic&quot;}\">\n\t\t\t\t\t\t<div class=\"elementor-container elementor-column-gap-default\">\n\t\t\t\t\t<div class=\"elementor-column elementor-col-100 elementor-inner-column elementor-element elementor-element-cd61f66\" data-id=\"cd61f66\" data-element_type=\"column\" data-e-type=\"column\">\n\t\t\t<div class=\"elementor-widget-wrap elementor-element-populated\">\n\t\t\t\t\t\t<div class=\"elementor-element elementor-element-057f4fe elementor-widget elementor-widget-text-editor\" data-id=\"057f4fe\" data-element_type=\"widget\" data-e-type=\"widget\" data-widget_type=\"text-editor.default\">\n\t\t\t\t<div class=\"elementor-widget-container\">\n\t\t\t\t\t\t\t\t\t<p>REDEN nimmt den Betrieb in <span style=\"color: #55bdbe;\"><strong>Griechenland auf<\/strong><\/span><\/p>\n<p><strong>573 MW installierte Leistung<\/strong><\/p>\n\t\t\t\t\t\t\t\t<\/div>\n\t\t\t\t<\/div>\n\t\t\t\t\t<\/div>\n\t\t<\/div>\n\t\t\t\t\t<\/div>\n\t\t<\/section>\n\t\t\t\t<section class=\"elementor-section elementor-inner-section elementor-element elementor-element-a6fbd1e info-annee elementor-section-boxed elementor-section-height-default elementor-section-height-default\" data-id=\"a6fbd1e\" data-element_type=\"section\" data-e-type=\"section\" id=\"info-annee-2020\" data-settings=\"{&quot;background_background&quot;:&quot;classic&quot;}\">\n\t\t\t\t\t\t<div class=\"elementor-container elementor-column-gap-default\">\n\t\t\t\t\t<div class=\"elementor-column elementor-col-100 elementor-inner-column elementor-element elementor-element-85ac05b\" data-id=\"85ac05b\" data-element_type=\"column\" data-e-type=\"column\">\n\t\t\t<div class=\"elementor-widget-wrap elementor-element-populated\">\n\t\t\t\t\t\t<div class=\"elementor-element elementor-element-9942237 elementor-widget elementor-widget-text-editor\" data-id=\"9942237\" data-element_type=\"widget\" data-e-type=\"widget\" data-widget_type=\"text-editor.default\">\n\t\t\t\t<div class=\"elementor-widget-container\">\n\t\t\t\t\t\t\t\t\t<p><strong>652 MW installierte Leistung<\/strong><\/p>\n\t\t\t\t\t\t\t\t<\/div>\n\t\t\t\t<\/div>\n\t\t\t\t\t<\/div>\n\t\t<\/div>\n\t\t\t\t\t<\/div>\n\t\t<\/section>\n\t\t\t\t<section class=\"elementor-section elementor-inner-section elementor-element elementor-element-f04acab info-annee elementor-section-boxed elementor-section-height-default elementor-section-height-default\" data-id=\"f04acab\" data-element_type=\"section\" data-e-type=\"section\" id=\"info-annee-2021\" data-settings=\"{&quot;background_background&quot;:&quot;classic&quot;}\">\n\t\t\t\t\t\t<div class=\"elementor-container elementor-column-gap-default\">\n\t\t\t\t\t<div class=\"elementor-column elementor-col-100 elementor-inner-column elementor-element elementor-element-4ae9de2\" data-id=\"4ae9de2\" data-element_type=\"column\" data-e-type=\"column\">\n\t\t\t<div class=\"elementor-widget-wrap elementor-element-populated\">\n\t\t\t\t\t\t<div class=\"elementor-element elementor-element-df381ec elementor-widget elementor-widget-text-editor\" data-id=\"df381ec\" data-element_type=\"widget\" data-e-type=\"widget\" data-widget_type=\"text-editor.default\">\n\t\t\t\t<div class=\"elementor-widget-container\">\n\t\t\t\t\t\t\t\t\t<p>REDEN startet auf dem <span style=\"color: #55bdbe;\"><strong> italienischen Markt<\/strong><\/span><\/p>\n<p><strong>757 MW installierte Leistung<\/strong><\/p>\n\t\t\t\t\t\t\t\t<\/div>\n\t\t\t\t<\/div>\n\t\t\t\t\t<\/div>\n\t\t<\/div>\n\t\t\t\t\t<\/div>\n\t\t<\/section>\n\t\t\t\t<section class=\"elementor-section elementor-inner-section elementor-element elementor-element-84f28aa info-annee elementor-section-boxed elementor-section-height-default elementor-section-height-default\" data-id=\"84f28aa\" data-element_type=\"section\" data-e-type=\"section\" id=\"info-annee-2022\" data-settings=\"{&quot;background_background&quot;:&quot;classic&quot;}\">\n\t\t\t\t\t\t<div class=\"elementor-container elementor-column-gap-default\">\n\t\t\t\t\t<div class=\"elementor-column elementor-col-100 elementor-inner-column elementor-element elementor-element-698c1ba\" data-id=\"698c1ba\" data-element_type=\"column\" data-e-type=\"column\">\n\t\t\t<div class=\"elementor-widget-wrap elementor-element-populated\">\n\t\t\t\t\t\t<div class=\"elementor-element elementor-element-83baced elementor-widget elementor-widget-text-editor\" data-id=\"83baced\" data-element_type=\"widget\" data-e-type=\"widget\" data-widget_type=\"text-editor.default\">\n\t\t\t\t<div class=\"elementor-widget-container\">\n\t\t\t\t\t\t\t\t\t<p>Neue Aktion\u00e4re mit <span style=\"color: #55bdbe;\"><strong>Macquarie, BCI und MEAG im Konsortium<\/strong><\/span><\/p>\n<p><strong>939 MW installierte Leistung<\/strong><\/p>\n\t\t\t\t\t\t\t\t<\/div>\n\t\t\t\t<\/div>\n\t\t\t\t\t<\/div>\n\t\t<\/div>\n\t\t\t\t\t<\/div>\n\t\t<\/section>\n\t\t\t\t<section class=\"elementor-section elementor-inner-section elementor-element elementor-element-c67a71e info-annee elementor-section-boxed elementor-section-height-default elementor-section-height-default\" data-id=\"c67a71e\" data-element_type=\"section\" data-e-type=\"section\" id=\"info-annee-2023\" data-settings=\"{&quot;background_background&quot;:&quot;classic&quot;}\">\n\t\t\t\t\t\t<div class=\"elementor-container elementor-column-gap-default\">\n\t\t\t\t\t<div class=\"elementor-column elementor-col-100 elementor-inner-column elementor-element elementor-element-7b4cf74\" data-id=\"7b4cf74\" data-element_type=\"column\" data-e-type=\"column\">\n\t\t\t<div class=\"elementor-widget-wrap elementor-element-populated\">\n\t\t\t\t\t\t<div class=\"elementor-element elementor-element-40532bf elementor-widget elementor-widget-text-editor\" data-id=\"40532bf\" data-element_type=\"widget\" data-e-type=\"widget\" data-widget_type=\"text-editor.default\">\n\t\t\t\t<div class=\"elementor-widget-container\">\n\t\t\t\t\t\t\t\t\t<p>Er\u00f6ffnung der <span style=\"color: #55bdbe;\"><strong style=\"color: #55bdbe;\">deutschen Niederlassung <\/strong><\/span>von REDEN<\/p><p><img decoding=\"async\" class=\" wp-image-39848 alignleft\" src=\"https:\/\/reden.solar\/wp-content\/uploads\/2026\/03\/thumbnail-image001-1-225x300.jpg\" alt=\"\" width=\"196\" height=\"262\" srcset=\"https:\/\/reden.solar\/wp-content\/uploads\/2026\/03\/thumbnail-image001-1-225x300.jpg 225w, https:\/\/reden.solar\/wp-content\/uploads\/2026\/03\/thumbnail-image001-1.jpg 481w\" sizes=\"(max-width: 196px) 100vw, 196px\" \/><\/p><p><img decoding=\"async\" class=\"wp-image-39864 alignnone\" src=\"https:\/\/reden.solar\/wp-content\/uploads\/2026\/03\/6-300x225.jpg\" alt=\"\" width=\"191\" height=\"144\" srcset=\"https:\/\/reden.solar\/wp-content\/uploads\/2026\/03\/6-300x225.jpg 300w, https:\/\/reden.solar\/wp-content\/uploads\/2026\/03\/6.jpg 640w\" sizes=\"(max-width: 191px) 100vw, 191px\" \/><\/p><p><img loading=\"lazy\" decoding=\"async\" class=\"wp-image-39854 alignleft\" src=\"https:\/\/reden.solar\/wp-content\/uploads\/2026\/03\/reden-solar-germany-300x116.png\" alt=\"\" width=\"182\" height=\"70\" srcset=\"https:\/\/reden.solar\/wp-content\/uploads\/2026\/03\/reden-solar-germany-300x116.png 300w, https:\/\/reden.solar\/wp-content\/uploads\/2026\/03\/reden-solar-germany-1024x397.png 1024w, https:\/\/reden.solar\/wp-content\/uploads\/2026\/03\/reden-solar-germany-768x298.png 768w, https:\/\/reden.solar\/wp-content\/uploads\/2026\/03\/reden-solar-germany-1536x596.png 1536w, https:\/\/reden.solar\/wp-content\/uploads\/2026\/03\/reden-solar-germany-2048x795.png 2048w\" sizes=\"(max-width: 182px) 100vw, 182px\" \/><\/p><p>\u00a0<\/p><p>\u00a0<\/p><p>\u00a0<\/p><p>Die REDEN-Gruppe verf\u00fcgt \u00fcber eine <strong>installierte Leistung von <span style=\"color: #55bdbe;\">1 GW<\/span><\/strong><\/p>\t\t\t\t\t\t\t\t<\/div>\n\t\t\t\t<\/div>\n\t\t\t\t\t<\/div>\n\t\t<\/div>\n\t\t\t\t\t<\/div>\n\t\t<\/section>\n\t\t\t\t<section class=\"elementor-section elementor-inner-section elementor-element elementor-element-5331dcc info-annee elementor-section-boxed elementor-section-height-default elementor-section-height-default\" data-id=\"5331dcc\" data-element_type=\"section\" data-e-type=\"section\" id=\"info-annee-2024\" data-settings=\"{&quot;background_background&quot;:&quot;classic&quot;}\">\n\t\t\t\t\t\t<div class=\"elementor-container elementor-column-gap-default\">\n\t\t\t\t\t<div class=\"elementor-column elementor-col-100 elementor-inner-column elementor-element elementor-element-ddea36a\" data-id=\"ddea36a\" data-element_type=\"column\" data-e-type=\"column\">\n\t\t\t<div class=\"elementor-widget-wrap elementor-element-populated\">\n\t\t\t\t\t\t<div class=\"elementor-element elementor-element-6441fdc elementor-widget elementor-widget-text-editor\" data-id=\"6441fdc\" data-element_type=\"widget\" data-e-type=\"widget\" data-widget_type=\"text-editor.default\">\n\t\t\t\t<div class=\"elementor-widget-container\">\n\t\t\t\t\t\t\t\t\t<p>Ernennung von <span style=\"color: #55bdbe;\"><strong>Frank DEMAILLE<\/strong><\/span> zum CEO der REDEN-Gruppe<\/p><p><img loading=\"lazy\" decoding=\"async\" class=\"alignnone size-medium wp-image-32429\" src=\"https:\/\/reden.solar\/wp-content\/uploads\/2024\/07\/frank-demaille-deputy-ceo-2-reden-1-200x300.webp\" alt=\"\" width=\"200\" height=\"300\" srcset=\"https:\/\/reden.solar\/wp-content\/uploads\/2024\/07\/frank-demaille-deputy-ceo-2-reden-1-200x300.webp 200w, https:\/\/reden.solar\/wp-content\/uploads\/2024\/07\/frank-demaille-deputy-ceo-2-reden-1-684x1024.webp 684w, https:\/\/reden.solar\/wp-content\/uploads\/2024\/07\/frank-demaille-deputy-ceo-2-reden-1-768x1151.webp 768w, https:\/\/reden.solar\/wp-content\/uploads\/2024\/07\/frank-demaille-deputy-ceo-2-reden-1-1025x1536.webp 1025w, https:\/\/reden.solar\/wp-content\/uploads\/2024\/07\/frank-demaille-deputy-ceo-2-reden-1-1367x2048.webp 1367w, https:\/\/reden.solar\/wp-content\/uploads\/2024\/07\/frank-demaille-deputy-ceo-2-reden-1-scaled.webp 1709w\" sizes=\"(max-width: 200px) 100vw, 200px\" \/><\/p><p>Einweihung unserer neuen Produktionslinie <span style=\"color: #55bdbe;\"><strong>f\u00fcr Photovoltaikmodule im S\u00fcdwesten Frankreichs<\/strong><\/span>, in der Region Nouvelle-Aquitaine<\/p><p><img loading=\"lazy\" decoding=\"async\" class=\" wp-image-39883 alignleft\" src=\"https:\/\/reden.solar\/wp-content\/uploads\/2026\/03\/fr-inauguration-usine-88-simonabiker-reden-300x200.jpg\" alt=\"\" width=\"194\" height=\"129\" srcset=\"https:\/\/reden.solar\/wp-content\/uploads\/2026\/03\/fr-inauguration-usine-88-simonabiker-reden-300x200.jpg 300w, https:\/\/reden.solar\/wp-content\/uploads\/2026\/03\/fr-inauguration-usine-88-simonabiker-reden-1024x683.jpg 1024w, https:\/\/reden.solar\/wp-content\/uploads\/2026\/03\/fr-inauguration-usine-88-simonabiker-reden-768x512.jpg 768w, https:\/\/reden.solar\/wp-content\/uploads\/2026\/03\/fr-inauguration-usine-88-simonabiker-reden-1536x1024.jpg 1536w, https:\/\/reden.solar\/wp-content\/uploads\/2026\/03\/fr-inauguration-usine-88-simonabiker-reden-2048x1365.jpg 2048w\" sizes=\"(max-width: 194px) 100vw, 194px\" \/><\/p><p><img loading=\"lazy\" decoding=\"async\" class=\" wp-image-39877 alignnone\" src=\"https:\/\/reden.solar\/wp-content\/uploads\/2026\/03\/fr-inauguration-usine-01-simonabiker-reden-300x200.jpg\" alt=\"\" width=\"194\" height=\"130\" srcset=\"https:\/\/reden.solar\/wp-content\/uploads\/2026\/03\/fr-inauguration-usine-01-simonabiker-reden-300x200.jpg 300w, https:\/\/reden.solar\/wp-content\/uploads\/2026\/03\/fr-inauguration-usine-01-simonabiker-reden-1024x683.jpg 1024w, https:\/\/reden.solar\/wp-content\/uploads\/2026\/03\/fr-inauguration-usine-01-simonabiker-reden-768x512.jpg 768w, https:\/\/reden.solar\/wp-content\/uploads\/2026\/03\/fr-inauguration-usine-01-simonabiker-reden-1536x1024.jpg 1536w, https:\/\/reden.solar\/wp-content\/uploads\/2026\/03\/fr-inauguration-usine-01-simonabiker-reden-2048x1365.jpg 2048w\" sizes=\"(max-width: 194px) 100vw, 194px\" \/><\/p>\t\t\t\t\t\t\t\t<\/div>\n\t\t\t\t<\/div>\n\t\t\t\t\t<\/div>\n\t\t<\/div>\n\t\t\t\t\t<\/div>\n\t\t<\/section>\n\t\t\t\t<section class=\"elementor-section elementor-inner-section elementor-element elementor-element-3030bfb info-annee elementor-section-boxed elementor-section-height-default elementor-section-height-default\" data-id=\"3030bfb\" data-element_type=\"section\" data-e-type=\"section\" id=\"info-annee-2025\" data-settings=\"{&quot;background_background&quot;:&quot;classic&quot;}\">\n\t\t\t\t\t\t<div class=\"elementor-container elementor-column-gap-default\">\n\t\t\t\t\t<div class=\"elementor-column elementor-col-100 elementor-inner-column elementor-element elementor-element-e4ece8b\" data-id=\"e4ece8b\" data-element_type=\"column\" data-e-type=\"column\">\n\t\t\t<div class=\"elementor-widget-wrap elementor-element-populated\">\n\t\t\t\t\t\t<div class=\"elementor-element elementor-element-9d8e7c1 elementor-widget elementor-widget-text-editor\" data-id=\"9d8e7c1\" data-element_type=\"widget\" data-e-type=\"widget\" data-widget_type=\"text-editor.default\">\n\t\t\t\t<div class=\"elementor-widget-container\">\n\t\t\t\t\t\t\t\t\t<p>Einweihung von <span style=\"color: #55bdbe;\"><b>Codroipo<\/b><\/span>, unserer <strong>ersten Photovoltaikanlage in Italien, auf einem sanierten Gel\u00e4nde<\/strong><\/p><ul><li>23,5 MWp Leistung<\/li><li>36 GWh\/Jahr Erzeugung<\/li><li>22.000 Tonnen CO\u2082-Einsparung<\/li><\/ul><p><img loading=\"lazy\" decoding=\"async\" src=\"https:\/\/reden.solar\/wp-content\/uploads\/2026\/03\/it-codroipo-gmp-3-reden-300x169.jpg\" alt=\"\" width=\"150\" height=\"85\" \/>\u00a0 \u00a0 <img loading=\"lazy\" decoding=\"async\" src=\"https:\/\/reden.solar\/wp-content\/uploads\/2026\/03\/dsc-9214-300x200.jpg\" alt=\"\" width=\"127\" height=\"85\" \/>\u00a0 \u00a0 <img loading=\"lazy\" decoding=\"async\" src=\"https:\/\/reden.solar\/wp-content\/uploads\/2026\/03\/it-codroipo-gmp-inauguration-05-reden-300x200.jpg\" alt=\"\" width=\"126\" height=\"84\" \/><\/p><p>Einweihung unseres Kraftwerks <span style=\"color: #55bdbe;\"><strong>Acampo<\/strong><\/span>\u00a0in Spanien, <strong>unserer gr\u00f6\u00dften Photovoltaikanlage in Europa<\/strong><\/p><ul><li>34 MWp Leistung<\/li><li>62 GWh\/Jahr Stromerzeugung<\/li><li>62.000 Solarmodule<\/li><\/ul><p><img loading=\"lazy\" decoding=\"async\" src=\"https:\/\/reden.solar\/wp-content\/uploads\/2026\/03\/1-300x200.jpg\" alt=\"\" width=\"174\" height=\"116\" \/>\u00a0 \u00a0 \u00a0<img loading=\"lazy\" decoding=\"async\" src=\"https:\/\/reden.solar\/wp-content\/uploads\/2026\/03\/sp-a-campo-gmp-35-reden-300x225.jpg\" alt=\"\" width=\"155\" height=\"117\" \/><\/p>\t\t\t\t\t\t\t\t<\/div>\n\t\t\t\t<\/div>\n\t\t\t\t\t<\/div>\n\t\t<\/div>\n\t\t\t\t\t<\/div>\n\t\t<\/section>\n\t\t\t\t<div class=\"elementor-element elementor-element-5a32f68 elementor-widget elementor-widget-menu-anchor\" data-id=\"5a32f68\" data-element_type=\"widget\" data-e-type=\"widget\" data-widget_type=\"menu-anchor.default\">\n\t\t\t\t<div class=\"elementor-widget-container\">\n\t\t\t\t\t\t\t<div class=\"elementor-menu-anchor\" id=\"unserestandorte\"><\/div>\n\t\t\t\t\t\t<\/div>\n\t\t\t\t<\/div>\n\t\t\t\t\t<\/div>\n\t\t<\/div>\n\t\t\t\t<div class=\"elementor-column elementor-col-50 elementor-top-column elementor-element elementor-element-a51c108\" data-id=\"a51c108\" data-element_type=\"column\" data-e-type=\"column\" id=\"timeline\" data-settings=\"{&quot;background_background&quot;:&quot;classic&quot;}\">\n\t\t\t<div class=\"elementor-widget-wrap elementor-element-populated\">\n\t\t\t\t\t\t<div class=\"elementor-element elementor-element-f5d586d elementor-absolute annee-top elementor-widget elementor-widget-image\" data-id=\"f5d586d\" data-element_type=\"widget\" data-e-type=\"widget\" data-settings=\"{&quot;_position&quot;:&quot;absolute&quot;}\" data-widget_type=\"image.default\">\n\t\t\t\t<div class=\"elementor-widget-container\">\n\t\t\t\t\t\t\t\t\t\t\t\t\t\t\t<img loading=\"lazy\" decoding=\"async\" width=\"60\" height=\"60\" src=\"https:\/\/reden.solar\/wp-content\/uploads\/2023\/11\/timeline-up.png\" class=\"attachment-large size-large wp-image-27066\" alt=\"\" \/>\t\t\t\t\t\t\t\t\t\t\t\t\t\t\t<\/div>\n\t\t\t\t<\/div>\n\t\t\t\t<div class=\"elementor-element elementor-element-254f68a elementor-absolute annee-down elementor-widget elementor-widget-image\" data-id=\"254f68a\" data-element_type=\"widget\" data-e-type=\"widget\" data-settings=\"{&quot;_position&quot;:&quot;absolute&quot;}\" data-widget_type=\"image.default\">\n\t\t\t\t<div class=\"elementor-widget-container\">\n\t\t\t\t\t\t\t\t\t\t\t\t\t\t\t<img loading=\"lazy\" decoding=\"async\" width=\"60\" height=\"60\" src=\"https:\/\/reden.solar\/wp-content\/uploads\/2023\/11\/timeline-down.png\" class=\"attachment-large size-large wp-image-27060\" alt=\"\" \/>\t\t\t\t\t\t\t\t\t\t\t\t\t\t\t<\/div>\n\t\t\t\t<\/div>\n\t\t\t\t<div class=\"elementor-element elementor-element-dc94eea annee elementor-widget elementor-widget-heading\" data-id=\"dc94eea\" data-element_type=\"widget\" data-e-type=\"widget\" id=\"annee-2008\" data-widget_type=\"heading.default\">\n\t\t\t\t<div class=\"elementor-widget-container\">\n\t\t\t\t\t<h3 class=\"elementor-heading-title elementor-size-default\">2008<\/h3>\t\t\t\t<\/div>\n\t\t\t\t<\/div>\n\t\t\t\t<div class=\"elementor-element elementor-element-cf99e36 annee elementor-widget elementor-widget-heading\" data-id=\"cf99e36\" data-element_type=\"widget\" data-e-type=\"widget\" id=\"annee-2009\" data-widget_type=\"heading.default\">\n\t\t\t\t<div class=\"elementor-widget-container\">\n\t\t\t\t\t<h3 class=\"elementor-heading-title elementor-size-default\">2009<\/h3>\t\t\t\t<\/div>\n\t\t\t\t<\/div>\n\t\t\t\t<div class=\"elementor-element elementor-element-dcb9b39 annee elementor-widget elementor-widget-heading\" data-id=\"dcb9b39\" data-element_type=\"widget\" data-e-type=\"widget\" id=\"annee-2010\" data-widget_type=\"heading.default\">\n\t\t\t\t<div class=\"elementor-widget-container\">\n\t\t\t\t\t<h3 class=\"elementor-heading-title elementor-size-default\">2010<\/h3>\t\t\t\t<\/div>\n\t\t\t\t<\/div>\n\t\t\t\t<div class=\"elementor-element elementor-element-2512ac6 annee elementor-widget elementor-widget-heading\" data-id=\"2512ac6\" data-element_type=\"widget\" data-e-type=\"widget\" id=\"annee-2011\" data-widget_type=\"heading.default\">\n\t\t\t\t<div class=\"elementor-widget-container\">\n\t\t\t\t\t<h3 class=\"elementor-heading-title elementor-size-default\">2011<\/h3>\t\t\t\t<\/div>\n\t\t\t\t<\/div>\n\t\t\t\t<div class=\"elementor-element elementor-element-3bd77f8 annee elementor-widget elementor-widget-heading\" data-id=\"3bd77f8\" data-element_type=\"widget\" data-e-type=\"widget\" id=\"annee-2012\" data-widget_type=\"heading.default\">\n\t\t\t\t<div class=\"elementor-widget-container\">\n\t\t\t\t\t<h3 class=\"elementor-heading-title elementor-size-default\">2012<\/h3>\t\t\t\t<\/div>\n\t\t\t\t<\/div>\n\t\t\t\t<div class=\"elementor-element elementor-element-fd967bc annee elementor-widget elementor-widget-heading\" data-id=\"fd967bc\" data-element_type=\"widget\" data-e-type=\"widget\" id=\"annee-2013\" data-widget_type=\"heading.default\">\n\t\t\t\t<div class=\"elementor-widget-container\">\n\t\t\t\t\t<h3 class=\"elementor-heading-title elementor-size-default\">2013<\/h3>\t\t\t\t<\/div>\n\t\t\t\t<\/div>\n\t\t\t\t<div class=\"elementor-element elementor-element-915704a annee elementor-widget elementor-widget-heading\" data-id=\"915704a\" data-element_type=\"widget\" data-e-type=\"widget\" id=\"annee-2014\" data-widget_type=\"heading.default\">\n\t\t\t\t<div class=\"elementor-widget-container\">\n\t\t\t\t\t<h3 class=\"elementor-heading-title elementor-size-default\">2014<\/h3>\t\t\t\t<\/div>\n\t\t\t\t<\/div>\n\t\t\t\t<div class=\"elementor-element elementor-element-6787661 annee elementor-widget elementor-widget-heading\" data-id=\"6787661\" data-element_type=\"widget\" data-e-type=\"widget\" id=\"annee-2015\" data-widget_type=\"heading.default\">\n\t\t\t\t<div class=\"elementor-widget-container\">\n\t\t\t\t\t<h3 class=\"elementor-heading-title elementor-size-default\">2015<\/h3>\t\t\t\t<\/div>\n\t\t\t\t<\/div>\n\t\t\t\t<div class=\"elementor-element elementor-element-3e030b9 annee elementor-widget elementor-widget-heading\" data-id=\"3e030b9\" data-element_type=\"widget\" data-e-type=\"widget\" id=\"annee-2016\" data-widget_type=\"heading.default\">\n\t\t\t\t<div class=\"elementor-widget-container\">\n\t\t\t\t\t<h3 class=\"elementor-heading-title elementor-size-default\">2016<\/h3>\t\t\t\t<\/div>\n\t\t\t\t<\/div>\n\t\t\t\t<div class=\"elementor-element elementor-element-a5960ff annee elementor-widget elementor-widget-heading\" data-id=\"a5960ff\" data-element_type=\"widget\" data-e-type=\"widget\" id=\"annee-2017\" data-widget_type=\"heading.default\">\n\t\t\t\t<div class=\"elementor-widget-container\">\n\t\t\t\t\t<h3 class=\"elementor-heading-title elementor-size-default\">2017<\/h3>\t\t\t\t<\/div>\n\t\t\t\t<\/div>\n\t\t\t\t<div class=\"elementor-element elementor-element-9c6bb60 annee elementor-widget elementor-widget-heading\" data-id=\"9c6bb60\" data-element_type=\"widget\" data-e-type=\"widget\" id=\"annee-2018\" data-widget_type=\"heading.default\">\n\t\t\t\t<div class=\"elementor-widget-container\">\n\t\t\t\t\t<h3 class=\"elementor-heading-title elementor-size-default\">2018<\/h3>\t\t\t\t<\/div>\n\t\t\t\t<\/div>\n\t\t\t\t<div class=\"elementor-element elementor-element-97a1a95 annee elementor-widget elementor-widget-heading\" data-id=\"97a1a95\" data-element_type=\"widget\" data-e-type=\"widget\" id=\"annee-2019\" data-widget_type=\"heading.default\">\n\t\t\t\t<div class=\"elementor-widget-container\">\n\t\t\t\t\t<h3 class=\"elementor-heading-title elementor-size-default\">2019<\/h3>\t\t\t\t<\/div>\n\t\t\t\t<\/div>\n\t\t\t\t<div class=\"elementor-element elementor-element-5842f8a annee elementor-widget elementor-widget-heading\" data-id=\"5842f8a\" data-element_type=\"widget\" data-e-type=\"widget\" id=\"annee-2020\" data-widget_type=\"heading.default\">\n\t\t\t\t<div class=\"elementor-widget-container\">\n\t\t\t\t\t<h3 class=\"elementor-heading-title elementor-size-default\">2020<\/h3>\t\t\t\t<\/div>\n\t\t\t\t<\/div>\n\t\t\t\t<div class=\"elementor-element elementor-element-ecc2804 annee elementor-widget elementor-widget-heading\" data-id=\"ecc2804\" data-element_type=\"widget\" data-e-type=\"widget\" id=\"annee-2021\" data-widget_type=\"heading.default\">\n\t\t\t\t<div class=\"elementor-widget-container\">\n\t\t\t\t\t<h3 class=\"elementor-heading-title elementor-size-default\">2021<\/h3>\t\t\t\t<\/div>\n\t\t\t\t<\/div>\n\t\t\t\t<div class=\"elementor-element elementor-element-84dd006 annee elementor-widget elementor-widget-heading\" data-id=\"84dd006\" data-element_type=\"widget\" data-e-type=\"widget\" id=\"annee-2022\" data-widget_type=\"heading.default\">\n\t\t\t\t<div class=\"elementor-widget-container\">\n\t\t\t\t\t<h3 class=\"elementor-heading-title elementor-size-default\">2022<\/h3>\t\t\t\t<\/div>\n\t\t\t\t<\/div>\n\t\t\t\t<div class=\"elementor-element elementor-element-38c782a annee elementor-widget elementor-widget-heading\" data-id=\"38c782a\" data-element_type=\"widget\" data-e-type=\"widget\" id=\"annee-2023\" data-widget_type=\"heading.default\">\n\t\t\t\t<div class=\"elementor-widget-container\">\n\t\t\t\t\t<h3 class=\"elementor-heading-title elementor-size-default\">2023<\/h3>\t\t\t\t<\/div>\n\t\t\t\t<\/div>\n\t\t\t\t<div class=\"elementor-element elementor-element-7ebcc35 annee elementor-widget elementor-widget-heading\" data-id=\"7ebcc35\" data-element_type=\"widget\" data-e-type=\"widget\" id=\"annee-2024\" data-widget_type=\"heading.default\">\n\t\t\t\t<div class=\"elementor-widget-container\">\n\t\t\t\t\t<h3 class=\"elementor-heading-title elementor-size-default\">2024<\/h3>\t\t\t\t<\/div>\n\t\t\t\t<\/div>\n\t\t\t\t<div class=\"elementor-element elementor-element-e1d09d9 annee elementor-widget elementor-widget-heading\" data-id=\"e1d09d9\" data-element_type=\"widget\" data-e-type=\"widget\" id=\"annee-2025\" data-widget_type=\"heading.default\">\n\t\t\t\t<div class=\"elementor-widget-container\">\n\t\t\t\t\t<h3 class=\"elementor-heading-title elementor-size-default\">2025<\/h3>\t\t\t\t<\/div>\n\t\t\t\t<\/div>\n\t\t\t\t\t<\/div>\n\t\t<\/div>\n\t\t\t\t\t<\/div>\n\t\t<\/section>\n\t\t\t\t<section class=\"elementor-section elementor-top-section elementor-element elementor-element-1312a4c elementor-section-content-top elementor-section-boxed elementor-section-height-default elementor-section-height-default\" data-id=\"1312a4c\" data-element_type=\"section\" data-e-type=\"section\">\n\t\t\t\t\t\t<div class=\"elementor-container elementor-column-gap-no\">\n\t\t\t\t\t<div class=\"elementor-column elementor-col-100 elementor-top-column elementor-element elementor-element-f5d54c2\" data-id=\"f5d54c2\" data-element_type=\"column\" data-e-type=\"column\">\n\t\t\t<div class=\"elementor-widget-wrap elementor-element-populated\">\n\t\t\t\t\t\t<div class=\"elementor-element elementor-element-6aa898e elementor-widget elementor-widget-heading\" data-id=\"6aa898e\" data-element_type=\"widget\" data-e-type=\"widget\" data-widget_type=\"heading.default\">\n\t\t\t\t<div class=\"elementor-widget-container\">\n\t\t\t\t\t<h2 class=\"elementor-heading-title elementor-size-default\">Unsere STANDORTE<\/h2>\t\t\t\t<\/div>\n\t\t\t\t<\/div>\n\t\t\t\t\t<\/div>\n\t\t<\/div>\n\t\t\t\t\t<\/div>\n\t\t<\/section>\n\t\t\t\t<section class=\"elementor-section elementor-top-section elementor-element elementor-element-6c3a543 texte-fond-blanc elementor-section-boxed elementor-section-height-default elementor-section-height-default\" data-id=\"6c3a543\" data-element_type=\"section\" data-e-type=\"section\">\n\t\t\t\t\t\t<div class=\"elementor-container elementor-column-gap-no\">\n\t\t\t\t\t<div class=\"elementor-column elementor-col-100 elementor-top-column elementor-element elementor-element-e064937\" data-id=\"e064937\" data-element_type=\"column\" data-e-type=\"column\">\n\t\t\t<div class=\"elementor-widget-wrap elementor-element-populated\">\n\t\t\t\t\t\t<div class=\"elementor-element elementor-element-91e95e8 elementor-widget elementor-widget-text-editor\" data-id=\"91e95e8\" data-element_type=\"widget\" data-e-type=\"widget\" data-widget_type=\"text-editor.default\">\n\t\t\t\t<div class=\"elementor-widget-container\">\n\t\t\t\t\t\t\t\t\t<p><a href=\"https:\/\/reden.solar\/de\/\">REDEN <\/a>hat seinen Hauptsitz in Roquefort (Agen) im S\u00fcdwesten <span style=\"color: #55bdbe;\"><strong>Frankreichs<\/strong><\/span>. Das Unternehmen unterh\u00e4lt zudem franz\u00f6sische Niederlassungen in Toulouse, Bordeaux, N\u00eemes und Montpellier sowie B\u00fcros in allen weiteren L\u00e4ndern, in denen die Gruppe aktiv ist: <span style=\"color: #55bdbe;\"><strong>Spanien, Portugal, Chile, Puerto Rico, Mexiko, Griechenland, Italien und Deutschland.<\/strong><\/span><\/p>\t\t\t\t\t\t\t\t<\/div>\n\t\t\t\t<\/div>\n\t\t\t\t<div class=\"elementor-element elementor-element-a82e436 elementor-widget elementor-widget-shortcode\" data-id=\"a82e436\" data-element_type=\"widget\" data-e-type=\"widget\" data-widget_type=\"shortcode.default\">\n\t\t\t\t<div class=\"elementor-widget-container\">\n\t\t\t\t\t\t\t<div class=\"elementor-shortcode\"><!-- Chart Action CSS -->\r\n<style type=\"text\/css\">\r\n\t#imap_1 {\n}<\/style>\r\n\r\n<!-- Chart Action HTML -->\r\n<div id=\"imap_1\">\n  <div class=\"interactive_map_finder\" id=\"interactive_map_1\" imap=\"1\"><\/div>\n<\/div><\/div>\n\t\t\t\t\t\t<\/div>\n\t\t\t\t<\/div>\n\t\t\t\t<div class=\"elementor-element elementor-element-a700def elementor-widget elementor-widget-html\" data-id=\"a700def\" data-element_type=\"widget\" data-e-type=\"widget\" data-widget_type=\"html.default\">\n\t\t\t\t<div class=\"elementor-widget-container\">\n\t\t\t\t\t<ul class=\"legende-map-reden\">\r\n    <li class=\"bureaux\">Hauptsitz und B\u00fcros<\/li>\r\n    <li class=\"projets\">Lokale B\u00fcros<\/li>\r\n<\/ul>\t\t\t\t<\/div>\n\t\t\t\t<\/div>\n\t\t\t\t\t<\/div>\n\t\t<\/div>\n\t\t\t\t\t<\/div>\n\t\t<\/section>\n\t\t\t\t<section class=\"elementor-section elementor-top-section elementor-element elementor-element-62453a2 slider-realisation elementor-section-boxed elementor-section-height-default elementor-section-height-default\" data-id=\"62453a2\" data-element_type=\"section\" data-e-type=\"section\">\n\t\t\t\t\t\t<div class=\"elementor-container elementor-column-gap-no\">\n\t\t\t\t\t<div class=\"elementor-column elementor-col-100 elementor-top-column elementor-element elementor-element-ce78d8d\" data-id=\"ce78d8d\" data-element_type=\"column\" data-e-type=\"column\">\n\t\t\t<div class=\"elementor-widget-wrap elementor-element-populated\">\n\t\t\t\t\t\t<div class=\"elementor-element elementor-element-07ec12e elementor-widget elementor-widget-menu-anchor\" data-id=\"07ec12e\" data-element_type=\"widget\" data-e-type=\"widget\" data-widget_type=\"menu-anchor.default\">\n\t\t\t\t<div class=\"elementor-widget-container\">\n\t\t\t\t\t\t\t<div class=\"elementor-menu-anchor\" id=\"unserewerte\"><\/div>\n\t\t\t\t\t\t<\/div>\n\t\t\t\t<\/div>\n\t\t\t\t\t<\/div>\n\t\t<\/div>\n\t\t\t\t\t<\/div>\n\t\t<\/section>\n\t\t\t\t<section class=\"elementor-section elementor-top-section elementor-element elementor-element-8989dc4 elementor-section-stretched elementor-section-content-top elementor-section-boxed elementor-section-height-default elementor-section-height-default\" data-id=\"8989dc4\" data-element_type=\"section\" data-e-type=\"section\" data-settings=\"{&quot;stretch_section&quot;:&quot;section-stretched&quot;,&quot;background_background&quot;:&quot;classic&quot;}\">\n\t\t\t\t\t\t<div class=\"elementor-container elementor-column-gap-no\">\n\t\t\t\t\t<div class=\"elementor-column elementor-col-100 elementor-top-column elementor-element elementor-element-9c69997\" data-id=\"9c69997\" data-element_type=\"column\" data-e-type=\"column\">\n\t\t\t<div class=\"elementor-widget-wrap elementor-element-populated\">\n\t\t\t\t\t\t<div class=\"elementor-element elementor-element-5804daf elementor-widget elementor-widget-heading\" data-id=\"5804daf\" data-element_type=\"widget\" data-e-type=\"widget\" data-widget_type=\"heading.default\">\n\t\t\t\t<div class=\"elementor-widget-container\">\n\t\t\t\t\t<h2 class=\"elementor-heading-title elementor-size-default\">Unsere WERTE<\/h2>\t\t\t\t<\/div>\n\t\t\t\t<\/div>\n\t\t\t\t<div class=\"elementor-element elementor-element-cc1efbc elementor-widget elementor-widget-text-editor\" data-id=\"cc1efbc\" data-element_type=\"widget\" data-e-type=\"widget\" data-widget_type=\"text-editor.default\">\n\t\t\t\t<div class=\"elementor-widget-container\">\n\t\t\t\t\t\t\t\t\t<p>Die Leistung von REDEN beruht auf vier Schl\u00fcsselwerten, die uns t\u00e4glich leiten:<\/p>\t\t\t\t\t\t\t\t<\/div>\n\t\t\t\t<\/div>\n\t\t\t\t<section class=\"elementor-section elementor-inner-section elementor-element elementor-element-f3756e0 elementor-section-content-top elementor-section-boxed elementor-section-height-default elementor-section-height-default\" data-id=\"f3756e0\" data-element_type=\"section\" data-e-type=\"section\">\n\t\t\t\t\t\t<div class=\"elementor-container elementor-column-gap-wide\">\n\t\t\t\t\t<div class=\"elementor-column elementor-col-50 elementor-inner-column elementor-element elementor-element-1a13ffb\" data-id=\"1a13ffb\" data-element_type=\"column\" data-e-type=\"column\">\n\t\t\t<div class=\"elementor-widget-wrap elementor-element-populated\">\n\t\t\t\t\t\t<div class=\"elementor-element elementor-element-20e1bd4 presentation-valeur elementor-position-top elementor-widget elementor-widget-image-box\" data-id=\"20e1bd4\" data-element_type=\"widget\" data-e-type=\"widget\" data-widget_type=\"image-box.default\">\n\t\t\t\t<div class=\"elementor-widget-container\">\n\t\t\t\t\t<div class=\"elementor-image-box-wrapper\"><figure class=\"elementor-image-box-img\"><img loading=\"lazy\" decoding=\"async\" width=\"1\" height=\"1\" src=\"https:\/\/reden.solar\/wp-content\/uploads\/2020\/03\/bienveillance.svg\" class=\"attachment-full size-full wp-image-32695\" alt=\"\" \/><\/figure><div class=\"elementor-image-box-content\"><h3 class=\"elementor-image-box-title\">VERBUNDENHEIT<\/h3><p class=\"elementor-image-box-description\">Alle Gruppenmitglieder engagieren sich f\u00fcr gegenseitigen Respekt, f\u00fcr gute Arbeitsbedingungen und ein wertsch\u00e4tzendes und konstruktives Arbeitsumfeld.<\/p><\/div><\/div>\t\t\t\t<\/div>\n\t\t\t\t<\/div>\n\t\t\t\t\t<\/div>\n\t\t<\/div>\n\t\t\t\t<div class=\"elementor-column elementor-col-50 elementor-inner-column elementor-element elementor-element-2a0f75a\" data-id=\"2a0f75a\" data-element_type=\"column\" data-e-type=\"column\">\n\t\t\t<div class=\"elementor-widget-wrap elementor-element-populated\">\n\t\t\t\t\t\t<div class=\"elementor-element elementor-element-e31bebc presentation-valeur elementor-position-top elementor-widget elementor-widget-image-box\" data-id=\"e31bebc\" data-element_type=\"widget\" data-e-type=\"widget\" data-widget_type=\"image-box.default\">\n\t\t\t\t<div class=\"elementor-widget-container\">\n\t\t\t\t\t<div class=\"elementor-image-box-wrapper\"><figure class=\"elementor-image-box-img\"><img loading=\"lazy\" decoding=\"async\" width=\"1\" height=\"1\" src=\"https:\/\/reden.solar\/wp-content\/uploads\/2020\/03\/engagement.svg\" class=\"attachment-full size-full wp-image-32696\" alt=\"\" \/><\/figure><div class=\"elementor-image-box-content\"><h3 class=\"elementor-image-box-title\">COMMITMENT<\/h3><p class=\"elementor-image-box-description\">Loyalit\u00e4t und Engagement sind die Grundlage f\u00fcr gute Beziehungen zwischen den Mitarbeitenden, dem Unternehmen und den externen Partnern. Aus diesem Grund ist die \u00fcberwiegende Mehrheit der REDEN-Mitarbeiter in unbefristeten Besch\u00e4ftigungsverh\u00e4ltnissen angestellt.<\/p><\/div><\/div>\t\t\t\t<\/div>\n\t\t\t\t<\/div>\n\t\t\t\t\t<\/div>\n\t\t<\/div>\n\t\t\t\t\t<\/div>\n\t\t<\/section>\n\t\t\t\t<section class=\"elementor-section elementor-inner-section elementor-element elementor-element-793d7b4 elementor-section-content-top elementor-section-boxed elementor-section-height-default elementor-section-height-default\" data-id=\"793d7b4\" data-element_type=\"section\" data-e-type=\"section\">\n\t\t\t\t\t\t<div class=\"elementor-container elementor-column-gap-wide\">\n\t\t\t\t\t<div class=\"elementor-column elementor-col-50 elementor-inner-column elementor-element elementor-element-a8291c6\" data-id=\"a8291c6\" data-element_type=\"column\" data-e-type=\"column\">\n\t\t\t<div class=\"elementor-widget-wrap elementor-element-populated\">\n\t\t\t\t\t\t<div class=\"elementor-element elementor-element-da9b5aa presentation-valeur elementor-position-top elementor-widget elementor-widget-image-box\" data-id=\"da9b5aa\" data-element_type=\"widget\" data-e-type=\"widget\" data-widget_type=\"image-box.default\">\n\t\t\t\t<div class=\"elementor-widget-container\">\n\t\t\t\t\t<div class=\"elementor-image-box-wrapper\"><figure class=\"elementor-image-box-img\"><img loading=\"lazy\" decoding=\"async\" width=\"1\" height=\"1\" src=\"https:\/\/reden.solar\/wp-content\/uploads\/2020\/03\/ethique.svg\" class=\"attachment-full size-full wp-image-32698\" alt=\"\" \/><\/figure><div class=\"elementor-image-box-content\"><h3 class=\"elementor-image-box-title\">ETHIK<\/h3><p class=\"elementor-image-box-description\">REDEN verpflichtet sich zu fairem Handeln auf sozialer, \u00f6kologischer und wirtschaftlicher Ebene. Das betrifft auch die Beziehungen zu den Partnern des Unternehmens, die unter anderem durch die eine Charta zum verantwortungsbewussten Einkauf  geregelt werden.<\/p><\/div><\/div>\t\t\t\t<\/div>\n\t\t\t\t<\/div>\n\t\t\t\t\t<\/div>\n\t\t<\/div>\n\t\t\t\t<div class=\"elementor-column elementor-col-50 elementor-inner-column elementor-element elementor-element-e7933b1\" data-id=\"e7933b1\" data-element_type=\"column\" data-e-type=\"column\">\n\t\t\t<div class=\"elementor-widget-wrap elementor-element-populated\">\n\t\t\t\t\t\t<div class=\"elementor-element elementor-element-a7dcd87 presentation-valeur elementor-position-top elementor-widget elementor-widget-image-box\" data-id=\"a7dcd87\" data-element_type=\"widget\" data-e-type=\"widget\" data-widget_type=\"image-box.default\">\n\t\t\t\t<div class=\"elementor-widget-container\">\n\t\t\t\t\t<div class=\"elementor-image-box-wrapper\"><figure class=\"elementor-image-box-img\"><img loading=\"lazy\" decoding=\"async\" width=\"1\" height=\"1\" src=\"https:\/\/reden.solar\/wp-content\/uploads\/2020\/03\/professionnalisme.svg\" class=\"attachment-full size-full wp-image-32697\" alt=\"\" \/><\/figure><div class=\"elementor-image-box-content\"><h3 class=\"elementor-image-box-title\">PROFESSIONALIT\u00c4T<\/h3><p class=\"elementor-image-box-description\">Die REDEN-Teams streben danach, ihre Aufgaben sorgf\u00e4ltig und professionell zu erf\u00fcllen und so die Entwicklung sinnvoller Photovoltaik-Projekte voranzubringen. Das setzt eine st\u00e4ndige Weiterbildung voraus. Daher unterst\u00fctzt REDEN seine Mitarbeitenden bei der Verbesserung ihrer F\u00e4higkeiten und bei der Suche nach internen Karrierem\u00f6glichkeiten.<\/p><\/div><\/div>\t\t\t\t<\/div>\n\t\t\t\t<\/div>\n\t\t\t\t\t<\/div>\n\t\t<\/div>\n\t\t\t\t\t<\/div>\n\t\t<\/section>\n\t\t\t\t<div class=\"elementor-element elementor-element-4611efc elementor-widget elementor-widget-menu-anchor\" data-id=\"4611efc\" data-element_type=\"widget\" data-e-type=\"widget\" data-widget_type=\"menu-anchor.default\">\n\t\t\t\t<div class=\"elementor-widget-container\">\n\t\t\t\t\t\t\t<div class=\"elementor-menu-anchor\" id=\"unsereaktionre\"><\/div>\n\t\t\t\t\t\t<\/div>\n\t\t\t\t<\/div>\n\t\t\t\t\t<\/div>\n\t\t<\/div>\n\t\t\t\t\t<\/div>\n\t\t<\/section>\n\t\t\t\t<section class=\"elementor-section elementor-top-section elementor-element elementor-element-957aea3 elementor-section-stretched elementor-section-boxed elementor-section-height-default elementor-section-height-default\" data-id=\"957aea3\" data-element_type=\"section\" data-e-type=\"section\" data-settings=\"{&quot;stretch_section&quot;:&quot;section-stretched&quot;,&quot;background_background&quot;:&quot;classic&quot;}\">\n\t\t\t\t\t\t<div class=\"elementor-container elementor-column-gap-no\">\n\t\t\t\t\t<div class=\"elementor-column elementor-col-100 elementor-top-column elementor-element elementor-element-cc1c449\" data-id=\"cc1c449\" data-element_type=\"column\" data-e-type=\"column\" data-settings=\"{&quot;background_background&quot;:&quot;classic&quot;}\">\n\t\t\t<div class=\"elementor-widget-wrap elementor-element-populated\">\n\t\t\t\t\t\t<div class=\"elementor-element elementor-element-1b34a7e elementor-widget elementor-widget-heading\" data-id=\"1b34a7e\" data-element_type=\"widget\" data-e-type=\"widget\" data-widget_type=\"heading.default\">\n\t\t\t\t<div class=\"elementor-widget-container\">\n\t\t\t\t\t<h2 class=\"elementor-heading-title elementor-size-default\">Unsere AKTION\u00c4RE<\/h2>\t\t\t\t<\/div>\n\t\t\t\t<\/div>\n\t\t\t\t<div class=\"elementor-element elementor-element-7f0ff94 elementor-widget elementor-widget-text-editor\" data-id=\"7f0ff94\" data-element_type=\"widget\" data-e-type=\"widget\" data-widget_type=\"text-editor.default\">\n\t\t\t\t<div class=\"elementor-widget-container\">\n\t\t\t\t\t\t\t\t\t<p>Seit dem 6. Juli 2022 begleitet ein Konsortium die Gruppe in ihrer\u00a0 Wachstum. Es besteht aus Macquarie Asset Management, British Columbia Investment Management Corporation (BCI) und Munich Ergo Asset Management GmbH (MEAG).<\/p>\t\t\t\t\t\t\t\t<\/div>\n\t\t\t\t<\/div>\n\t\t\t\t<section class=\"elementor-section elementor-inner-section elementor-element elementor-element-60ff0a9 elementor-section-content-top elementor-section-boxed elementor-section-height-default elementor-section-height-default\" data-id=\"60ff0a9\" data-element_type=\"section\" data-e-type=\"section\">\n\t\t\t\t\t\t<div class=\"elementor-container elementor-column-gap-wide\">\n\t\t\t\t\t<div class=\"elementor-column elementor-col-33 elementor-inner-column elementor-element elementor-element-077bb95\" data-id=\"077bb95\" data-element_type=\"column\" data-e-type=\"column\">\n\t\t\t<div class=\"elementor-widget-wrap elementor-element-populated\">\n\t\t\t\t\t\t<div class=\"elementor-element elementor-element-64a4c8e elementor-widget__width-initial elementor-widget elementor-widget-image\" data-id=\"64a4c8e\" data-element_type=\"widget\" data-e-type=\"widget\" data-widget_type=\"image.default\">\n\t\t\t\t<div class=\"elementor-widget-container\">\n\t\t\t\t\t\t\t\t\t\t\t\t\t\t\t<img loading=\"lazy\" decoding=\"async\" width=\"215\" height=\"235\" src=\"https:\/\/reden.solar\/wp-content\/uploads\/2023\/07\/logo-macquarie-min.webp\" class=\"attachment-large size-large wp-image-23628\" alt=\"\" \/>\t\t\t\t\t\t\t\t\t\t\t\t\t\t\t<\/div>\n\t\t\t\t<\/div>\n\t\t\t\t<div class=\"elementor-element elementor-element-d074356 block-txt-aparte elementor-widget elementor-widget-text-editor\" data-id=\"d074356\" data-element_type=\"widget\" data-e-type=\"widget\" data-widget_type=\"text-editor.default\">\n\t\t\t\t<div class=\"elementor-widget-container\">\n\t\t\t\t\t\t\t\t\t<p style=\"text-align: left;\"><strong>Macquarie Asset Management <\/strong>ist ein weltweit f\u00fchrender Verm\u00f6gensverwalter, der sowohl auf \u00f6ffentliche als auch auf privaten M\u00e4rkten t\u00e4tig ist. Neben Institutionen, Regierungen und Stiftungen vertrauen auch Einzelpersonen<br \/>Macquarie Asset Management die Verwaltung ihrer Verm\u00f6genswerte an. Das Unternehmen bietet eine breite<br \/>Palette innovativer Anlagel\u00f6sungen, darunter Sachwerte, Immobilien, Kredite sowie Aktien und Multi-Asset-Strategien. <a href=\"https:\/\/www.macquarie.com\/\" target=\"_blank\" rel=\"noopener\">Macquarie.com<\/a><\/p>\t\t\t\t\t\t\t\t<\/div>\n\t\t\t\t<\/div>\n\t\t\t\t\t<\/div>\n\t\t<\/div>\n\t\t\t\t<div class=\"elementor-column elementor-col-33 elementor-inner-column elementor-element elementor-element-4dab759\" data-id=\"4dab759\" data-element_type=\"column\" data-e-type=\"column\">\n\t\t\t<div class=\"elementor-widget-wrap elementor-element-populated\">\n\t\t\t\t\t\t<div class=\"elementor-element elementor-element-612102c elementor-widget__width-initial elementor-widget elementor-widget-image\" data-id=\"612102c\" data-element_type=\"widget\" data-e-type=\"widget\" data-widget_type=\"image.default\">\n\t\t\t\t<div class=\"elementor-widget-container\">\n\t\t\t\t\t\t\t\t\t\t\t\t\t\t\t<img loading=\"lazy\" decoding=\"async\" width=\"328\" height=\"154\" src=\"https:\/\/reden.solar\/wp-content\/uploads\/2023\/07\/logo-bci-min.webp\" class=\"attachment-large size-large wp-image-23622\" alt=\"\" srcset=\"https:\/\/reden.solar\/wp-content\/uploads\/2023\/07\/logo-bci-min.webp 328w, https:\/\/reden.solar\/wp-content\/uploads\/2023\/07\/logo-bci-min-300x141.webp 300w\" sizes=\"(max-width: 328px) 100vw, 328px\" \/>\t\t\t\t\t\t\t\t\t\t\t\t\t\t\t<\/div>\n\t\t\t\t<\/div>\n\t\t\t\t<div class=\"elementor-element elementor-element-139ae19 block-txt-aparte elementor-widget elementor-widget-text-editor\" data-id=\"139ae19\" data-element_type=\"widget\" data-e-type=\"widget\" data-widget_type=\"text-editor.default\">\n\t\t\t\t<div class=\"elementor-widget-container\">\n\t\t\t\t\t\t\t\t\t<p style=\"text-align: left;\">Die <strong>British Columbia Investment Management Corporation (BCI)<\/strong> geh\u00f6rt zu den gr\u00f6\u00dften institutionellen Investoren in Kanada und verwaltet ein Bruttoverm\u00f6gen von 250,4 Milliarden CAD (Stand 31. M\u00e4rz 2024). Mit Hauptsitz in Victoria, British Columbia, und B\u00fcros in Vancouver, New York City und London, verwaltet BCI ein breit gef\u00e4chertes Portfolio \u00f6ffentlicher und privater Marktinvestitionen. <a href=\"https:\/\/www.bci.ca\/\"><span style=\"color: #ff0000;\">www.bci.ca<\/span><\/a><\/p>\t\t\t\t\t\t\t\t<\/div>\n\t\t\t\t<\/div>\n\t\t\t\t\t<\/div>\n\t\t<\/div>\n\t\t\t\t<div class=\"elementor-column elementor-col-33 elementor-inner-column elementor-element elementor-element-3c75398\" data-id=\"3c75398\" data-element_type=\"column\" data-e-type=\"column\">\n\t\t\t<div class=\"elementor-widget-wrap elementor-element-populated\">\n\t\t\t\t\t\t<div class=\"elementor-element elementor-element-f78e809 elementor-widget__width-initial elementor-widget elementor-widget-image\" data-id=\"f78e809\" data-element_type=\"widget\" data-e-type=\"widget\" data-widget_type=\"image.default\">\n\t\t\t\t<div class=\"elementor-widget-container\">\n\t\t\t\t\t\t\t\t\t\t\t\t\t\t\t<img loading=\"lazy\" decoding=\"async\" width=\"280\" height=\"156\" src=\"https:\/\/reden.solar\/wp-content\/uploads\/2023\/07\/meag-logo-min.webp\" class=\"attachment-large size-large wp-image-23637\" alt=\"\" \/>\t\t\t\t\t\t\t\t\t\t\t\t\t\t\t<\/div>\n\t\t\t\t<\/div>\n\t\t\t\t<div class=\"elementor-element elementor-element-e4a75ae block-txt-aparte elementor-widget__width-initial elementor-widget elementor-widget-text-editor\" data-id=\"e4a75ae\" data-element_type=\"widget\" data-e-type=\"widget\" data-widget_type=\"text-editor.default\">\n\t\t\t\t<div class=\"elementor-widget-container\">\n\t\t\t\t\t\t\t\t\t<p style=\"text-align: left;\"><strong>MEAG<\/strong> ist der Verm\u00f6gensverwalter der Munich Re Gruppe. Mit Niederlassungen in Europa, Asien und Nordamerika bietet sie ihr umfangreiches Know-how auch institutionellen Investoren und privaten Kunden au\u00dferhalb der Unternehmensgruppe an. MEAG verwaltet derzeit Verm\u00f6genswerte im Wert von<br \/>rund 345 Milliarden Euro,<br \/>davon 61 Milliarden Euro f\u00fcr<br \/>externe Anleger. <a href=\"http:\/\/www.meag.com\">www.meag.com<\/a>.<\/p><p>\u00a0<\/p><p>\u00a0<\/p>\t\t\t\t\t\t\t\t<\/div>\n\t\t\t\t<\/div>\n\t\t\t\t\t<\/div>\n\t\t<\/div>\n\t\t\t\t\t<\/div>\n\t\t<\/section>\n\t\t\t\t\t<\/div>\n\t\t<\/div>\n\t\t\t\t\t<\/div>\n\t\t<\/section>\n\t\t\t\t<section class=\"elementor-section elementor-top-section elementor-element elementor-element-3a0cd256 texte-fond-blanc elementor-section-stretched elementor-section-boxed elementor-section-height-default elementor-section-height-default\" data-id=\"3a0cd256\" data-element_type=\"section\" data-e-type=\"section\" data-settings=\"{&quot;stretch_section&quot;:&quot;section-stretched&quot;}\">\n\t\t\t\t\t\t<div class=\"elementor-container elementor-column-gap-no\">\n\t\t\t\t\t<div class=\"elementor-column elementor-col-100 elementor-top-column elementor-element elementor-element-36a42b49\" data-id=\"36a42b49\" data-element_type=\"column\" data-e-type=\"column\">\n\t\t\t<div class=\"elementor-widget-wrap elementor-element-populated\">\n\t\t\t\t\t\t<div class=\"elementor-element elementor-element-9902acc elementor-align-center elementor-tablet-align-center elementor-widget elementor-widget-button\" data-id=\"9902acc\" data-element_type=\"widget\" data-e-type=\"widget\" data-widget_type=\"button.default\">\n\t\t\t\t<div class=\"elementor-widget-container\">\n\t\t\t\t\t\t\t\t\t<div class=\"elementor-button-wrapper\">\n\t\t\t\t\t<a class=\"elementor-button elementor-button-link elementor-size-sm\" href=\"https:\/\/reden.solar\/wp-content\/uploads\/2025\/04\/202503-reden-corporate-brochure-20-p--de-page-to-page.pdf\" target=\"_blank\" title=\"Notre politique RSE\">\n\t\t\t\t\t\t<span class=\"elementor-button-content-wrapper\">\n\t\t\t\t\t\t\t\t\t<span class=\"elementor-button-text\">Unsere<br \/>Unternehmensbrosch\u00fcre<\/span>\n\t\t\t\t\t<\/span>\n\t\t\t\t\t<\/a>\n\t\t\t\t<\/div>\n\t\t\t\t\t\t\t\t<\/div>\n\t\t\t\t<\/div>\n\t\t\t\t\t<\/div>\n\t\t<\/div>\n\t\t\t\t\t<\/div>\n\t\t<\/section>\n\t\t\t\t<\/div>\n\t\t","protected":false},"excerpt":{"rendered":"<p>Erfahren Sie mehr \u00fcber die REDEN-Gruppe Die REDEN-Gruppe w\u00e4chst kontinuierlich und setzt wichtige Impulse f\u00fcr die internationale Energiewende. Unser Kerngesch\u00e4ft? Solarstrom verantwortungsvoll erzeugen. \u00a0 Bei REDEN erzeugen wir nicht nur klimafreundlichen Solarstrom \u2013 wir engagieren uns auch f\u00fcr Kommunen und Regionen. Unser Ziel: Menschen zusammenbringen, um eine nachhaltige Zukunft zu gestalten. \u00a0 Unsere L\u00f6sungen: Freifl\u00e4chenanlagen &#8230; <a title=\"\u00dcber uns\" class=\"read-more\" href=\"https:\/\/reden.solar\/de\/ueber-uns\/\" aria-label=\"Mehr Informationen \u00fcber \u00dcber uns\">Weiterlesen<\/a><\/p>\n","protected":false},"author":3,"featured_media":0,"parent":0,"menu_order":1,"comment_status":"closed","ping_status":"closed","template":"elementor_header_footer","meta":{"inline_featured_image":false,"footnotes":""},"class_list":["post-32690","page","type-page","status-publish"],"yoast_head":"<!-- This site is optimized with the Yoast SEO plugin v27.5 - https:\/\/yoast.com\/product\/yoast-seo-wordpress\/ -->\n<title>\u00dcber uns - REDEN<\/title>\n<meta name=\"description\" content=\"Die REDEN-Gruppe, die gr\u00fcne Energie produziert, ist auch ein wichtiger Akteur bei der Energiewende, indem sie ihre eigenen Solarprojekte entwickelt.\" \/>\n<meta name=\"robots\" content=\"index, follow, max-snippet:-1, max-image-preview:large, max-video-preview:-1\" \/>\n<link rel=\"canonical\" href=\"https:\/\/reden.solar\/de\/ueber-uns\/\" \/>\n<meta property=\"og:locale\" content=\"de_DE\" \/>\n<meta property=\"og:type\" content=\"article\" \/>\n<meta property=\"og:title\" content=\"\u00dcber uns - REDEN\" \/>\n<meta property=\"og:description\" content=\"Die REDEN-Gruppe, die gr\u00fcne Energie produziert, ist auch ein wichtiger Akteur bei der Energiewende, indem sie ihre eigenen Solarprojekte entwickelt.\" \/>\n<meta property=\"og:url\" content=\"https:\/\/reden.solar\/de\/ueber-uns\/\" \/>\n<meta property=\"og:site_name\" content=\"REDEN\" \/>\n<meta property=\"article:modified_time\" content=\"2026-04-02T12:43:30+00:00\" \/>\n<meta property=\"og:image\" content=\"https:\/\/reden.solar\/wp-content\/uploads\/2023\/12\/Siege-REDEN_0052-1.webp\" \/>\n\t<meta property=\"og:image:width\" content=\"1920\" \/>\n\t<meta property=\"og:image:height\" content=\"1440\" \/>\n\t<meta property=\"og:image:type\" content=\"image\/webp\" \/>\n<meta name=\"twitter:card\" content=\"summary_large_image\" \/>\n<meta name=\"twitter:label1\" content=\"Gesch\u00e4tzte Lesezeit\" \/>\n\t<meta name=\"twitter:data1\" content=\"10\u00a0Minuten\" \/>\n<script type=\"application\/ld+json\" class=\"yoast-schema-graph\">{\"@context\":\"https:\\\/\\\/schema.org\",\"@graph\":[{\"@type\":\"WebPage\",\"@id\":\"https:\\\/\\\/reden.solar\\\/de\\\/ueber-uns\\\/\",\"url\":\"https:\\\/\\\/reden.solar\\\/de\\\/ueber-uns\\\/\",\"name\":\"\u00dcber uns - REDEN\",\"isPartOf\":{\"@id\":\"https:\\\/\\\/reden.solar\\\/de\\\/#website\"},\"primaryImageOfPage\":{\"@id\":\"https:\\\/\\\/reden.solar\\\/de\\\/ueber-uns\\\/#primaryimage\"},\"image\":{\"@id\":\"https:\\\/\\\/reden.solar\\\/de\\\/ueber-uns\\\/#primaryimage\"},\"thumbnailUrl\":\"https:\\\/\\\/reden.solar\\\/wp-content\\\/uploads\\\/2023\\\/12\\\/Siege-REDEN_0052-1-1024x768.webp\",\"datePublished\":\"2024-07-23T07:47:02+00:00\",\"dateModified\":\"2026-04-02T12:43:30+00:00\",\"description\":\"Die REDEN-Gruppe, die gr\u00fcne Energie produziert, ist auch ein wichtiger Akteur bei der Energiewende, indem sie ihre eigenen Solarprojekte entwickelt.\",\"breadcrumb\":{\"@id\":\"https:\\\/\\\/reden.solar\\\/de\\\/ueber-uns\\\/#breadcrumb\"},\"inLanguage\":\"de\",\"potentialAction\":[{\"@type\":\"ReadAction\",\"target\":[\"https:\\\/\\\/reden.solar\\\/de\\\/ueber-uns\\\/\"]}]},{\"@type\":\"ImageObject\",\"inLanguage\":\"de\",\"@id\":\"https:\\\/\\\/reden.solar\\\/de\\\/ueber-uns\\\/#primaryimage\",\"url\":\"https:\\\/\\\/reden.solar\\\/wp-content\\\/uploads\\\/2023\\\/12\\\/Siege-REDEN_0052-1-1024x768.webp\",\"contentUrl\":\"https:\\\/\\\/reden.solar\\\/wp-content\\\/uploads\\\/2023\\\/12\\\/Siege-REDEN_0052-1-1024x768.webp\"},{\"@type\":\"BreadcrumbList\",\"@id\":\"https:\\\/\\\/reden.solar\\\/de\\\/ueber-uns\\\/#breadcrumb\",\"itemListElement\":[{\"@type\":\"ListItem\",\"position\":1,\"name\":\"Accueil\",\"item\":\"https:\\\/\\\/reden.solar\\\/de\\\/\"},{\"@type\":\"ListItem\",\"position\":2,\"name\":\"\u00dcber uns\"}]},{\"@type\":\"WebSite\",\"@id\":\"https:\\\/\\\/reden.solar\\\/de\\\/#website\",\"url\":\"https:\\\/\\\/reden.solar\\\/de\\\/\",\"name\":\"REDEN\",\"description\":\"Sp\u00e9cialiste de la production d\u2019\u00e9lectricit\u00e9 photovolta\u00efque et du stockage d&#039;\u00e9nergie\",\"publisher\":{\"@id\":\"https:\\\/\\\/reden.solar\\\/de\\\/#organization\"},\"potentialAction\":[{\"@type\":\"SearchAction\",\"target\":{\"@type\":\"EntryPoint\",\"urlTemplate\":\"https:\\\/\\\/reden.solar\\\/de\\\/?s={search_term_string}\"},\"query-input\":{\"@type\":\"PropertyValueSpecification\",\"valueRequired\":true,\"valueName\":\"search_term_string\"}}],\"inLanguage\":\"de\"},{\"@type\":\"Organization\",\"@id\":\"https:\\\/\\\/reden.solar\\\/de\\\/#organization\",\"name\":\"REDEN\",\"url\":\"https:\\\/\\\/reden.solar\\\/de\\\/\",\"logo\":{\"@type\":\"ImageObject\",\"inLanguage\":\"de\",\"@id\":\"https:\\\/\\\/reden.solar\\\/de\\\/#\\\/schema\\\/logo\\\/image\\\/\",\"url\":\"https:\\\/\\\/reden.solar\\\/wp-content\\\/uploads\\\/2025\\\/01\\\/cropped-reden-quadri.png\",\"contentUrl\":\"https:\\\/\\\/reden.solar\\\/wp-content\\\/uploads\\\/2025\\\/01\\\/cropped-reden-quadri.png\",\"width\":2399,\"height\":850,\"caption\":\"REDEN\"},\"image\":{\"@id\":\"https:\\\/\\\/reden.solar\\\/de\\\/#\\\/schema\\\/logo\\\/image\\\/\"},\"sameAs\":[\"https:\\\/\\\/www.linkedin.com\\\/company\\\/redensolar\\\/mycompany\\\/\",\"https:\\\/\\\/vimeo.com\\\/redensolar\"]}]}<\/script>\n<!-- \/ Yoast SEO plugin. -->","yoast_head_json":{"title":"\u00dcber uns - REDEN","description":"Die REDEN-Gruppe, die gr\u00fcne Energie produziert, ist auch ein wichtiger Akteur bei der Energiewende, indem sie ihre eigenen Solarprojekte entwickelt.","robots":{"index":"index","follow":"follow","max-snippet":"max-snippet:-1","max-image-preview":"max-image-preview:large","max-video-preview":"max-video-preview:-1"},"canonical":"https:\/\/reden.solar\/de\/ueber-uns\/","og_locale":"de_DE","og_type":"article","og_title":"\u00dcber uns - REDEN","og_description":"Die REDEN-Gruppe, die gr\u00fcne Energie produziert, ist auch ein wichtiger Akteur bei der Energiewende, indem sie ihre eigenen Solarprojekte entwickelt.","og_url":"https:\/\/reden.solar\/de\/ueber-uns\/","og_site_name":"REDEN","article_modified_time":"2026-04-02T12:43:30+00:00","og_image":[{"width":1920,"height":1440,"url":"https:\/\/reden.solar\/wp-content\/uploads\/2023\/12\/Siege-REDEN_0052-1.webp","type":"image\/webp"}],"twitter_card":"summary_large_image","twitter_misc":{"Gesch\u00e4tzte Lesezeit":"10\u00a0Minuten"},"schema":{"@context":"https:\/\/schema.org","@graph":[{"@type":"WebPage","@id":"https:\/\/reden.solar\/de\/ueber-uns\/","url":"https:\/\/reden.solar\/de\/ueber-uns\/","name":"\u00dcber uns - REDEN","isPartOf":{"@id":"https:\/\/reden.solar\/de\/#website"},"primaryImageOfPage":{"@id":"https:\/\/reden.solar\/de\/ueber-uns\/#primaryimage"},"image":{"@id":"https:\/\/reden.solar\/de\/ueber-uns\/#primaryimage"},"thumbnailUrl":"https:\/\/reden.solar\/wp-content\/uploads\/2023\/12\/Siege-REDEN_0052-1-1024x768.webp","datePublished":"2024-07-23T07:47:02+00:00","dateModified":"2026-04-02T12:43:30+00:00","description":"Die REDEN-Gruppe, die gr\u00fcne Energie produziert, ist auch ein wichtiger Akteur bei der Energiewende, indem sie ihre eigenen Solarprojekte entwickelt.","breadcrumb":{"@id":"https:\/\/reden.solar\/de\/ueber-uns\/#breadcrumb"},"inLanguage":"de","potentialAction":[{"@type":"ReadAction","target":["https:\/\/reden.solar\/de\/ueber-uns\/"]}]},{"@type":"ImageObject","inLanguage":"de","@id":"https:\/\/reden.solar\/de\/ueber-uns\/#primaryimage","url":"https:\/\/reden.solar\/wp-content\/uploads\/2023\/12\/Siege-REDEN_0052-1-1024x768.webp","contentUrl":"https:\/\/reden.solar\/wp-content\/uploads\/2023\/12\/Siege-REDEN_0052-1-1024x768.webp"},{"@type":"BreadcrumbList","@id":"https:\/\/reden.solar\/de\/ueber-uns\/#breadcrumb","itemListElement":[{"@type":"ListItem","position":1,"name":"Accueil","item":"https:\/\/reden.solar\/de\/"},{"@type":"ListItem","position":2,"name":"\u00dcber uns"}]},{"@type":"WebSite","@id":"https:\/\/reden.solar\/de\/#website","url":"https:\/\/reden.solar\/de\/","name":"REDEN","description":"Sp\u00e9cialiste de la production d\u2019\u00e9lectricit\u00e9 photovolta\u00efque et du stockage d&#039;\u00e9nergie","publisher":{"@id":"https:\/\/reden.solar\/de\/#organization"},"potentialAction":[{"@type":"SearchAction","target":{"@type":"EntryPoint","urlTemplate":"https:\/\/reden.solar\/de\/?s={search_term_string}"},"query-input":{"@type":"PropertyValueSpecification","valueRequired":true,"valueName":"search_term_string"}}],"inLanguage":"de"},{"@type":"Organization","@id":"https:\/\/reden.solar\/de\/#organization","name":"REDEN","url":"https:\/\/reden.solar\/de\/","logo":{"@type":"ImageObject","inLanguage":"de","@id":"https:\/\/reden.solar\/de\/#\/schema\/logo\/image\/","url":"https:\/\/reden.solar\/wp-content\/uploads\/2025\/01\/cropped-reden-quadri.png","contentUrl":"https:\/\/reden.solar\/wp-content\/uploads\/2025\/01\/cropped-reden-quadri.png","width":2399,"height":850,"caption":"REDEN"},"image":{"@id":"https:\/\/reden.solar\/de\/#\/schema\/logo\/image\/"},"sameAs":["https:\/\/www.linkedin.com\/company\/redensolar\/mycompany\/","https:\/\/vimeo.com\/redensolar"]}]}},"_links":{"self":[{"href":"https:\/\/reden.solar\/de\/wp-json\/wp\/v2\/pages\/32690","targetHints":{"allow":["GET"]}}],"collection":[{"href":"https:\/\/reden.solar\/de\/wp-json\/wp\/v2\/pages"}],"about":[{"href":"https:\/\/reden.solar\/de\/wp-json\/wp\/v2\/types\/page"}],"author":[{"embeddable":true,"href":"https:\/\/reden.solar\/de\/wp-json\/wp\/v2\/users\/3"}],"replies":[{"embeddable":true,"href":"https:\/\/reden.solar\/de\/wp-json\/wp\/v2\/comments?post=32690"}],"version-history":[{"count":5,"href":"https:\/\/reden.solar\/de\/wp-json\/wp\/v2\/pages\/32690\/revisions"}],"predecessor-version":[{"id":40278,"href":"https:\/\/reden.solar\/de\/wp-json\/wp\/v2\/pages\/32690\/revisions\/40278"}],"wp:attachment":[{"href":"https:\/\/reden.solar\/de\/wp-json\/wp\/v2\/media?parent=32690"}],"curies":[{"name":"wp","href":"https:\/\/api.w.org\/{rel}","templated":true}]}}