{"id":33042,"date":"2024-07-23T10:46:23","date_gmt":"2024-07-23T08:46:23","guid":{"rendered":"https:\/\/reden.solar\/unsere-loesungen\/agrivoltaische-gewaechshaeuser\/"},"modified":"2024-07-24T10:13:58","modified_gmt":"2024-07-24T08:13:58","slug":"agrivoltaische-gewaechshaeuser","status":"publish","type":"page","link":"https:\/\/reden.solar\/de\/unsere-loesungen\/agrivoltaische-gewaechshaeuser\/","title":{"rendered":"Agrivoltaische Gew\u00e4chsh\u00e4user"},"content":{"rendered":"\t\t<div data-elementor-type=\"wp-page\" data-elementor-id=\"33042\" class=\"elementor elementor-33042 elementor-488\" data-elementor-post-type=\"page\">\n\t\t\t\t\t\t<section class=\"elementor-section elementor-top-section elementor-element elementor-element-b725aa5 elementor-section-height-min-height elementor-section-items-stretch elementor-section-stretched banner elementor-section-boxed elementor-section-height-default\" data-id=\"b725aa5\" data-element_type=\"section\" data-e-type=\"section\" data-settings=\"{&quot;stretch_section&quot;:&quot;section-stretched&quot;,&quot;background_background&quot;:&quot;video&quot;,&quot;background_video_link&quot;:&quot;\\\/wp-content\\\/uploads\\\/2022\\\/05\\\/serre-v2.mp4&quot;,&quot;background_play_on_mobile&quot;:&quot;yes&quot;}\">\n\t\t\t\t\t\t\t\t<div class=\"elementor-background-video-container\">\n\t\t\t\t\t\t\t\t\t\t\t\t\t<video class=\"elementor-background-video-hosted\" role=\"presentation\" autoplay muted playsinline loop><\/video>\n\t\t\t\t\t\t\t\t\t\t\t<\/div>\n\t\t\t\t\t\t\t\t\t<div class=\"elementor-background-overlay\"><\/div>\n\t\t\t\t\t\t\t<div class=\"elementor-container elementor-column-gap-default\">\n\t\t\t\t\t<div class=\"elementor-column elementor-col-100 elementor-top-column elementor-element elementor-element-a0e97c9\" data-id=\"a0e97c9\" data-element_type=\"column\" data-e-type=\"column\">\n\t\t\t<div class=\"elementor-widget-wrap elementor-element-populated\">\n\t\t\t\t\t\t<section class=\"elementor-section elementor-inner-section elementor-element elementor-element-4eaeb8b elementor-section-height-min-height elementor-reverse-mobile elementor-section-boxed elementor-section-height-default\" data-id=\"4eaeb8b\" data-element_type=\"section\" data-e-type=\"section\">\n\t\t\t\t\t\t<div class=\"elementor-container elementor-column-gap-default\">\n\t\t\t\t\t<div class=\"elementor-column elementor-col-50 elementor-inner-column elementor-element elementor-element-9293eaf\" data-id=\"9293eaf\" data-element_type=\"column\" data-e-type=\"column\" data-settings=\"{&quot;background_background&quot;:&quot;classic&quot;}\">\n\t\t\t<div class=\"elementor-widget-wrap elementor-element-populated\">\n\t\t\t\t\t\t<div class=\"elementor-element elementor-element-491ce12 elementor-widget elementor-widget-heading\" data-id=\"491ce12\" data-element_type=\"widget\" data-e-type=\"widget\" data-widget_type=\"heading.default\">\n\t\t\t\t<div class=\"elementor-widget-container\">\n\t\t\t\t\t<h2 class=\"elementor-heading-title elementor-size-default\">Unsere L\u00f6sungen<\/h2>\t\t\t\t<\/div>\n\t\t\t\t<\/div>\n\t\t\t\t<div class=\"elementor-element elementor-element-51463f1 elementor-widget elementor-widget-heading\" data-id=\"51463f1\" data-element_type=\"widget\" data-e-type=\"widget\" data-widget_type=\"heading.default\">\n\t\t\t\t<div class=\"elementor-widget-container\">\n\t\t\t\t\t<h1 class=\"elementor-heading-title elementor-size-default\">Agrivoltaische Gew\u00e4chsh\u00e4user<\/h1>\t\t\t\t<\/div>\n\t\t\t\t<\/div>\n\t\t\t\t\t<\/div>\n\t\t<\/div>\n\t\t\t\t<div class=\"elementor-column elementor-col-50 elementor-inner-column elementor-element elementor-element-130bd01\" data-id=\"130bd01\" data-element_type=\"column\" data-e-type=\"column\">\n\t\t\t<div class=\"elementor-widget-wrap elementor-element-populated\">\n\t\t\t\t\t\t<div class=\"elementor-element elementor-element-f0e4276 elementor-widget elementor-widget-spacer\" data-id=\"f0e4276\" data-element_type=\"widget\" data-e-type=\"widget\" data-widget_type=\"spacer.default\">\n\t\t\t\t<div class=\"elementor-widget-container\">\n\t\t\t\t\t\t\t<div class=\"elementor-spacer\">\n\t\t\t<div class=\"elementor-spacer-inner\"><\/div>\n\t\t<\/div>\n\t\t\t\t\t\t<\/div>\n\t\t\t\t<\/div>\n\t\t\t\t\t<\/div>\n\t\t<\/div>\n\t\t\t\t\t<\/div>\n\t\t<\/section>\n\t\t\t\t\t<\/div>\n\t\t<\/div>\n\t\t\t\t\t<\/div>\n\t\t<\/section>\n\t\t\t\t<section class=\"elementor-section elementor-top-section elementor-element elementor-element-a1d0119 txt-intro elementor-section-boxed elementor-section-height-default elementor-section-height-default\" data-id=\"a1d0119\" data-element_type=\"section\" data-e-type=\"section\">\n\t\t\t\t\t\t<div class=\"elementor-container elementor-column-gap-no\">\n\t\t\t\t\t<div class=\"elementor-column elementor-col-100 elementor-top-column elementor-element elementor-element-27674f0\" data-id=\"27674f0\" data-element_type=\"column\" data-e-type=\"column\">\n\t\t\t<div class=\"elementor-widget-wrap elementor-element-populated\">\n\t\t\t\t\t\t<div class=\"elementor-element elementor-element-10dced2 elementor-widget elementor-widget-text-editor\" data-id=\"10dced2\" data-element_type=\"widget\" data-e-type=\"widget\" data-widget_type=\"text-editor.default\">\n\t\t\t\t<div class=\"elementor-widget-container\">\n\t\t\t\t\t\t\t\t\t<h2><strong>DAS AGRIVOLTAISCHE GEW\u00c4CHSHAUS VON REDEN: EINE NACHHALTIGE L\u00d6SUNG F\u00dcR DIE LANDWIRTSCHAFT<\/strong><\/h2>\n\t\t\t\t\t\t\t\t<\/div>\n\t\t\t\t<\/div>\n\t\t\t\t\t<\/div>\n\t\t<\/div>\n\t\t\t\t\t<\/div>\n\t\t<\/section>\n\t\t\t\t<section class=\"elementor-section elementor-top-section elementor-element elementor-element-30ae061 txt-aparte elementor-section-stretched elementor-section-boxed elementor-section-height-default elementor-section-height-default\" data-id=\"30ae061\" data-element_type=\"section\" data-e-type=\"section\" data-settings=\"{&quot;stretch_section&quot;:&quot;section-stretched&quot;}\">\n\t\t\t\t\t\t<div class=\"elementor-container elementor-column-gap-no\">\n\t\t\t\t\t<div class=\"elementor-column elementor-col-100 elementor-top-column elementor-element elementor-element-3e57d44\" data-id=\"3e57d44\" data-element_type=\"column\" data-e-type=\"column\">\n\t\t\t<div class=\"elementor-widget-wrap elementor-element-populated\">\n\t\t\t\t\t\t<div class=\"elementor-element elementor-element-bbc68d6 block-txt-aparte elementor-widget elementor-widget-text-editor\" data-id=\"bbc68d6\" data-element_type=\"widget\" data-e-type=\"widget\" data-widget_type=\"text-editor.default\">\n\t\t\t\t<div class=\"elementor-widget-container\">\n\t\t\t\t\t\t\t\t\t<p>REDEN entwickelte die\u00a0<span style=\"color: #55bdbe;\"><strong>ERSTE ERSTEN AGRIVOLTAIK-GEW\u00c4CHSH\u00c4USER IN FRANKREICH<\/strong><\/span>.<\/p>\n<p>Dieses ma\u00dfgeschneiderte Konzept wurde 2010 in unserem Planungsb\u00fcro und unserem Modulwerk in Roquefort entwickelt. Es bietet eine beispiellose Flexibilit\u00e4t bei der Planung von Anlagen mit einer Vielzahl technischer Optionen. <span style=\"color: #55bdbe;\"><strong>So wird jedes Gew\u00e4chshaus an das jeweilige Projekt und den landwirtschaftlichen Standort angepasst.<\/strong><\/span><\/p>\n\t\t\t\t\t\t\t\t<\/div>\n\t\t\t\t<\/div>\n\t\t\t\t\t<\/div>\n\t\t<\/div>\n\t\t\t\t\t<\/div>\n\t\t<\/section>\n\t\t\t\t<section class=\"elementor-section elementor-top-section elementor-element elementor-element-714574f elementor-section-boxed elementor-section-height-default elementor-section-height-default\" data-id=\"714574f\" data-element_type=\"section\" data-e-type=\"section\" data-settings=\"{&quot;background_background&quot;:&quot;classic&quot;}\">\n\t\t\t\t\t\t<div class=\"elementor-container elementor-column-gap-default\">\n\t\t\t\t\t<div class=\"elementor-column elementor-col-33 elementor-top-column elementor-element elementor-element-ff0d947\" data-id=\"ff0d947\" data-element_type=\"column\" data-e-type=\"column\">\n\t\t\t<div class=\"elementor-widget-wrap\">\n\t\t\t\t\t\t\t<\/div>\n\t\t<\/div>\n\t\t\t\t<div class=\"elementor-column elementor-col-33 elementor-top-column elementor-element elementor-element-70bb4df\" data-id=\"70bb4df\" data-element_type=\"column\" data-e-type=\"column\">\n\t\t\t<div class=\"elementor-widget-wrap elementor-element-populated\">\n\t\t\t\t\t\t<div class=\"elementor-element elementor-element-a840a44 elementor-widget elementor-widget-text-editor\" data-id=\"a840a44\" data-element_type=\"widget\" data-e-type=\"widget\" data-widget_type=\"text-editor.default\">\n\t\t\t\t<div class=\"elementor-widget-container\">\n\t\t\t\t\t\t\t\t\t<p>Das REDEN AGRIVOLTAIC GREENHOUSE bietet einen echten Mehrwert. <strong>Als schl\u00fcsselfertige L\u00f6sung, die \u00fcber einen Erbpachtvertrag angeboten wird, bietet es den Landwirten folgende Vorteile:<\/strong><\/p>\t\t\t\t\t\t\t\t<\/div>\n\t\t\t\t<\/div>\n\t\t\t\t\t<\/div>\n\t\t<\/div>\n\t\t\t\t<div class=\"elementor-column elementor-col-33 elementor-top-column elementor-element elementor-element-e580f87\" data-id=\"e580f87\" data-element_type=\"column\" data-e-type=\"column\">\n\t\t\t<div class=\"elementor-widget-wrap\">\n\t\t\t\t\t\t\t<\/div>\n\t\t<\/div>\n\t\t\t\t\t<\/div>\n\t\t<\/section>\n\t\t\t\t<section class=\"elementor-section elementor-top-section elementor-element elementor-element-7b3b44f elementor-section-boxed elementor-section-height-default elementor-section-height-default\" data-id=\"7b3b44f\" data-element_type=\"section\" data-e-type=\"section\" data-settings=\"{&quot;background_background&quot;:&quot;classic&quot;}\">\n\t\t\t\t\t\t<div class=\"elementor-container elementor-column-gap-default\">\n\t\t\t\t\t<div class=\"elementor-column elementor-col-25 elementor-top-column elementor-element elementor-element-a63ba55\" data-id=\"a63ba55\" data-element_type=\"column\" data-e-type=\"column\">\n\t\t\t<div class=\"elementor-widget-wrap\">\n\t\t\t\t\t\t\t<\/div>\n\t\t<\/div>\n\t\t\t\t<div class=\"elementor-column elementor-col-25 elementor-top-column elementor-element elementor-element-494f24e\" data-id=\"494f24e\" data-element_type=\"column\" data-e-type=\"column\">\n\t\t\t<div class=\"elementor-widget-wrap elementor-element-populated\">\n\t\t\t\t\t\t<div class=\"elementor-element elementor-element-5a68547 elementor-widget elementor-widget-text-editor\" data-id=\"5a68547\" data-element_type=\"widget\" data-e-type=\"widget\" data-widget_type=\"text-editor.default\">\n\t\t\t\t<div class=\"elementor-widget-container\">\n\t\t\t\t\t\t\t\t\t<ul style=\"color: #325b6d; font-family: Kanit, sans-serif; letter-spacing: 0.7px; text-align: justify;\"><li>Ein leistungsf\u00e4higes landwirtschaftliches Konzept, das sich f\u00fcr viele Pflanzenkulturen bew\u00e4hrt hat<\/li><li>Modularer Aufbau des Photovoltaik-Gew\u00e4chshauses f\u00fcr optimale Anbaubedingungen (Bew\u00e4sserung, Pflanzung etc.) und Zugang zu landwirtschaftlichen Maschinen<\/li><li>Schutz der Pflanzen vor klimatischen Risiken und Sch\u00e4dlingen<\/li><li>Diversifizierung der landwirtschaftlichen Produktion zur F\u00f6rderung einer breiten Produktpalette und damit des Absatzes \u00fcber kurze Vertriebswege<\/li><li>Fr\u00fchere Ernten und l\u00e4ngere Produktionszyklen mit der M\u00f6glichkeit, das ganze Jahr \u00fcber zu ernten<\/li><li>Schaffung von Arbeitspl\u00e4tzen mit ganzj\u00e4hriger Besch\u00e4ftigungsm\u00f6glichkeit<\/li><li>Geringerer Einsatz von Pflanzenschutzmitteln oder sogar biologischer Anbau<\/li><\/ul>\t\t\t\t\t\t\t\t<\/div>\n\t\t\t\t<\/div>\n\t\t\t\t\t<\/div>\n\t\t<\/div>\n\t\t\t\t<div class=\"elementor-column elementor-col-25 elementor-top-column elementor-element elementor-element-98a0e20\" data-id=\"98a0e20\" data-element_type=\"column\" data-e-type=\"column\">\n\t\t\t<div class=\"elementor-widget-wrap elementor-element-populated\">\n\t\t\t\t\t\t<div class=\"elementor-element elementor-element-adf134b elementor-widget elementor-widget-text-editor\" data-id=\"adf134b\" data-element_type=\"widget\" data-e-type=\"widget\" data-widget_type=\"text-editor.default\">\n\t\t\t\t<div class=\"elementor-widget-container\">\n\t\t\t\t\t\t\t\t\t<ul style=\"color: #325b6d; font-family: Kanit, sans-serif; letter-spacing: 0.7px; text-align: justify;\"><li>Geringerer Stickstoffbedarf der Pflanzen<\/li><li>Kontrollierte Luftfeuchtigkeit und Temperatur dank einer Computersteuerung sowie Dach- und Seitenbel\u00fcftung \u2013 was zu erheblichen Wassereinsparungen f\u00fchrt<\/li><li>Eine Hydro-Studie hat gezeigt, dass das in ein Becken geleitete Regenwasser als nat\u00fcrliche Ressource f\u00fcr die Bew\u00e4sserung der Kulturen genutzt werden kann<\/li><li>Bessere Arbeitsbedingungen und damit h\u00f6herer Arbeitskomfort<\/li><li>Einzigartige Unterst\u00fctzung durch unsere Experten und landwirtschaftlichen Berater, um eine optimale Nutzung der Struktur zu gew\u00e4hrleisten*<\/li><li>Das REDEN AGRIVOLTAIC GREENHOUSE wird w\u00e4hrend der gesamten Vertragslaufzeit umfassend von REDEN gewartet<\/li><\/ul>\t\t\t\t\t\t\t\t<\/div>\n\t\t\t\t<\/div>\n\t\t\t\t\t<\/div>\n\t\t<\/div>\n\t\t\t\t<div class=\"elementor-column elementor-col-25 elementor-top-column elementor-element elementor-element-8f02724\" data-id=\"8f02724\" data-element_type=\"column\" data-e-type=\"column\">\n\t\t\t<div class=\"elementor-widget-wrap\">\n\t\t\t\t\t\t\t<\/div>\n\t\t<\/div>\n\t\t\t\t\t<\/div>\n\t\t<\/section>\n\t\t\t\t<section class=\"elementor-section elementor-top-section elementor-element elementor-element-e4ee33f elementor-section-boxed elementor-section-height-default elementor-section-height-default\" data-id=\"e4ee33f\" data-element_type=\"section\" data-e-type=\"section\">\n\t\t\t\t\t\t<div class=\"elementor-container elementor-column-gap-default\">\n\t\t\t\t\t<div class=\"elementor-column elementor-col-100 elementor-top-column elementor-element elementor-element-221c267\" data-id=\"221c267\" data-element_type=\"column\" data-e-type=\"column\">\n\t\t\t<div class=\"elementor-widget-wrap elementor-element-populated\">\n\t\t\t\t\t\t<div class=\"elementor-element elementor-element-d97e16d elementor-widget elementor-widget-spacer\" data-id=\"d97e16d\" data-element_type=\"widget\" data-e-type=\"widget\" data-widget_type=\"spacer.default\">\n\t\t\t\t<div class=\"elementor-widget-container\">\n\t\t\t\t\t\t\t<div class=\"elementor-spacer\">\n\t\t\t<div class=\"elementor-spacer-inner\"><\/div>\n\t\t<\/div>\n\t\t\t\t\t\t<\/div>\n\t\t\t\t<\/div>\n\t\t\t\t\t<\/div>\n\t\t<\/div>\n\t\t\t\t\t<\/div>\n\t\t<\/section>\n\t\t\t\t<section class=\"elementor-section elementor-top-section elementor-element elementor-element-20a6dcf elementor-section-boxed elementor-section-height-default elementor-section-height-default\" data-id=\"20a6dcf\" data-element_type=\"section\" data-e-type=\"section\">\n\t\t\t\t\t\t<div class=\"elementor-container elementor-column-gap-default\">\n\t\t\t\t\t<div class=\"elementor-column elementor-col-33 elementor-top-column elementor-element elementor-element-542551e\" data-id=\"542551e\" data-element_type=\"column\" data-e-type=\"column\">\n\t\t\t<div class=\"elementor-widget-wrap\">\n\t\t\t\t\t\t\t<\/div>\n\t\t<\/div>\n\t\t\t\t<div class=\"elementor-column elementor-col-33 elementor-top-column elementor-element elementor-element-fdb3351\" data-id=\"fdb3351\" data-element_type=\"column\" data-e-type=\"column\">\n\t\t\t<div class=\"elementor-widget-wrap elementor-element-populated\">\n\t\t\t\t\t\t<div class=\"elementor-element elementor-element-e8fb7a8 elementor-widget elementor-widget-text-editor\" data-id=\"e8fb7a8\" data-element_type=\"widget\" data-e-type=\"widget\" data-widget_type=\"text-editor.default\">\n\t\t\t\t<div class=\"elementor-widget-container\">\n\t\t\t\t\t\t\t\t\t<p style=\"text-align: center;\"><strong>UMWELTFREUNDLICHE LANDWIRTSCHAFTLICHE PRODUKTION UND ERNEUERBARE ENERGIE VERBINDEN SICH PERFEKT UND LIEFERN \u00dcBERZEUGENDE LANDWIRTSCHAFTLICHE ERGEBNISSE<\/strong><\/p>\n\t\t\t\t\t\t\t\t<\/div>\n\t\t\t\t<\/div>\n\t\t\t\t\t<\/div>\n\t\t<\/div>\n\t\t\t\t<div class=\"elementor-column elementor-col-33 elementor-top-column elementor-element elementor-element-8278212\" data-id=\"8278212\" data-element_type=\"column\" data-e-type=\"column\">\n\t\t\t<div class=\"elementor-widget-wrap\">\n\t\t\t\t\t\t\t<\/div>\n\t\t<\/div>\n\t\t\t\t\t<\/div>\n\t\t<\/section>\n\t\t\t\t<section class=\"elementor-section elementor-top-section elementor-element elementor-element-bc0c898 elementor-section-boxed elementor-section-height-default elementor-section-height-default\" data-id=\"bc0c898\" data-element_type=\"section\" data-e-type=\"section\">\n\t\t\t\t\t\t<div class=\"elementor-container elementor-column-gap-default\">\n\t\t\t\t\t<div class=\"elementor-column elementor-col-100 elementor-top-column elementor-element elementor-element-f276556\" data-id=\"f276556\" data-element_type=\"column\" data-e-type=\"column\">\n\t\t\t<div class=\"elementor-widget-wrap elementor-element-populated\">\n\t\t\t\t\t\t<div class=\"elementor-element elementor-element-6527a25 elementor-widget elementor-widget-spacer\" data-id=\"6527a25\" data-element_type=\"widget\" data-e-type=\"widget\" data-widget_type=\"spacer.default\">\n\t\t\t\t<div class=\"elementor-widget-container\">\n\t\t\t\t\t\t\t<div class=\"elementor-spacer\">\n\t\t\t<div class=\"elementor-spacer-inner\"><\/div>\n\t\t<\/div>\n\t\t\t\t\t\t<\/div>\n\t\t\t\t<\/div>\n\t\t\t\t\t<\/div>\n\t\t<\/div>\n\t\t\t\t\t<\/div>\n\t\t<\/section>\n\t\t\t\t<section class=\"elementor-section elementor-top-section elementor-element elementor-element-029a5b8 elementor-section-boxed elementor-section-height-default elementor-section-height-default\" data-id=\"029a5b8\" data-element_type=\"section\" data-e-type=\"section\">\n\t\t\t\t\t\t<div class=\"elementor-container elementor-column-gap-default\">\n\t\t\t\t\t<div class=\"elementor-column elementor-col-33 elementor-top-column elementor-element elementor-element-ca6b9ed\" data-id=\"ca6b9ed\" data-element_type=\"column\" data-e-type=\"column\">\n\t\t\t<div class=\"elementor-widget-wrap\">\n\t\t\t\t\t\t\t<\/div>\n\t\t<\/div>\n\t\t\t\t<div class=\"elementor-column elementor-col-33 elementor-top-column elementor-element elementor-element-8c0a588\" data-id=\"8c0a588\" data-element_type=\"column\" data-e-type=\"column\">\n\t\t\t<div class=\"elementor-widget-wrap elementor-element-populated\">\n\t\t\t\t\t\t<div class=\"elementor-element elementor-element-e7cf6b4 elementor-widget elementor-widget-text-editor\" data-id=\"e7cf6b4\" data-element_type=\"widget\" data-e-type=\"widget\" data-widget_type=\"text-editor.default\">\n\t\t\t\t<div class=\"elementor-widget-container\">\n\t\t\t\t\t\t\t\t\t<p style=\"text-align: center;\">SCHL\u00dcSSELZAHLEN DER AGRIVOLTAIK-GEW\u00c4CHSH\u00c4USER VON REDEN:<\/p>\n\t\t\t\t\t\t\t\t<\/div>\n\t\t\t\t<\/div>\n\t\t\t\t\t<\/div>\n\t\t<\/div>\n\t\t\t\t<div class=\"elementor-column elementor-col-33 elementor-top-column elementor-element elementor-element-27dbd89\" data-id=\"27dbd89\" data-element_type=\"column\" data-e-type=\"column\">\n\t\t\t<div class=\"elementor-widget-wrap\">\n\t\t\t\t\t\t\t<\/div>\n\t\t<\/div>\n\t\t\t\t\t<\/div>\n\t\t<\/section>\n\t\t\t\t<section class=\"elementor-section elementor-top-section elementor-element elementor-element-a0ae6af elementor-section-boxed elementor-section-height-default elementor-section-height-default\" data-id=\"a0ae6af\" data-element_type=\"section\" data-e-type=\"section\">\n\t\t\t\t\t\t<div class=\"elementor-container elementor-column-gap-default\">\n\t\t\t\t\t<div class=\"elementor-column elementor-col-20 elementor-top-column elementor-element elementor-element-70fcc85\" data-id=\"70fcc85\" data-element_type=\"column\" data-e-type=\"column\">\n\t\t\t<div class=\"elementor-widget-wrap\">\n\t\t\t\t\t\t\t<\/div>\n\t\t<\/div>\n\t\t\t\t<div class=\"elementor-column elementor-col-20 elementor-top-column elementor-element elementor-element-cb93263\" data-id=\"cb93263\" data-element_type=\"column\" data-e-type=\"column\">\n\t\t\t<div class=\"elementor-widget-wrap elementor-element-populated\">\n\t\t\t\t\t\t<div class=\"elementor-element elementor-element-6c99c3a item-chiffres-cles elementor-widget elementor-widget-counter\" data-id=\"6c99c3a\" data-element_type=\"widget\" data-e-type=\"widget\" data-widget_type=\"counter.default\">\n\t\t\t\t<div class=\"elementor-widget-container\">\n\t\t\t\t\t\t\t<div class=\"elementor-counter\">\n\t\t\t<div class=\"elementor-counter-title\">in Betrieb<\/div>\t\t\t<div class=\"elementor-counter-number-wrapper\">\n\t\t\t\t<span class=\"elementor-counter-number-prefix\"><\/span>\n\t\t\t\t<span class=\"elementor-counter-number\" data-duration=\"2000\" data-to-value=\"250\" data-from-value=\"0\" data-delimiter=\",\">0<\/span>\n\t\t\t\t<span class=\"elementor-counter-number-suffix\"> + ha<\/span>\n\t\t\t<\/div>\n\t\t<\/div>\n\t\t\t\t\t\t<\/div>\n\t\t\t\t<\/div>\n\t\t\t\t\t<\/div>\n\t\t<\/div>\n\t\t\t\t<div class=\"elementor-column elementor-col-20 elementor-top-column elementor-element elementor-element-2ffb131\" data-id=\"2ffb131\" data-element_type=\"column\" data-e-type=\"column\">\n\t\t\t<div class=\"elementor-widget-wrap elementor-element-populated\">\n\t\t\t\t\t\t<div class=\"elementor-element elementor-element-cff9871 item-chiffres-cles elementor-widget elementor-widget-counter\" data-id=\"cff9871\" data-element_type=\"widget\" data-e-type=\"widget\" data-widget_type=\"counter.default\">\n\t\t\t\t<div class=\"elementor-widget-container\">\n\t\t\t\t\t\t\t<div class=\"elementor-counter\">\n\t\t\t<div class=\"elementor-counter-title\">verschiedene Kulturen<\/div>\t\t\t<div class=\"elementor-counter-number-wrapper\">\n\t\t\t\t<span class=\"elementor-counter-number-prefix\"><\/span>\n\t\t\t\t<span class=\"elementor-counter-number\" data-duration=\"2000\" data-to-value=\"50\" data-from-value=\"0\" data-delimiter=\",\">0<\/span>\n\t\t\t\t<span class=\"elementor-counter-number-suffix\"> +<\/span>\n\t\t\t<\/div>\n\t\t<\/div>\n\t\t\t\t\t\t<\/div>\n\t\t\t\t<\/div>\n\t\t\t\t\t<\/div>\n\t\t<\/div>\n\t\t\t\t<div class=\"elementor-column elementor-col-20 elementor-top-column elementor-element elementor-element-42a1094\" data-id=\"42a1094\" data-element_type=\"column\" data-e-type=\"column\">\n\t\t\t<div class=\"elementor-widget-wrap elementor-element-populated\">\n\t\t\t\t\t\t<div class=\"elementor-element elementor-element-cfa20a8 item-chiffres-cles elementor-widget elementor-widget-counter\" data-id=\"cfa20a8\" data-element_type=\"widget\" data-e-type=\"widget\" data-widget_type=\"counter.default\">\n\t\t\t\t<div class=\"elementor-widget-container\">\n\t\t\t\t\t\t\t<div class=\"elementor-counter\">\n\t\t\t<div class=\"elementor-counter-title\">\u00fcberzeugte Erzeuger  <\/div>\t\t\t<div class=\"elementor-counter-number-wrapper\">\n\t\t\t\t<span class=\"elementor-counter-number-prefix\"><\/span>\n\t\t\t\t<span class=\"elementor-counter-number\" data-duration=\"2000\" data-to-value=\"70\" data-from-value=\"0\" data-delimiter=\",\">0<\/span>\n\t\t\t\t<span class=\"elementor-counter-number-suffix\"> +<\/span>\n\t\t\t<\/div>\n\t\t<\/div>\n\t\t\t\t\t\t<\/div>\n\t\t\t\t<\/div>\n\t\t\t\t\t<\/div>\n\t\t<\/div>\n\t\t\t\t<div class=\"elementor-column elementor-col-20 elementor-top-column elementor-element elementor-element-4e07f78\" data-id=\"4e07f78\" data-element_type=\"column\" data-e-type=\"column\">\n\t\t\t<div class=\"elementor-widget-wrap\">\n\t\t\t\t\t\t\t<\/div>\n\t\t<\/div>\n\t\t\t\t\t<\/div>\n\t\t<\/section>\n\t\t\t\t<section class=\"elementor-section elementor-top-section elementor-element elementor-element-ee42cd5 elementor-section-boxed elementor-section-height-default elementor-section-height-default\" data-id=\"ee42cd5\" data-element_type=\"section\" data-e-type=\"section\">\n\t\t\t\t\t\t<div class=\"elementor-container elementor-column-gap-default\">\n\t\t\t\t\t<div class=\"elementor-column elementor-col-33 elementor-top-column elementor-element elementor-element-d766f80\" data-id=\"d766f80\" data-element_type=\"column\" data-e-type=\"column\">\n\t\t\t<div class=\"elementor-widget-wrap\">\n\t\t\t\t\t\t\t<\/div>\n\t\t<\/div>\n\t\t\t\t<div class=\"elementor-column elementor-col-33 elementor-top-column elementor-element elementor-element-65f054b\" data-id=\"65f054b\" data-element_type=\"column\" data-e-type=\"column\">\n\t\t\t<div class=\"elementor-widget-wrap elementor-element-populated\">\n\t\t\t\t\t\t<div class=\"elementor-element elementor-element-2f14013 elementor-widget elementor-widget-text-editor\" data-id=\"2f14013\" data-element_type=\"widget\" data-e-type=\"widget\" data-widget_type=\"text-editor.default\">\n\t\t\t\t<div class=\"elementor-widget-container\">\n\t\t\t\t\t\t\t\t\t<p style=\"text-align: center;\">WER SICH F\u00dcR EIN AGRIVOLTAIK-GEW\u00c4CHSHAUS VON REDEN ENTSCHEIDET, SETZT AUF EINE L\u00d6SUNG \u00a0DER SPITZENKLASSE, DEREN ERNEUERBARER STROM ZUR ENERGIEWENDE UND ZUR NACHHALTIGEN ENTWICKLUNG DER REGION BEITR\u00c4GT.<\/p>\n\t\t\t\t\t\t\t\t<\/div>\n\t\t\t\t<\/div>\n\t\t\t\t\t<\/div>\n\t\t<\/div>\n\t\t\t\t<div class=\"elementor-column elementor-col-33 elementor-top-column elementor-element elementor-element-87ba079\" data-id=\"87ba079\" data-element_type=\"column\" data-e-type=\"column\">\n\t\t\t<div class=\"elementor-widget-wrap\">\n\t\t\t\t\t\t\t<\/div>\n\t\t<\/div>\n\t\t\t\t\t<\/div>\n\t\t<\/section>\n\t\t\t\t<section class=\"elementor-section elementor-top-section elementor-element elementor-element-2f3b08c elementor-section-boxed elementor-section-height-default elementor-section-height-default\" data-id=\"2f3b08c\" data-element_type=\"section\" data-e-type=\"section\">\n\t\t\t\t\t\t<div class=\"elementor-container elementor-column-gap-default\">\n\t\t\t\t\t<div class=\"elementor-column elementor-col-100 elementor-top-column elementor-element elementor-element-dc5d8be\" data-id=\"dc5d8be\" data-element_type=\"column\" data-e-type=\"column\">\n\t\t\t<div class=\"elementor-widget-wrap elementor-element-populated\">\n\t\t\t\t\t\t<div class=\"elementor-element elementor-element-78312f1 elementor-widget elementor-widget-spacer\" data-id=\"78312f1\" data-element_type=\"widget\" data-e-type=\"widget\" data-widget_type=\"spacer.default\">\n\t\t\t\t<div class=\"elementor-widget-container\">\n\t\t\t\t\t\t\t<div class=\"elementor-spacer\">\n\t\t\t<div class=\"elementor-spacer-inner\"><\/div>\n\t\t<\/div>\n\t\t\t\t\t\t<\/div>\n\t\t\t\t<\/div>\n\t\t\t\t\t<\/div>\n\t\t<\/div>\n\t\t\t\t\t<\/div>\n\t\t<\/section>\n\t\t\t\t<section class=\"elementor-section elementor-top-section elementor-element elementor-element-81163c7 elementor-section-boxed elementor-section-height-default elementor-section-height-default\" data-id=\"81163c7\" data-element_type=\"section\" data-e-type=\"section\" data-settings=\"{&quot;background_background&quot;:&quot;classic&quot;}\">\n\t\t\t\t\t\t<div class=\"elementor-container elementor-column-gap-default\">\n\t\t\t\t\t<div class=\"elementor-column elementor-col-100 elementor-top-column elementor-element elementor-element-d42608f\" data-id=\"d42608f\" data-element_type=\"column\" data-e-type=\"column\">\n\t\t\t<div class=\"elementor-widget-wrap elementor-element-populated\">\n\t\t\t\t\t\t<div class=\"elementor-element elementor-element-93bb456 elementor-widget elementor-widget-video\" data-id=\"93bb456\" data-element_type=\"widget\" data-e-type=\"widget\" data-settings=\"{&quot;video_type&quot;:&quot;vimeo&quot;}\" data-widget_type=\"video.default\">\n\t\t\t\t<div class=\"elementor-widget-container\">\n\t\t\t\t\t\t\t<div class=\"elementor-wrapper elementor-open-inline\">\n\t\t\t<iframe class=\"elementor-video-iframe\" allowfullscreen allow=\"clipboard-write\" title=\"vimeo Video Player\" src=\"https:\/\/player.vimeo.com\/video\/232451217?color&amp;autopause=0&amp;loop=0&amp;muted=0&amp;title=1&amp;portrait=1&amp;byline=1#t=\"><\/iframe>\t\t<\/div>\n\t\t\t\t\t\t<\/div>\n\t\t\t\t<\/div>\n\t\t\t\t\t<\/div>\n\t\t<\/div>\n\t\t\t\t\t<\/div>\n\t\t<\/section>\n\t\t\t\t<section class=\"elementor-section elementor-top-section elementor-element elementor-element-e583cbe elementor-section-boxed elementor-section-height-default elementor-section-height-default\" data-id=\"e583cbe\" data-element_type=\"section\" data-e-type=\"section\">\n\t\t\t\t\t\t<div class=\"elementor-container elementor-column-gap-default\">\n\t\t\t\t\t<div class=\"elementor-column elementor-col-33 elementor-top-column elementor-element elementor-element-fd8cba3\" data-id=\"fd8cba3\" data-element_type=\"column\" data-e-type=\"column\">\n\t\t\t<div class=\"elementor-widget-wrap elementor-element-populated\">\n\t\t\t\t\t\t<div class=\"elementor-element elementor-element-538f559 elementor-widget elementor-widget-text-editor\" data-id=\"538f559\" data-element_type=\"widget\" data-e-type=\"widget\" data-widget_type=\"text-editor.default\">\n\t\t\t\t<div class=\"elementor-widget-container\">\n\t\t\t\t\t\t\t\t\t<p><img decoding=\"async\" class=\"aligncenter\" src=\"https:\/\/reden.solar\/wp-content\/uploads\/2023\/11\/91960953-coche-ou-coche-icone-vecteur-symbole-marqueur-rouge-coche-isole-sur-fond-blanc-300x300.jpg\" width=\"40\" height=\"40\" \/><\/p>\n\t\t\t\t\t\t\t\t<\/div>\n\t\t\t\t<\/div>\n\t\t\t\t\t<\/div>\n\t\t<\/div>\n\t\t\t\t<div class=\"elementor-column elementor-col-33 elementor-top-column elementor-element elementor-element-1775de1\" data-id=\"1775de1\" data-element_type=\"column\" data-e-type=\"column\">\n\t\t\t<div class=\"elementor-widget-wrap elementor-element-populated\">\n\t\t\t\t\t\t<div class=\"elementor-element elementor-element-f8e7e42 elementor-widget elementor-widget-text-editor\" data-id=\"f8e7e42\" data-element_type=\"widget\" data-e-type=\"widget\" data-widget_type=\"text-editor.default\">\n\t\t\t\t<div class=\"elementor-widget-container\">\n\t\t\t\t\t\t\t\t\t<h3 style=\"text-align: center;\">Landwirtschaftliche Erzeugnisse mit anerkannten ern\u00e4hrungsphysiologischen Eigenschaften und hoher geschmacklicher Qualit\u00e4t<\/h3>\n\t\t\t\t\t\t\t\t<\/div>\n\t\t\t\t<\/div>\n\t\t\t\t<div class=\"elementor-element elementor-element-b675d4b elementor-widget elementor-widget-text-editor\" data-id=\"b675d4b\" data-element_type=\"widget\" data-e-type=\"widget\" data-widget_type=\"text-editor.default\">\n\t\t\t\t<div class=\"elementor-widget-container\">\n\t\t\t\t\t\t\t\t\t<p>Die Tomaten und die Erdbeeren \u201eCharlotte\u201c aus dem REDEN-Gew\u00e4chshaus von Johan Bernardin wurden im Jahr 2019 im Finale des Wettbewerbs \u201eMeilleur Ouvrier de France\u201c vorgestellt: \u201e<strong><em>Ausbalanciert, gute Qualit\u00e4t, Respekt f\u00fcr die Umwelt<\/em><\/strong>\u201c, so fasst Charlotte Entraigues den Anbau in ihrem Photovoltaik-Gew\u00e4chshaus zusammen.<\/p>\n\t\t\t\t\t\t\t\t<\/div>\n\t\t\t\t<\/div>\n\t\t\t\t\t<\/div>\n\t\t<\/div>\n\t\t\t\t<div class=\"elementor-column elementor-col-33 elementor-top-column elementor-element elementor-element-922abdb\" data-id=\"922abdb\" data-element_type=\"column\" data-e-type=\"column\">\n\t\t\t<div class=\"elementor-widget-wrap\">\n\t\t\t\t\t\t\t<\/div>\n\t\t<\/div>\n\t\t\t\t\t<\/div>\n\t\t<\/section>\n\t\t\t\t<section class=\"elementor-section elementor-top-section elementor-element elementor-element-959d25d elementor-section-boxed elementor-section-height-default elementor-section-height-default\" data-id=\"959d25d\" data-element_type=\"section\" data-e-type=\"section\">\n\t\t\t\t\t\t<div class=\"elementor-container elementor-column-gap-default\">\n\t\t\t\t\t<div class=\"elementor-column elementor-col-25 elementor-top-column elementor-element elementor-element-fb7c243\" data-id=\"fb7c243\" data-element_type=\"column\" data-e-type=\"column\">\n\t\t\t<div class=\"elementor-widget-wrap\">\n\t\t\t\t\t\t\t<\/div>\n\t\t<\/div>\n\t\t\t\t<div class=\"elementor-column elementor-col-25 elementor-top-column elementor-element elementor-element-c179e5e\" data-id=\"c179e5e\" data-element_type=\"column\" data-e-type=\"column\" data-settings=\"{&quot;background_background&quot;:&quot;classic&quot;}\">\n\t\t\t<div class=\"elementor-widget-wrap elementor-element-populated\">\n\t\t\t\t\t\t<div class=\"elementor-element elementor-element-d5012ee elementor-widget__width-initial elementor-widget elementor-widget-text-editor\" data-id=\"d5012ee\" data-element_type=\"widget\" data-e-type=\"widget\" data-widget_type=\"text-editor.default\">\n\t\t\t\t<div class=\"elementor-widget-container\">\n\t\t\t\t\t\t\t\t\t<p><em>Charlotte Entraigues und Johan Bernardin (G\u00e4rtner, Les Jardins Charentais) <\/em><em>in einem agrivoltaischen Gew\u00e4chshaus von REDEN<\/em><\/p>\n\t\t\t\t\t\t\t\t<\/div>\n\t\t\t\t<\/div>\n\t\t\t\t\t<\/div>\n\t\t<\/div>\n\t\t\t\t<div class=\"elementor-column elementor-col-25 elementor-top-column elementor-element elementor-element-e57ec74\" data-id=\"e57ec74\" data-element_type=\"column\" data-e-type=\"column\">\n\t\t\t<div class=\"elementor-widget-wrap elementor-element-populated\">\n\t\t\t\t\t\t<div class=\"elementor-element elementor-element-515badb elementor-widget elementor-widget-image\" data-id=\"515badb\" data-element_type=\"widget\" data-e-type=\"widget\" data-widget_type=\"image.default\">\n\t\t\t\t<div class=\"elementor-widget-container\">\n\t\t\t\t\t\t\t\t\t\t\t\t\t\t\t<img fetchpriority=\"high\" decoding=\"async\" width=\"318\" height=\"163\" src=\"https:\/\/reden.solar\/wp-content\/uploads\/2024\/07\/image1.jpg\" class=\"attachment-large size-large wp-image-33374\" alt=\"\" srcset=\"https:\/\/reden.solar\/wp-content\/uploads\/2024\/07\/image1.jpg 318w, https:\/\/reden.solar\/wp-content\/uploads\/2024\/07\/image1-300x154.jpg 300w\" sizes=\"(max-width: 318px) 100vw, 318px\" \/>\t\t\t\t\t\t\t\t\t\t\t\t\t\t\t<\/div>\n\t\t\t\t<\/div>\n\t\t\t\t\t<\/div>\n\t\t<\/div>\n\t\t\t\t<div class=\"elementor-column elementor-col-25 elementor-top-column elementor-element elementor-element-10cba5a\" data-id=\"10cba5a\" data-element_type=\"column\" data-e-type=\"column\">\n\t\t\t<div class=\"elementor-widget-wrap\">\n\t\t\t\t\t\t\t<\/div>\n\t\t<\/div>\n\t\t\t\t\t<\/div>\n\t\t<\/section>\n\t\t\t\t<section class=\"elementor-section elementor-top-section elementor-element elementor-element-cf3d57b elementor-section-boxed elementor-section-height-default elementor-section-height-default\" data-id=\"cf3d57b\" data-element_type=\"section\" data-e-type=\"section\">\n\t\t\t\t\t\t<div class=\"elementor-container elementor-column-gap-default\">\n\t\t\t\t\t<div class=\"elementor-column elementor-col-100 elementor-top-column elementor-element elementor-element-ed961d1\" data-id=\"ed961d1\" data-element_type=\"column\" data-e-type=\"column\">\n\t\t\t<div class=\"elementor-widget-wrap elementor-element-populated\">\n\t\t\t\t\t\t<div class=\"elementor-element elementor-element-68ac169 elementor-widget elementor-widget-spacer\" data-id=\"68ac169\" data-element_type=\"widget\" data-e-type=\"widget\" data-widget_type=\"spacer.default\">\n\t\t\t\t<div class=\"elementor-widget-container\">\n\t\t\t\t\t\t\t<div class=\"elementor-spacer\">\n\t\t\t<div class=\"elementor-spacer-inner\"><\/div>\n\t\t<\/div>\n\t\t\t\t\t\t<\/div>\n\t\t\t\t<\/div>\n\t\t\t\t\t<\/div>\n\t\t<\/div>\n\t\t\t\t\t<\/div>\n\t\t<\/section>\n\t\t\t\t<section class=\"elementor-section elementor-top-section elementor-element elementor-element-01bcd7e elementor-section-boxed elementor-section-height-default elementor-section-height-default\" data-id=\"01bcd7e\" data-element_type=\"section\" data-e-type=\"section\">\n\t\t\t\t\t\t<div class=\"elementor-container elementor-column-gap-default\">\n\t\t\t\t\t<div class=\"elementor-column elementor-col-33 elementor-top-column elementor-element elementor-element-4bd339a\" data-id=\"4bd339a\" data-element_type=\"column\" data-e-type=\"column\">\n\t\t\t<div class=\"elementor-widget-wrap elementor-element-populated\">\n\t\t\t\t\t\t<div class=\"elementor-element elementor-element-27be39f elementor-widget elementor-widget-text-editor\" data-id=\"27be39f\" data-element_type=\"widget\" data-e-type=\"widget\" data-widget_type=\"text-editor.default\">\n\t\t\t\t<div class=\"elementor-widget-container\">\n\t\t\t\t\t\t\t\t\t<p><img decoding=\"async\" class=\"aligncenter\" src=\"https:\/\/reden.solar\/wp-content\/uploads\/2023\/11\/91960953-coche-ou-coche-icone-vecteur-symbole-marqueur-rouge-coche-isole-sur-fond-blanc-300x300.jpg\" width=\"40\" height=\"40\" \/><\/p><p style=\"text-align: center;\"><img decoding=\"async\" class=\"\" src=\"https:\/\/reden.solar\/wp-content\/uploads\/2023\/11\/91960953-coche-ou-coche-icone-vecteur-symbole-marqueur-rouge-coche-isole-sur-fond-blanc-300x300.jpg\" width=\"40\" height=\"40\" \/><\/p>\t\t\t\t\t\t\t\t<\/div>\n\t\t\t\t<\/div>\n\t\t\t\t\t<\/div>\n\t\t<\/div>\n\t\t\t\t<div class=\"elementor-column elementor-col-33 elementor-top-column elementor-element elementor-element-d740ef3\" data-id=\"d740ef3\" data-element_type=\"column\" data-e-type=\"column\">\n\t\t\t<div class=\"elementor-widget-wrap elementor-element-populated\">\n\t\t\t\t\t\t<div class=\"elementor-element elementor-element-305c315 elementor-widget elementor-widget-text-editor\" data-id=\"305c315\" data-element_type=\"widget\" data-e-type=\"widget\" data-widget_type=\"text-editor.default\">\n\t\t\t\t<div class=\"elementor-widget-container\">\n\t\t\t\t\t\t\t\t\t<p>2021 belegte Johan Bernardin den zweiten Platz bei der <span style=\"color: #55bdbe;\"><strong>Troph\u00e9e du Mara\u00eechage <img loading=\"lazy\" decoding=\"async\" class=\"wp-image-33381 alignright\" src=\"https:\/\/reden.solar\/wp-content\/uploads\/2024\/07\/design-sans-titre-65-300x300.png\" alt=\"\" width=\"70\" height=\"70\" srcset=\"https:\/\/reden.solar\/wp-content\/uploads\/2024\/07\/design-sans-titre-65-300x300.png 300w, https:\/\/reden.solar\/wp-content\/uploads\/2024\/07\/design-sans-titre-65-150x150.png 150w, https:\/\/reden.solar\/wp-content\/uploads\/2024\/07\/design-sans-titre-65.png 500w\" sizes=\"(max-width: 70px) 100vw, 70px\" \/><\/strong><\/span> (Troph\u00e4e der G\u00e4rtnerei) auf nationaler Ebene und den ersten Platz in der Region Nouvelle-Aquitaine (Frankreich).<\/p><p>Gepr\u00fcft und anerkannt<\/p><ul><li>Die Tests wurden von unabh\u00e4ngigen und anerkannten Einrichtungen wie La Tapy (regionale Versuchsstation) und dem CTIFL (Centre Technique Interprofessionnel des Fruits et L\u00e9gumes) an Muskat- und Italia-Traubenpflanzen sowohl innerhalb als auch au\u00dferhalb eines REDEN-Gew\u00e4chshauses durchgef\u00fchrt.<\/li><\/ul><p>Die Ergebnisse unter dem Agrivoltaik-Gew\u00e4chshaus sind deutlich:<\/p><ul><li style=\"list-style-type: none;\"><ul><li style=\"list-style-type: none;\"><ul><li>Signifikante Reduktion der Pflanzenschutzbehandlungen<\/li><li>Maskat: Vorverlegung der Lese um einen Monat<\/li><li>Leicht h\u00f6here Konzentration an phenolischen Verbindungen (einschlie\u00dflich Tanninen mit antioxidativen Eigenschaften) in den Beeren aus dem Gew\u00e4chshaus.<\/li><\/ul><\/li><\/ul><\/li><\/ul><p>Beim Geschmack ist kein Unterschied zwischen den beiden Anbaumethoden feststellbar.<\/p>\t\t\t\t\t\t\t\t<\/div>\n\t\t\t\t<\/div>\n\t\t\t\t\t<\/div>\n\t\t<\/div>\n\t\t\t\t<div class=\"elementor-column elementor-col-33 elementor-top-column elementor-element elementor-element-c71e1e4\" data-id=\"c71e1e4\" data-element_type=\"column\" data-e-type=\"column\">\n\t\t\t<div class=\"elementor-widget-wrap\">\n\t\t\t\t\t\t\t<\/div>\n\t\t<\/div>\n\t\t\t\t\t<\/div>\n\t\t<\/section>\n\t\t\t\t<section class=\"elementor-section elementor-top-section elementor-element elementor-element-2605cb2 elementor-section-boxed elementor-section-height-default elementor-section-height-default\" data-id=\"2605cb2\" data-element_type=\"section\" data-e-type=\"section\">\n\t\t\t\t\t\t<div class=\"elementor-container elementor-column-gap-default\">\n\t\t\t\t\t<div class=\"elementor-column elementor-col-100 elementor-top-column elementor-element elementor-element-195c2e9\" data-id=\"195c2e9\" data-element_type=\"column\" data-e-type=\"column\">\n\t\t\t<div class=\"elementor-widget-wrap elementor-element-populated\">\n\t\t\t\t\t\t<div class=\"elementor-element elementor-element-3b5dba0 elementor-widget elementor-widget-spacer\" data-id=\"3b5dba0\" data-element_type=\"widget\" data-e-type=\"widget\" data-widget_type=\"spacer.default\">\n\t\t\t\t<div class=\"elementor-widget-container\">\n\t\t\t\t\t\t\t<div class=\"elementor-spacer\">\n\t\t\t<div class=\"elementor-spacer-inner\"><\/div>\n\t\t<\/div>\n\t\t\t\t\t\t<\/div>\n\t\t\t\t<\/div>\n\t\t\t\t\t<\/div>\n\t\t<\/div>\n\t\t\t\t\t<\/div>\n\t\t<\/section>\n\t\t\t\t<section class=\"elementor-section elementor-top-section elementor-element elementor-element-5e9d01d elementor-section-boxed elementor-section-height-default elementor-section-height-default\" data-id=\"5e9d01d\" data-element_type=\"section\" data-e-type=\"section\" data-settings=\"{&quot;background_background&quot;:&quot;classic&quot;}\">\n\t\t\t\t\t\t<div class=\"elementor-container elementor-column-gap-default\">\n\t\t\t\t\t<div class=\"elementor-column elementor-col-33 elementor-top-column elementor-element elementor-element-b29578c\" data-id=\"b29578c\" data-element_type=\"column\" data-e-type=\"column\">\n\t\t\t<div class=\"elementor-widget-wrap\">\n\t\t\t\t\t\t\t<\/div>\n\t\t<\/div>\n\t\t\t\t<div class=\"elementor-column elementor-col-33 elementor-top-column elementor-element elementor-element-91235ef\" data-id=\"91235ef\" data-element_type=\"column\" data-e-type=\"column\">\n\t\t\t<div class=\"elementor-widget-wrap elementor-element-populated\">\n\t\t\t\t\t\t<div class=\"elementor-element elementor-element-e7ddd98 elementor-widget elementor-widget-text-editor\" data-id=\"e7ddd98\" data-element_type=\"widget\" data-e-type=\"widget\" data-widget_type=\"text-editor.default\">\n\t\t\t\t<div class=\"elementor-widget-container\">\n\t\t\t\t\t\t\t\t\t<p style=\"text-align: center;\"><strong>DAS VENLO-GEW\u00c4CHSHAUS: KLIMASCHUTZ F\u00dcR IHRE PFLANZENKULTUREN<\/strong><\/p>\n\t\t\t\t\t\t\t\t<\/div>\n\t\t\t\t<\/div>\n\t\t\t\t<div class=\"elementor-element elementor-element-b39c758 elementor-widget elementor-widget-text-editor\" data-id=\"b39c758\" data-element_type=\"widget\" data-e-type=\"widget\" data-widget_type=\"text-editor.default\">\n\t\t\t\t<div class=\"elementor-widget-container\">\n\t\t\t\t\t\t\t\t\t<p>REDEN hat in Zusammenarbeit mit den f\u00fchrenden Gew\u00e4chshausherstellern und nachhaltiges Photovoltaik-Gew\u00e4chshaus f\u00fcr den Pflanzenschutz entwickelt. \u00c4hnlich wie bei einem traditionellen Venlo-Mehrschiffgew\u00e4chshaus (siehe Abbildung) wurden die in Richtung S\u00fcden ausgerichteten Glasscheiben durch speziell von REDEN entwickelte Photovoltaikmodule ersetzt.<\/p>\n\t\t\t\t\t\t\t\t<\/div>\n\t\t\t\t<\/div>\n\t\t\t\t<div class=\"elementor-element elementor-element-3001acc elementor-widget elementor-widget-image\" data-id=\"3001acc\" data-element_type=\"widget\" data-e-type=\"widget\" data-widget_type=\"image.default\">\n\t\t\t\t<div class=\"elementor-widget-container\">\n\t\t\t\t\t\t\t\t\t\t\t\t\t\t\t<img loading=\"lazy\" decoding=\"async\" width=\"691\" height=\"266\" src=\"https:\/\/reden.solar\/wp-content\/uploads\/2023\/11\/image-1.png\" class=\"attachment-large size-large wp-image-28338\" alt=\"\" srcset=\"https:\/\/reden.solar\/wp-content\/uploads\/2023\/11\/image-1.png 691w, https:\/\/reden.solar\/wp-content\/uploads\/2023\/11\/image-1-300x115.png 300w\" sizes=\"(max-width: 691px) 100vw, 691px\" \/>\t\t\t\t\t\t\t\t\t\t\t\t\t\t\t<\/div>\n\t\t\t\t<\/div>\n\t\t\t\t<div class=\"elementor-element elementor-element-a2412e4 elementor-widget elementor-widget-text-editor\" data-id=\"a2412e4\" data-element_type=\"widget\" data-e-type=\"widget\" data-widget_type=\"text-editor.default\">\n\t\t\t\t<div class=\"elementor-widget-container\">\n\t\t\t\t\t\t\t\t\t<p class=\"MsoNormal\"><i><span lang=\"DE\" style=\"font-size: 10pt; line-height: 107%;\">Abbildung eines REDEN-Gew\u00e4chshauses (Die Grundkonstruktion kann vervielf\u00e4ltigt werden, um ein Gew\u00e4chshaus mit den gew\u00fcnschten Abmessungen zu erhalten).<\/span><\/i><\/p><p>Im Gegensatz zu einem herk\u00f6mmlichen Tunnelgew\u00e4chshaus besteht das REDEN-Gew\u00e4chshaus nicht aus Kunststoff und hat eine wesentlich l\u00e4ngere Lebensdauer. Das bedeutet, dass kein Material ersetzt werden muss. Das bedeutet zus\u00e4tzliche Ersparnis bringt und schont gleichzeitig die Umwelt.<\/p>\t\t\t\t\t\t\t\t<\/div>\n\t\t\t\t<\/div>\n\t\t\t\t<div class=\"elementor-element elementor-element-ccc812b elementor-widget elementor-widget-spacer\" data-id=\"ccc812b\" data-element_type=\"widget\" data-e-type=\"widget\" data-widget_type=\"spacer.default\">\n\t\t\t\t<div class=\"elementor-widget-container\">\n\t\t\t\t\t\t\t<div class=\"elementor-spacer\">\n\t\t\t<div class=\"elementor-spacer-inner\"><\/div>\n\t\t<\/div>\n\t\t\t\t\t\t<\/div>\n\t\t\t\t<\/div>\n\t\t\t\t\t<\/div>\n\t\t<\/div>\n\t\t\t\t<div class=\"elementor-column elementor-col-33 elementor-top-column elementor-element elementor-element-5cc2846\" data-id=\"5cc2846\" data-element_type=\"column\" data-e-type=\"column\">\n\t\t\t<div class=\"elementor-widget-wrap\">\n\t\t\t\t\t\t\t<\/div>\n\t\t<\/div>\n\t\t\t\t\t<\/div>\n\t\t<\/section>\n\t\t\t\t<section class=\"elementor-section elementor-top-section elementor-element elementor-element-e22a083 elementor-section-boxed elementor-section-height-default elementor-section-height-default\" data-id=\"e22a083\" data-element_type=\"section\" data-e-type=\"section\" data-settings=\"{&quot;background_background&quot;:&quot;classic&quot;}\">\n\t\t\t\t\t\t<div class=\"elementor-container elementor-column-gap-default\">\n\t\t\t\t\t<div class=\"elementor-column elementor-col-33 elementor-top-column elementor-element elementor-element-95ce57a\" data-id=\"95ce57a\" data-element_type=\"column\" data-e-type=\"column\">\n\t\t\t<div class=\"elementor-widget-wrap\">\n\t\t\t\t\t\t\t<\/div>\n\t\t<\/div>\n\t\t\t\t<div class=\"elementor-column elementor-col-33 elementor-top-column elementor-element elementor-element-d257b34\" data-id=\"d257b34\" data-element_type=\"column\" data-e-type=\"column\">\n\t\t\t<div class=\"elementor-widget-wrap elementor-element-populated\">\n\t\t\t\t\t\t<div class=\"elementor-element elementor-element-aa992c6 elementor-widget elementor-widget-text-editor\" data-id=\"aa992c6\" data-element_type=\"widget\" data-e-type=\"widget\" data-widget_type=\"text-editor.default\">\n\t\t\t\t<div class=\"elementor-widget-container\">\n\t\t\t\t\t\t\t\t\t<h3>FORSCHUNG UND ENTWICKLUNG<\/h3>\t\t\t\t\t\t\t\t<\/div>\n\t\t\t\t<\/div>\n\t\t\t\t<div class=\"elementor-element elementor-element-757fcb3 elementor-widget elementor-widget-text-editor\" data-id=\"757fcb3\" data-element_type=\"widget\" data-e-type=\"widget\" data-widget_type=\"text-editor.default\">\n\t\t\t\t<div class=\"elementor-widget-container\">\n\t\t\t\t\t\t\t\t\t<p>REDEN hat Pilotgew\u00e4chsh\u00e4user mit Lichtmessger\u00e4ten und Tensiometern ausgestattet, um die landwirtschaftliche Produktion weiter zu optimieren. Dadurch k\u00f6nnen wir die Lichtmenge messen, die von den Pflanzen absorbiert wird und somit ihren tats\u00e4chlichen Bedarf feststellen. Dar\u00fcber hinaus wird die Bew\u00e4sserung entsprechend des genauen Wasserverbedarfs gesteuert. Diese Ma\u00dfnahmen erg\u00e4nzen die bereits in allen unseren Gew\u00e4chsh\u00e4usern installierten Feuchtigkeits- und Temperaturf\u00fchler und erm\u00f6glichen die Verwaltung mehrerer Klimazonen.<\/p>\n<p>Gleichzeitig untersuchen unsere Teams das Wachstum und den Ertrag neuer Sorten wie Zitrusfr\u00fcchte und Avocados. Unser Ziel ist es, mit Hilfe unserer Partner und technischen Berater die Entwicklung neuer lokaler Sektoren zu f\u00f6rdern.<\/p>\n\t\t\t\t\t\t\t\t<\/div>\n\t\t\t\t<\/div>\n\t\t\t\t\t<\/div>\n\t\t<\/div>\n\t\t\t\t<div class=\"elementor-column elementor-col-33 elementor-top-column elementor-element elementor-element-584c21b\" data-id=\"584c21b\" data-element_type=\"column\" data-e-type=\"column\">\n\t\t\t<div class=\"elementor-widget-wrap\">\n\t\t\t\t\t\t\t<\/div>\n\t\t<\/div>\n\t\t\t\t\t<\/div>\n\t\t<\/section>\n\t\t\t\t<section class=\"elementor-section elementor-top-section elementor-element elementor-element-31f44ed elementor-section-stretched bandeau-bottom-contact elementor-section-boxed elementor-section-height-default elementor-section-height-default\" data-id=\"31f44ed\" data-element_type=\"section\" data-e-type=\"section\" data-settings=\"{&quot;stretch_section&quot;:&quot;section-stretched&quot;}\">\n\t\t\t\t\t\t<div class=\"elementor-container elementor-column-gap-no\">\n\t\t\t\t\t<div class=\"elementor-column elementor-col-100 elementor-top-column elementor-element elementor-element-d3bb1a4\" data-id=\"d3bb1a4\" data-element_type=\"column\" data-e-type=\"column\">\n\t\t\t<div class=\"elementor-widget-wrap elementor-element-populated\">\n\t\t\t\t\t\t<div class=\"elementor-element elementor-element-d661c14 elementor-widget elementor-widget-heading\" data-id=\"d661c14\" data-element_type=\"widget\" data-e-type=\"widget\" data-widget_type=\"heading.default\">\n\t\t\t\t<div class=\"elementor-widget-container\">\n\t\t\t\t\t<h3 class=\"elementor-heading-title elementor-size-default\">ENTDECKEN SIE ALLE UNSERE L\u00d6SUNGEN<\/h3>\t\t\t\t<\/div>\n\t\t\t\t<\/div>\n\t\t\t\t<div class=\"elementor-element elementor-element-bd9ddd9 elementor-widget elementor-widget-template\" data-id=\"bd9ddd9\" data-element_type=\"widget\" data-e-type=\"widget\" data-widget_type=\"template.default\">\n\t\t\t\t<div class=\"elementor-widget-container\">\n\t\t\t\t\t\t\t<div class=\"elementor-template\">\n\t\t\t\t\t<div data-elementor-type=\"section\" data-elementor-id=\"33213\" class=\"elementor elementor-33213 elementor-11335 elementor-11335\" data-elementor-post-type=\"elementor_library\">\n\t\t\t\t\t<section class=\"elementor-section elementor-top-section elementor-element elementor-element-57d6c0c elementor-section-stretched elementor-section-content-top block-liste-expertises elementor-section-boxed elementor-section-height-default elementor-section-height-default\" data-id=\"57d6c0c\" data-element_type=\"section\" data-e-type=\"section\" data-settings=\"{&quot;stretch_section&quot;:&quot;section-stretched&quot;}\">\n\t\t\t\t\t\t<div class=\"elementor-container elementor-column-gap-no\">\n\t\t\t\t\t<div class=\"elementor-column elementor-col-33 elementor-top-column elementor-element elementor-element-74ce7d33\" data-id=\"74ce7d33\" data-element_type=\"column\" data-e-type=\"column\">\n\t\t\t<div class=\"elementor-widget-wrap elementor-element-populated\">\n\t\t\t\t\t\t<div class=\"elementor-element elementor-element-17efbf13 item-link-expertise elementor-position-top elementor-widget elementor-widget-image-box\" data-id=\"17efbf13\" data-element_type=\"widget\" data-e-type=\"widget\" data-widget_type=\"image-box.default\">\n\t\t\t\t<div class=\"elementor-widget-container\">\n\t\t\t\t\t<div class=\"elementor-image-box-wrapper\"><figure class=\"elementor-image-box-img\"><a href=\"https:\/\/reden.solar\/de\/unsere-loesungen\/freiflaechen-photovoltaik\/\" title=\"Les centrales photovolta\u00efques au sol\" tabindex=\"-1\"><img decoding=\"async\" src=\"https:\/\/reden.solar\/wp-content\/uploads\/2023\/07\/img-centrales-min-1.webp\" title=\"img-centrales-min\" alt=\"img-centrales-min\" loading=\"lazy\" \/><\/a><\/figure><div class=\"elementor-image-box-content\"><p class=\"elementor-image-box-description\"><a href=\"\/de\/unsere-loesungen\/freiflaechen-photovoltaik\/\/\" title=\"lien Les centrales photovolta\u00efques au sol\" class=\"link-txt\"><img decoding=\"async\" src=\"\/wp-content\/uploads\/2020\/03\/picto-centrales.svg \" alt=\"pictogramme centrales photovolta\u00efques au sol\" width=\"75\"><span>Freifl\u00e4chen-<br>PhotovoltaiK<\/span><\/a><\/p><\/div><\/div>\t\t\t\t<\/div>\n\t\t\t\t<\/div>\n\t\t\t\t\t<\/div>\n\t\t<\/div>\n\t\t\t\t<div class=\"elementor-column elementor-col-33 elementor-top-column elementor-element elementor-element-55fce673\" data-id=\"55fce673\" data-element_type=\"column\" data-e-type=\"column\">\n\t\t\t<div class=\"elementor-widget-wrap elementor-element-populated\">\n\t\t\t\t\t\t<div class=\"elementor-element elementor-element-72270e43 item-link-expertise elementor-position-top elementor-widget elementor-widget-image-box\" data-id=\"72270e43\" data-element_type=\"widget\" data-e-type=\"widget\" data-widget_type=\"image-box.default\">\n\t\t\t\t<div class=\"elementor-widget-container\">\n\t\t\t\t\t<div class=\"elementor-image-box-wrapper\"><figure class=\"elementor-image-box-img\"><a href=\"https:\/\/reden.solar\/de\/unsere-loesungen\/parkplatzbeschattung-mit-photovoltaik\/\" title=\"Les ombri\u00e8res photovolta\u00efques de parking\" tabindex=\"-1\"><img decoding=\"async\" src=\"https:\/\/reden.solar\/wp-content\/uploads\/2023\/07\/slider-cemoi-1.webp\" title=\"slider-cemoi\" alt=\"slider-cemoi\" loading=\"lazy\" \/><\/a><\/figure><div class=\"elementor-image-box-content\"><p class=\"elementor-image-box-description\"><a href=\"\/de\/unsere-loesungen\/parkplatzbeschattung-mit-photovoltaik\/\" title=\"lien Les ombri\u00e8res photovolta\u00efques de parking\" class=\"link-txt\"><img decoding=\"async\" src=\"\/wp-content\/uploads\/2020\/03\/picto-ombrieres.svg \" alt=\"pictogramme ombri\u00e8res photovolta\u00efques de parking\" width=\"75\"><span>Parkplatzbeschattung<br>mit Photovoltaik<\/span><\/a><\/p><\/div><\/div>\t\t\t\t<\/div>\n\t\t\t\t<\/div>\n\t\t\t\t\t<\/div>\n\t\t<\/div>\n\t\t\t\t<div class=\"elementor-column elementor-col-33 elementor-top-column elementor-element elementor-element-6beb665c\" data-id=\"6beb665c\" data-element_type=\"column\" data-e-type=\"column\">\n\t\t\t<div class=\"elementor-widget-wrap elementor-element-populated\">\n\t\t\t\t\t\t<div class=\"elementor-element elementor-element-b4bfa item-link-expertise elementor-position-top elementor-widget elementor-widget-image-box\" data-id=\"b4bfa\" data-element_type=\"widget\" data-e-type=\"widget\" data-widget_type=\"image-box.default\">\n\t\t\t\t<div class=\"elementor-widget-container\">\n\t\t\t\t\t<div class=\"elementor-image-box-wrapper\"><figure class=\"elementor-image-box-img\"><a href=\"https:\/\/reden.solar\/de\/unsere-loesungen\/photovoltaik-daecher\/\" title=\"Les grandes toitures photovolta\u00efques\" tabindex=\"-1\"><img decoding=\"async\" src=\"https:\/\/reden.solar\/wp-content\/uploads\/2023\/11\/plan-de-travail-8.jpg\" title=\"Plan de travail 8\" alt=\"Plan de travail 8\" loading=\"lazy\" \/><\/a><\/figure><div class=\"elementor-image-box-content\"><p class=\"elementor-image-box-description\"><a href=\"\/nos-expertises\/les-grandes-toitures-photovoltaiques\" title=\"lien Les grandes toitures photovolta\u00efques\" class=\"link-txt\"><img decoding=\"async\" src=\"\/wp-content\/uploads\/2020\/03\/picto-grandes-toitures.svg \" alt=\"pictogramme grandes toitures photovolta\u00efques\" width=\"75\"><span>Photovoltaik<br>D\u00e4cher<\/span><\/a><\/p><\/div><\/div>\t\t\t\t<\/div>\n\t\t\t\t<\/div>\n\t\t\t\t\t<\/div>\n\t\t<\/div>\n\t\t\t\t\t<\/div>\n\t\t<\/section>\n\t\t\t\t<\/div>\n\t\t\t\t<\/div>\n\t\t\t\t\t\t<\/div>\n\t\t\t\t<\/div>\n\t\t\t\t<div class=\"elementor-element elementor-element-a1d143a elementor-widget elementor-widget-template\" data-id=\"a1d143a\" data-element_type=\"widget\" data-e-type=\"widget\" data-widget_type=\"template.default\">\n\t\t\t\t<div class=\"elementor-widget-container\">\n\t\t\t\t\t\t\t<div class=\"elementor-template\">\n\t\t\t\t\t<div data-elementor-type=\"section\" data-elementor-id=\"33217\" class=\"elementor elementor-33217 elementor-26824 elementor-26824\" data-elementor-post-type=\"elementor_library\">\n\t\t\t\t\t<section class=\"elementor-section elementor-top-section elementor-element elementor-element-57d6c0c elementor-section-stretched elementor-section-content-top block-liste-expertises elementor-section-boxed elementor-section-height-default elementor-section-height-default\" data-id=\"57d6c0c\" data-element_type=\"section\" data-e-type=\"section\" data-settings=\"{&quot;stretch_section&quot;:&quot;section-stretched&quot;}\">\n\t\t\t\t\t\t<div class=\"elementor-container elementor-column-gap-no\">\n\t\t\t\t\t<div class=\"elementor-column elementor-col-25 elementor-top-column elementor-element elementor-element-7da11cfe\" data-id=\"7da11cfe\" data-element_type=\"column\" data-e-type=\"column\">\n\t\t\t<div class=\"elementor-widget-wrap elementor-element-populated\">\n\t\t\t\t\t\t<div class=\"elementor-element elementor-element-1e7cad7c item-link-expertise elementor-position-top elementor-widget elementor-widget-image-box\" data-id=\"1e7cad7c\" data-element_type=\"widget\" data-e-type=\"widget\" data-widget_type=\"image-box.default\">\n\t\t\t\t<div class=\"elementor-widget-container\">\n\t\t\t\t\t<div class=\"elementor-image-box-wrapper\"><figure class=\"elementor-image-box-img\"><a href=\"https:\/\/reden.solar\/de\/unsere-loesungen\/agrivoltaische-gewaechshaeuser\/\" title=\"Les serres photovolta\u00efques\" tabindex=\"-1\"><img decoding=\"async\" src=\"https:\/\/reden.solar\/wp-content\/uploads\/2023\/08\/reden-solar-laragne-monteglin.jpg\" title=\"Reden_Solar_Laragne_Monteglin\" alt=\"Reden_Solar_Laragne_Monteglin\" loading=\"lazy\" \/><\/a><\/figure><div class=\"elementor-image-box-content\"><p class=\"elementor-image-box-description\"><a href=\"\/de\/unsere-loesungen\/agrivoltaische-gewaechshaeuser\/\" title=\"lien Les serres photovolta\u00efques\" class=\"link-txt\"><img decoding=\"async\" src=\"\/wp-content\/uploads\/2020\/03\/picto-serres.svg\" alt=\"pictogramme des serres\" width=\"75\"><span>Agrivoltaische<br>Gew\u00e4chsh\u00e4user<br class=\"hide-mobile\"><br class=\"hide-mobile\"><\/span><\/a><\/p><\/div><\/div>\t\t\t\t<\/div>\n\t\t\t\t<\/div>\n\t\t\t\t\t<\/div>\n\t\t<\/div>\n\t\t\t\t<div class=\"elementor-column elementor-col-25 elementor-top-column elementor-element elementor-element-8951fd7\" data-id=\"8951fd7\" data-element_type=\"column\" data-e-type=\"column\">\n\t\t\t<div class=\"elementor-widget-wrap elementor-element-populated\">\n\t\t\t\t\t\t<div class=\"elementor-element elementor-element-3f3faf6 item-link-expertise elementor-position-top elementor-widget elementor-widget-image-box\" data-id=\"3f3faf6\" data-element_type=\"widget\" data-e-type=\"widget\" data-widget_type=\"image-box.default\">\n\t\t\t\t<div class=\"elementor-widget-container\">\n\t\t\t\t\t<div class=\"elementor-image-box-wrapper\"><figure class=\"elementor-image-box-img\"><a href=\"https:\/\/reden.solar\/de\/unsere-loesungen\/agrivoltaik-standorte-fuer-viehzucht-und-ackerbau\/\" title=\"Les grandes toitures photovolta\u00efques\" tabindex=\"-1\"><img decoding=\"async\" src=\"https:\/\/reden.solar\/wp-content\/uploads\/2023\/11\/anyconv-com--fr-47-gmp--mcb-bv--reden-3-1-scaled.webp\" title=\"AnyConv.com__FR_47_GMP _MCB_BV_\u00a9_REDEN (3) (1)\" alt=\"AnyConv.com__FR_47_GMP _MCB_BV_\u00a9_REDEN (3) (1)\" loading=\"lazy\" \/><\/a><\/figure><div class=\"elementor-image-box-content\"><p class=\"elementor-image-box-description\"><a href=\"\/de\/unsere-loesungen\/agrivoltaik-standorte-fuer-viehzucht-und-ackerbau\/\" title=\"Sites agrivolta\u00efques\" class=\"link-txt\"><img decoding=\"async\" src=\"\/wp-content\/uploads\/2022\/05\/icone_agrivoltaisme.svg \" alt=\"pictogramme sites agrivolta\u00efques\" width=\"34\" \/><span>Agrivoltaik-Standorte<br> f\u00fcr Viehzucht <br>und Ackerbau<\/span><\/a><br>&nbsp;<br><\/p><\/div><\/div>\t\t\t\t<\/div>\n\t\t\t\t<\/div>\n\t\t\t\t\t<\/div>\n\t\t<\/div>\n\t\t\t\t<div class=\"elementor-column elementor-col-25 elementor-top-column elementor-element elementor-element-713aa14\" data-id=\"713aa14\" data-element_type=\"column\" data-e-type=\"column\">\n\t\t\t<div class=\"elementor-widget-wrap elementor-element-populated\">\n\t\t\t\t\t\t<div class=\"elementor-element elementor-element-38e874d item-link-expertise elementor-position-top elementor-widget elementor-widget-image-box\" data-id=\"38e874d\" data-element_type=\"widget\" data-e-type=\"widget\" data-widget_type=\"image-box.default\">\n\t\t\t\t<div class=\"elementor-widget-container\">\n\t\t\t\t\t<div class=\"elementor-image-box-wrapper\"><figure class=\"elementor-image-box-img\"><a href=\"https:\/\/reden.solar\/de\/unsere-loesungen\/agrivoltaische-beschattung-von-obstgaerten\/\" title=\"Les grandes toitures photovolta\u00efques\" tabindex=\"-1\"><img decoding=\"async\" src=\"https:\/\/reden.solar\/wp-content\/uploads\/2023\/11\/ombriserre-vue-3d-5-scaled.jpg\" title=\"Ombriserre Vue 3D 5\" alt=\"Ombriserre Vue 3D 5\" loading=\"lazy\" \/><\/a><\/figure><div class=\"elementor-image-box-content\"><p class=\"elementor-image-box-description\"><a href=\"\/de\/unsere-loesungen\/agrivoltaische-beschattung-von-obstgaerten\/\" title=\"Ombri\u00e8res agrivolta\u00efques\" class=\"link-txt\"><img decoding=\"async\" src=\"\/wp-content\/uploads\/2022\/05\/icone_agrivoltaisme.svg \" alt=\"pictogramme ombri\u00e8res agrivolta\u00efques\" width=\"34\" \/><span>Agrivoltaische-<br>Beschattung<br> von Obstg\u00e4rten<\/span><\/a><br>&nbsp;<br><\/p><\/div><\/div>\t\t\t\t<\/div>\n\t\t\t\t<\/div>\n\t\t\t\t\t<\/div>\n\t\t<\/div>\n\t\t\t\t<div class=\"elementor-column elementor-col-25 elementor-top-column elementor-element elementor-element-df27255\" data-id=\"df27255\" data-element_type=\"column\" data-e-type=\"column\">\n\t\t\t<div class=\"elementor-widget-wrap elementor-element-populated\">\n\t\t\t\t\t\t<div class=\"elementor-element elementor-element-f3406ae item-link-expertise elementor-position-top elementor-widget elementor-widget-image-box\" data-id=\"f3406ae\" data-element_type=\"widget\" data-e-type=\"widget\" data-widget_type=\"image-box.default\">\n\t\t\t\t<div class=\"elementor-widget-container\">\n\t\t\t\t\t<div class=\"elementor-image-box-wrapper\"><figure class=\"elementor-image-box-img\"><a href=\"https:\/\/reden.solar\/de\/unsere-loesungen\/energiespeicherung\/\" title=\"Les grandes toitures photovolta\u00efques\" tabindex=\"-1\"><img decoding=\"async\" src=\"https:\/\/reden.solar\/wp-content\/uploads\/2023\/11\/plan-de-travail-3-1.webp\" title=\"Caviar de Neuvic\" alt=\"Caviar de Neuvic\" loading=\"lazy\" \/><\/a><\/figure><div class=\"elementor-image-box-content\"><p class=\"elementor-image-box-description\"><a href=\"\/de\/unsere-loesungen\/energiespeicherung\/\" title=\"Energiespeicherung\" class=\"link-txt\"><img decoding=\"async\" src=\"\/wp-content\/uploads\/2020\/03\/picto-grandes-toitures.svg \" alt=\"pictogramme Toitures piscicoles photovolta\u00efques\" width=\"75\" \/><span>Energiespeicherung<\/span><\/a><br>&nbsp;<br><\/p><\/div><\/div>\t\t\t\t<\/div>\n\t\t\t\t<\/div>\n\t\t\t\t\t<\/div>\n\t\t<\/div>\n\t\t\t\t\t<\/div>\n\t\t<\/section>\n\t\t\t\t<\/div>\n\t\t\t\t<\/div>\n\t\t\t\t\t\t<\/div>\n\t\t\t\t<\/div>\n\t\t\t\t\t<\/div>\n\t\t<\/div>\n\t\t\t\t\t<\/div>\n\t\t<\/section>\n\t\t\t\t<section class=\"elementor-section elementor-top-section elementor-element elementor-element-e8aae8a elementor-section-stretched bandeau-bottom-contact elementor-section-boxed elementor-section-height-default elementor-section-height-default\" data-id=\"e8aae8a\" data-element_type=\"section\" data-e-type=\"section\" data-settings=\"{&quot;stretch_section&quot;:&quot;section-stretched&quot;}\">\n\t\t\t\t\t\t<div class=\"elementor-container elementor-column-gap-no\">\n\t\t\t\t\t<div class=\"elementor-column elementor-col-100 elementor-top-column elementor-element elementor-element-2cdd80e\" data-id=\"2cdd80e\" data-element_type=\"column\" data-e-type=\"column\">\n\t\t\t<div class=\"elementor-widget-wrap elementor-element-populated\">\n\t\t\t\t\t\t<div class=\"elementor-element elementor-element-13c6334 elementor-widget elementor-widget-image\" data-id=\"13c6334\" data-element_type=\"widget\" data-e-type=\"widget\" data-widget_type=\"image.default\">\n\t\t\t\t<div class=\"elementor-widget-container\">\n\t\t\t\t\t\t\t\t\t\t\t\t\t\t\t<img loading=\"lazy\" decoding=\"async\" width=\"1111\" height=\"480\" src=\"https:\/\/reden.solar\/wp-content\/uploads\/2023\/07\/bandeau-serre-photovoltaique-min-1.webp\" class=\"attachment-full size-full wp-image-22914\" alt=\"\" srcset=\"https:\/\/reden.solar\/wp-content\/uploads\/2023\/07\/bandeau-serre-photovoltaique-min-1.webp 1111w, https:\/\/reden.solar\/wp-content\/uploads\/2023\/07\/bandeau-serre-photovoltaique-min-1-300x130.webp 300w, https:\/\/reden.solar\/wp-content\/uploads\/2023\/07\/bandeau-serre-photovoltaique-min-1-1024x442.webp 1024w, https:\/\/reden.solar\/wp-content\/uploads\/2023\/07\/bandeau-serre-photovoltaique-min-1-768x332.webp 768w\" sizes=\"(max-width: 1111px) 100vw, 1111px\" \/>\t\t\t\t\t\t\t\t\t\t\t\t\t\t\t<\/div>\n\t\t\t\t<\/div>\n\t\t\t\t<div class=\"elementor-element elementor-element-a24ce54 section-contact-bottom elementor-widget__width-initial elementor-absolute elementor-widget-mobile__width-inherit elementor-widget elementor-widget-text-editor\" data-id=\"a24ce54\" data-element_type=\"widget\" data-e-type=\"widget\" data-settings=\"{&quot;_position&quot;:&quot;absolute&quot;}\" data-widget_type=\"text-editor.default\">\n\t\t\t\t<div class=\"elementor-widget-container\">\n\t\t\t\t\t\t\t\t\t<p><strong>Sie sind Landwirt, G\u00e4rtner oder Landschaftsgestalter?<\/strong><\/p><p>Sie suchen einen zuverl\u00e4ssigen und erfahrenen Partner, um ein Projekt zu entwickeln, von dem alle profitieren?<br \/>Kontaktieren Sie uns f\u00fcr eine kostenlose Machbarkeitsstudie.<\/p><p><a class=\"cta-contact-bottom\" title=\"NOUS CONTACTER\" href=\"https:\/\/reden.solar\/de\/kontaktieren-sie-uns\/?choix=4\">KONTAKTIEREN SIE UNS<\/a><\/p>\t\t\t\t\t\t\t\t<\/div>\n\t\t\t\t<\/div>\n\t\t\t\t\t<\/div>\n\t\t<\/div>\n\t\t\t\t\t<\/div>\n\t\t<\/section>\n\t\t\t\t<section class=\"elementor-section elementor-top-section elementor-element elementor-element-e1b942b elementor-section-boxed elementor-section-height-default elementor-section-height-default\" data-id=\"e1b942b\" data-element_type=\"section\" data-e-type=\"section\">\n\t\t\t\t\t\t<div class=\"elementor-container elementor-column-gap-default\">\n\t\t\t\t\t<div class=\"elementor-column elementor-col-100 elementor-top-column elementor-element elementor-element-60b9ea5\" data-id=\"60b9ea5\" data-element_type=\"column\" data-e-type=\"column\">\n\t\t\t<div class=\"elementor-widget-wrap\">\n\t\t\t\t\t\t\t<\/div>\n\t\t<\/div>\n\t\t\t\t\t<\/div>\n\t\t<\/section>\n\t\t\t\t<\/div>\n\t\t","protected":false},"excerpt":{"rendered":"<p>Unsere L\u00f6sungen DAS AGRIVOLTAISCHE GEW\u00c4CHSHAUS VON REDEN: EINE NACHHALTIGE L\u00d6SUNG F\u00dcR DIE LANDWIRTSCHAFT REDEN entwickelte die\u00a0ERSTE ERSTEN AGRIVOLTAIK-GEW\u00c4CHSH\u00c4USER IN FRANKREICH. Dieses ma\u00dfgeschneiderte Konzept wurde 2010 in unserem Planungsb\u00fcro und unserem Modulwerk in Roquefort entwickelt. Es bietet eine beispiellose Flexibilit\u00e4t bei der Planung von Anlagen mit einer Vielzahl technischer Optionen. So wird jedes Gew\u00e4chshaus an das &#8230; <a title=\"Agrivoltaische Gew\u00e4chsh\u00e4user\" class=\"read-more\" href=\"https:\/\/reden.solar\/de\/unsere-loesungen\/agrivoltaische-gewaechshaeuser\/\" aria-label=\"Mehr Informationen \u00fcber Agrivoltaische Gew\u00e4chsh\u00e4user\">Weiterlesen<\/a><\/p>\n","protected":false},"author":3,"featured_media":0,"parent":32685,"menu_order":0,"comment_status":"closed","ping_status":"closed","template":"elementor_header_footer","meta":{"inline_featured_image":false,"footnotes":""},"class_list":["post-33042","page","type-page","status-publish"],"yoast_head":"<!-- This site is optimized with the Yoast SEO plugin v27.4 - https:\/\/yoast.com\/product\/yoast-seo-wordpress\/ -->\n<title>Agrivoltaische Gew\u00e4chsh\u00e4user - REDEN<\/title>\n<meta name=\"description\" content=\"Entdecken Sie die photovoltaischen Gew\u00e4chsh\u00e4user von REDEN, ein echtes photovoltaisches Werkzeug, das Landwirtschaft und gr\u00fcne Energieerzeugung miteinander verbindet.\" \/>\n<meta name=\"robots\" content=\"index, follow, max-snippet:-1, max-image-preview:large, max-video-preview:-1\" \/>\n<link rel=\"canonical\" href=\"https:\/\/reden.solar\/de\/unsere-loesungen\/agrivoltaische-gewaechshaeuser\/\" \/>\n<meta property=\"og:locale\" content=\"de_DE\" \/>\n<meta property=\"og:type\" content=\"article\" \/>\n<meta property=\"og:title\" content=\"Agrivoltaische Gew\u00e4chsh\u00e4user - REDEN\" \/>\n<meta property=\"og:description\" content=\"Entdecken Sie die photovoltaischen Gew\u00e4chsh\u00e4user von REDEN, ein echtes photovoltaisches Werkzeug, das Landwirtschaft und gr\u00fcne Energieerzeugung miteinander verbindet.\" \/>\n<meta property=\"og:url\" content=\"https:\/\/reden.solar\/de\/unsere-loesungen\/agrivoltaische-gewaechshaeuser\/\" \/>\n<meta property=\"og:site_name\" content=\"REDEN\" \/>\n<meta property=\"article:modified_time\" content=\"2024-07-24T08:13:58+00:00\" \/>\n<meta property=\"og:image\" content=\"https:\/\/reden.solar\/wp-content\/uploads\/2023\/11\/91960953-coche-ou-coche-icone-vecteur-symbole-marqueur-rouge-coche-isole-sur-fond-blanc-300x300.jpg\" \/>\n<meta name=\"twitter:card\" content=\"summary_large_image\" \/>\n<meta name=\"twitter:label1\" content=\"Gesch\u00e4tzte Lesezeit\" \/>\n\t<meta name=\"twitter:data1\" content=\"12\u00a0Minuten\" \/>\n<script type=\"application\/ld+json\" class=\"yoast-schema-graph\">{\"@context\":\"https:\\\/\\\/schema.org\",\"@graph\":[{\"@type\":\"WebPage\",\"@id\":\"https:\\\/\\\/reden.solar\\\/de\\\/unsere-loesungen\\\/agrivoltaische-gewaechshaeuser\\\/\",\"url\":\"https:\\\/\\\/reden.solar\\\/de\\\/unsere-loesungen\\\/agrivoltaische-gewaechshaeuser\\\/\",\"name\":\"Agrivoltaische Gew\u00e4chsh\u00e4user - REDEN\",\"isPartOf\":{\"@id\":\"https:\\\/\\\/reden.solar\\\/de\\\/#website\"},\"primaryImageOfPage\":{\"@id\":\"https:\\\/\\\/reden.solar\\\/de\\\/unsere-loesungen\\\/agrivoltaische-gewaechshaeuser\\\/#primaryimage\"},\"image\":{\"@id\":\"https:\\\/\\\/reden.solar\\\/de\\\/unsere-loesungen\\\/agrivoltaische-gewaechshaeuser\\\/#primaryimage\"},\"thumbnailUrl\":\"https:\\\/\\\/reden.solar\\\/wp-content\\\/uploads\\\/2023\\\/11\\\/91960953-coche-ou-coche-icone-vecteur-symbole-marqueur-rouge-coche-isole-sur-fond-blanc-300x300.jpg\",\"datePublished\":\"2024-07-23T08:46:23+00:00\",\"dateModified\":\"2024-07-24T08:13:58+00:00\",\"description\":\"Entdecken Sie die photovoltaischen Gew\u00e4chsh\u00e4user von REDEN, ein echtes photovoltaisches Werkzeug, das Landwirtschaft und gr\u00fcne Energieerzeugung miteinander verbindet.\",\"breadcrumb\":{\"@id\":\"https:\\\/\\\/reden.solar\\\/de\\\/unsere-loesungen\\\/agrivoltaische-gewaechshaeuser\\\/#breadcrumb\"},\"inLanguage\":\"de\",\"potentialAction\":[{\"@type\":\"ReadAction\",\"target\":[\"https:\\\/\\\/reden.solar\\\/de\\\/unsere-loesungen\\\/agrivoltaische-gewaechshaeuser\\\/\"]}]},{\"@type\":\"ImageObject\",\"inLanguage\":\"de\",\"@id\":\"https:\\\/\\\/reden.solar\\\/de\\\/unsere-loesungen\\\/agrivoltaische-gewaechshaeuser\\\/#primaryimage\",\"url\":\"https:\\\/\\\/reden.solar\\\/wp-content\\\/uploads\\\/2023\\\/11\\\/91960953-coche-ou-coche-icone-vecteur-symbole-marqueur-rouge-coche-isole-sur-fond-blanc-300x300.jpg\",\"contentUrl\":\"https:\\\/\\\/reden.solar\\\/wp-content\\\/uploads\\\/2023\\\/11\\\/91960953-coche-ou-coche-icone-vecteur-symbole-marqueur-rouge-coche-isole-sur-fond-blanc-300x300.jpg\"},{\"@type\":\"BreadcrumbList\",\"@id\":\"https:\\\/\\\/reden.solar\\\/de\\\/unsere-loesungen\\\/agrivoltaische-gewaechshaeuser\\\/#breadcrumb\",\"itemListElement\":[{\"@type\":\"ListItem\",\"position\":1,\"name\":\"Accueil\",\"item\":\"https:\\\/\\\/reden.solar\\\/de\\\/\"},{\"@type\":\"ListItem\",\"position\":2,\"name\":\"Unsere L\u00f6sungen\",\"item\":\"https:\\\/\\\/reden.solar\\\/de\\\/nos-expertises\\\/\"},{\"@type\":\"ListItem\",\"position\":3,\"name\":\"Agrivoltaische Gew\u00e4chsh\u00e4user\"}]},{\"@type\":\"WebSite\",\"@id\":\"https:\\\/\\\/reden.solar\\\/de\\\/#website\",\"url\":\"https:\\\/\\\/reden.solar\\\/de\\\/\",\"name\":\"REDEN\",\"description\":\"Sp\u00e9cialiste de la production d\u2019\u00e9lectricit\u00e9 photovolta\u00efque et du stockage d&#039;\u00e9nergie\",\"publisher\":{\"@id\":\"https:\\\/\\\/reden.solar\\\/de\\\/#organization\"},\"potentialAction\":[{\"@type\":\"SearchAction\",\"target\":{\"@type\":\"EntryPoint\",\"urlTemplate\":\"https:\\\/\\\/reden.solar\\\/de\\\/?s={search_term_string}\"},\"query-input\":{\"@type\":\"PropertyValueSpecification\",\"valueRequired\":true,\"valueName\":\"search_term_string\"}}],\"inLanguage\":\"de\"},{\"@type\":\"Organization\",\"@id\":\"https:\\\/\\\/reden.solar\\\/de\\\/#organization\",\"name\":\"REDEN\",\"url\":\"https:\\\/\\\/reden.solar\\\/de\\\/\",\"logo\":{\"@type\":\"ImageObject\",\"inLanguage\":\"de\",\"@id\":\"https:\\\/\\\/reden.solar\\\/de\\\/#\\\/schema\\\/logo\\\/image\\\/\",\"url\":\"https:\\\/\\\/reden.solar\\\/wp-content\\\/uploads\\\/2025\\\/01\\\/cropped-reden-quadri.png\",\"contentUrl\":\"https:\\\/\\\/reden.solar\\\/wp-content\\\/uploads\\\/2025\\\/01\\\/cropped-reden-quadri.png\",\"width\":2399,\"height\":850,\"caption\":\"REDEN\"},\"image\":{\"@id\":\"https:\\\/\\\/reden.solar\\\/de\\\/#\\\/schema\\\/logo\\\/image\\\/\"},\"sameAs\":[\"https:\\\/\\\/www.linkedin.com\\\/company\\\/redensolar\\\/mycompany\\\/\",\"https:\\\/\\\/vimeo.com\\\/redensolar\"]}]}<\/script>\n<!-- \/ Yoast SEO plugin. -->","yoast_head_json":{"title":"Agrivoltaische Gew\u00e4chsh\u00e4user - REDEN","description":"Entdecken Sie die photovoltaischen Gew\u00e4chsh\u00e4user von REDEN, ein echtes photovoltaisches Werkzeug, das Landwirtschaft und gr\u00fcne Energieerzeugung miteinander verbindet.","robots":{"index":"index","follow":"follow","max-snippet":"max-snippet:-1","max-image-preview":"max-image-preview:large","max-video-preview":"max-video-preview:-1"},"canonical":"https:\/\/reden.solar\/de\/unsere-loesungen\/agrivoltaische-gewaechshaeuser\/","og_locale":"de_DE","og_type":"article","og_title":"Agrivoltaische Gew\u00e4chsh\u00e4user - REDEN","og_description":"Entdecken Sie die photovoltaischen Gew\u00e4chsh\u00e4user von REDEN, ein echtes photovoltaisches Werkzeug, das Landwirtschaft und gr\u00fcne Energieerzeugung miteinander verbindet.","og_url":"https:\/\/reden.solar\/de\/unsere-loesungen\/agrivoltaische-gewaechshaeuser\/","og_site_name":"REDEN","article_modified_time":"2024-07-24T08:13:58+00:00","og_image":[{"url":"https:\/\/reden.solar\/wp-content\/uploads\/2023\/11\/91960953-coche-ou-coche-icone-vecteur-symbole-marqueur-rouge-coche-isole-sur-fond-blanc-300x300.jpg","type":"","width":"","height":""}],"twitter_card":"summary_large_image","twitter_misc":{"Gesch\u00e4tzte Lesezeit":"12\u00a0Minuten"},"schema":{"@context":"https:\/\/schema.org","@graph":[{"@type":"WebPage","@id":"https:\/\/reden.solar\/de\/unsere-loesungen\/agrivoltaische-gewaechshaeuser\/","url":"https:\/\/reden.solar\/de\/unsere-loesungen\/agrivoltaische-gewaechshaeuser\/","name":"Agrivoltaische Gew\u00e4chsh\u00e4user - REDEN","isPartOf":{"@id":"https:\/\/reden.solar\/de\/#website"},"primaryImageOfPage":{"@id":"https:\/\/reden.solar\/de\/unsere-loesungen\/agrivoltaische-gewaechshaeuser\/#primaryimage"},"image":{"@id":"https:\/\/reden.solar\/de\/unsere-loesungen\/agrivoltaische-gewaechshaeuser\/#primaryimage"},"thumbnailUrl":"https:\/\/reden.solar\/wp-content\/uploads\/2023\/11\/91960953-coche-ou-coche-icone-vecteur-symbole-marqueur-rouge-coche-isole-sur-fond-blanc-300x300.jpg","datePublished":"2024-07-23T08:46:23+00:00","dateModified":"2024-07-24T08:13:58+00:00","description":"Entdecken Sie die photovoltaischen Gew\u00e4chsh\u00e4user von REDEN, ein echtes photovoltaisches Werkzeug, das Landwirtschaft und gr\u00fcne Energieerzeugung miteinander verbindet.","breadcrumb":{"@id":"https:\/\/reden.solar\/de\/unsere-loesungen\/agrivoltaische-gewaechshaeuser\/#breadcrumb"},"inLanguage":"de","potentialAction":[{"@type":"ReadAction","target":["https:\/\/reden.solar\/de\/unsere-loesungen\/agrivoltaische-gewaechshaeuser\/"]}]},{"@type":"ImageObject","inLanguage":"de","@id":"https:\/\/reden.solar\/de\/unsere-loesungen\/agrivoltaische-gewaechshaeuser\/#primaryimage","url":"https:\/\/reden.solar\/wp-content\/uploads\/2023\/11\/91960953-coche-ou-coche-icone-vecteur-symbole-marqueur-rouge-coche-isole-sur-fond-blanc-300x300.jpg","contentUrl":"https:\/\/reden.solar\/wp-content\/uploads\/2023\/11\/91960953-coche-ou-coche-icone-vecteur-symbole-marqueur-rouge-coche-isole-sur-fond-blanc-300x300.jpg"},{"@type":"BreadcrumbList","@id":"https:\/\/reden.solar\/de\/unsere-loesungen\/agrivoltaische-gewaechshaeuser\/#breadcrumb","itemListElement":[{"@type":"ListItem","position":1,"name":"Accueil","item":"https:\/\/reden.solar\/de\/"},{"@type":"ListItem","position":2,"name":"Unsere L\u00f6sungen","item":"https:\/\/reden.solar\/de\/nos-expertises\/"},{"@type":"ListItem","position":3,"name":"Agrivoltaische Gew\u00e4chsh\u00e4user"}]},{"@type":"WebSite","@id":"https:\/\/reden.solar\/de\/#website","url":"https:\/\/reden.solar\/de\/","name":"REDEN","description":"Sp\u00e9cialiste de la production d\u2019\u00e9lectricit\u00e9 photovolta\u00efque et du stockage d&#039;\u00e9nergie","publisher":{"@id":"https:\/\/reden.solar\/de\/#organization"},"potentialAction":[{"@type":"SearchAction","target":{"@type":"EntryPoint","urlTemplate":"https:\/\/reden.solar\/de\/?s={search_term_string}"},"query-input":{"@type":"PropertyValueSpecification","valueRequired":true,"valueName":"search_term_string"}}],"inLanguage":"de"},{"@type":"Organization","@id":"https:\/\/reden.solar\/de\/#organization","name":"REDEN","url":"https:\/\/reden.solar\/de\/","logo":{"@type":"ImageObject","inLanguage":"de","@id":"https:\/\/reden.solar\/de\/#\/schema\/logo\/image\/","url":"https:\/\/reden.solar\/wp-content\/uploads\/2025\/01\/cropped-reden-quadri.png","contentUrl":"https:\/\/reden.solar\/wp-content\/uploads\/2025\/01\/cropped-reden-quadri.png","width":2399,"height":850,"caption":"REDEN"},"image":{"@id":"https:\/\/reden.solar\/de\/#\/schema\/logo\/image\/"},"sameAs":["https:\/\/www.linkedin.com\/company\/redensolar\/mycompany\/","https:\/\/vimeo.com\/redensolar"]}]}},"_links":{"self":[{"href":"https:\/\/reden.solar\/de\/wp-json\/wp\/v2\/pages\/33042","targetHints":{"allow":["GET"]}}],"collection":[{"href":"https:\/\/reden.solar\/de\/wp-json\/wp\/v2\/pages"}],"about":[{"href":"https:\/\/reden.solar\/de\/wp-json\/wp\/v2\/types\/page"}],"author":[{"embeddable":true,"href":"https:\/\/reden.solar\/de\/wp-json\/wp\/v2\/users\/3"}],"replies":[{"embeddable":true,"href":"https:\/\/reden.solar\/de\/wp-json\/wp\/v2\/comments?post=33042"}],"version-history":[{"count":5,"href":"https:\/\/reden.solar\/de\/wp-json\/wp\/v2\/pages\/33042\/revisions"}],"predecessor-version":[{"id":33421,"href":"https:\/\/reden.solar\/de\/wp-json\/wp\/v2\/pages\/33042\/revisions\/33421"}],"up":[{"embeddable":true,"href":"https:\/\/reden.solar\/de\/wp-json\/wp\/v2\/pages\/32685"}],"wp:attachment":[{"href":"https:\/\/reden.solar\/de\/wp-json\/wp\/v2\/media?parent=33042"}],"curies":[{"name":"wp","href":"https:\/\/api.w.org\/{rel}","templated":true}]}}