{"id":2219,"date":"2020-06-11T15:33:11","date_gmt":"2020-06-11T13:33:11","guid":{"rendered":"https:\/\/reden.solar\/?page_id=2219"},"modified":"2026-04-22T17:10:17","modified_gmt":"2026-04-22T15:10:17","slug":"terms-of-use","status":"publish","type":"page","link":"https:\/\/reden.solar\/en\/terms-of-use\/","title":{"rendered":"Terms of use"},"content":{"rendered":"\t\t<div data-elementor-type=\"wp-page\" data-elementor-id=\"2219\" class=\"elementor elementor-2219 elementor-967\" data-elementor-post-type=\"page\">\n\t\t\t\t\t\t<section class=\"elementor-section elementor-top-section elementor-element elementor-element-2de7db3a Titre-ML elementor-section-boxed elementor-section-height-default elementor-section-height-default\" data-id=\"2de7db3a\" data-element_type=\"section\" data-e-type=\"section\">\n\t\t\t\t\t\t<div class=\"elementor-container elementor-column-gap-no\">\n\t\t\t\t\t<div class=\"elementor-column elementor-col-100 elementor-top-column elementor-element elementor-element-2b6ad140\" data-id=\"2b6ad140\" data-element_type=\"column\" data-e-type=\"column\">\n\t\t\t<div class=\"elementor-widget-wrap elementor-element-populated\">\n\t\t\t\t\t\t<div class=\"elementor-element elementor-element-34335c7 elementor-widget elementor-widget-text-editor\" data-id=\"34335c7\" data-element_type=\"widget\" data-e-type=\"widget\" data-widget_type=\"text-editor.default\">\n\t\t\t\t<div class=\"elementor-widget-container\">\n\t\t\t\t\t\t\t\t\t<p><strong>Terms and Conditions of Use <\/strong><\/p>\t\t\t\t\t\t\t\t<\/div>\n\t\t\t\t<\/div>\n\t\t\t\t<div class=\"elementor-element elementor-element-9caf18c elementor-widget elementor-widget-text-editor\" data-id=\"9caf18c\" data-element_type=\"widget\" data-e-type=\"widget\" data-widget_type=\"text-editor.default\">\n\t\t\t\t<div class=\"elementor-widget-container\">\n\t\t\t\t\t\t\t\t\t<p style=\"text-align: center;\"><em>(updated in April 2026)<\/em><\/p><p>\u00a0<\/p><p>By continuing to browse this Site, you agree to the following terms and conditions.<\/p><p>\u00a0<\/p><p>The current online version of these terms and conditions is the only enforceable version until a new version replaces it.<\/p><p>\u00a0<\/p><p>Welcome to the website \u00ab www.reden.solar \u00bb (hereinafter the \u00ab <strong>Site<\/strong> \u00bb).<\/p><p>\u00a0<\/p><p>The Site is the property of <strong>REDEN<\/strong> <strong>SOLAR<\/strong>, a simplified joint-stock company (SAS) with a share capital of \u20ac50,514,572.87, registered under number 500 661 806 with the Trade and Companies Register of Agen, whose registered office is located at 2 route des M\u00fbres, ZAC des Champs de Lescaze, 47310 Roquefort, France, and whose VAT number is FR 85 500 661 806 (hereinafter \u00ab <strong>REDEN<\/strong> \u00bb).<\/p>\t\t\t\t\t\t\t\t<\/div>\n\t\t\t\t<\/div>\n\t\t\t\t\t<\/div>\n\t\t<\/div>\n\t\t\t\t\t<\/div>\n\t\t<\/section>\n\t\t\t\t<section class=\"elementor-section elementor-top-section elementor-element elementor-element-53853d7c txt-ML elementor-section-boxed elementor-section-height-default elementor-section-height-default\" data-id=\"53853d7c\" data-element_type=\"section\" data-e-type=\"section\">\n\t\t\t\t\t\t<div class=\"elementor-container elementor-column-gap-no\">\n\t\t\t\t\t<div class=\"elementor-column elementor-col-100 elementor-top-column elementor-element elementor-element-171fc96c\" data-id=\"171fc96c\" data-element_type=\"column\" data-e-type=\"column\">\n\t\t\t<div class=\"elementor-widget-wrap elementor-element-populated\">\n\t\t\t\t\t\t<div class=\"elementor-element elementor-element-27f76a0b elementor-widget elementor-widget-text-editor\" data-id=\"27f76a0b\" data-element_type=\"widget\" data-e-type=\"widget\" data-widget_type=\"text-editor.default\">\n\t\t\t\t<div class=\"elementor-widget-container\">\n\t\t\t\t\t\t\t\t\t<h3 style=\"text-align: center;\">1. Purpose of the Terms and Conditions of Use<\/h3><p>These General Terms and Conditions of Use (hereinafter the <strong>\u00ab Terms and Conditions \u00bb<\/strong>) apply to the user (hereinafter the <strong>\u00ab User \u00bb<\/strong>) who accesses and uses the Site.<\/p>\t\t\t\t\t\t\t\t<\/div>\n\t\t\t\t<\/div>\n\t\t\t\t<div class=\"elementor-element elementor-element-cb5f1bb elementor-widget elementor-widget-text-editor\" data-id=\"cb5f1bb\" data-element_type=\"widget\" data-e-type=\"widget\" data-widget_type=\"text-editor.default\">\n\t\t\t\t<div class=\"elementor-widget-container\">\n\t\t\t\t\t\t\t\t\t<h3 style=\"text-align: center;\">2. Acceptance of the Terms and Conditions<\/h3><p>In accordance with the law, REDEN invites Users of the Site to read these Terms and Conditions governing the use of the Site.<br \/>By accessing, visiting and\/or using this Site, the User acknowledges having read, understood and accepted to be bound by these Terms and Conditions. If the User does not accept these Terms and Conditions, the User must not use the Site. The content of the Terms and Conditions may be subject to change; consequently, REDEN invites the User to consult them regularly. By browsing this Site, the User undertakes to comply with the applicable laws and regulations.<\/p>\t\t\t\t\t\t\t\t<\/div>\n\t\t\t\t<\/div>\n\t\t\t\t<div class=\"elementor-element elementor-element-af4b9f5 elementor-widget elementor-widget-text-editor\" data-id=\"af4b9f5\" data-element_type=\"widget\" data-e-type=\"widget\" data-widget_type=\"text-editor.default\">\n\t\t\t\t<div class=\"elementor-widget-container\">\n\t\t\t\t\t\t\t\t\t<h3 style=\"text-align: center;\"><span style=\"letter-spacing: 0.9px;\">3. International Terms and Conditions of Use<\/span><\/h3><p>The Site is available in several languages and provides access to other websites belonging to REDEN, relating to foreign companies that are subsidiaries within the meaning of Article L. 233-1 of the French Commercial Code, of REDEN (hereinafter the \u00ab <strong>REDEN Group <\/strong>\u00bb), which may have their own legal notices that must be consulted and complied with.<\/p><p>In the event of any discrepancy between the information presented in the French version of the Site and the information presented in the other versions of the Site, the information presented in the French version of the Site shall prevail.<\/p>\t\t\t\t\t\t\t\t<\/div>\n\t\t\t\t<\/div>\n\t\t\t\t<div class=\"elementor-element elementor-element-c93d338 elementor-widget elementor-widget-text-editor\" data-id=\"c93d338\" data-element_type=\"widget\" data-e-type=\"widget\" data-widget_type=\"text-editor.default\">\n\t\t\t\t<div class=\"elementor-widget-container\">\n\t\t\t\t\t\t\t\t\t<h3 style=\"font-style: normal; letter-spacing: 0.9px; text-align: center;\"><span style=\"letter-spacing: 0.9px;\">4. Use of the Site<\/span><\/h3><p>The Site provides information relating to the activities of the REDEN Group. The information provided on the Site is for informational and indicative purposes only. REDEN endeavours to ensure the accuracy and updating of the information published on the Site and reserves the right, at any time and at its sole discretion, to modify the content of the Site.<\/p>\t\t\t\t\t\t\t\t<\/div>\n\t\t\t\t<\/div>\n\t\t\t\t<div class=\"elementor-element elementor-element-e02d5bc elementor-widget elementor-widget-text-editor\" data-id=\"e02d5bc\" data-element_type=\"widget\" data-e-type=\"widget\" data-widget_type=\"text-editor.default\">\n\t\t\t\t<div class=\"elementor-widget-container\">\n\t\t\t\t\t\t\t\t\t<h3 style=\"text-align: center; letter-spacing: 0.9px; font-style: normal;\">5. Accessibility of the Site<\/h3><p>The Site is accessible 24 hours a day, 7 days a week, except during maintenance periods. REDEN cannot guarantee that the operation of the Site will be uninterrupted. Likewise, REDEN shall not be held liable for events due to force majeure, breakdowns or technical issues relating to hardware, programs, software or the Internet network that may result in the suspension or termination of the service. REDEN shall not be liable for delays, difficulties in use, or incompatibility between the Site and files, your browser or any other program used to access the Site.<\/p><p>The Site is made available free of charge (excluding any Internet connection costs, which remain the responsibility of the User).<\/p>\t\t\t\t\t\t\t\t<\/div>\n\t\t\t\t<\/div>\n\t\t\t\t<div class=\"elementor-element elementor-element-d5a0b81 elementor-widget elementor-widget-text-editor\" data-id=\"d5a0b81\" data-element_type=\"widget\" data-e-type=\"widget\" data-widget_type=\"text-editor.default\">\n\t\t\t\t<div class=\"elementor-widget-container\">\n\t\t\t\t\t\t\t\t\t<h3 style=\"text-align: center;\">6. Intellectual Property<\/h3><p>The trademarks and logos (semi-figurative trademarks) of REDEN and the REDEN Group displayed on the Site are registered trademarks. Any total or partial reproduction or representation, whether standalone or integrated into other elements, without the prior, express and written authorization of REDEN, is strictly prohibited.<\/p><p>The general structure, software, texts, images, videos, sounds, know-how, animations, and more generally all information and content appearing on the Site are the property of REDEN or are subject to a right of use or exploitation. These elements are protected by legislation relating to copyright. Any representation, modification, reproduction, distortion, whether total or partial, of all or part of the Site or its content, by any means whatsoever and on any medium whatsoever, would constitute an infringement punishable under Articles L. 335-2 et seq. of the French Intellectual Property Code.<\/p><p>If the User wishes to use any content of the Site (text, image, etc.), they must obtain the prior, express and written authorization of REDEN by writing to the Site\u2019s Publishing Director at the email address indicated in the legal notices.<\/p>\t\t\t\t\t\t\t\t<\/div>\n\t\t\t\t<\/div>\n\t\t\t\t<div class=\"elementor-element elementor-element-f2ef932 elementor-widget elementor-widget-text-editor\" data-id=\"f2ef932\" data-element_type=\"widget\" data-e-type=\"widget\" data-widget_type=\"text-editor.default\">\n\t\t\t\t<div class=\"elementor-widget-container\">\n\t\t\t\t\t\t\t\t\t<h3 style=\"text-align: center;\">7. Privacy Policy and Protection of Personal Data<\/h3><p>The protection of the User\u2019s personal data is a key concern for REDEN. REDEN and the REDEN Group process certain personal data of the User (hereinafter the <strong>\u00ab Data \u00bb<\/strong>). The purpose of REDEN\u2019s privacy policy is to provide the User with information regarding the processing of the Data by REDEN and the User\u2019s rights with respect to data protection within the meaning of the General Data Protection Regulation (GDPR). Aware of the importance of such Data, REDEN undertakes to protect personal data in compliance with the applicable legal provisions.<\/p><p>For further information, the User may consult the page <strong>\u00ab REDEN GDPR and Cookie Policy \u00bb<\/strong>.<\/p>\t\t\t\t\t\t\t\t<\/div>\n\t\t\t\t<\/div>\n\t\t\t\t<div class=\"elementor-element elementor-element-4bff143 elementor-widget elementor-widget-text-editor\" data-id=\"4bff143\" data-element_type=\"widget\" data-e-type=\"widget\" data-widget_type=\"text-editor.default\">\n\t\t\t\t<div class=\"elementor-widget-container\">\n\t\t\t\t\t\t\t\t\t<h3 style=\"text-align: center;\">8. Privacy Policy and Cookies (\u00ab cookies \u00bb)<\/h3><p>When visiting the Site, the User is informed that a browsing tracker (also known as a \u00ab cookie \u00bb or \u00ab tracker \u00bb) may be automatically installed on their browser software. This is a block of data that is not used for identification purposes but is intended to record information relating to the User\u2019s browsing on the Site. It contains several pieces of data, including, among others: the name of the server that deposited it; an identifier in the form of a unique number; and, where applicable, an expiration date.<\/p><p>Cookies are technologies that allow REDEN and\/or its partners to place or read information stored on the terminal (for example, your computer, tablet or smartphone) used by the User when visiting the Site.<\/p><p>For further information, the User may consult the page <strong>\u00ab REDEN GDPR and Cookie Policy \u00bb<\/strong>.<\/p>\t\t\t\t\t\t\t\t<\/div>\n\t\t\t\t<\/div>\n\t\t\t\t<div class=\"elementor-element elementor-element-b8e7ec2 elementor-widget elementor-widget-text-editor\" data-id=\"b8e7ec2\" data-element_type=\"widget\" data-e-type=\"widget\" data-widget_type=\"text-editor.default\">\n\t\t\t\t<div class=\"elementor-widget-container\">\n\t\t\t\t\t\t\t\t\t<h3 style=\"text-align: center;\">9. Third-party cookies and social networks<\/h3><p>Social plugins or social network sharing buttons may, subject to the User\u2019s consent, be present on the Site to enable the User to access content-sharing functionalities with other users on social networks from the Site, or to inform such other users of the User\u2019s consultation of or opinion on content from the Site (social plugins such as \u201clike\u201d, \u201cshare\u201d, etc.).<\/p><p>By their mere presence, these social plugins \u2013 whether or not the User is a subscriber to these social platforms \u2013 may place cookies on the User\u2019s browser software in order to track their browsing activity and identify their areas of interest. REDEN has no control over the process used by social networks to collect information relating to the User\u2019s browsing on the Site.<\/p><p>The issuance and use of cookies by these third parties are subject to their own privacy policies. REDEN invites the User to review these policies in order to identify the purposes of use, in particular advertising purposes, and the browsing information that third parties may collect through application plugins, and thus to make their choices. These privacy policies should in particular allow the User to exercise their choices with these social networks, notably by configuring their user accounts on each of these networks.<\/p><p>Audio and video recordings, podcasts and webcasts are also made available to the User through third-party services. When accessing such content and subject to the User\u2019s consent, these third parties may place cookies on the User\u2019s browser software.<\/p><p>The User may configure their browser to block cookies. To prevent the use of cookies, it is sufficient to enable private browsing or to completely disable cookies in the browser settings.<\/p>\t\t\t\t\t\t\t\t<\/div>\n\t\t\t\t<\/div>\n\t\t\t\t<div class=\"elementor-element elementor-element-4ba8bc5 elementor-widget elementor-widget-text-editor\" data-id=\"4ba8bc5\" data-element_type=\"widget\" data-e-type=\"widget\" data-widget_type=\"text-editor.default\">\n\t\t\t\t<div class=\"elementor-widget-container\">\n\t\t\t\t\t\t\t\t\t<h3 style=\"text-align: center;\">10. Hyperlinks<\/h3><p><br \/>The hyperlinks provided on the Site leading to external websites have been subject to prior and express authorization. However, as REDEN is not the publisher of these websites, REDEN cannot be held liable for the content of such websites, nor for any collection or transmission of personal data, installation of cookies or any other process serving the same purposes carried out by these websites. The decision to activate the links lies exclusively with the User. Furthermore, it is the User\u2019s responsibility to take the necessary precautions to avoid any contamination of the Site, in particular by one or more \u201cviruses\u201d. REDEN is not responsible for hyperlinks leading to all or part of the Site and prohibits any person from setting up such a link without its prior written authorization.<\/p>\t\t\t\t\t\t\t\t<\/div>\n\t\t\t\t<\/div>\n\t\t\t\t<div class=\"elementor-element elementor-element-c76e766 elementor-widget elementor-widget-text-editor\" data-id=\"c76e766\" data-element_type=\"widget\" data-e-type=\"widget\" data-widget_type=\"text-editor.default\">\n\t\t\t\t<div class=\"elementor-widget-container\">\n\t\t\t\t\t\t\t\t\t<h3 style=\"text-align: center;\">11. Liability<\/h3><p>REDEN cannot be held liable for any material or incidental damage (including, but not limited to, technical failure, breakdown, interruption of operation, disclosure of confidential documents, loss of data), nor for any other indirect damage whatsoever arising from or related to the use of the Site, or preventing access to the Site or to any of its functionalities.<\/p><p>The information on the Site is provided \u201cas is\u201d without any warranty of any kind, whether express or implied.<br \/><br \/><\/p><p>REDEN does not guarantee the accuracy, completeness or timeliness of the information published on the Site. Consequently, REDEN shall not be held liable for any errors or omissions, lack of availability of information, or alteration of information by a third party (hacking, virus, etc.).<\/p><p><br \/>Finally, the equipment used by the User to access the Site is under the User\u2019s sole responsibility. REDEN cannot be held liable for damage caused to third parties and\/or to the User\u2019s equipment as a result of their connection to or use of the Site.<\/p>\t\t\t\t\t\t\t\t<\/div>\n\t\t\t\t<\/div>\n\t\t\t\t<div class=\"elementor-element elementor-element-d01b16c elementor-widget elementor-widget-text-editor\" data-id=\"d01b16c\" data-element_type=\"widget\" data-e-type=\"widget\" data-widget_type=\"text-editor.default\">\n\t\t\t\t<div class=\"elementor-widget-container\">\n\t\t\t\t\t\t\t\t\t<h3 style=\"text-align: center;\">12. Governing Law<\/h3><p>The Terms and Conditions of Use are governed by French law.<\/p>\t\t\t\t\t\t\t\t<\/div>\n\t\t\t\t<\/div>\n\t\t\t\t<div class=\"elementor-element elementor-element-f8445d9 elementor-widget elementor-widget-text-editor\" data-id=\"f8445d9\" data-element_type=\"widget\" data-e-type=\"widget\" data-widget_type=\"text-editor.default\">\n\t\t\t\t<div class=\"elementor-widget-container\">\n\t\t\t\t\t\t\t\t\t<p style=\"text-align: center;\"><strong>Legal Notice<\/strong><\/p><p><strong><u>Website:<\/u><\/strong><u> https:\/\/reden.solar\/<\/u><\/p><p><strong>Publisher:<\/strong><\/p><p>REDEN SOLAR, a simplified joint-stock company (SAS) with a share capital of \u20ac50,514,572.87, whose registered office is located at 2 route des M\u00fbres, ZAC des Champs de Lescaze, Roquefort (47310), France, registered with the Trade and Companies Register (RCS) of Agen under identification number 500 661 806,<\/p><p>Email :\u00a0<a href=\"mailto:contact@reden.solar\">contact@reden.solar<\/a><\/p><p>T\u00e9l\u00e9phone :\u00a0+33 (0)5 53 77 21 31<\/p><p><strong>Publication Director:<\/strong><\/p><p>Mr. Frank DEMAILLE<\/p><p>Email\u00a0: <a href=\"mailto:contact@reden.solar\">contact@reden.solar<\/a><\/p><p><strong>Production:<\/strong><\/p><p><em>Web design: By Benoit SARL, with a share capital of \u20ac10,000<\/em><br \/>Registered with the Trade and Companies Register of Paris under number 514 804 350 00023<br \/>18, rue du Temple, 75004 Paris, France<br \/>Email: contact@bybenoit.fr<br \/>Website: <a href=\"https:\/\/www.bybenoit.fr\/\">https:\/\/www.bybenoit.fr\/<\/a>\u00a0<\/p><p><em>Development: MFC SAS, with a share capital of \u20ac1,000<br \/><\/em>Registered with the Trade and Companies Register of Paris under number 832 761 084 00017<br \/>14 rue de Tournon, 75006 Paris, France<br \/>Email: contact@armstrong.space<br \/>Website: <a href=\"https:\/\/armstrong.space\/\">https:\/\/armstrong.space\/<\/a><\/p><p><strong>Photo credits:<\/strong><\/p><ul><li>@Paul Fauchille<\/li><li>@JEPG-STUDIOS<br \/>\u2022\u00a0@ALTI150<br \/>\u2022\u00a0@FRANCK PETIT<\/li><li>@PATRICK-MAC-CANN<\/li><\/ul><p><strong>Hosting:<br \/><\/strong>OVH SAS, with a share capital of \u20ac50,000,000.00<br \/>Registered with the Trade and Companies Register of Lille M\u00e9tropole under number 424 761 419 00045<br \/>2 rue Kellermann, 59100 Roubaix, France<br \/>Telephone: +33 (0)9 72 10 10 07<\/p><p><strong>Registration number as a photovoltaic module manufacturer wiADEME:<\/strong><br \/>The IDU of REDEN Industries is: FR020947_05CLRC<br \/>The IDU of REDEN Technique is: FR330678_05YFKX<\/p>\t\t\t\t\t\t\t\t<\/div>\n\t\t\t\t<\/div>\n\t\t\t\t\t<\/div>\n\t\t<\/div>\n\t\t\t\t\t<\/div>\n\t\t<\/section>\n\t\t\t\t<\/div>\n\t\t","protected":false},"excerpt":{"rendered":"<p>Terms and Conditions of Use (updated in April 2026) \u00a0 By continuing to browse this Site, you agree to the following terms and conditions. \u00a0 The current online version of these terms and conditions is the only enforceable version until a new version replaces it. \u00a0 Welcome to the website \u00ab www.reden.solar \u00bb (hereinafter the &#8230; <a title=\"Terms of use\" class=\"read-more\" href=\"https:\/\/reden.solar\/en\/terms-of-use\/\" aria-label=\"Read more about Terms of use\">Read more<\/a><\/p>\n","protected":false},"author":3,"featured_media":0,"parent":0,"menu_order":0,"comment_status":"closed","ping_status":"closed","template":"elementor_header_footer","meta":{"inline_featured_image":false,"footnotes":""},"class_list":["post-2219","page","type-page","status-publish"],"yoast_head":"<!-- This site is optimized with the Yoast SEO plugin v27.5 - https:\/\/yoast.com\/product\/yoast-seo-wordpress\/ -->\n<title>Terms of use - REDEN<\/title>\n<meta name=\"robots\" content=\"index, follow, max-snippet:-1, max-image-preview:large, max-video-preview:-1\" \/>\n<link rel=\"canonical\" href=\"https:\/\/reden.solar\/en\/terms-of-use\/\" \/>\n<meta property=\"og:locale\" content=\"en_US\" \/>\n<meta property=\"og:type\" content=\"article\" \/>\n<meta property=\"og:title\" content=\"Terms of use - REDEN\" \/>\n<meta property=\"og:description\" content=\"Terms and Conditions of Use (updated in April 2026) \u00a0 By continuing to browse this Site, you agree to the following terms and conditions. \u00a0 The current online version of these terms and conditions is the only enforceable version until a new version replaces it. \u00a0 Welcome to the website \u00ab www.reden.solar \u00bb (hereinafter the ... Read more\" \/>\n<meta property=\"og:url\" content=\"https:\/\/reden.solar\/en\/terms-of-use\/\" \/>\n<meta property=\"og:site_name\" content=\"REDEN\" \/>\n<meta property=\"article:modified_time\" content=\"2026-04-22T15:10:17+00:00\" \/>\n<meta name=\"twitter:card\" content=\"summary_large_image\" \/>\n<meta name=\"twitter:label1\" content=\"Est. reading time\" \/>\n\t<meta name=\"twitter:data1\" content=\"8 minutes\" \/>\n<script type=\"application\/ld+json\" class=\"yoast-schema-graph\">{\"@context\":\"https:\\\/\\\/schema.org\",\"@graph\":[{\"@type\":\"WebPage\",\"@id\":\"https:\\\/\\\/reden.solar\\\/en\\\/terms-of-use\\\/\",\"url\":\"https:\\\/\\\/reden.solar\\\/en\\\/terms-of-use\\\/\",\"name\":\"Terms of use - REDEN\",\"isPartOf\":{\"@id\":\"https:\\\/\\\/reden.solar\\\/en\\\/#website\"},\"datePublished\":\"2020-06-11T13:33:11+00:00\",\"dateModified\":\"2026-04-22T15:10:17+00:00\",\"breadcrumb\":{\"@id\":\"https:\\\/\\\/reden.solar\\\/en\\\/terms-of-use\\\/#breadcrumb\"},\"inLanguage\":\"en-US\",\"potentialAction\":[{\"@type\":\"ReadAction\",\"target\":[\"https:\\\/\\\/reden.solar\\\/en\\\/terms-of-use\\\/\"]}]},{\"@type\":\"BreadcrumbList\",\"@id\":\"https:\\\/\\\/reden.solar\\\/en\\\/terms-of-use\\\/#breadcrumb\",\"itemListElement\":[{\"@type\":\"ListItem\",\"position\":1,\"name\":\"Accueil\",\"item\":\"https:\\\/\\\/reden.solar\\\/en\\\/\"},{\"@type\":\"ListItem\",\"position\":2,\"name\":\"Terms of use\"}]},{\"@type\":\"WebSite\",\"@id\":\"https:\\\/\\\/reden.solar\\\/en\\\/#website\",\"url\":\"https:\\\/\\\/reden.solar\\\/en\\\/\",\"name\":\"REDEN\",\"description\":\"Sp\u00e9cialiste de la production d\u2019\u00e9lectricit\u00e9 photovolta\u00efque et du stockage d&#039;\u00e9nergie\",\"publisher\":{\"@id\":\"https:\\\/\\\/reden.solar\\\/en\\\/#organization\"},\"potentialAction\":[{\"@type\":\"SearchAction\",\"target\":{\"@type\":\"EntryPoint\",\"urlTemplate\":\"https:\\\/\\\/reden.solar\\\/en\\\/?s={search_term_string}\"},\"query-input\":{\"@type\":\"PropertyValueSpecification\",\"valueRequired\":true,\"valueName\":\"search_term_string\"}}],\"inLanguage\":\"en-US\"},{\"@type\":\"Organization\",\"@id\":\"https:\\\/\\\/reden.solar\\\/en\\\/#organization\",\"name\":\"REDEN\",\"url\":\"https:\\\/\\\/reden.solar\\\/en\\\/\",\"logo\":{\"@type\":\"ImageObject\",\"inLanguage\":\"en-US\",\"@id\":\"https:\\\/\\\/reden.solar\\\/en\\\/#\\\/schema\\\/logo\\\/image\\\/\",\"url\":\"https:\\\/\\\/reden.solar\\\/wp-content\\\/uploads\\\/2025\\\/01\\\/cropped-reden-quadri.png\",\"contentUrl\":\"https:\\\/\\\/reden.solar\\\/wp-content\\\/uploads\\\/2025\\\/01\\\/cropped-reden-quadri.png\",\"width\":2399,\"height\":850,\"caption\":\"REDEN\"},\"image\":{\"@id\":\"https:\\\/\\\/reden.solar\\\/en\\\/#\\\/schema\\\/logo\\\/image\\\/\"},\"sameAs\":[\"https:\\\/\\\/www.linkedin.com\\\/company\\\/redensolar\\\/mycompany\\\/\",\"https:\\\/\\\/vimeo.com\\\/redensolar\"]}]}<\/script>\n<!-- \/ Yoast SEO plugin. -->","yoast_head_json":{"title":"Terms of use - REDEN","robots":{"index":"index","follow":"follow","max-snippet":"max-snippet:-1","max-image-preview":"max-image-preview:large","max-video-preview":"max-video-preview:-1"},"canonical":"https:\/\/reden.solar\/en\/terms-of-use\/","og_locale":"en_US","og_type":"article","og_title":"Terms of use - REDEN","og_description":"Terms and Conditions of Use (updated in April 2026) \u00a0 By continuing to browse this Site, you agree to the following terms and conditions. \u00a0 The current online version of these terms and conditions is the only enforceable version until a new version replaces it. \u00a0 Welcome to the website \u00ab www.reden.solar \u00bb (hereinafter the ... Read more","og_url":"https:\/\/reden.solar\/en\/terms-of-use\/","og_site_name":"REDEN","article_modified_time":"2026-04-22T15:10:17+00:00","twitter_card":"summary_large_image","twitter_misc":{"Est. reading time":"8 minutes"},"schema":{"@context":"https:\/\/schema.org","@graph":[{"@type":"WebPage","@id":"https:\/\/reden.solar\/en\/terms-of-use\/","url":"https:\/\/reden.solar\/en\/terms-of-use\/","name":"Terms of use - REDEN","isPartOf":{"@id":"https:\/\/reden.solar\/en\/#website"},"datePublished":"2020-06-11T13:33:11+00:00","dateModified":"2026-04-22T15:10:17+00:00","breadcrumb":{"@id":"https:\/\/reden.solar\/en\/terms-of-use\/#breadcrumb"},"inLanguage":"en-US","potentialAction":[{"@type":"ReadAction","target":["https:\/\/reden.solar\/en\/terms-of-use\/"]}]},{"@type":"BreadcrumbList","@id":"https:\/\/reden.solar\/en\/terms-of-use\/#breadcrumb","itemListElement":[{"@type":"ListItem","position":1,"name":"Accueil","item":"https:\/\/reden.solar\/en\/"},{"@type":"ListItem","position":2,"name":"Terms of use"}]},{"@type":"WebSite","@id":"https:\/\/reden.solar\/en\/#website","url":"https:\/\/reden.solar\/en\/","name":"REDEN","description":"Sp\u00e9cialiste de la production d\u2019\u00e9lectricit\u00e9 photovolta\u00efque et du stockage d&#039;\u00e9nergie","publisher":{"@id":"https:\/\/reden.solar\/en\/#organization"},"potentialAction":[{"@type":"SearchAction","target":{"@type":"EntryPoint","urlTemplate":"https:\/\/reden.solar\/en\/?s={search_term_string}"},"query-input":{"@type":"PropertyValueSpecification","valueRequired":true,"valueName":"search_term_string"}}],"inLanguage":"en-US"},{"@type":"Organization","@id":"https:\/\/reden.solar\/en\/#organization","name":"REDEN","url":"https:\/\/reden.solar\/en\/","logo":{"@type":"ImageObject","inLanguage":"en-US","@id":"https:\/\/reden.solar\/en\/#\/schema\/logo\/image\/","url":"https:\/\/reden.solar\/wp-content\/uploads\/2025\/01\/cropped-reden-quadri.png","contentUrl":"https:\/\/reden.solar\/wp-content\/uploads\/2025\/01\/cropped-reden-quadri.png","width":2399,"height":850,"caption":"REDEN"},"image":{"@id":"https:\/\/reden.solar\/en\/#\/schema\/logo\/image\/"},"sameAs":["https:\/\/www.linkedin.com\/company\/redensolar\/mycompany\/","https:\/\/vimeo.com\/redensolar"]}]}},"_links":{"self":[{"href":"https:\/\/reden.solar\/en\/wp-json\/wp\/v2\/pages\/2219","targetHints":{"allow":["GET"]}}],"collection":[{"href":"https:\/\/reden.solar\/en\/wp-json\/wp\/v2\/pages"}],"about":[{"href":"https:\/\/reden.solar\/en\/wp-json\/wp\/v2\/types\/page"}],"author":[{"embeddable":true,"href":"https:\/\/reden.solar\/en\/wp-json\/wp\/v2\/users\/3"}],"replies":[{"embeddable":true,"href":"https:\/\/reden.solar\/en\/wp-json\/wp\/v2\/comments?post=2219"}],"version-history":[{"count":5,"href":"https:\/\/reden.solar\/en\/wp-json\/wp\/v2\/pages\/2219\/revisions"}],"predecessor-version":[{"id":41126,"href":"https:\/\/reden.solar\/en\/wp-json\/wp\/v2\/pages\/2219\/revisions\/41126"}],"wp:attachment":[{"href":"https:\/\/reden.solar\/en\/wp-json\/wp\/v2\/media?parent=2219"}],"curies":[{"name":"wp","href":"https:\/\/api.w.org\/{rel}","templated":true}]}}