{"id":2144,"date":"2020-06-10T17:04:12","date_gmt":"2020-06-10T15:04:12","guid":{"rendered":"https:\/\/reden.solar\/?page_id=2144"},"modified":"2026-04-02T14:29:22","modified_gmt":"2026-04-02T12:29:22","slug":"quienes-somos","status":"publish","type":"page","link":"https:\/\/reden.solar\/es\/quienes-somos\/","title":{"rendered":"Qui\u00e9nes somos"},"content":{"rendered":"\t\t<div data-elementor-type=\"wp-page\" data-elementor-id=\"2144\" class=\"elementor elementor-2144 elementor-180\" data-elementor-post-type=\"page\">\n\t\t\t\t\t\t<section class=\"elementor-section elementor-top-section elementor-element elementor-element-2abe077 elementor-section-height-min-height elementor-section-items-stretch elementor-section-stretched banner elementor-section-boxed elementor-section-height-default\" data-id=\"2abe077\" data-element_type=\"section\" data-e-type=\"section\" data-settings=\"{&quot;stretch_section&quot;:&quot;section-stretched&quot;,&quot;background_background&quot;:&quot;video&quot;,&quot;background_video_link&quot;:&quot;\\\/wp-content\\\/uploads\\\/2022\\\/04\\\/siege.mp4&quot;,&quot;background_play_on_mobile&quot;:&quot;yes&quot;}\">\n\t\t\t\t\t\t\t\t<div class=\"elementor-background-video-container\">\n\t\t\t\t\t\t\t\t\t\t\t\t\t<video class=\"elementor-background-video-hosted\" role=\"presentation\" autoplay muted playsinline loop><\/video>\n\t\t\t\t\t\t\t\t\t\t\t<\/div>\n\t\t\t\t\t\t\t\t\t<div class=\"elementor-background-overlay\"><\/div>\n\t\t\t\t\t\t\t<div class=\"elementor-container elementor-column-gap-default\">\n\t\t\t\t\t<div class=\"elementor-column elementor-col-100 elementor-top-column elementor-element elementor-element-9150df0\" data-id=\"9150df0\" data-element_type=\"column\" data-e-type=\"column\">\n\t\t\t<div class=\"elementor-widget-wrap elementor-element-populated\">\n\t\t\t\t\t\t<section class=\"elementor-section elementor-inner-section elementor-element elementor-element-65f5d5b elementor-section-height-min-height elementor-section-boxed elementor-section-height-default\" data-id=\"65f5d5b\" data-element_type=\"section\" data-e-type=\"section\">\n\t\t\t\t\t\t<div class=\"elementor-container elementor-column-gap-default\">\n\t\t\t\t\t<div class=\"elementor-column elementor-col-50 elementor-inner-column elementor-element elementor-element-3484518\" data-id=\"3484518\" data-element_type=\"column\" data-e-type=\"column\" data-settings=\"{&quot;background_background&quot;:&quot;classic&quot;}\">\n\t\t\t<div class=\"elementor-widget-wrap elementor-element-populated\">\n\t\t\t\t\t\t<div class=\"elementor-element elementor-element-8df035b elementor-widget elementor-widget-heading\" data-id=\"8df035b\" data-element_type=\"widget\" data-e-type=\"widget\" data-widget_type=\"heading.default\">\n\t\t\t\t<div class=\"elementor-widget-container\">\n\t\t\t\t\t<h1 class=\"elementor-heading-title elementor-size-default\">Descubra el Grupo REDEN<\/h1>\t\t\t\t<\/div>\n\t\t\t\t<\/div>\n\t\t\t\t\t<\/div>\n\t\t<\/div>\n\t\t\t\t<div class=\"elementor-column elementor-col-50 elementor-inner-column elementor-element elementor-element-94b52e5\" data-id=\"94b52e5\" data-element_type=\"column\" data-e-type=\"column\">\n\t\t\t<div class=\"elementor-widget-wrap\">\n\t\t\t\t\t\t\t<\/div>\n\t\t<\/div>\n\t\t\t\t\t<\/div>\n\t\t<\/section>\n\t\t\t\t\t<\/div>\n\t\t<\/div>\n\t\t\t\t\t<\/div>\n\t\t<\/section>\n\t\t\t\t<section class=\"elementor-section elementor-top-section elementor-element elementor-element-2de7db3a txt-intro elementor-section-boxed elementor-section-height-default elementor-section-height-default\" data-id=\"2de7db3a\" data-element_type=\"section\" data-e-type=\"section\">\n\t\t\t\t\t\t<div class=\"elementor-container elementor-column-gap-no\">\n\t\t\t\t\t<div class=\"elementor-column elementor-col-100 elementor-top-column elementor-element elementor-element-2b6ad140\" data-id=\"2b6ad140\" data-element_type=\"column\" data-e-type=\"column\">\n\t\t\t<div class=\"elementor-widget-wrap elementor-element-populated\">\n\t\t\t\t\t\t<div class=\"elementor-element elementor-element-34335c7 elementor-widget elementor-widget-text-editor\" data-id=\"34335c7\" data-element_type=\"widget\" data-e-type=\"widget\" data-widget_type=\"text-editor.default\">\n\t\t\t\t<div class=\"elementor-widget-container\">\n\t\t\t\t\t\t\t\t\t<h2>Tras experimentar un crecimiento sostenido desde 2008, el Grupo REDEN se ha convertido desde hace tiempo en un actor de referencia en la transici\u00f3n energ\u00e9tica a escala internacional<\/h2>\t\t\t\t\t\t\t\t<\/div>\n\t\t\t\t<\/div>\n\t\t\t\t\t<\/div>\n\t\t<\/div>\n\t\t\t\t\t<\/div>\n\t\t<\/section>\n\t\t\t\t<section class=\"elementor-section elementor-top-section elementor-element elementor-element-548a276f txt-aparte elementor-section-stretched elementor-section-boxed elementor-section-height-default elementor-section-height-default\" data-id=\"548a276f\" data-element_type=\"section\" data-e-type=\"section\" data-settings=\"{&quot;stretch_section&quot;:&quot;section-stretched&quot;}\">\n\t\t\t\t\t\t<div class=\"elementor-container elementor-column-gap-no\">\n\t\t\t\t\t<div class=\"elementor-column elementor-col-100 elementor-top-column elementor-element elementor-element-406c411e\" data-id=\"406c411e\" data-element_type=\"column\" data-e-type=\"column\">\n\t\t\t<div class=\"elementor-widget-wrap elementor-element-populated\">\n\t\t\t\t\t\t<div class=\"elementor-element elementor-element-454d13ff block-txt-aparte elementor-widget elementor-widget-text-editor\" data-id=\"454d13ff\" data-element_type=\"widget\" data-e-type=\"widget\" data-widget_type=\"text-editor.default\">\n\t\t\t\t<div class=\"elementor-widget-container\">\n\t\t\t\t\t\t\t\t\t<p><strong>\u00bfNuestra actividad principal?<\/strong><span style=\"color: #55bdbe;\"> <strong>Producir energ\u00eda fotovoltaica de forma responsable<\/strong>.<\/span><\/p><p>\u00a0<\/p><p>En REDEN no s\u00f3lo producimos electricidad verde. Estamos comprometidos con la sostenibilidad de los territorios locales, las personas y su saber hacer, as\u00ed como con el medio ambiente y su biodiversidad. Nuestro objetivo es generar valor a\u00f1adido y, junto con todas nuestras partes interesadas, crear un sistema virtuoso en el que todos tengan su lugar y puedan impulsar una din\u00e1mica positiva y naturalmente sostenible.<\/p><p>\u00a0<\/p><p><span style=\"color: #55bdbe;\"><strong>REDEN domina por completo la cadena de valor fotovoltaica<\/strong><\/span>:<\/p><p>\u00a0<\/p><ul><li>Nuestra<strong> Oficina de Ingenier\u00eda y el Departamento Agroambiental<\/strong> &#8211; integrados por hidr\u00f3logos, ingenieros agr\u00f3nomos, cart\u00f3grafos, expertos en medio ambiente y biodiversidad, etc. &#8211; desarrollan soluciones a medida para cada proyecto, integrando las consideraciones medioambientales en profundidad, yendo a menudo m\u00e1s all\u00e1 de los requisitos administrativos previos;<\/li><li>Nuestros <strong>departamentos de Desarrollo, Jur\u00eddico y Financiaci\u00f3n<\/strong> trabajan codo con codo para llevar a cabo los tr\u00e1mites administrativos (concertaci\u00f3n social, redacci\u00f3n de contratos de arrendamiento de obra, gesti\u00f3n de permisos de construcci\u00f3n, financiaci\u00f3n de centrales el\u00e9ctricas, etc.);<\/li><li>Nuestra <strong>unidad industrial de Roquefort (Francia)<\/strong> ensambla los m\u00f3dulos fotovoltaicos de nuestros proyectos, lo que nos aporta un profundo conocimiento t\u00e9cnico;<\/li><li>Nuestra <strong>divisi\u00f3n de Operaciones<\/strong> se encarga de la construcci\u00f3n, explotaci\u00f3n y mantenimiento de nuestras unidades de producci\u00f3n de electricidad fotovoltaica.<\/li><\/ul>\t\t\t\t\t\t\t\t<\/div>\n\t\t\t\t<\/div>\n\t\t\t\t<div class=\"elementor-element elementor-element-360e1b7 elementor-widget elementor-widget-menu-anchor\" data-id=\"360e1b7\" data-element_type=\"widget\" data-e-type=\"widget\" data-widget_type=\"menu-anchor.default\">\n\t\t\t\t<div class=\"elementor-widget-container\">\n\t\t\t\t\t\t\t<div class=\"elementor-menu-anchor\" id=\"nuestroshistoria\"><\/div>\n\t\t\t\t\t\t<\/div>\n\t\t\t\t<\/div>\n\t\t\t\t\t<\/div>\n\t\t<\/div>\n\t\t\t\t\t<\/div>\n\t\t<\/section>\n\t\t\t\t<section class=\"elementor-section elementor-top-section elementor-element elementor-element-423e7d30 elementor-section-content-top elementor-section-boxed elementor-section-height-default elementor-section-height-default\" data-id=\"423e7d30\" data-element_type=\"section\" data-e-type=\"section\" data-settings=\"{&quot;background_background&quot;:&quot;classic&quot;}\">\n\t\t\t\t\t\t<div class=\"elementor-container elementor-column-gap-no\">\n\t\t\t\t\t<div class=\"elementor-column elementor-col-100 elementor-top-column elementor-element elementor-element-19f6bef4\" data-id=\"19f6bef4\" data-element_type=\"column\" data-e-type=\"column\">\n\t\t\t<div class=\"elementor-widget-wrap elementor-element-populated\">\n\t\t\t\t\t\t<div class=\"elementor-element elementor-element-23f1f9af elementor-widget elementor-widget-heading\" data-id=\"23f1f9af\" data-element_type=\"widget\" data-e-type=\"widget\" data-widget_type=\"heading.default\">\n\t\t\t\t<div class=\"elementor-widget-container\">\n\t\t\t\t\t<h2 class=\"elementor-heading-title elementor-size-default\">Nuestra historia<\/h2>\t\t\t\t<\/div>\n\t\t\t\t<\/div>\n\t\t\t\t\t<\/div>\n\t\t<\/div>\n\t\t\t\t\t<\/div>\n\t\t<\/section>\n\t\t\t\t<section class=\"elementor-section elementor-top-section elementor-element elementor-element-7ef9788a txt-intro elementor-section-boxed elementor-section-height-default elementor-section-height-default\" data-id=\"7ef9788a\" data-element_type=\"section\" data-e-type=\"section\" data-settings=\"{&quot;background_background&quot;:&quot;classic&quot;}\">\n\t\t\t\t\t\t<div class=\"elementor-container elementor-column-gap-no\">\n\t\t\t\t\t<div class=\"elementor-column elementor-col-100 elementor-top-column elementor-element elementor-element-62c18ebb\" data-id=\"62c18ebb\" data-element_type=\"column\" data-e-type=\"column\">\n\t\t\t<div class=\"elementor-widget-wrap elementor-element-populated\">\n\t\t\t\t\t\t<div class=\"elementor-element elementor-element-19261b2e elementor-widget elementor-widget-text-editor\" data-id=\"19261b2e\" data-element_type=\"widget\" data-e-type=\"widget\" data-widget_type=\"text-editor.default\">\n\t\t\t\t<div class=\"elementor-widget-container\">\n\t\t\t\t\t\t\t\t\t<p>Creada en 2008 en Lot y Garona (47) en Francia, REDEN conoce un gran crecimiento a escala internacional<\/p>\t\t\t\t\t\t\t\t<\/div>\n\t\t\t\t<\/div>\n\t\t\t\t\t<\/div>\n\t\t<\/div>\n\t\t\t\t\t<\/div>\n\t\t<\/section>\n\t\t\t\t<section class=\"elementor-section elementor-top-section elementor-element elementor-element-ae29bd9 texte-fond-blanc elementor-section-boxed elementor-section-height-default elementor-section-height-default\" data-id=\"ae29bd9\" data-element_type=\"section\" data-e-type=\"section\" data-settings=\"{&quot;background_background&quot;:&quot;classic&quot;}\">\n\t\t\t\t\t\t<div class=\"elementor-container elementor-column-gap-no\">\n\t\t\t\t\t<div class=\"elementor-column elementor-col-100 elementor-top-column elementor-element elementor-element-f30267f\" data-id=\"f30267f\" data-element_type=\"column\" data-e-type=\"column\">\n\t\t\t<div class=\"elementor-widget-wrap elementor-element-populated\">\n\t\t\t\t\t\t<div class=\"elementor-element elementor-element-70d1f8f elementor-widget elementor-widget-text-editor\" data-id=\"70d1f8f\" data-element_type=\"widget\" data-e-type=\"widget\" data-widget_type=\"text-editor.default\">\n\t\t\t\t<div class=\"elementor-widget-container\">\n\t\t\t\t\t\t\t\t\t<p><strong>El desarrollo de REDEN no deja de acelerarse desde 2008 y el Grupo ahora ha alcanzado <span style=\"color: #55bdbe;\">1 GW en capacidad en 2022<\/span>,<\/strong> lo que convierte ahora a REDEN en un actor de referencia de la transici\u00f3n energ\u00e9tica.<\/p>\t\t\t\t\t\t\t\t<\/div>\n\t\t\t\t<\/div>\n\t\t\t\t\t<\/div>\n\t\t<\/div>\n\t\t\t\t\t<\/div>\n\t\t<\/section>\n\t\t\t\t<section class=\"elementor-section elementor-top-section elementor-element elementor-element-ee0b402 elementor-reverse-mobile elementor-section-boxed elementor-section-height-default elementor-section-height-default\" data-id=\"ee0b402\" data-element_type=\"section\" data-e-type=\"section\">\n\t\t\t\t\t\t<div class=\"elementor-container elementor-column-gap-default\">\n\t\t\t\t\t<div class=\"elementor-column elementor-col-50 elementor-top-column elementor-element elementor-element-7cbe482\" data-id=\"7cbe482\" data-element_type=\"column\" data-e-type=\"column\" data-settings=\"{&quot;background_background&quot;:&quot;classic&quot;}\">\n\t\t\t<div class=\"elementor-widget-wrap elementor-element-populated\">\n\t\t\t\t\t\t<section class=\"elementor-section elementor-inner-section elementor-element elementor-element-734a97c info-annee elementor-section-boxed elementor-section-height-default elementor-section-height-default\" data-id=\"734a97c\" data-element_type=\"section\" data-e-type=\"section\" id=\"info-annee-2008\" data-settings=\"{&quot;background_background&quot;:&quot;classic&quot;}\">\n\t\t\t\t\t\t<div class=\"elementor-container elementor-column-gap-default\">\n\t\t\t\t\t<div class=\"elementor-column elementor-col-100 elementor-inner-column elementor-element elementor-element-1b09562\" data-id=\"1b09562\" data-element_type=\"column\" data-e-type=\"column\">\n\t\t\t<div class=\"elementor-widget-wrap elementor-element-populated\">\n\t\t\t\t\t\t<div class=\"elementor-element elementor-element-9f7d9fe elementor-widget elementor-widget-image\" data-id=\"9f7d9fe\" data-element_type=\"widget\" data-e-type=\"widget\" data-widget_type=\"image.default\">\n\t\t\t\t<div class=\"elementor-widget-container\">\n\t\t\t\t\t\t\t\t\t\t\t\t\t\t\t<img fetchpriority=\"high\" decoding=\"async\" width=\"1024\" height=\"768\" src=\"https:\/\/reden.solar\/wp-content\/uploads\/2023\/12\/Siege-REDEN_0052-1-1-1024x768.webp\" class=\"attachment-large size-large wp-image-29269\" alt=\"Si\u00e8ge REDEN\" srcset=\"https:\/\/reden.solar\/wp-content\/uploads\/2023\/12\/Siege-REDEN_0052-1-1-1024x768.webp 1024w, https:\/\/reden.solar\/wp-content\/uploads\/2023\/12\/Siege-REDEN_0052-1-1-300x225.webp 300w, https:\/\/reden.solar\/wp-content\/uploads\/2023\/12\/Siege-REDEN_0052-1-1-768x576.webp 768w, https:\/\/reden.solar\/wp-content\/uploads\/2023\/12\/Siege-REDEN_0052-1-1-1536x1152.webp 1536w, https:\/\/reden.solar\/wp-content\/uploads\/2023\/12\/Siege-REDEN_0052-1-1.webp 1920w\" sizes=\"(max-width: 1024px) 100vw, 1024px\" \/>\t\t\t\t\t\t\t\t\t\t\t\t\t\t\t<\/div>\n\t\t\t\t<\/div>\n\t\t\t\t<div class=\"elementor-element elementor-element-8f45713 elementor-widget elementor-widget-heading\" data-id=\"8f45713\" data-element_type=\"widget\" data-e-type=\"widget\" data-widget_type=\"heading.default\">\n\t\t\t\t<div class=\"elementor-widget-container\">\n\t\t\t\t\t<h3 class=\"elementor-heading-title elementor-size-default\">Creaci\u00f3n de REDEN (ex. Fonroche) en Roquefort<\/h3>\t\t\t\t<\/div>\n\t\t\t\t<\/div>\n\t\t\t\t<div class=\"elementor-element elementor-element-dfdb579 elementor-widget elementor-widget-heading\" data-id=\"dfdb579\" data-element_type=\"widget\" data-e-type=\"widget\" data-widget_type=\"heading.default\">\n\t\t\t\t<div class=\"elementor-widget-container\">\n\t\t\t\t\t<h2 class=\"elementor-heading-title elementor-size-default\">(en el suroeste de Francia)<\/h2>\t\t\t\t<\/div>\n\t\t\t\t<\/div>\n\t\t\t\t\t<\/div>\n\t\t<\/div>\n\t\t\t\t\t<\/div>\n\t\t<\/section>\n\t\t\t\t<section class=\"elementor-section elementor-inner-section elementor-element elementor-element-8bc34be info-annee elementor-section-boxed elementor-section-height-default elementor-section-height-default\" data-id=\"8bc34be\" data-element_type=\"section\" data-e-type=\"section\" id=\"info-annee-2009\" data-settings=\"{&quot;background_background&quot;:&quot;classic&quot;}\">\n\t\t\t\t\t\t<div class=\"elementor-container elementor-column-gap-default\">\n\t\t\t\t\t<div class=\"elementor-column elementor-col-100 elementor-inner-column elementor-element elementor-element-53114cf\" data-id=\"53114cf\" data-element_type=\"column\" data-e-type=\"column\">\n\t\t\t<div class=\"elementor-widget-wrap elementor-element-populated\">\n\t\t\t\t\t\t<div class=\"elementor-element elementor-element-9d732a8 elementor-widget elementor-widget-text-editor\" data-id=\"9d732a8\" data-element_type=\"widget\" data-e-type=\"widget\" data-widget_type=\"text-editor.default\">\n\t\t\t\t<div class=\"elementor-widget-container\">\n\t\t\t\t\t\t\t\t\t<p><strong>3 MW de de capacidad instalada<br \/><\/strong><\/p>\t\t\t\t\t\t\t\t<\/div>\n\t\t\t\t<\/div>\n\t\t\t\t\t<\/div>\n\t\t<\/div>\n\t\t\t\t\t<\/div>\n\t\t<\/section>\n\t\t\t\t<section class=\"elementor-section elementor-inner-section elementor-element elementor-element-2db847c info-annee elementor-section-boxed elementor-section-height-default elementor-section-height-default\" data-id=\"2db847c\" data-element_type=\"section\" data-e-type=\"section\" id=\"info-annee-2010\" data-settings=\"{&quot;background_background&quot;:&quot;classic&quot;}\">\n\t\t\t\t\t\t<div class=\"elementor-container elementor-column-gap-default\">\n\t\t\t\t\t<div class=\"elementor-column elementor-col-100 elementor-inner-column elementor-element elementor-element-bf89b21\" data-id=\"bf89b21\" data-element_type=\"column\" data-e-type=\"column\">\n\t\t\t<div class=\"elementor-widget-wrap elementor-element-populated\">\n\t\t\t\t\t\t<div class=\"elementor-element elementor-element-ced530b elementor-widget elementor-widget-text-editor\" data-id=\"ced530b\" data-element_type=\"widget\" data-e-type=\"widget\" data-widget_type=\"text-editor.default\">\n\t\t\t\t<div class=\"elementor-widget-container\">\n\t\t\t\t\t\t\t\t\t<p><strong>Ampliaci\u00f3n de capital con <span style=\"color: #55bdbe;\">Eurazeo<\/span> e inauguraci\u00f3n de nuestra planta de producci\u00f3n de paneles fotovoltaicos<\/strong> en Roquefort para un modelo de desarrollo fotovoltaico integrado<\/p><p><strong>10 MW de capacidad instalada<\/strong><\/p>\t\t\t\t\t\t\t\t<\/div>\n\t\t\t\t<\/div>\n\t\t\t\t\t<\/div>\n\t\t<\/div>\n\t\t\t\t\t<\/div>\n\t\t<\/section>\n\t\t\t\t<section class=\"elementor-section elementor-inner-section elementor-element elementor-element-86bb59e info-annee elementor-section-boxed elementor-section-height-default elementor-section-height-default\" data-id=\"86bb59e\" data-element_type=\"section\" data-e-type=\"section\" id=\"info-annee-2011\" data-settings=\"{&quot;background_background&quot;:&quot;classic&quot;}\">\n\t\t\t\t\t\t<div class=\"elementor-container elementor-column-gap-default\">\n\t\t\t\t\t<div class=\"elementor-column elementor-col-100 elementor-inner-column elementor-element elementor-element-a65759d\" data-id=\"a65759d\" data-element_type=\"column\" data-e-type=\"column\">\n\t\t\t<div class=\"elementor-widget-wrap elementor-element-populated\">\n\t\t\t\t\t\t<div class=\"elementor-element elementor-element-abf1571 elementor-widget elementor-widget-text-editor\" data-id=\"abf1571\" data-element_type=\"widget\" data-e-type=\"widget\" data-widget_type=\"text-editor.default\">\n\t\t\t\t<div class=\"elementor-widget-container\">\n\t\t\t\t\t\t\t\t\t<p><strong>Apertura de filiales en <span style=\"color: #55bdbe;\">M\u00e9xico<\/span>, <span style=\"color: #55bdbe;\">Puerto Rico<\/span><\/strong> y Colombia, as\u00ed como de una oficina internacional en <span style=\"color: #55bdbe;\"><strong>Madrid<\/strong><\/span>.<\/p><p>Operaciones en Kazajst\u00e1n, Ucrania e India<\/p><p><strong>40 MW de capacidad instalada<\/strong><\/p>\t\t\t\t\t\t\t\t<\/div>\n\t\t\t\t<\/div>\n\t\t\t\t\t<\/div>\n\t\t<\/div>\n\t\t\t\t\t<\/div>\n\t\t<\/section>\n\t\t\t\t<section class=\"elementor-section elementor-inner-section elementor-element elementor-element-e073bdd info-annee elementor-section-boxed elementor-section-height-default elementor-section-height-default\" data-id=\"e073bdd\" data-element_type=\"section\" data-e-type=\"section\" id=\"info-annee-2012\" data-settings=\"{&quot;background_background&quot;:&quot;classic&quot;}\">\n\t\t\t\t\t\t<div class=\"elementor-container elementor-column-gap-default\">\n\t\t\t\t\t<div class=\"elementor-column elementor-col-100 elementor-inner-column elementor-element elementor-element-d81f872\" data-id=\"d81f872\" data-element_type=\"column\" data-e-type=\"column\">\n\t\t\t<div class=\"elementor-widget-wrap elementor-element-populated\">\n\t\t\t\t\t\t<div class=\"elementor-element elementor-element-591454c elementor-widget elementor-widget-text-editor\" data-id=\"591454c\" data-element_type=\"widget\" data-e-type=\"widget\" data-widget_type=\"text-editor.default\">\n\t\t\t\t<div class=\"elementor-widget-container\">\n\t\t\t\t\t\t\t\t\t<p><strong>123 MW de capacidad instalada<br \/><\/strong><\/p>\t\t\t\t\t\t\t\t<\/div>\n\t\t\t\t<\/div>\n\t\t\t\t\t<\/div>\n\t\t<\/div>\n\t\t\t\t\t<\/div>\n\t\t<\/section>\n\t\t\t\t<section class=\"elementor-section elementor-inner-section elementor-element elementor-element-a80e7e5 info-annee elementor-section-boxed elementor-section-height-default elementor-section-height-default\" data-id=\"a80e7e5\" data-element_type=\"section\" data-e-type=\"section\" id=\"info-annee-2013\" data-settings=\"{&quot;background_background&quot;:&quot;classic&quot;}\">\n\t\t\t\t\t\t<div class=\"elementor-container elementor-column-gap-default\">\n\t\t\t\t\t<div class=\"elementor-column elementor-col-100 elementor-inner-column elementor-element elementor-element-78f90f1\" data-id=\"78f90f1\" data-element_type=\"column\" data-e-type=\"column\">\n\t\t\t<div class=\"elementor-widget-wrap elementor-element-populated\">\n\t\t\t\t\t\t<div class=\"elementor-element elementor-element-3c2f81d elementor-widget elementor-widget-text-editor\" data-id=\"3c2f81d\" data-element_type=\"widget\" data-e-type=\"widget\" data-widget_type=\"text-editor.default\">\n\t\t\t\t<div class=\"elementor-widget-container\">\n\t\t\t\t\t\t\t\t\t<p><strong>147 MW de capacidad instalada<br \/><\/strong><\/p>\t\t\t\t\t\t\t\t<\/div>\n\t\t\t\t<\/div>\n\t\t\t\t\t<\/div>\n\t\t<\/div>\n\t\t\t\t\t<\/div>\n\t\t<\/section>\n\t\t\t\t<section class=\"elementor-section elementor-inner-section elementor-element elementor-element-27f3f2c info-annee elementor-section-boxed elementor-section-height-default elementor-section-height-default\" data-id=\"27f3f2c\" data-element_type=\"section\" data-e-type=\"section\" id=\"info-annee-2014\" data-settings=\"{&quot;background_background&quot;:&quot;classic&quot;}\">\n\t\t\t\t\t\t<div class=\"elementor-container elementor-column-gap-default\">\n\t\t\t\t\t<div class=\"elementor-column elementor-col-100 elementor-inner-column elementor-element elementor-element-0672783\" data-id=\"0672783\" data-element_type=\"column\" data-e-type=\"column\">\n\t\t\t<div class=\"elementor-widget-wrap elementor-element-populated\">\n\t\t\t\t\t\t<div class=\"elementor-element elementor-element-6173828 elementor-widget elementor-widget-text-editor\" data-id=\"6173828\" data-element_type=\"widget\" data-e-type=\"widget\" data-widget_type=\"text-editor.default\">\n\t\t\t\t<div class=\"elementor-widget-container\">\n\t\t\t\t\t\t\t\t\t<p><strong>181 MW de capacidad instalada<br \/><\/strong><\/p>\t\t\t\t\t\t\t\t<\/div>\n\t\t\t\t<\/div>\n\t\t\t\t\t<\/div>\n\t\t<\/div>\n\t\t\t\t\t<\/div>\n\t\t<\/section>\n\t\t\t\t<section class=\"elementor-section elementor-inner-section elementor-element elementor-element-a175af8 info-annee elementor-section-boxed elementor-section-height-default elementor-section-height-default\" data-id=\"a175af8\" data-element_type=\"section\" data-e-type=\"section\" id=\"info-annee-2015\" data-settings=\"{&quot;background_background&quot;:&quot;classic&quot;}\">\n\t\t\t\t\t\t<div class=\"elementor-container elementor-column-gap-default\">\n\t\t\t\t\t<div class=\"elementor-column elementor-col-100 elementor-inner-column elementor-element elementor-element-6cb60f5\" data-id=\"6cb60f5\" data-element_type=\"column\" data-e-type=\"column\">\n\t\t\t<div class=\"elementor-widget-wrap elementor-element-populated\">\n\t\t\t\t\t\t<div class=\"elementor-element elementor-element-afd2a8c elementor-widget elementor-widget-text-editor\" data-id=\"afd2a8c\" data-element_type=\"widget\" data-e-type=\"widget\" data-widget_type=\"text-editor.default\">\n\t\t\t\t<div class=\"elementor-widget-container\">\n\t\t\t\t\t\t\t\t\t<p><strong>240 MW de capacidad instalada<br \/><\/strong><\/p>\t\t\t\t\t\t\t\t<\/div>\n\t\t\t\t<\/div>\n\t\t\t\t\t<\/div>\n\t\t<\/div>\n\t\t\t\t\t<\/div>\n\t\t<\/section>\n\t\t\t\t<section class=\"elementor-section elementor-inner-section elementor-element elementor-element-9dcbfeb info-annee elementor-section-boxed elementor-section-height-default elementor-section-height-default\" data-id=\"9dcbfeb\" data-element_type=\"section\" data-e-type=\"section\" id=\"info-annee-2016\" data-settings=\"{&quot;background_background&quot;:&quot;classic&quot;}\">\n\t\t\t\t\t\t<div class=\"elementor-container elementor-column-gap-default\">\n\t\t\t\t\t<div class=\"elementor-column elementor-col-100 elementor-inner-column elementor-element elementor-element-0cd0f27\" data-id=\"0cd0f27\" data-element_type=\"column\" data-e-type=\"column\">\n\t\t\t<div class=\"elementor-widget-wrap elementor-element-populated\">\n\t\t\t\t\t\t<div class=\"elementor-element elementor-element-91d54c0 elementor-widget elementor-widget-text-editor\" data-id=\"91d54c0\" data-element_type=\"widget\" data-e-type=\"widget\" data-widget_type=\"text-editor.default\">\n\t\t\t\t<div class=\"elementor-widget-container\">\n\t\t\t\t\t\t\t\t\t<p><strong>Desinversi\u00f3n<\/strong> de proyectos en India y Kazajst\u00e1n<\/p><p>Venta de actividades de biog\u00e1s y geotermia<\/p><p><strong>300 MW de capacidad instalada<\/strong><\/p>\t\t\t\t\t\t\t\t<\/div>\n\t\t\t\t<\/div>\n\t\t\t\t\t<\/div>\n\t\t<\/div>\n\t\t\t\t\t<\/div>\n\t\t<\/section>\n\t\t\t\t<section class=\"elementor-section elementor-inner-section elementor-element elementor-element-d0695a9 info-annee elementor-section-boxed elementor-section-height-default elementor-section-height-default\" data-id=\"d0695a9\" data-element_type=\"section\" data-e-type=\"section\" id=\"info-annee-2017\" data-settings=\"{&quot;background_background&quot;:&quot;classic&quot;}\">\n\t\t\t\t\t\t<div class=\"elementor-container elementor-column-gap-default\">\n\t\t\t\t\t<div class=\"elementor-column elementor-col-100 elementor-inner-column elementor-element elementor-element-fff8e37\" data-id=\"fff8e37\" data-element_type=\"column\" data-e-type=\"column\">\n\t\t\t<div class=\"elementor-widget-wrap elementor-element-populated\">\n\t\t\t\t\t\t<div class=\"elementor-element elementor-element-9917496 elementor-widget elementor-widget-text-editor\" data-id=\"9917496\" data-element_type=\"widget\" data-e-type=\"widget\" data-widget_type=\"text-editor.default\">\n\t\t\t\t<div class=\"elementor-widget-container\">\n\t\t\t\t\t\t\t\t\t<h3><span style=\"color: #55bdbe;\">La filial solar de Fonroche se convierte en REDEN Solar<\/span><\/h3><p><strong><span style=\"color: #55bdbe;\">Infravia<\/span> adquiere una participaci\u00f3n<\/strong><\/p><p><strong>348 MW de capacidad instalada<\/strong><\/p>\t\t\t\t\t\t\t\t<\/div>\n\t\t\t\t<\/div>\n\t\t\t\t\t<\/div>\n\t\t<\/div>\n\t\t\t\t\t<\/div>\n\t\t<\/section>\n\t\t\t\t<section class=\"elementor-section elementor-inner-section elementor-element elementor-element-6947d21 info-annee elementor-section-boxed elementor-section-height-default elementor-section-height-default\" data-id=\"6947d21\" data-element_type=\"section\" data-e-type=\"section\" id=\"info-annee-2018\" data-settings=\"{&quot;background_background&quot;:&quot;classic&quot;}\">\n\t\t\t\t\t\t<div class=\"elementor-container elementor-column-gap-default\">\n\t\t\t\t\t<div class=\"elementor-column elementor-col-100 elementor-inner-column elementor-element elementor-element-6fae253\" data-id=\"6fae253\" data-element_type=\"column\" data-e-type=\"column\">\n\t\t\t<div class=\"elementor-widget-wrap elementor-element-populated\">\n\t\t\t\t\t\t<div class=\"elementor-element elementor-element-15306e2 elementor-widget elementor-widget-text-editor\" data-id=\"15306e2\" data-element_type=\"widget\" data-e-type=\"widget\" data-widget_type=\"text-editor.default\">\n\t\t\t\t<div class=\"elementor-widget-container\">\n\t\t\t\t\t\t\t\t\t<p><strong>Inicio de operaciones en <span style=\"color: #55bdbe;\">Espa\u00f1a<\/span> y <span style=\"color: #55bdbe;\">Portugal<\/span><\/strong> (51 MW), <span style=\"color: #55bdbe;\"><strong>Chile<\/strong> <\/span>(30 MW), <span style=\"color: #55bdbe;\"><strong>M\u00e9xico<\/strong> <\/span>(20 MW) y <span style=\"color: #55bdbe;\"><strong>Puerto Rico<\/strong><\/span> (52 MW)<\/p><p><strong>Adquisici\u00f3n <\/strong>de proyectos en Espa\u00f1a (50 MW) y <strong>construcci\u00f3n<\/strong> de nuevos proyectos en M\u00e9xico (40 MW)<\/p><p><strong>Importantes desarrollos de gasoductos<\/strong> en Francia (2,3 GW) y Chile (0,3 GW)<\/p><p><strong>450 MW de capacidad instalada<\/strong><\/p>\t\t\t\t\t\t\t\t<\/div>\n\t\t\t\t<\/div>\n\t\t\t\t\t<\/div>\n\t\t<\/div>\n\t\t\t\t\t<\/div>\n\t\t<\/section>\n\t\t\t\t<section class=\"elementor-section elementor-inner-section elementor-element elementor-element-fd0f730 info-annee elementor-section-boxed elementor-section-height-default elementor-section-height-default\" data-id=\"fd0f730\" data-element_type=\"section\" data-e-type=\"section\" id=\"info-annee-2019\" data-settings=\"{&quot;background_background&quot;:&quot;classic&quot;}\">\n\t\t\t\t\t\t<div class=\"elementor-container elementor-column-gap-default\">\n\t\t\t\t\t<div class=\"elementor-column elementor-col-100 elementor-inner-column elementor-element elementor-element-cab89a4\" data-id=\"cab89a4\" data-element_type=\"column\" data-e-type=\"column\">\n\t\t\t<div class=\"elementor-widget-wrap elementor-element-populated\">\n\t\t\t\t\t\t<div class=\"elementor-element elementor-element-a5303f2 elementor-widget elementor-widget-text-editor\" data-id=\"a5303f2\" data-element_type=\"widget\" data-e-type=\"widget\" data-widget_type=\"text-editor.default\">\n\t\t\t\t<div class=\"elementor-widget-container\">\n\t\t\t\t\t\t\t\t\t<p>REDEN comienza a operar en<span style=\"color: #55bdbe;\"><strong> Grecia<\/strong><\/span><\/p><p><strong>573 MW de capacidad instalada<\/strong><\/p>\t\t\t\t\t\t\t\t<\/div>\n\t\t\t\t<\/div>\n\t\t\t\t\t<\/div>\n\t\t<\/div>\n\t\t\t\t\t<\/div>\n\t\t<\/section>\n\t\t\t\t<section class=\"elementor-section elementor-inner-section elementor-element elementor-element-1e7208e info-annee elementor-section-boxed elementor-section-height-default elementor-section-height-default\" data-id=\"1e7208e\" data-element_type=\"section\" data-e-type=\"section\" id=\"info-annee-2020\" data-settings=\"{&quot;background_background&quot;:&quot;classic&quot;}\">\n\t\t\t\t\t\t<div class=\"elementor-container elementor-column-gap-default\">\n\t\t\t\t\t<div class=\"elementor-column elementor-col-100 elementor-inner-column elementor-element elementor-element-fb75a48\" data-id=\"fb75a48\" data-element_type=\"column\" data-e-type=\"column\">\n\t\t\t<div class=\"elementor-widget-wrap elementor-element-populated\">\n\t\t\t\t\t\t<div class=\"elementor-element elementor-element-5026c96 elementor-widget elementor-widget-text-editor\" data-id=\"5026c96\" data-element_type=\"widget\" data-e-type=\"widget\" data-widget_type=\"text-editor.default\">\n\t\t\t\t<div class=\"elementor-widget-container\">\n\t\t\t\t\t\t\t\t\t<p><strong>652 MW de capacidad instalada<br \/><\/strong><\/p>\t\t\t\t\t\t\t\t<\/div>\n\t\t\t\t<\/div>\n\t\t\t\t\t<\/div>\n\t\t<\/div>\n\t\t\t\t\t<\/div>\n\t\t<\/section>\n\t\t\t\t<section class=\"elementor-section elementor-inner-section elementor-element elementor-element-4b456dc info-annee elementor-section-boxed elementor-section-height-default elementor-section-height-default\" data-id=\"4b456dc\" data-element_type=\"section\" data-e-type=\"section\" id=\"info-annee-2021\" data-settings=\"{&quot;background_background&quot;:&quot;classic&quot;}\">\n\t\t\t\t\t\t<div class=\"elementor-container elementor-column-gap-default\">\n\t\t\t\t\t<div class=\"elementor-column elementor-col-100 elementor-inner-column elementor-element elementor-element-7f0084c\" data-id=\"7f0084c\" data-element_type=\"column\" data-e-type=\"column\">\n\t\t\t<div class=\"elementor-widget-wrap elementor-element-populated\">\n\t\t\t\t\t\t<div class=\"elementor-element elementor-element-7355968 elementor-widget elementor-widget-text-editor\" data-id=\"7355968\" data-element_type=\"widget\" data-e-type=\"widget\" data-widget_type=\"text-editor.default\">\n\t\t\t\t<div class=\"elementor-widget-container\">\n\t\t\t\t\t\t\t\t\t<p>REDEN entra en el<strong> <span style=\"color: #55bdbe;\">mercado italiano<\/span><\/strong><\/p><p><strong>757 MW de capacidad instalada<\/strong><\/p>\t\t\t\t\t\t\t\t<\/div>\n\t\t\t\t<\/div>\n\t\t\t\t\t<\/div>\n\t\t<\/div>\n\t\t\t\t\t<\/div>\n\t\t<\/section>\n\t\t\t\t<section class=\"elementor-section elementor-inner-section elementor-element elementor-element-76fd32f info-annee elementor-section-boxed elementor-section-height-default elementor-section-height-default\" data-id=\"76fd32f\" data-element_type=\"section\" data-e-type=\"section\" id=\"info-annee-2022\" data-settings=\"{&quot;background_background&quot;:&quot;classic&quot;}\">\n\t\t\t\t\t\t<div class=\"elementor-container elementor-column-gap-default\">\n\t\t\t\t\t<div class=\"elementor-column elementor-col-100 elementor-inner-column elementor-element elementor-element-bf2caf7\" data-id=\"bf2caf7\" data-element_type=\"column\" data-e-type=\"column\">\n\t\t\t<div class=\"elementor-widget-wrap elementor-element-populated\">\n\t\t\t\t\t\t<div class=\"elementor-element elementor-element-d1f2d23 elementor-widget elementor-widget-text-editor\" data-id=\"d1f2d23\" data-element_type=\"widget\" data-e-type=\"widget\" data-widget_type=\"text-editor.default\">\n\t\t\t\t<div class=\"elementor-widget-container\">\n\t\t\t\t\t\t\t\t\t<p>Nuevos accionistas con <strong><span style=\"color: #55bdbe;\">Macquarie, BCI y MEAG en consorcio<\/span><\/strong><\/p><p><strong>939 MW de capacidad instalada<\/strong><\/p>\t\t\t\t\t\t\t\t<\/div>\n\t\t\t\t<\/div>\n\t\t\t\t\t<\/div>\n\t\t<\/div>\n\t\t\t\t\t<\/div>\n\t\t<\/section>\n\t\t\t\t<section class=\"elementor-section elementor-inner-section elementor-element elementor-element-d870b56 info-annee elementor-section-boxed elementor-section-height-default elementor-section-height-default\" data-id=\"d870b56\" data-element_type=\"section\" data-e-type=\"section\" id=\"info-annee-2023\" data-settings=\"{&quot;background_background&quot;:&quot;classic&quot;}\">\n\t\t\t\t\t\t<div class=\"elementor-container elementor-column-gap-default\">\n\t\t\t\t\t<div class=\"elementor-column elementor-col-100 elementor-inner-column elementor-element elementor-element-ceb74b8\" data-id=\"ceb74b8\" data-element_type=\"column\" data-e-type=\"column\">\n\t\t\t<div class=\"elementor-widget-wrap elementor-element-populated\">\n\t\t\t\t\t\t<div class=\"elementor-element elementor-element-b00ea74 elementor-widget elementor-widget-text-editor\" data-id=\"b00ea74\" data-element_type=\"widget\" data-e-type=\"widget\" data-widget_type=\"text-editor.default\">\n\t\t\t\t<div class=\"elementor-widget-container\">\n\t\t\t\t\t\t\t\t\t<p>Apertura de la<span style=\"color: #55bdbe;\">\u00a0<strong>filial alemana<\/strong><\/span>\u00a0de REDEN<\/p><p><img decoding=\"async\" class=\" wp-image-39848 alignleft\" src=\"https:\/\/reden.solar\/wp-content\/uploads\/2026\/03\/thumbnail-image001-1-225x300.jpg\" alt=\"\" width=\"196\" height=\"262\" srcset=\"https:\/\/reden.solar\/wp-content\/uploads\/2026\/03\/thumbnail-image001-1-225x300.jpg 225w, https:\/\/reden.solar\/wp-content\/uploads\/2026\/03\/thumbnail-image001-1.jpg 481w\" sizes=\"(max-width: 196px) 100vw, 196px\" \/><\/p><p><img decoding=\"async\" class=\"wp-image-39864 alignnone\" src=\"https:\/\/reden.solar\/wp-content\/uploads\/2026\/03\/6-300x225.jpg\" alt=\"\" width=\"191\" height=\"144\" srcset=\"https:\/\/reden.solar\/wp-content\/uploads\/2026\/03\/6-300x225.jpg 300w, https:\/\/reden.solar\/wp-content\/uploads\/2026\/03\/6.jpg 640w\" sizes=\"(max-width: 191px) 100vw, 191px\" \/><\/p><p><img loading=\"lazy\" decoding=\"async\" class=\"wp-image-39854 alignleft\" src=\"https:\/\/reden.solar\/wp-content\/uploads\/2026\/03\/reden-solar-germany-300x116.png\" alt=\"\" width=\"182\" height=\"70\" srcset=\"https:\/\/reden.solar\/wp-content\/uploads\/2026\/03\/reden-solar-germany-300x116.png 300w, https:\/\/reden.solar\/wp-content\/uploads\/2026\/03\/reden-solar-germany-1024x397.png 1024w, https:\/\/reden.solar\/wp-content\/uploads\/2026\/03\/reden-solar-germany-768x298.png 768w, https:\/\/reden.solar\/wp-content\/uploads\/2026\/03\/reden-solar-germany-1536x596.png 1536w, https:\/\/reden.solar\/wp-content\/uploads\/2026\/03\/reden-solar-germany-2048x795.png 2048w\" sizes=\"(max-width: 182px) 100vw, 182px\" \/><\/p><p>\u00a0<\/p><p>\u00a0<\/p><p>\u00a0<\/p><p>El Grupo REDEN cuenta con <strong><span style=\"color: #55bdbe;\">1 GW <\/span>de capacidad instalada<\/strong><\/p>\t\t\t\t\t\t\t\t<\/div>\n\t\t\t\t<\/div>\n\t\t\t\t\t<\/div>\n\t\t<\/div>\n\t\t\t\t\t<\/div>\n\t\t<\/section>\n\t\t\t\t<section class=\"elementor-section elementor-inner-section elementor-element elementor-element-dfcb25f info-annee elementor-section-boxed elementor-section-height-default elementor-section-height-default\" data-id=\"dfcb25f\" data-element_type=\"section\" data-e-type=\"section\" id=\"info-annee-2024\" data-settings=\"{&quot;background_background&quot;:&quot;classic&quot;}\">\n\t\t\t\t\t\t<div class=\"elementor-container elementor-column-gap-default\">\n\t\t\t\t\t<div class=\"elementor-column elementor-col-100 elementor-inner-column elementor-element elementor-element-7a75cc2\" data-id=\"7a75cc2\" data-element_type=\"column\" data-e-type=\"column\">\n\t\t\t<div class=\"elementor-widget-wrap elementor-element-populated\">\n\t\t\t\t\t\t<div class=\"elementor-element elementor-element-69ca445 elementor-widget elementor-widget-text-editor\" data-id=\"69ca445\" data-element_type=\"widget\" data-e-type=\"widget\" data-widget_type=\"text-editor.default\">\n\t\t\t\t<div class=\"elementor-widget-container\">\n\t\t\t\t\t\t\t\t\t<p>Nombramiento de <span style=\"color: #55bdbe;\"><strong>Frank DEMAILLE<\/strong><\/span> como director general del Grupo REDEN<\/p><p><img loading=\"lazy\" decoding=\"async\" class=\"alignnone size-medium wp-image-32429\" src=\"https:\/\/reden.solar\/wp-content\/uploads\/2024\/07\/frank-demaille-deputy-ceo-2-reden-1-200x300.webp\" alt=\"\" width=\"200\" height=\"300\" srcset=\"https:\/\/reden.solar\/wp-content\/uploads\/2024\/07\/frank-demaille-deputy-ceo-2-reden-1-200x300.webp 200w, https:\/\/reden.solar\/wp-content\/uploads\/2024\/07\/frank-demaille-deputy-ceo-2-reden-1-684x1024.webp 684w, https:\/\/reden.solar\/wp-content\/uploads\/2024\/07\/frank-demaille-deputy-ceo-2-reden-1-768x1151.webp 768w, https:\/\/reden.solar\/wp-content\/uploads\/2024\/07\/frank-demaille-deputy-ceo-2-reden-1-1025x1536.webp 1025w, https:\/\/reden.solar\/wp-content\/uploads\/2024\/07\/frank-demaille-deputy-ceo-2-reden-1-1367x2048.webp 1367w, https:\/\/reden.solar\/wp-content\/uploads\/2024\/07\/frank-demaille-deputy-ceo-2-reden-1-scaled.webp 1709w\" sizes=\"(max-width: 200px) 100vw, 200px\" \/>Inauguraci\u00f3n de <span style=\"color: #55bdbe;\"><strong>nuestra nueva l\u00ednea de producci\u00f3n de m\u00f3dulos fotovoltaicos<\/strong><\/span> en el suroeste de Francia, en Nueva Aquitania<\/p><p><img loading=\"lazy\" decoding=\"async\" class=\" wp-image-39883 alignleft\" src=\"https:\/\/reden.solar\/wp-content\/uploads\/2026\/03\/fr-inauguration-usine-88-simonabiker-reden-300x200.jpg\" alt=\"\" width=\"194\" height=\"129\" srcset=\"https:\/\/reden.solar\/wp-content\/uploads\/2026\/03\/fr-inauguration-usine-88-simonabiker-reden-300x200.jpg 300w, https:\/\/reden.solar\/wp-content\/uploads\/2026\/03\/fr-inauguration-usine-88-simonabiker-reden-1024x683.jpg 1024w, https:\/\/reden.solar\/wp-content\/uploads\/2026\/03\/fr-inauguration-usine-88-simonabiker-reden-768x512.jpg 768w, https:\/\/reden.solar\/wp-content\/uploads\/2026\/03\/fr-inauguration-usine-88-simonabiker-reden-1536x1024.jpg 1536w, https:\/\/reden.solar\/wp-content\/uploads\/2026\/03\/fr-inauguration-usine-88-simonabiker-reden-2048x1365.jpg 2048w\" sizes=\"(max-width: 194px) 100vw, 194px\" \/><\/p><p><img loading=\"lazy\" decoding=\"async\" class=\" wp-image-39877 alignnone\" src=\"https:\/\/reden.solar\/wp-content\/uploads\/2026\/03\/fr-inauguration-usine-01-simonabiker-reden-300x200.jpg\" alt=\"\" width=\"194\" height=\"130\" srcset=\"https:\/\/reden.solar\/wp-content\/uploads\/2026\/03\/fr-inauguration-usine-01-simonabiker-reden-300x200.jpg 300w, https:\/\/reden.solar\/wp-content\/uploads\/2026\/03\/fr-inauguration-usine-01-simonabiker-reden-1024x683.jpg 1024w, https:\/\/reden.solar\/wp-content\/uploads\/2026\/03\/fr-inauguration-usine-01-simonabiker-reden-768x512.jpg 768w, https:\/\/reden.solar\/wp-content\/uploads\/2026\/03\/fr-inauguration-usine-01-simonabiker-reden-1536x1024.jpg 1536w, https:\/\/reden.solar\/wp-content\/uploads\/2026\/03\/fr-inauguration-usine-01-simonabiker-reden-2048x1365.jpg 2048w\" sizes=\"(max-width: 194px) 100vw, 194px\" \/><\/p>\t\t\t\t\t\t\t\t<\/div>\n\t\t\t\t<\/div>\n\t\t\t\t\t<\/div>\n\t\t<\/div>\n\t\t\t\t\t<\/div>\n\t\t<\/section>\n\t\t\t\t<section class=\"elementor-section elementor-inner-section elementor-element elementor-element-45cb89a info-annee elementor-section-boxed elementor-section-height-default elementor-section-height-default\" data-id=\"45cb89a\" data-element_type=\"section\" data-e-type=\"section\" id=\"info-annee-2025\" data-settings=\"{&quot;background_background&quot;:&quot;classic&quot;}\">\n\t\t\t\t\t\t<div class=\"elementor-container elementor-column-gap-default\">\n\t\t\t\t\t<div class=\"elementor-column elementor-col-100 elementor-inner-column elementor-element elementor-element-dcad58b\" data-id=\"dcad58b\" data-element_type=\"column\" data-e-type=\"column\">\n\t\t\t<div class=\"elementor-widget-wrap elementor-element-populated\">\n\t\t\t\t\t\t<div class=\"elementor-element elementor-element-0baeab9 elementor-widget elementor-widget-text-editor\" data-id=\"0baeab9\" data-element_type=\"widget\" data-e-type=\"widget\" data-widget_type=\"text-editor.default\">\n\t\t\t\t<div class=\"elementor-widget-container\">\n\t\t\t\t\t\t\t\t\t<p>Inauguraci\u00f3n de <span style=\"color: #55bdbe;\"><b>Codroipo<\/b><\/span>, nuestra <strong>primera central fotovoltaica en Italia, en un emplazamiento descontaminado<\/strong><\/p><ul><li>23,5 MWp de potencia<\/li><li>36 GWh\/a\u00f1o de producci\u00f3n<\/li><li>22 000 toneladas de CO\u2082 evitadas<\/li><\/ul><p><img loading=\"lazy\" decoding=\"async\" src=\"https:\/\/reden.solar\/wp-content\/uploads\/2026\/03\/it-codroipo-gmp-3-reden-300x169.jpg\" alt=\"\" width=\"150\" height=\"85\" \/>\u00a0 \u00a0 <img loading=\"lazy\" decoding=\"async\" src=\"https:\/\/reden.solar\/wp-content\/uploads\/2026\/03\/dsc-9214-300x200.jpg\" alt=\"\" width=\"127\" height=\"85\" \/>\u00a0 \u00a0 <img loading=\"lazy\" decoding=\"async\" src=\"https:\/\/reden.solar\/wp-content\/uploads\/2026\/03\/it-codroipo-gmp-inauguration-05-reden-300x200.jpg\" alt=\"\" width=\"126\" height=\"84\" \/><\/p><p>Inauguraci\u00f3n de nuestra central de <span style=\"color: #55bdbe;\"><strong>Acampo<\/strong><\/span>\u00a0en Espa\u00f1a, n<strong>uestra mayor planta fotovoltaica de Europa<\/strong><\/p><ul><li>34 MWp de potencia<\/li><li>62 GWh\/a\u00f1o de producci\u00f3n<\/li><li>62 000 paneles<\/li><\/ul><p><img loading=\"lazy\" decoding=\"async\" src=\"https:\/\/reden.solar\/wp-content\/uploads\/2026\/03\/1-300x200.jpg\" alt=\"\" width=\"174\" height=\"116\" \/>\u00a0 \u00a0 \u00a0<img loading=\"lazy\" decoding=\"async\" src=\"https:\/\/reden.solar\/wp-content\/uploads\/2026\/03\/sp-a-campo-gmp-35-reden-300x225.jpg\" alt=\"\" width=\"155\" height=\"117\" \/><\/p>\t\t\t\t\t\t\t\t<\/div>\n\t\t\t\t<\/div>\n\t\t\t\t\t<\/div>\n\t\t<\/div>\n\t\t\t\t\t<\/div>\n\t\t<\/section>\n\t\t\t\t<div class=\"elementor-element elementor-element-dcee114 elementor-widget elementor-widget-menu-anchor\" data-id=\"dcee114\" data-element_type=\"widget\" data-e-type=\"widget\" data-widget_type=\"menu-anchor.default\">\n\t\t\t\t<div class=\"elementor-widget-container\">\n\t\t\t\t\t\t\t<div class=\"elementor-menu-anchor\" id=\"nuestrasimplantaciones\"><\/div>\n\t\t\t\t\t\t<\/div>\n\t\t\t\t<\/div>\n\t\t\t\t\t<\/div>\n\t\t<\/div>\n\t\t\t\t<div class=\"elementor-column elementor-col-50 elementor-top-column elementor-element elementor-element-93fec1f\" data-id=\"93fec1f\" data-element_type=\"column\" data-e-type=\"column\" id=\"timeline\" data-settings=\"{&quot;background_background&quot;:&quot;classic&quot;}\">\n\t\t\t<div class=\"elementor-widget-wrap elementor-element-populated\">\n\t\t\t\t\t\t<div class=\"elementor-element elementor-element-bafca9e elementor-absolute annee-top elementor-widget elementor-widget-image\" data-id=\"bafca9e\" data-element_type=\"widget\" data-e-type=\"widget\" data-settings=\"{&quot;_position&quot;:&quot;absolute&quot;}\" data-widget_type=\"image.default\">\n\t\t\t\t<div class=\"elementor-widget-container\">\n\t\t\t\t\t\t\t\t\t\t\t\t\t\t\t<img loading=\"lazy\" decoding=\"async\" width=\"60\" height=\"60\" src=\"https:\/\/reden.solar\/wp-content\/uploads\/2023\/12\/timeline-up.png\" class=\"attachment-large size-large wp-image-29275\" alt=\"\" \/>\t\t\t\t\t\t\t\t\t\t\t\t\t\t\t<\/div>\n\t\t\t\t<\/div>\n\t\t\t\t<div class=\"elementor-element elementor-element-00fe985 elementor-absolute annee-down elementor-widget elementor-widget-image\" data-id=\"00fe985\" data-element_type=\"widget\" data-e-type=\"widget\" data-settings=\"{&quot;_position&quot;:&quot;absolute&quot;}\" data-widget_type=\"image.default\">\n\t\t\t\t<div class=\"elementor-widget-container\">\n\t\t\t\t\t\t\t\t\t\t\t\t\t\t\t<img loading=\"lazy\" decoding=\"async\" width=\"60\" height=\"60\" src=\"https:\/\/reden.solar\/wp-content\/uploads\/2023\/12\/timeline-down.png\" class=\"attachment-large size-large wp-image-29281\" alt=\"\" \/>\t\t\t\t\t\t\t\t\t\t\t\t\t\t\t<\/div>\n\t\t\t\t<\/div>\n\t\t\t\t<div class=\"elementor-element elementor-element-4c91ebe annee elementor-widget elementor-widget-heading\" data-id=\"4c91ebe\" data-element_type=\"widget\" data-e-type=\"widget\" id=\"annee-2008\" data-widget_type=\"heading.default\">\n\t\t\t\t<div class=\"elementor-widget-container\">\n\t\t\t\t\t<h3 class=\"elementor-heading-title elementor-size-default\">2008<\/h3>\t\t\t\t<\/div>\n\t\t\t\t<\/div>\n\t\t\t\t<div class=\"elementor-element elementor-element-ab52adc annee elementor-widget elementor-widget-heading\" data-id=\"ab52adc\" data-element_type=\"widget\" data-e-type=\"widget\" id=\"annee-2009\" data-widget_type=\"heading.default\">\n\t\t\t\t<div class=\"elementor-widget-container\">\n\t\t\t\t\t<h3 class=\"elementor-heading-title elementor-size-default\">2009<\/h3>\t\t\t\t<\/div>\n\t\t\t\t<\/div>\n\t\t\t\t<div class=\"elementor-element elementor-element-4d6be55 annee elementor-widget elementor-widget-heading\" data-id=\"4d6be55\" data-element_type=\"widget\" data-e-type=\"widget\" id=\"annee-2010\" data-widget_type=\"heading.default\">\n\t\t\t\t<div class=\"elementor-widget-container\">\n\t\t\t\t\t<h3 class=\"elementor-heading-title elementor-size-default\">2010<\/h3>\t\t\t\t<\/div>\n\t\t\t\t<\/div>\n\t\t\t\t<div class=\"elementor-element elementor-element-90028ae annee elementor-widget elementor-widget-heading\" data-id=\"90028ae\" data-element_type=\"widget\" data-e-type=\"widget\" id=\"annee-2011\" data-widget_type=\"heading.default\">\n\t\t\t\t<div class=\"elementor-widget-container\">\n\t\t\t\t\t<h3 class=\"elementor-heading-title elementor-size-default\">2011<\/h3>\t\t\t\t<\/div>\n\t\t\t\t<\/div>\n\t\t\t\t<div class=\"elementor-element elementor-element-314f3bd annee elementor-widget elementor-widget-heading\" data-id=\"314f3bd\" data-element_type=\"widget\" data-e-type=\"widget\" id=\"annee-2012\" data-widget_type=\"heading.default\">\n\t\t\t\t<div class=\"elementor-widget-container\">\n\t\t\t\t\t<h3 class=\"elementor-heading-title elementor-size-default\">2012<\/h3>\t\t\t\t<\/div>\n\t\t\t\t<\/div>\n\t\t\t\t<div class=\"elementor-element elementor-element-c43faac annee elementor-widget elementor-widget-heading\" data-id=\"c43faac\" data-element_type=\"widget\" data-e-type=\"widget\" id=\"annee-2013\" data-widget_type=\"heading.default\">\n\t\t\t\t<div class=\"elementor-widget-container\">\n\t\t\t\t\t<h3 class=\"elementor-heading-title elementor-size-default\">2013<\/h3>\t\t\t\t<\/div>\n\t\t\t\t<\/div>\n\t\t\t\t<div class=\"elementor-element elementor-element-3ca4499 annee elementor-widget elementor-widget-heading\" data-id=\"3ca4499\" data-element_type=\"widget\" data-e-type=\"widget\" id=\"annee-2014\" data-widget_type=\"heading.default\">\n\t\t\t\t<div class=\"elementor-widget-container\">\n\t\t\t\t\t<h3 class=\"elementor-heading-title elementor-size-default\">2014<\/h3>\t\t\t\t<\/div>\n\t\t\t\t<\/div>\n\t\t\t\t<div class=\"elementor-element elementor-element-371eb99 annee elementor-widget elementor-widget-heading\" data-id=\"371eb99\" data-element_type=\"widget\" data-e-type=\"widget\" id=\"annee-2015\" data-widget_type=\"heading.default\">\n\t\t\t\t<div class=\"elementor-widget-container\">\n\t\t\t\t\t<h3 class=\"elementor-heading-title elementor-size-default\">2015<\/h3>\t\t\t\t<\/div>\n\t\t\t\t<\/div>\n\t\t\t\t<div class=\"elementor-element elementor-element-b9e1116 annee elementor-widget elementor-widget-heading\" data-id=\"b9e1116\" data-element_type=\"widget\" data-e-type=\"widget\" id=\"annee-2016\" data-widget_type=\"heading.default\">\n\t\t\t\t<div class=\"elementor-widget-container\">\n\t\t\t\t\t<h3 class=\"elementor-heading-title elementor-size-default\">2016<\/h3>\t\t\t\t<\/div>\n\t\t\t\t<\/div>\n\t\t\t\t<div class=\"elementor-element elementor-element-15eb653 annee elementor-widget elementor-widget-heading\" data-id=\"15eb653\" data-element_type=\"widget\" data-e-type=\"widget\" id=\"annee-2017\" data-widget_type=\"heading.default\">\n\t\t\t\t<div class=\"elementor-widget-container\">\n\t\t\t\t\t<h3 class=\"elementor-heading-title elementor-size-default\">2017<\/h3>\t\t\t\t<\/div>\n\t\t\t\t<\/div>\n\t\t\t\t<div class=\"elementor-element elementor-element-9aeef46 annee elementor-widget elementor-widget-heading\" data-id=\"9aeef46\" data-element_type=\"widget\" data-e-type=\"widget\" id=\"annee-2018\" data-widget_type=\"heading.default\">\n\t\t\t\t<div class=\"elementor-widget-container\">\n\t\t\t\t\t<h3 class=\"elementor-heading-title elementor-size-default\">2018<\/h3>\t\t\t\t<\/div>\n\t\t\t\t<\/div>\n\t\t\t\t<div class=\"elementor-element elementor-element-9011183 annee elementor-widget elementor-widget-heading\" data-id=\"9011183\" data-element_type=\"widget\" data-e-type=\"widget\" id=\"annee-2019\" data-widget_type=\"heading.default\">\n\t\t\t\t<div class=\"elementor-widget-container\">\n\t\t\t\t\t<h3 class=\"elementor-heading-title elementor-size-default\">2019<\/h3>\t\t\t\t<\/div>\n\t\t\t\t<\/div>\n\t\t\t\t<div class=\"elementor-element elementor-element-ac87dca annee elementor-widget elementor-widget-heading\" data-id=\"ac87dca\" data-element_type=\"widget\" data-e-type=\"widget\" id=\"annee-2020\" data-widget_type=\"heading.default\">\n\t\t\t\t<div class=\"elementor-widget-container\">\n\t\t\t\t\t<h3 class=\"elementor-heading-title elementor-size-default\">2020<\/h3>\t\t\t\t<\/div>\n\t\t\t\t<\/div>\n\t\t\t\t<div class=\"elementor-element elementor-element-4aa874e annee elementor-widget elementor-widget-heading\" data-id=\"4aa874e\" data-element_type=\"widget\" data-e-type=\"widget\" id=\"annee-2021\" data-widget_type=\"heading.default\">\n\t\t\t\t<div class=\"elementor-widget-container\">\n\t\t\t\t\t<h3 class=\"elementor-heading-title elementor-size-default\">2021<\/h3>\t\t\t\t<\/div>\n\t\t\t\t<\/div>\n\t\t\t\t<div class=\"elementor-element elementor-element-fc3f5a3 annee elementor-widget elementor-widget-heading\" data-id=\"fc3f5a3\" data-element_type=\"widget\" data-e-type=\"widget\" id=\"annee-2022\" data-widget_type=\"heading.default\">\n\t\t\t\t<div class=\"elementor-widget-container\">\n\t\t\t\t\t<h3 class=\"elementor-heading-title elementor-size-default\">2022<\/h3>\t\t\t\t<\/div>\n\t\t\t\t<\/div>\n\t\t\t\t<div class=\"elementor-element elementor-element-ef001ab annee elementor-widget elementor-widget-heading\" data-id=\"ef001ab\" data-element_type=\"widget\" data-e-type=\"widget\" id=\"annee-2023\" data-widget_type=\"heading.default\">\n\t\t\t\t<div class=\"elementor-widget-container\">\n\t\t\t\t\t<h3 class=\"elementor-heading-title elementor-size-default\">2023<\/h3>\t\t\t\t<\/div>\n\t\t\t\t<\/div>\n\t\t\t\t<div class=\"elementor-element elementor-element-cba9a73 annee elementor-widget elementor-widget-heading\" data-id=\"cba9a73\" data-element_type=\"widget\" data-e-type=\"widget\" id=\"annee-2024\" data-widget_type=\"heading.default\">\n\t\t\t\t<div class=\"elementor-widget-container\">\n\t\t\t\t\t<h3 class=\"elementor-heading-title elementor-size-default\">2024<\/h3>\t\t\t\t<\/div>\n\t\t\t\t<\/div>\n\t\t\t\t<div class=\"elementor-element elementor-element-6ada259 annee elementor-widget elementor-widget-heading\" data-id=\"6ada259\" data-element_type=\"widget\" data-e-type=\"widget\" id=\"annee-2025\" data-widget_type=\"heading.default\">\n\t\t\t\t<div class=\"elementor-widget-container\">\n\t\t\t\t\t<h3 class=\"elementor-heading-title elementor-size-default\">2025<\/h3>\t\t\t\t<\/div>\n\t\t\t\t<\/div>\n\t\t\t\t\t<\/div>\n\t\t<\/div>\n\t\t\t\t\t<\/div>\n\t\t<\/section>\n\t\t\t\t<section class=\"elementor-section elementor-top-section elementor-element elementor-element-1312a4c elementor-section-content-top elementor-section-boxed elementor-section-height-default elementor-section-height-default\" data-id=\"1312a4c\" data-element_type=\"section\" data-e-type=\"section\">\n\t\t\t\t\t\t<div class=\"elementor-container elementor-column-gap-no\">\n\t\t\t\t\t<div class=\"elementor-column elementor-col-100 elementor-top-column elementor-element elementor-element-f5d54c2\" data-id=\"f5d54c2\" data-element_type=\"column\" data-e-type=\"column\">\n\t\t\t<div class=\"elementor-widget-wrap elementor-element-populated\">\n\t\t\t\t\t\t<div class=\"elementor-element elementor-element-6aa898e elementor-widget elementor-widget-heading\" data-id=\"6aa898e\" data-element_type=\"widget\" data-e-type=\"widget\" data-widget_type=\"heading.default\">\n\t\t\t\t<div class=\"elementor-widget-container\">\n\t\t\t\t\t<h2 class=\"elementor-heading-title elementor-size-default\">NUESTRAS IMPLANTACIONES<\/h2>\t\t\t\t<\/div>\n\t\t\t\t<\/div>\n\t\t\t\t\t<\/div>\n\t\t<\/div>\n\t\t\t\t\t<\/div>\n\t\t<\/section>\n\t\t\t\t<section class=\"elementor-section elementor-top-section elementor-element elementor-element-6c3a543 texte-fond-blanc elementor-section-boxed elementor-section-height-default elementor-section-height-default\" data-id=\"6c3a543\" data-element_type=\"section\" data-e-type=\"section\">\n\t\t\t\t\t\t<div class=\"elementor-container elementor-column-gap-no\">\n\t\t\t\t\t<div class=\"elementor-column elementor-col-100 elementor-top-column elementor-element elementor-element-e064937\" data-id=\"e064937\" data-element_type=\"column\" data-e-type=\"column\">\n\t\t\t<div class=\"elementor-widget-wrap elementor-element-populated\">\n\t\t\t\t\t\t<div class=\"elementor-element elementor-element-91e95e8 elementor-widget elementor-widget-text-editor\" data-id=\"91e95e8\" data-element_type=\"widget\" data-e-type=\"widget\" data-widget_type=\"text-editor.default\">\n\t\t\t\t<div class=\"elementor-widget-container\">\n\t\t\t\t\t\t\t\t\t<p>REDEN, cuyo domicilio social se encuentra en el suroeste de <span style=\"color: #55bdbe;\"><strong>Francia<\/strong><\/span>, en Roquefort (47), cuenta tambi\u00e9n con oficinas en Toulouse (31), Bordeaux (33), Nimes (30) y en los pa\u00edses en los que REDEN tiene presencia:<span style=\"color: #55bdbe;\"> <strong>Espa\u00f1a, Portugal, Chile, Puerto Rico, M\u00e9xico, Grecia, Italia y Alemania.<\/strong><\/span><\/p>\t\t\t\t\t\t\t\t<\/div>\n\t\t\t\t<\/div>\n\t\t\t\t<div class=\"elementor-element elementor-element-a82e436 elementor-widget elementor-widget-shortcode\" data-id=\"a82e436\" data-element_type=\"widget\" data-e-type=\"widget\" data-widget_type=\"shortcode.default\">\n\t\t\t\t<div class=\"elementor-widget-container\">\n\t\t\t\t\t\t\t<div class=\"elementor-shortcode\"><!-- Chart Action CSS -->\r\n<style type=\"text\/css\">\r\n\t#imap_1 {\n}<\/style>\r\n\r\n<!-- Chart Action HTML -->\r\n<div id=\"imap_1\">\n  <div class=\"interactive_map_finder\" id=\"interactive_map_1\" imap=\"1\"><\/div>\n<\/div><\/div>\n\t\t\t\t\t\t<\/div>\n\t\t\t\t<\/div>\n\t\t\t\t<div class=\"elementor-element elementor-element-a700def elementor-widget elementor-widget-html\" data-id=\"a700def\" data-element_type=\"widget\" data-e-type=\"widget\" data-widget_type=\"html.default\">\n\t\t\t\t<div class=\"elementor-widget-container\">\n\t\t\t\t\t<ul class=\"legende-map-reden\">\n    <li class=\"bureaux\">Sedes centrales y oficinas<\/li>\n    <li class=\"projets\">Oficinas al internacional<\/li>\n    \n<\/ul>\t\t\t\t<\/div>\n\t\t\t\t<\/div>\n\t\t\t\t\t<\/div>\n\t\t<\/div>\n\t\t\t\t\t<\/div>\n\t\t<\/section>\n\t\t\t\t<section class=\"elementor-section elementor-top-section elementor-element elementor-element-62453a2 slider-realisation elementor-section-boxed elementor-section-height-default elementor-section-height-default\" data-id=\"62453a2\" data-element_type=\"section\" data-e-type=\"section\">\n\t\t\t\t\t\t<div class=\"elementor-container elementor-column-gap-no\">\n\t\t\t\t\t<div class=\"elementor-column elementor-col-100 elementor-top-column elementor-element elementor-element-ce78d8d\" data-id=\"ce78d8d\" data-element_type=\"column\" data-e-type=\"column\">\n\t\t\t<div class=\"elementor-widget-wrap elementor-element-populated\">\n\t\t\t\t\t\t<div class=\"elementor-element elementor-element-cdbcf44 elementor-widget elementor-widget-menu-anchor\" data-id=\"cdbcf44\" data-element_type=\"widget\" data-e-type=\"widget\" data-widget_type=\"menu-anchor.default\">\n\t\t\t\t<div class=\"elementor-widget-container\">\n\t\t\t\t\t\t\t<div class=\"elementor-menu-anchor\" id=\"nuestrosvalores\"><\/div>\n\t\t\t\t\t\t<\/div>\n\t\t\t\t<\/div>\n\t\t\t\t\t<\/div>\n\t\t<\/div>\n\t\t\t\t\t<\/div>\n\t\t<\/section>\n\t\t\t\t<section class=\"elementor-section elementor-top-section elementor-element elementor-element-8989dc4 elementor-section-stretched elementor-section-content-top elementor-section-boxed elementor-section-height-default elementor-section-height-default\" data-id=\"8989dc4\" data-element_type=\"section\" data-e-type=\"section\" data-settings=\"{&quot;stretch_section&quot;:&quot;section-stretched&quot;,&quot;background_background&quot;:&quot;classic&quot;}\">\n\t\t\t\t\t\t<div class=\"elementor-container elementor-column-gap-no\">\n\t\t\t\t\t<div class=\"elementor-column elementor-col-100 elementor-top-column elementor-element elementor-element-9c69997\" data-id=\"9c69997\" data-element_type=\"column\" data-e-type=\"column\">\n\t\t\t<div class=\"elementor-widget-wrap elementor-element-populated\">\n\t\t\t\t\t\t<div class=\"elementor-element elementor-element-5804daf elementor-widget elementor-widget-heading\" data-id=\"5804daf\" data-element_type=\"widget\" data-e-type=\"widget\" data-widget_type=\"heading.default\">\n\t\t\t\t<div class=\"elementor-widget-container\">\n\t\t\t\t\t<h2 class=\"elementor-heading-title elementor-size-default\">NUESTROS VALORES<\/h2>\t\t\t\t<\/div>\n\t\t\t\t<\/div>\n\t\t\t\t<div class=\"elementor-element elementor-element-cc1efbc elementor-widget elementor-widget-text-editor\" data-id=\"cc1efbc\" data-element_type=\"widget\" data-e-type=\"widget\" data-widget_type=\"text-editor.default\">\n\t\t\t\t<div class=\"elementor-widget-container\">\n\t\t\t\t\t\t\t\t\tBuena Voluntad, Compromiso, \u00c9tica y Profesionalismo son los cuatro pilares del rendimiento del grupo que gu\u00edan a diario todas nuestras acciones. \t\t\t\t\t\t\t\t<\/div>\n\t\t\t\t<\/div>\n\t\t\t\t<section class=\"elementor-section elementor-inner-section elementor-element elementor-element-f3756e0 elementor-section-content-top elementor-section-boxed elementor-section-height-default elementor-section-height-default\" data-id=\"f3756e0\" data-element_type=\"section\" data-e-type=\"section\">\n\t\t\t\t\t\t<div class=\"elementor-container elementor-column-gap-wide\">\n\t\t\t\t\t<div class=\"elementor-column elementor-col-50 elementor-inner-column elementor-element elementor-element-1a13ffb\" data-id=\"1a13ffb\" data-element_type=\"column\" data-e-type=\"column\">\n\t\t\t<div class=\"elementor-widget-wrap elementor-element-populated\">\n\t\t\t\t\t\t<div class=\"elementor-element elementor-element-20e1bd4 presentation-valeur elementor-position-top elementor-widget elementor-widget-image-box\" data-id=\"20e1bd4\" data-element_type=\"widget\" data-e-type=\"widget\" data-widget_type=\"image-box.default\">\n\t\t\t\t<div class=\"elementor-widget-container\">\n\t\t\t\t\t<div class=\"elementor-image-box-wrapper\"><figure class=\"elementor-image-box-img\"><img loading=\"lazy\" decoding=\"async\" width=\"1\" height=\"1\" src=\"https:\/\/reden.solar\/wp-content\/uploads\/2020\/03\/bienveillance.svg\" class=\"attachment-full size-full wp-image-583\" alt=\"groupe-reden-bienveillance\" \/><\/figure><div class=\"elementor-image-box-content\"><h3 class=\"elementor-image-box-title\">LA BUENA VOLUNTAD<\/h3><p class=\"elementor-image-box-description\">Dentro del grupo, cada uno act\u00faa individual y colectivamente para garantizar el respeto de todos, para mejorar sin cesar el confort de trabajo y para favorecer un clima de trabajo sereno, agradable y constructivo.\n<\/p><\/div><\/div>\t\t\t\t<\/div>\n\t\t\t\t<\/div>\n\t\t\t\t\t<\/div>\n\t\t<\/div>\n\t\t\t\t<div class=\"elementor-column elementor-col-50 elementor-inner-column elementor-element elementor-element-2a0f75a\" data-id=\"2a0f75a\" data-element_type=\"column\" data-e-type=\"column\">\n\t\t\t<div class=\"elementor-widget-wrap elementor-element-populated\">\n\t\t\t\t\t\t<div class=\"elementor-element elementor-element-e31bebc presentation-valeur elementor-position-top elementor-widget elementor-widget-image-box\" data-id=\"e31bebc\" data-element_type=\"widget\" data-e-type=\"widget\" data-widget_type=\"image-box.default\">\n\t\t\t\t<div class=\"elementor-widget-container\">\n\t\t\t\t\t<div class=\"elementor-image-box-wrapper\"><figure class=\"elementor-image-box-img\"><img loading=\"lazy\" decoding=\"async\" width=\"1\" height=\"1\" src=\"https:\/\/reden.solar\/wp-content\/uploads\/2020\/03\/engagement.svg\" class=\"attachment-full size-full wp-image-585\" alt=\"groupe-reden-engagement\" \/><\/figure><div class=\"elementor-image-box-content\"><h3 class=\"elementor-image-box-title\">EL COMPROMISO<\/h3><p class=\"elementor-image-box-description\">La lealtad y la implicaci\u00f3n son la base de las relaciones a largo plazo entre los colaboradores, la empresa y los socios externos. Por este motivo, el casi 100 % de los colaboradores de REDEN tienen un contrato indefinido.<\/p><\/div><\/div>\t\t\t\t<\/div>\n\t\t\t\t<\/div>\n\t\t\t\t\t<\/div>\n\t\t<\/div>\n\t\t\t\t\t<\/div>\n\t\t<\/section>\n\t\t\t\t<section class=\"elementor-section elementor-inner-section elementor-element elementor-element-793d7b4 elementor-section-content-top elementor-section-boxed elementor-section-height-default elementor-section-height-default\" data-id=\"793d7b4\" data-element_type=\"section\" data-e-type=\"section\">\n\t\t\t\t\t\t<div class=\"elementor-container elementor-column-gap-wide\">\n\t\t\t\t\t<div class=\"elementor-column elementor-col-50 elementor-inner-column elementor-element elementor-element-a8291c6\" data-id=\"a8291c6\" data-element_type=\"column\" data-e-type=\"column\">\n\t\t\t<div class=\"elementor-widget-wrap elementor-element-populated\">\n\t\t\t\t\t\t<div class=\"elementor-element elementor-element-da9b5aa presentation-valeur elementor-position-top elementor-widget elementor-widget-image-box\" data-id=\"da9b5aa\" data-element_type=\"widget\" data-e-type=\"widget\" data-widget_type=\"image-box.default\">\n\t\t\t\t<div class=\"elementor-widget-container\">\n\t\t\t\t\t<div class=\"elementor-image-box-wrapper\"><figure class=\"elementor-image-box-img\"><img loading=\"lazy\" decoding=\"async\" width=\"1\" height=\"1\" src=\"https:\/\/reden.solar\/wp-content\/uploads\/2020\/03\/ethique.svg\" class=\"attachment-full size-full wp-image-589\" alt=\"groupe-reden-ethique\" \/><\/figure><div class=\"elementor-image-box-content\"><h3 class=\"elementor-image-box-title\"> LA \u00c9TICA<\/h3><p class=\"elementor-image-box-description\">A trav\u00e9s de sus acciones y estrategias, REDEN se compromete a hacer lo que es moralmente justo a nivel social, medioambiental y econ\u00f3mico. As\u00ed, en el marco de su iniciativa activa de Responsabilidad Social y Medioambiental, REDEN se ha comprometido fundamentalmente, a trav\u00e9s de una Carta de Compras Responsables, a mantener una relaci\u00f3n equilibrada con sus socios.<\/p><\/div><\/div>\t\t\t\t<\/div>\n\t\t\t\t<\/div>\n\t\t\t\t\t<\/div>\n\t\t<\/div>\n\t\t\t\t<div class=\"elementor-column elementor-col-50 elementor-inner-column elementor-element elementor-element-e7933b1\" data-id=\"e7933b1\" data-element_type=\"column\" data-e-type=\"column\">\n\t\t\t<div class=\"elementor-widget-wrap elementor-element-populated\">\n\t\t\t\t\t\t<div class=\"elementor-element elementor-element-a7dcd87 presentation-valeur elementor-position-top elementor-widget elementor-widget-image-box\" data-id=\"a7dcd87\" data-element_type=\"widget\" data-e-type=\"widget\" data-widget_type=\"image-box.default\">\n\t\t\t\t<div class=\"elementor-widget-container\">\n\t\t\t\t\t<div class=\"elementor-image-box-wrapper\"><figure class=\"elementor-image-box-img\"><img loading=\"lazy\" decoding=\"async\" width=\"1\" height=\"1\" src=\"https:\/\/reden.solar\/wp-content\/uploads\/2020\/03\/professionnalisme.svg\" class=\"attachment-full size-full wp-image-587\" alt=\"groupe-reden-professionalisme\" \/><\/figure><div class=\"elementor-image-box-content\"><h3 class=\"elementor-image-box-title\">LA PROFESIONALIDAD<\/h3><p class=\"elementor-image-box-description\">Los equipos REDEN est\u00e1n empe\u00f1ados en cumplir su misi\u00f3n con rigor y profesionalidad, con el fin de acompa\u00f1ar el desarrollo de proyectos fotovoltaicos que tengan sentido. Este valor implica un esfuerzo constante de formaci\u00f3n, y por eso REDEN acompa\u00f1a a sus colaboradores en sus evoluciones, tanto si se trata de aumentar la competencia como de evolucionar hacia nuevas profesiones.<\/p><\/div><\/div>\t\t\t\t<\/div>\n\t\t\t\t<\/div>\n\t\t\t\t\t<\/div>\n\t\t<\/div>\n\t\t\t\t\t<\/div>\n\t\t<\/section>\n\t\t\t\t<div class=\"elementor-element elementor-element-5b54e9a elementor-widget elementor-widget-menu-anchor\" data-id=\"5b54e9a\" data-element_type=\"widget\" data-e-type=\"widget\" data-widget_type=\"menu-anchor.default\">\n\t\t\t\t<div class=\"elementor-widget-container\">\n\t\t\t\t\t\t\t<div class=\"elementor-menu-anchor\" id=\"nuestrosaccionistas\"><\/div>\n\t\t\t\t\t\t<\/div>\n\t\t\t\t<\/div>\n\t\t\t\t\t<\/div>\n\t\t<\/div>\n\t\t\t\t\t<\/div>\n\t\t<\/section>\n\t\t\t\t<section class=\"elementor-section elementor-top-section elementor-element elementor-element-957aea3 elementor-section-stretched elementor-section-boxed elementor-section-height-default elementor-section-height-default\" data-id=\"957aea3\" data-element_type=\"section\" data-e-type=\"section\" data-settings=\"{&quot;stretch_section&quot;:&quot;section-stretched&quot;,&quot;background_background&quot;:&quot;classic&quot;}\">\n\t\t\t\t\t\t<div class=\"elementor-container elementor-column-gap-no\">\n\t\t\t\t\t<div class=\"elementor-column elementor-col-100 elementor-top-column elementor-element elementor-element-cc1c449\" data-id=\"cc1c449\" data-element_type=\"column\" data-e-type=\"column\">\n\t\t\t<div class=\"elementor-widget-wrap elementor-element-populated\">\n\t\t\t\t\t\t<div class=\"elementor-element elementor-element-1b34a7e elementor-widget elementor-widget-heading\" data-id=\"1b34a7e\" data-element_type=\"widget\" data-e-type=\"widget\" data-widget_type=\"heading.default\">\n\t\t\t\t<div class=\"elementor-widget-container\">\n\t\t\t\t\t<h2 class=\"elementor-heading-title elementor-size-default\">Nuestros accionistas\n<\/h2>\t\t\t\t<\/div>\n\t\t\t\t<\/div>\n\t\t\t\t<div class=\"elementor-element elementor-element-7f0ff94 elementor-widget elementor-widget-text-editor\" data-id=\"7f0ff94\" data-element_type=\"widget\" data-e-type=\"widget\" data-widget_type=\"text-editor.default\">\n\t\t\t\t<div class=\"elementor-widget-container\">\n\t\t\t\t\t\t\t\t\t<p>Desde el 6 de julio de 2022, un consorcio con visi\u00f3n a largo plazo, formado por Macquarie Asset Management, British Columbia Investment Management Corporation (BCI) y Munich Ergo Asset Management GmbH (MEAG), acompa\u00f1a al Grupo en su nueva fase de crecimiento.<\/p>\t\t\t\t\t\t\t\t<\/div>\n\t\t\t\t<\/div>\n\t\t\t\t<section class=\"elementor-section elementor-inner-section elementor-element elementor-element-60ff0a9 elementor-section-content-top elementor-section-boxed elementor-section-height-default elementor-section-height-default\" data-id=\"60ff0a9\" data-element_type=\"section\" data-e-type=\"section\">\n\t\t\t\t\t\t<div class=\"elementor-container elementor-column-gap-wide\">\n\t\t\t\t\t<div class=\"elementor-column elementor-col-33 elementor-inner-column elementor-element elementor-element-077bb95\" data-id=\"077bb95\" data-element_type=\"column\" data-e-type=\"column\">\n\t\t\t<div class=\"elementor-widget-wrap elementor-element-populated\">\n\t\t\t\t\t\t<div class=\"elementor-element elementor-element-92c82ed elementor-widget__width-initial elementor-widget elementor-widget-image\" data-id=\"92c82ed\" data-element_type=\"widget\" data-e-type=\"widget\" data-widget_type=\"image.default\">\n\t\t\t\t<div class=\"elementor-widget-container\">\n\t\t\t\t\t\t\t\t\t\t\t\t\t\t\t<img loading=\"lazy\" decoding=\"async\" width=\"215\" height=\"235\" src=\"https:\/\/reden.solar\/wp-content\/uploads\/2023\/07\/logo-macquarie-min.webp\" class=\"attachment-large size-large wp-image-23630\" alt=\"\" \/>\t\t\t\t\t\t\t\t\t\t\t\t\t\t\t<\/div>\n\t\t\t\t<\/div>\n\t\t\t\t<div class=\"elementor-element elementor-element-a63fe4c block-txt-aparte elementor-widget elementor-widget-text-editor\" data-id=\"a63fe4c\" data-element_type=\"widget\" data-e-type=\"widget\" data-widget_type=\"text-editor.default\">\n\t\t\t\t<div class=\"elementor-widget-container\">\n\t\t\t\t\t\t\t\t\t<p style=\"text-align: left;\"><strong>Macquarie Asset Management<\/strong><br \/>es una gestora de activos a nivel mundial, integrada en mercados p\u00fablicos y privados.<br \/>Gracias a la confianza de instituciones, gobiernos, fundaciones y particulares para la gesti\u00f3n de sus activos, Macquarie Asset Management ofrece una amplia variedad de soluciones de inversi\u00f3n que comprende activos reales, inmobiliarios, cr\u00e9ditos, acciones y fondos multiactivos. <a href=\"http:\/\/www.macquarie.com\">www.macquarie.com<\/a><\/p>\t\t\t\t\t\t\t\t<\/div>\n\t\t\t\t<\/div>\n\t\t\t\t\t<\/div>\n\t\t<\/div>\n\t\t\t\t<div class=\"elementor-column elementor-col-33 elementor-inner-column elementor-element elementor-element-4dab759\" data-id=\"4dab759\" data-element_type=\"column\" data-e-type=\"column\">\n\t\t\t<div class=\"elementor-widget-wrap elementor-element-populated\">\n\t\t\t\t\t\t<div class=\"elementor-element elementor-element-440b58e elementor-widget__width-initial elementor-widget elementor-widget-image\" data-id=\"440b58e\" data-element_type=\"widget\" data-e-type=\"widget\" data-widget_type=\"image.default\">\n\t\t\t\t<div class=\"elementor-widget-container\">\n\t\t\t\t\t\t\t\t\t\t\t\t\t\t\t<img loading=\"lazy\" decoding=\"async\" width=\"328\" height=\"154\" src=\"https:\/\/reden.solar\/wp-content\/uploads\/2023\/07\/logo-bci-min.webp\" class=\"attachment-large size-large wp-image-23624\" alt=\"\" srcset=\"https:\/\/reden.solar\/wp-content\/uploads\/2023\/07\/logo-bci-min.webp 328w, https:\/\/reden.solar\/wp-content\/uploads\/2023\/07\/logo-bci-min-300x141.webp 300w\" sizes=\"(max-width: 328px) 100vw, 328px\" \/>\t\t\t\t\t\t\t\t\t\t\t\t\t\t\t<\/div>\n\t\t\t\t<\/div>\n\t\t\t\t<div class=\"elementor-element elementor-element-e54009e block-txt-aparte elementor-widget elementor-widget-text-editor\" data-id=\"e54009e\" data-element_type=\"widget\" data-e-type=\"widget\" data-widget_type=\"text-editor.default\">\n\t\t\t\t<div class=\"elementor-widget-container\">\n\t\t\t\t\t\t\t\t\t<p style=\"text-align: left;\">Con activos bajo gesti\u00f3n\u00a0 de 223.000 millones de d\u00f3lares canadienses a 31 de marzo de 2023, <strong>BCI<\/strong> es uno de los inversores institucionales m\u00e1s importantes de Canad\u00e1. Con sede en Victoria, Columbia Brit\u00e1nica, y oficinas en Vancouver, Londres y Nueva York, BCI invierte en t\u00edtulos de renta fija e instrumentos de deuda privados, acciones p\u00fablicas y privadas, infraestructuras y recursos renovables, as\u00ed como en acciones e instrumentos de deuda inmobiliarios. <a href=\"https:\/\/www.bci.ca\/\"><span style=\"color: #ff0000;\">www.bci.ca<\/span><\/a><\/p>\t\t\t\t\t\t\t\t<\/div>\n\t\t\t\t<\/div>\n\t\t\t\t\t<\/div>\n\t\t<\/div>\n\t\t\t\t<div class=\"elementor-column elementor-col-33 elementor-inner-column elementor-element elementor-element-d5071cc\" data-id=\"d5071cc\" data-element_type=\"column\" data-e-type=\"column\">\n\t\t\t<div class=\"elementor-widget-wrap elementor-element-populated\">\n\t\t\t\t\t\t<div class=\"elementor-element elementor-element-7dc3a97 elementor-widget__width-initial elementor-widget elementor-widget-image\" data-id=\"7dc3a97\" data-element_type=\"widget\" data-e-type=\"widget\" data-widget_type=\"image.default\">\n\t\t\t\t<div class=\"elementor-widget-container\">\n\t\t\t\t\t\t\t\t\t\t\t\t\t\t\t<img loading=\"lazy\" decoding=\"async\" width=\"280\" height=\"156\" src=\"https:\/\/reden.solar\/wp-content\/uploads\/2023\/07\/meag-logo-min.webp\" class=\"attachment-large size-large wp-image-23639\" alt=\"\" \/>\t\t\t\t\t\t\t\t\t\t\t\t\t\t\t<\/div>\n\t\t\t\t<\/div>\n\t\t\t\t<div class=\"elementor-element elementor-element-463fbc2 block-txt-aparte elementor-widget elementor-widget-text-editor\" data-id=\"463fbc2\" data-element_type=\"widget\" data-e-type=\"widget\" data-widget_type=\"text-editor.default\">\n\t\t\t\t<div class=\"elementor-widget-container\">\n\t\t\t\t\t\t\t\t\t<p style=\"text-align: left;\"><strong>MEAG<\/strong> es el gestor de activos del Munich Re.\u00a0 Con presencia en Europa, Asia y Norteam\u00e9rica, ofrece tambi\u00e9n su amplia experiencia a inversores institucionales y clientes privados. En la actualidad, MEAG gestiona activos por valor de unos 363.000 millones de euros, de los cuales 62.000 millones de euros corresponden a inversores ajenos al Grupo.<\/p><p style=\"text-align: left;\">Para m\u00e1s informaci\u00f3n, visite <a href=\"http:\/\/www.meag.com\">www.meag.com<\/a><\/p>\t\t\t\t\t\t\t\t<\/div>\n\t\t\t\t<\/div>\n\t\t\t\t\t<\/div>\n\t\t<\/div>\n\t\t\t\t\t<\/div>\n\t\t<\/section>\n\t\t\t\t<div class=\"elementor-element elementor-element-9ecdc9e elementor-widget elementor-widget-menu-anchor\" data-id=\"9ecdc9e\" data-element_type=\"widget\" data-e-type=\"widget\" data-widget_type=\"menu-anchor.default\">\n\t\t\t\t<div class=\"elementor-widget-container\">\n\t\t\t\t\t\t\t<div class=\"elementor-menu-anchor\" id=\"nuestrahistoria\"><\/div>\n\t\t\t\t\t\t<\/div>\n\t\t\t\t<\/div>\n\t\t\t\t\t<\/div>\n\t\t<\/div>\n\t\t\t\t\t<\/div>\n\t\t<\/section>\n\t\t\t\t<section class=\"elementor-section elementor-top-section elementor-element elementor-element-3a0cd256 texte-fond-blanc elementor-section-stretched elementor-section-boxed elementor-section-height-default elementor-section-height-default\" data-id=\"3a0cd256\" data-element_type=\"section\" data-e-type=\"section\" data-settings=\"{&quot;stretch_section&quot;:&quot;section-stretched&quot;}\">\n\t\t\t\t\t\t<div class=\"elementor-container elementor-column-gap-no\">\n\t\t\t\t\t<div class=\"elementor-column elementor-col-100 elementor-top-column elementor-element elementor-element-36a42b49\" data-id=\"36a42b49\" data-element_type=\"column\" data-e-type=\"column\">\n\t\t\t<div class=\"elementor-widget-wrap elementor-element-populated\">\n\t\t\t\t\t\t<div class=\"elementor-element elementor-element-1df3b6d elementor-align-center elementor-tablet-align-center elementor-widget elementor-widget-button\" data-id=\"1df3b6d\" data-element_type=\"widget\" data-e-type=\"widget\" data-widget_type=\"button.default\">\n\t\t\t\t<div class=\"elementor-widget-container\">\n\t\t\t\t\t\t\t\t\t<div class=\"elementor-button-wrapper\">\n\t\t\t\t\t<a class=\"elementor-button elementor-button-link elementor-size-sm\" href=\"https:\/\/reden.solar\/wp-content\/uploads\/2025\/04\/202503-reden-corporate-brochure-20-p--en-page-to-page.pdf\" target=\"_blank\" title=\"Notre politique RSE\">\n\t\t\t\t\t\t<span class=\"elementor-button-content-wrapper\">\n\t\t\t\t\t\t\t\t\t<span class=\"elementor-button-text\">Nuestro folleto<br \/>corporativo<\/span>\n\t\t\t\t\t<\/span>\n\t\t\t\t\t<\/a>\n\t\t\t\t<\/div>\n\t\t\t\t\t\t\t\t<\/div>\n\t\t\t\t<\/div>\n\t\t\t\t\t<\/div>\n\t\t<\/div>\n\t\t\t\t\t<\/div>\n\t\t<\/section>\n\t\t\t\t<\/div>\n\t\t","protected":false},"excerpt":{"rendered":"<p>Descubra el Grupo REDEN Tras experimentar un crecimiento sostenido desde 2008, el Grupo REDEN se ha convertido desde hace tiempo en un actor de referencia en la transici\u00f3n energ\u00e9tica a escala internacional \u00bfNuestra actividad principal? Producir energ\u00eda fotovoltaica de forma responsable. \u00a0 En REDEN no s\u00f3lo producimos electricidad verde. Estamos comprometidos con la sostenibilidad de &#8230; <a title=\"Qui\u00e9nes somos\" class=\"read-more\" href=\"https:\/\/reden.solar\/es\/quienes-somos\/\" aria-label=\"Leer m\u00e1s sobre Qui\u00e9nes somos\">Leer m\u00e1s<\/a><\/p>\n","protected":false},"author":3,"featured_media":0,"parent":0,"menu_order":1,"comment_status":"closed","ping_status":"closed","template":"elementor_header_footer","meta":{"inline_featured_image":false,"footnotes":""},"class_list":["post-2144","page","type-page","status-publish"],"yoast_head":"<!-- This site is optimized with the Yoast SEO plugin v27.5 - https:\/\/yoast.com\/product\/yoast-seo-wordpress\/ -->\n<title>Qui\u00e9nes somos - REDEN<\/title>\n<meta name=\"robots\" content=\"index, follow, max-snippet:-1, max-image-preview:large, max-video-preview:-1\" \/>\n<link rel=\"canonical\" href=\"https:\/\/reden.solar\/es\/quienes-somos\/\" \/>\n<meta property=\"og:locale\" content=\"es_ES\" \/>\n<meta property=\"og:type\" content=\"article\" \/>\n<meta property=\"og:title\" content=\"Qui\u00e9nes somos - REDEN\" \/>\n<meta property=\"og:description\" content=\"Descubra el Grupo REDEN Tras experimentar un crecimiento sostenido desde 2008, el Grupo REDEN se ha convertido desde hace tiempo en un actor de referencia en la transici\u00f3n energ\u00e9tica a escala internacional \u00bfNuestra actividad principal? Producir energ\u00eda fotovoltaica de forma responsable. \u00a0 En REDEN no s\u00f3lo producimos electricidad verde. Estamos comprometidos con la sostenibilidad de ... Leer m\u00e1s\" \/>\n<meta property=\"og:url\" content=\"https:\/\/reden.solar\/es\/quienes-somos\/\" \/>\n<meta property=\"og:site_name\" content=\"REDEN\" \/>\n<meta property=\"article:modified_time\" content=\"2026-04-02T12:29:22+00:00\" \/>\n<meta property=\"og:image\" content=\"https:\/\/reden.solar\/wp-content\/uploads\/2023\/12\/Siege-REDEN_0052-1-1.webp\" \/>\n\t<meta property=\"og:image:width\" content=\"1920\" \/>\n\t<meta property=\"og:image:height\" content=\"1440\" \/>\n\t<meta property=\"og:image:type\" content=\"image\/webp\" \/>\n<meta name=\"twitter:card\" content=\"summary_large_image\" \/>\n<meta name=\"twitter:label1\" content=\"Tiempo de lectura\" \/>\n\t<meta name=\"twitter:data1\" content=\"10 minutos\" \/>\n<script type=\"application\/ld+json\" class=\"yoast-schema-graph\">{\"@context\":\"https:\\\/\\\/schema.org\",\"@graph\":[{\"@type\":\"WebPage\",\"@id\":\"https:\\\/\\\/reden.solar\\\/es\\\/quienes-somos\\\/\",\"url\":\"https:\\\/\\\/reden.solar\\\/es\\\/quienes-somos\\\/\",\"name\":\"Qui\u00e9nes somos - REDEN\",\"isPartOf\":{\"@id\":\"https:\\\/\\\/reden.solar\\\/es\\\/#website\"},\"primaryImageOfPage\":{\"@id\":\"https:\\\/\\\/reden.solar\\\/es\\\/quienes-somos\\\/#primaryimage\"},\"image\":{\"@id\":\"https:\\\/\\\/reden.solar\\\/es\\\/quienes-somos\\\/#primaryimage\"},\"thumbnailUrl\":\"https:\\\/\\\/reden.solar\\\/wp-content\\\/uploads\\\/2023\\\/12\\\/Siege-REDEN_0052-1-1-1024x768.webp\",\"datePublished\":\"2020-06-10T15:04:12+00:00\",\"dateModified\":\"2026-04-02T12:29:22+00:00\",\"breadcrumb\":{\"@id\":\"https:\\\/\\\/reden.solar\\\/es\\\/quienes-somos\\\/#breadcrumb\"},\"inLanguage\":\"es\",\"potentialAction\":[{\"@type\":\"ReadAction\",\"target\":[\"https:\\\/\\\/reden.solar\\\/es\\\/quienes-somos\\\/\"]}]},{\"@type\":\"ImageObject\",\"inLanguage\":\"es\",\"@id\":\"https:\\\/\\\/reden.solar\\\/es\\\/quienes-somos\\\/#primaryimage\",\"url\":\"https:\\\/\\\/reden.solar\\\/wp-content\\\/uploads\\\/2023\\\/12\\\/Siege-REDEN_0052-1-1-1024x768.webp\",\"contentUrl\":\"https:\\\/\\\/reden.solar\\\/wp-content\\\/uploads\\\/2023\\\/12\\\/Siege-REDEN_0052-1-1-1024x768.webp\"},{\"@type\":\"BreadcrumbList\",\"@id\":\"https:\\\/\\\/reden.solar\\\/es\\\/quienes-somos\\\/#breadcrumb\",\"itemListElement\":[{\"@type\":\"ListItem\",\"position\":1,\"name\":\"Accueil\",\"item\":\"https:\\\/\\\/reden.solar\\\/es\\\/\"},{\"@type\":\"ListItem\",\"position\":2,\"name\":\"Qui\u00e9nes somos\"}]},{\"@type\":\"WebSite\",\"@id\":\"https:\\\/\\\/reden.solar\\\/es\\\/#website\",\"url\":\"https:\\\/\\\/reden.solar\\\/es\\\/\",\"name\":\"REDEN\",\"description\":\"Sp\u00e9cialiste de la production d\u2019\u00e9lectricit\u00e9 photovolta\u00efque et du stockage d&#039;\u00e9nergie\",\"publisher\":{\"@id\":\"https:\\\/\\\/reden.solar\\\/es\\\/#organization\"},\"potentialAction\":[{\"@type\":\"SearchAction\",\"target\":{\"@type\":\"EntryPoint\",\"urlTemplate\":\"https:\\\/\\\/reden.solar\\\/es\\\/?s={search_term_string}\"},\"query-input\":{\"@type\":\"PropertyValueSpecification\",\"valueRequired\":true,\"valueName\":\"search_term_string\"}}],\"inLanguage\":\"es\"},{\"@type\":\"Organization\",\"@id\":\"https:\\\/\\\/reden.solar\\\/es\\\/#organization\",\"name\":\"REDEN\",\"url\":\"https:\\\/\\\/reden.solar\\\/es\\\/\",\"logo\":{\"@type\":\"ImageObject\",\"inLanguage\":\"es\",\"@id\":\"https:\\\/\\\/reden.solar\\\/es\\\/#\\\/schema\\\/logo\\\/image\\\/\",\"url\":\"https:\\\/\\\/reden.solar\\\/wp-content\\\/uploads\\\/2025\\\/01\\\/cropped-reden-quadri.png\",\"contentUrl\":\"https:\\\/\\\/reden.solar\\\/wp-content\\\/uploads\\\/2025\\\/01\\\/cropped-reden-quadri.png\",\"width\":2399,\"height\":850,\"caption\":\"REDEN\"},\"image\":{\"@id\":\"https:\\\/\\\/reden.solar\\\/es\\\/#\\\/schema\\\/logo\\\/image\\\/\"},\"sameAs\":[\"https:\\\/\\\/www.linkedin.com\\\/company\\\/redensolar\\\/mycompany\\\/\",\"https:\\\/\\\/vimeo.com\\\/redensolar\"]}]}<\/script>\n<!-- \/ Yoast SEO plugin. -->","yoast_head_json":{"title":"Qui\u00e9nes somos - REDEN","robots":{"index":"index","follow":"follow","max-snippet":"max-snippet:-1","max-image-preview":"max-image-preview:large","max-video-preview":"max-video-preview:-1"},"canonical":"https:\/\/reden.solar\/es\/quienes-somos\/","og_locale":"es_ES","og_type":"article","og_title":"Qui\u00e9nes somos - REDEN","og_description":"Descubra el Grupo REDEN Tras experimentar un crecimiento sostenido desde 2008, el Grupo REDEN se ha convertido desde hace tiempo en un actor de referencia en la transici\u00f3n energ\u00e9tica a escala internacional \u00bfNuestra actividad principal? Producir energ\u00eda fotovoltaica de forma responsable. \u00a0 En REDEN no s\u00f3lo producimos electricidad verde. Estamos comprometidos con la sostenibilidad de ... Leer m\u00e1s","og_url":"https:\/\/reden.solar\/es\/quienes-somos\/","og_site_name":"REDEN","article_modified_time":"2026-04-02T12:29:22+00:00","og_image":[{"width":1920,"height":1440,"url":"https:\/\/reden.solar\/wp-content\/uploads\/2023\/12\/Siege-REDEN_0052-1-1.webp","type":"image\/webp"}],"twitter_card":"summary_large_image","twitter_misc":{"Tiempo de lectura":"10 minutos"},"schema":{"@context":"https:\/\/schema.org","@graph":[{"@type":"WebPage","@id":"https:\/\/reden.solar\/es\/quienes-somos\/","url":"https:\/\/reden.solar\/es\/quienes-somos\/","name":"Qui\u00e9nes somos - REDEN","isPartOf":{"@id":"https:\/\/reden.solar\/es\/#website"},"primaryImageOfPage":{"@id":"https:\/\/reden.solar\/es\/quienes-somos\/#primaryimage"},"image":{"@id":"https:\/\/reden.solar\/es\/quienes-somos\/#primaryimage"},"thumbnailUrl":"https:\/\/reden.solar\/wp-content\/uploads\/2023\/12\/Siege-REDEN_0052-1-1-1024x768.webp","datePublished":"2020-06-10T15:04:12+00:00","dateModified":"2026-04-02T12:29:22+00:00","breadcrumb":{"@id":"https:\/\/reden.solar\/es\/quienes-somos\/#breadcrumb"},"inLanguage":"es","potentialAction":[{"@type":"ReadAction","target":["https:\/\/reden.solar\/es\/quienes-somos\/"]}]},{"@type":"ImageObject","inLanguage":"es","@id":"https:\/\/reden.solar\/es\/quienes-somos\/#primaryimage","url":"https:\/\/reden.solar\/wp-content\/uploads\/2023\/12\/Siege-REDEN_0052-1-1-1024x768.webp","contentUrl":"https:\/\/reden.solar\/wp-content\/uploads\/2023\/12\/Siege-REDEN_0052-1-1-1024x768.webp"},{"@type":"BreadcrumbList","@id":"https:\/\/reden.solar\/es\/quienes-somos\/#breadcrumb","itemListElement":[{"@type":"ListItem","position":1,"name":"Accueil","item":"https:\/\/reden.solar\/es\/"},{"@type":"ListItem","position":2,"name":"Qui\u00e9nes somos"}]},{"@type":"WebSite","@id":"https:\/\/reden.solar\/es\/#website","url":"https:\/\/reden.solar\/es\/","name":"REDEN","description":"Sp\u00e9cialiste de la production d\u2019\u00e9lectricit\u00e9 photovolta\u00efque et du stockage d&#039;\u00e9nergie","publisher":{"@id":"https:\/\/reden.solar\/es\/#organization"},"potentialAction":[{"@type":"SearchAction","target":{"@type":"EntryPoint","urlTemplate":"https:\/\/reden.solar\/es\/?s={search_term_string}"},"query-input":{"@type":"PropertyValueSpecification","valueRequired":true,"valueName":"search_term_string"}}],"inLanguage":"es"},{"@type":"Organization","@id":"https:\/\/reden.solar\/es\/#organization","name":"REDEN","url":"https:\/\/reden.solar\/es\/","logo":{"@type":"ImageObject","inLanguage":"es","@id":"https:\/\/reden.solar\/es\/#\/schema\/logo\/image\/","url":"https:\/\/reden.solar\/wp-content\/uploads\/2025\/01\/cropped-reden-quadri.png","contentUrl":"https:\/\/reden.solar\/wp-content\/uploads\/2025\/01\/cropped-reden-quadri.png","width":2399,"height":850,"caption":"REDEN"},"image":{"@id":"https:\/\/reden.solar\/es\/#\/schema\/logo\/image\/"},"sameAs":["https:\/\/www.linkedin.com\/company\/redensolar\/mycompany\/","https:\/\/vimeo.com\/redensolar"]}]}},"_links":{"self":[{"href":"https:\/\/reden.solar\/es\/wp-json\/wp\/v2\/pages\/2144","targetHints":{"allow":["GET"]}}],"collection":[{"href":"https:\/\/reden.solar\/es\/wp-json\/wp\/v2\/pages"}],"about":[{"href":"https:\/\/reden.solar\/es\/wp-json\/wp\/v2\/types\/page"}],"author":[{"embeddable":true,"href":"https:\/\/reden.solar\/es\/wp-json\/wp\/v2\/users\/3"}],"replies":[{"embeddable":true,"href":"https:\/\/reden.solar\/es\/wp-json\/wp\/v2\/comments?post=2144"}],"version-history":[{"count":5,"href":"https:\/\/reden.solar\/es\/wp-json\/wp\/v2\/pages\/2144\/revisions"}],"predecessor-version":[{"id":40257,"href":"https:\/\/reden.solar\/es\/wp-json\/wp\/v2\/pages\/2144\/revisions\/40257"}],"wp:attachment":[{"href":"https:\/\/reden.solar\/es\/wp-json\/wp\/v2\/media?parent=2144"}],"curies":[{"name":"wp","href":"https:\/\/api.w.org\/{rel}","templated":true}]}}