{"id":2205,"date":"2020-06-11T15:00:39","date_gmt":"2020-06-11T13:00:39","guid":{"rendered":"https:\/\/reden.solar\/?page_id=2205"},"modified":"2024-05-30T16:23:02","modified_gmt":"2024-05-30T14:23:02","slug":"las-marquesinas-fotovoltaicas-de-aparcamiento","status":"publish","type":"page","link":"https:\/\/reden.solar\/es\/nuestras-capacidades\/las-marquesinas-fotovoltaicas-de-aparcamiento\/","title":{"rendered":"Las marquesinas fotovoltaicas de aparcamiento"},"content":{"rendered":"\t\t<div data-elementor-type=\"wp-page\" data-elementor-id=\"2205\" class=\"elementor elementor-2205 elementor-783\" data-elementor-post-type=\"page\">\n\t\t\t\t\t\t<section class=\"elementor-section elementor-top-section elementor-element elementor-element-c04d1d0 elementor-section-height-min-height elementor-section-items-stretch elementor-section-stretched elementor-section-boxed elementor-section-height-default\" data-id=\"c04d1d0\" data-element_type=\"section\" data-e-type=\"section\" data-settings=\"{&quot;stretch_section&quot;:&quot;section-stretched&quot;,&quot;background_background&quot;:&quot;video&quot;,&quot;background_video_link&quot;:&quot;\\\/wp-content\\\/uploads\\\/2022\\\/05\\\/ombriere.mp4&quot;,&quot;background_play_on_mobile&quot;:&quot;yes&quot;}\">\n\t\t\t\t\t\t\t\t<div class=\"elementor-background-video-container\">\n\t\t\t\t\t\t\t\t\t\t\t\t\t<video class=\"elementor-background-video-hosted\" role=\"presentation\" autoplay muted playsinline loop><\/video>\n\t\t\t\t\t\t\t\t\t\t\t<\/div>\n\t\t\t\t\t\t\t\t\t<div class=\"elementor-background-overlay\"><\/div>\n\t\t\t\t\t\t\t<div class=\"elementor-container elementor-column-gap-default\">\n\t\t\t\t\t<div class=\"elementor-column elementor-col-100 elementor-top-column elementor-element elementor-element-e8d712e\" data-id=\"e8d712e\" data-element_type=\"column\" data-e-type=\"column\">\n\t\t\t<div class=\"elementor-widget-wrap elementor-element-populated\">\n\t\t\t\t\t\t<section class=\"elementor-section elementor-inner-section elementor-element elementor-element-411794d elementor-section-height-min-height elementor-reverse-mobile elementor-section-boxed elementor-section-height-default\" data-id=\"411794d\" data-element_type=\"section\" data-e-type=\"section\">\n\t\t\t\t\t\t<div class=\"elementor-container elementor-column-gap-default\">\n\t\t\t\t\t<div class=\"elementor-column elementor-col-50 elementor-inner-column elementor-element elementor-element-6d914f8\" data-id=\"6d914f8\" data-element_type=\"column\" data-e-type=\"column\" data-settings=\"{&quot;background_background&quot;:&quot;classic&quot;}\">\n\t\t\t<div class=\"elementor-widget-wrap elementor-element-populated\">\n\t\t\t\t\t\t<div class=\"elementor-element elementor-element-217a361 elementor-widget elementor-widget-heading\" data-id=\"217a361\" data-element_type=\"widget\" data-e-type=\"widget\" data-widget_type=\"heading.default\">\n\t\t\t\t<div class=\"elementor-widget-container\">\n\t\t\t\t\t<div class=\"elementor-heading-title elementor-size-default\">NUESTRAS SOLUCIONES<\/div>\t\t\t\t<\/div>\n\t\t\t\t<\/div>\n\t\t\t\t<div class=\"elementor-element elementor-element-245504d elementor-widget elementor-widget-heading\" data-id=\"245504d\" data-element_type=\"widget\" data-e-type=\"widget\" data-widget_type=\"heading.default\">\n\t\t\t\t<div class=\"elementor-widget-container\">\n\t\t\t\t\t<h1 class=\"elementor-heading-title elementor-size-default\">Las marquesinas fotovoltaicas de aparcamiento<\/h1>\t\t\t\t<\/div>\n\t\t\t\t<\/div>\n\t\t\t\t\t<\/div>\n\t\t<\/div>\n\t\t\t\t<div class=\"elementor-column elementor-col-50 elementor-inner-column elementor-element elementor-element-f0f3a5e\" data-id=\"f0f3a5e\" data-element_type=\"column\" data-e-type=\"column\">\n\t\t\t<div class=\"elementor-widget-wrap elementor-element-populated\">\n\t\t\t\t\t\t<div class=\"elementor-element elementor-element-d37be40 elementor-widget elementor-widget-spacer\" data-id=\"d37be40\" data-element_type=\"widget\" data-e-type=\"widget\" data-widget_type=\"spacer.default\">\n\t\t\t\t<div class=\"elementor-widget-container\">\n\t\t\t\t\t\t\t<div class=\"elementor-spacer\">\n\t\t\t<div class=\"elementor-spacer-inner\"><\/div>\n\t\t<\/div>\n\t\t\t\t\t\t<\/div>\n\t\t\t\t<\/div>\n\t\t\t\t\t<\/div>\n\t\t<\/div>\n\t\t\t\t\t<\/div>\n\t\t<\/section>\n\t\t\t\t\t<\/div>\n\t\t<\/div>\n\t\t\t\t\t<\/div>\n\t\t<\/section>\n\t\t\t\t<section class=\"elementor-section elementor-top-section elementor-element elementor-element-2de7db3a txt-intro elementor-section-boxed elementor-section-height-default elementor-section-height-default\" data-id=\"2de7db3a\" data-element_type=\"section\" data-e-type=\"section\">\n\t\t\t\t\t\t<div class=\"elementor-container elementor-column-gap-no\">\n\t\t\t\t\t<div class=\"elementor-column elementor-col-100 elementor-top-column elementor-element elementor-element-2b6ad140\" data-id=\"2b6ad140\" data-element_type=\"column\" data-e-type=\"column\">\n\t\t\t<div class=\"elementor-widget-wrap elementor-element-populated\">\n\t\t\t\t\t\t<div class=\"elementor-element elementor-element-34335c7 elementor-widget elementor-widget-text-editor\" data-id=\"34335c7\" data-element_type=\"widget\" data-e-type=\"widget\" data-widget_type=\"text-editor.default\">\n\t\t\t\t<div class=\"elementor-widget-container\">\n\t\t\t\t\t\t\t\t\t<h2>PROTECCI\u00d3N ECOL\u00d3GICA Y PRODUCCI\u00d3N EL\u00c9CTRICA<\/h2>\t\t\t\t\t\t\t\t<\/div>\n\t\t\t\t<\/div>\n\t\t\t\t\t<\/div>\n\t\t<\/div>\n\t\t\t\t\t<\/div>\n\t\t<\/section>\n\t\t\t\t<section class=\"elementor-section elementor-top-section elementor-element elementor-element-548a276f txt-aparte elementor-section-stretched elementor-section-boxed elementor-section-height-default elementor-section-height-default\" data-id=\"548a276f\" data-element_type=\"section\" data-e-type=\"section\" data-settings=\"{&quot;stretch_section&quot;:&quot;section-stretched&quot;}\">\n\t\t\t\t\t\t<div class=\"elementor-container elementor-column-gap-no\">\n\t\t\t\t\t<div class=\"elementor-column elementor-col-100 elementor-top-column elementor-element elementor-element-406c411e\" data-id=\"406c411e\" data-element_type=\"column\" data-e-type=\"column\">\n\t\t\t<div class=\"elementor-widget-wrap elementor-element-populated\">\n\t\t\t\t\t\t<div class=\"elementor-element elementor-element-454d13ff block-txt-aparte elementor-widget elementor-widget-text-editor\" data-id=\"454d13ff\" data-element_type=\"widget\" data-e-type=\"widget\" data-widget_type=\"text-editor.default\">\n\t\t\t\t<div class=\"elementor-widget-container\">\n\t\t\t\t\t\t\t\t\t<p>REDEN ofrece una gama de marquesinas fotovoltaicas de aparcamiento.<\/p><p>\u00a0<\/p><p><strong>Aprovechando los espacios de aparcamiento para la producci\u00f3n de electricidad verde, las marquesinas fotovoltaicas REDEN garantizan un mayor confort a los usuarios y proporcionan una protecci\u00f3n a sus veh\u00edculos en caso de azares clim\u00e1ticos.<\/strong><\/p><p>\u00a0<\/p><p>Al asociarse con REDEN, empresas prestigiosas han optado por una herramienta de calidad, proporcionando un confort adicional a sus colaboradores y a sus clientes y una acci\u00f3n positiva para la transici\u00f3n energ\u00e9tica.<\/p><p>\u00a0<\/p><p><strong>La capacidad de REDEN, que se apoya sobre todo en su planta de fabricaci\u00f3n francesa, permite <span style=\"color: #55bdbe;\">adaptar las marquesinas a las caracter\u00edsticas de cada sitio.<\/span><\/strong><\/p><p>\u00a0<\/p><p>Iluminaci\u00f3n, condiciones clim\u00e1ticas extremas, estructuras autoportantes o fijadas al suelo, circulaci\u00f3n de camiones\u2026, estos m\u00f3dulos fotovoltaicos han recibido la aprobaci\u00f3n de la Direcci\u00f3n General de la Aviaci\u00f3n Civil (DGAC). A modo de ejemplo, las marquesinas fotovoltaicas REDEN que aprovechan los aparcamientos de aeropuertos est\u00e1n equipadas con m\u00f3dulos antirreflectantes por razones de seguridad.<\/p>\t\t\t\t\t\t\t\t<\/div>\n\t\t\t\t<\/div>\n\t\t\t\t\t<\/div>\n\t\t<\/div>\n\t\t\t\t\t<\/div>\n\t\t<\/section>\n\t\t\t\t<section class=\"elementor-section elementor-top-section elementor-element elementor-element-02badac elementor-section-stretched elementor-section-content-top avantage-ombrieres elementor-section-boxed elementor-section-height-default elementor-section-height-default\" data-id=\"02badac\" data-element_type=\"section\" data-e-type=\"section\" data-settings=\"{&quot;stretch_section&quot;:&quot;section-stretched&quot;}\">\n\t\t\t\t\t\t<div class=\"elementor-container elementor-column-gap-no\">\n\t\t\t\t\t<div class=\"elementor-column elementor-col-33 elementor-top-column elementor-element elementor-element-0e816d4\" data-id=\"0e816d4\" data-element_type=\"column\" data-e-type=\"column\">\n\t\t\t<div class=\"elementor-widget-wrap elementor-element-populated\">\n\t\t\t\t\t\t<div class=\"elementor-element elementor-element-974ca26 detail-item elementor-position-top elementor-widget elementor-widget-image-box\" data-id=\"974ca26\" data-element_type=\"widget\" data-e-type=\"widget\" data-widget_type=\"image-box.default\">\n\t\t\t\t<div class=\"elementor-widget-container\">\n\t\t\t\t\t<div class=\"elementor-image-box-wrapper\"><figure class=\"elementor-image-box-img\"><img fetchpriority=\"high\" decoding=\"async\" width=\"307\" height=\"218\" src=\"https:\/\/reden.solar\/wp-content\/uploads\/2020\/05\/Bornes_de_recharge_small.jpg\" class=\"attachment-full size-full wp-image-1695\" alt=\"borne-de-recharge-sous-ombrieres-photovoltaiques-reden\" srcset=\"https:\/\/reden.solar\/wp-content\/uploads\/2020\/05\/Bornes_de_recharge_small.jpg 307w, https:\/\/reden.solar\/wp-content\/uploads\/2020\/05\/Bornes_de_recharge_small-300x213.jpg 300w\" sizes=\"(max-width: 307px) 100vw, 307px\" \/><\/figure><div class=\"elementor-image-box-content\"><h3 class=\"elementor-image-box-title\">ECOL\u00d3GICO<\/h3><p class=\"elementor-image-box-description\">Recuperaci\u00f3n de aguas pluviales, macizos de flores, contexto paisaj\u00edstico, terminales para veh\u00edculos el\u00e9ctricos<\/p><\/div><\/div>\t\t\t\t<\/div>\n\t\t\t\t<\/div>\n\t\t\t\t\t<\/div>\n\t\t<\/div>\n\t\t\t\t<div class=\"elementor-column elementor-col-33 elementor-top-column elementor-element elementor-element-84fe7c1\" data-id=\"84fe7c1\" data-element_type=\"column\" data-e-type=\"column\">\n\t\t\t<div class=\"elementor-widget-wrap elementor-element-populated\">\n\t\t\t\t\t\t<div class=\"elementor-element elementor-element-ab9bfc1 detail-item elementor-position-top elementor-widget elementor-widget-image-box\" data-id=\"ab9bfc1\" data-element_type=\"widget\" data-e-type=\"widget\" data-widget_type=\"image-box.default\">\n\t\t\t\t<div class=\"elementor-widget-container\">\n\t\t\t\t\t<div class=\"elementor-image-box-wrapper\"><figure class=\"elementor-image-box-img\"><img decoding=\"async\" width=\"307\" height=\"218\" src=\"https:\/\/reden.solar\/wp-content\/uploads\/2020\/09\/illustration-design-ombrieres-photovoltaiques.jpg\" class=\"attachment-full size-full wp-image-3297\" alt=\"illustration-design-ombrieres-photovoltaiques\" srcset=\"https:\/\/reden.solar\/wp-content\/uploads\/2020\/09\/illustration-design-ombrieres-photovoltaiques.jpg 307w, https:\/\/reden.solar\/wp-content\/uploads\/2020\/09\/illustration-design-ombrieres-photovoltaiques-300x213.jpg 300w\" sizes=\"(max-width: 307px) 100vw, 307px\" \/><\/figure><div class=\"elementor-image-box-content\"><h3 class=\"elementor-image-box-title\">DISE\u00d1O<\/h3><p class=\"elementor-image-box-description\">Bruto o pr\u00f3ximo al mobiliario urbano, pero siempre integrado perfectamente en el medio ambiente.<\/p><\/div><\/div>\t\t\t\t<\/div>\n\t\t\t\t<\/div>\n\t\t\t\t\t<\/div>\n\t\t<\/div>\n\t\t\t\t<div class=\"elementor-column elementor-col-33 elementor-top-column elementor-element elementor-element-d80000d\" data-id=\"d80000d\" data-element_type=\"column\" data-e-type=\"column\">\n\t\t\t<div class=\"elementor-widget-wrap elementor-element-populated\">\n\t\t\t\t\t\t<div class=\"elementor-element elementor-element-aaa431d detail-item elementor-position-top elementor-widget elementor-widget-image-box\" data-id=\"aaa431d\" data-element_type=\"widget\" data-e-type=\"widget\" data-widget_type=\"image-box.default\">\n\t\t\t\t<div class=\"elementor-widget-container\">\n\t\t\t\t\t<div class=\"elementor-image-box-wrapper\"><figure class=\"elementor-image-box-img\"><img decoding=\"async\" width=\"307\" height=\"218\" src=\"https:\/\/reden.solar\/wp-content\/uploads\/2020\/03\/img3-ombriere-sur-mesure.jpg\" class=\"attachment-full size-full wp-image-814\" alt=\"ombrieres-photovoltaiques-sur-mesure-a\u00e9roport-de-nice\" srcset=\"https:\/\/reden.solar\/wp-content\/uploads\/2020\/03\/img3-ombriere-sur-mesure.jpg 307w, https:\/\/reden.solar\/wp-content\/uploads\/2020\/03\/img3-ombriere-sur-mesure-300x213.jpg 300w\" sizes=\"(max-width: 307px) 100vw, 307px\" \/><\/figure><div class=\"elementor-image-box-content\"><h3 class=\"elementor-image-box-title\">A MEDIDA<\/h3><p class=\"elementor-image-box-description\"> Adaptadas espec\u00edficamente a sus obligaciones profesionales.<\/p><\/div><\/div>\t\t\t\t<\/div>\n\t\t\t\t<\/div>\n\t\t\t\t\t<\/div>\n\t\t<\/div>\n\t\t\t\t\t<\/div>\n\t\t<\/section>\n\t\t\t\t<section class=\"elementor-section elementor-top-section elementor-element elementor-element-957aea3 elementor-section-stretched slider-realisation elementor-section-boxed elementor-section-height-default elementor-section-height-default\" data-id=\"957aea3\" data-element_type=\"section\" data-e-type=\"section\" data-settings=\"{&quot;stretch_section&quot;:&quot;section-stretched&quot;,&quot;background_background&quot;:&quot;classic&quot;}\">\n\t\t\t\t\t\t<div class=\"elementor-container elementor-column-gap-no\">\n\t\t\t\t\t<div class=\"elementor-column elementor-col-100 elementor-top-column elementor-element elementor-element-cc1c449\" data-id=\"cc1c449\" data-element_type=\"column\" data-e-type=\"column\">\n\t\t\t<div class=\"elementor-widget-wrap\">\n\t\t\t\t\t\t\t<\/div>\n\t\t<\/div>\n\t\t\t\t\t<\/div>\n\t\t<\/section>\n\t\t\t\t<section class=\"elementor-section elementor-top-section elementor-element elementor-element-7f33e13 elementor-section-boxed elementor-section-height-default elementor-section-height-default\" data-id=\"7f33e13\" data-element_type=\"section\" data-e-type=\"section\">\n\t\t\t\t\t\t<div class=\"elementor-container elementor-column-gap-default\">\n\t\t\t\t\t<div class=\"elementor-column elementor-col-100 elementor-top-column elementor-element elementor-element-ade703a\" data-id=\"ade703a\" data-element_type=\"column\" data-e-type=\"column\">\n\t\t\t<div class=\"elementor-widget-wrap elementor-element-populated\">\n\t\t\t\t\t\t<div class=\"elementor-element elementor-element-c9b6183 elementor-widget elementor-widget-heading\" data-id=\"c9b6183\" data-element_type=\"widget\" data-e-type=\"widget\" data-widget_type=\"heading.default\">\n\t\t\t\t<div class=\"elementor-widget-container\">\n\t\t\t\t\t<h3 class=\"elementor-heading-title elementor-size-default\">Nuestras capacidades<\/h3>\t\t\t\t<\/div>\n\t\t\t\t<\/div>\n\t\t\t\t<div class=\"elementor-element elementor-element-4bd90c5 elementor-widget elementor-widget-template\" data-id=\"4bd90c5\" data-element_type=\"widget\" data-e-type=\"widget\" data-widget_type=\"template.default\">\n\t\t\t\t<div class=\"elementor-widget-container\">\n\t\t\t\t\t\t\t<div class=\"elementor-template\">\n\t\t\t\t\t<div data-elementor-type=\"section\" data-elementor-id=\"11404\" class=\"elementor elementor-11404\" data-elementor-post-type=\"elementor_library\">\n\t\t\t\t\t<section class=\"elementor-section elementor-top-section elementor-element elementor-element-220d58ab elementor-section-stretched elementor-section-content-top block-liste-expertises elementor-section-boxed elementor-section-height-default elementor-section-height-default\" data-id=\"220d58ab\" data-element_type=\"section\" data-e-type=\"section\" data-settings=\"{&quot;stretch_section&quot;:&quot;section-stretched&quot;}\">\n\t\t\t\t\t\t<div class=\"elementor-container elementor-column-gap-no\">\n\t\t\t\t\t<div class=\"elementor-column elementor-col-33 elementor-top-column elementor-element elementor-element-6d59de2\" data-id=\"6d59de2\" data-element_type=\"column\" data-e-type=\"column\">\n\t\t\t<div class=\"elementor-widget-wrap elementor-element-populated\">\n\t\t\t\t\t\t<div class=\"elementor-element elementor-element-56e9b73 item-link-expertise elementor-position-top elementor-widget elementor-widget-image-box\" data-id=\"56e9b73\" data-element_type=\"widget\" data-e-type=\"widget\" data-widget_type=\"image-box.default\">\n\t\t\t\t<div class=\"elementor-widget-container\">\n\t\t\t\t\t<div class=\"elementor-image-box-wrapper\"><figure class=\"elementor-image-box-img\"><a href=\"\/es\/nuestras-capacidades\/las-centrales-fotovoltaicas-en-el-suelo\/\" title=\"Les centrales photovolta\u00efques au sol\" tabindex=\"-1\"><img loading=\"lazy\" decoding=\"async\" width=\"250\" height=\"220\" src=\"https:\/\/reden.solar\/wp-content\/uploads\/2023\/07\/img-centrales-min-1.webp\" class=\"attachment-full size-full wp-image-23133\" alt=\"\" \/><\/a><\/figure><div class=\"elementor-image-box-content\"><p class=\"elementor-image-box-description\"><a href=\"\/es\/nuestras-capacidades\/las-centrales-fotovoltaicas-en-el-suelo\/\" title=\"lien Plantas fotovoltaicas en el suelo\" class=\"link-txt\"><img decoding=\"async\" src=\"\/wp-content\/uploads\/2020\/03\/picto-centrales.svg \" alt=\"pictogramme centrales photovolta\u00efques au sol\" width=\"75\" \/><span>Plantas fotovoltaicas<br>en el suelo<\/span><\/a>\n<\/p><\/div><\/div>\t\t\t\t<\/div>\n\t\t\t\t<\/div>\n\t\t\t\t\t<\/div>\n\t\t<\/div>\n\t\t\t\t<div class=\"elementor-column elementor-col-33 elementor-top-column elementor-element elementor-element-7f73931d\" data-id=\"7f73931d\" data-element_type=\"column\" data-e-type=\"column\">\n\t\t\t<div class=\"elementor-widget-wrap elementor-element-populated\">\n\t\t\t\t\t\t<div class=\"elementor-element elementor-element-7c54b315 item-link-expertise elementor-position-top elementor-widget elementor-widget-image-box\" data-id=\"7c54b315\" data-element_type=\"widget\" data-e-type=\"widget\" data-widget_type=\"image-box.default\">\n\t\t\t\t<div class=\"elementor-widget-container\">\n\t\t\t\t\t<div class=\"elementor-image-box-wrapper\"><figure class=\"elementor-image-box-img\"><a href=\"\/es\/nuestras-capacidades\/las-marquesinas-fotovoltaicas-de-aparcamiento\/\" title=\"Les ombri\u00e8res photovolta\u00efques de parking\" tabindex=\"-1\"><img loading=\"lazy\" decoding=\"async\" width=\"981\" height=\"544\" src=\"https:\/\/reden.solar\/wp-content\/uploads\/2023\/07\/slider-cemoi-1.webp\" class=\"attachment-full size-full wp-image-23385\" alt=\"\" srcset=\"https:\/\/reden.solar\/wp-content\/uploads\/2023\/07\/slider-cemoi-1.webp 981w, https:\/\/reden.solar\/wp-content\/uploads\/2023\/07\/slider-cemoi-1-300x166.webp 300w, https:\/\/reden.solar\/wp-content\/uploads\/2023\/07\/slider-cemoi-1-768x426.webp 768w\" sizes=\"(max-width: 981px) 100vw, 981px\" \/><\/a><\/figure><div class=\"elementor-image-box-content\"><p class=\"elementor-image-box-description\"><a href=\"\/es\/nuestras-capacidades\/las-marquesinas-fotovoltaicas-de-aparcamiento\/\" title=\"lien Las marquesinas fotovoltaicas de aparcamiento\" class=\"link-txt\"><img decoding=\"async\" src=\"\/wp-content\/uploads\/2020\/03\/picto-ombrieres.svg \" alt=\"pictogramme Las marquesinas fotovoltaicas de aparcamiento\" width=\"75\" \/><span>Las marquesinas<br> fotovoltaicas <br>de aparcamiento<\/span><\/a><\/p><\/div><\/div>\t\t\t\t<\/div>\n\t\t\t\t<\/div>\n\t\t\t\t\t<\/div>\n\t\t<\/div>\n\t\t\t\t<div class=\"elementor-column elementor-col-33 elementor-top-column elementor-element elementor-element-5b86a2e\" data-id=\"5b86a2e\" data-element_type=\"column\" data-e-type=\"column\">\n\t\t\t<div class=\"elementor-widget-wrap elementor-element-populated\">\n\t\t\t\t\t\t<div class=\"elementor-element elementor-element-2e29da2d item-link-expertise elementor-position-top elementor-widget elementor-widget-image-box\" data-id=\"2e29da2d\" data-element_type=\"widget\" data-e-type=\"widget\" data-widget_type=\"image-box.default\">\n\t\t\t\t<div class=\"elementor-widget-container\">\n\t\t\t\t\t<div class=\"elementor-image-box-wrapper\"><figure class=\"elementor-image-box-img\"><a href=\"\/es\/nuestras-capacidades\/los-grandes-tejados-fotovoltaicos\/\" title=\"Les grandes toitures photovolta\u00efques\" tabindex=\"-1\"><img loading=\"lazy\" decoding=\"async\" width=\"250\" height=\"220\" src=\"https:\/\/reden.solar\/wp-content\/uploads\/2023\/07\/img-grandes-toitures-min-1.webp\" class=\"attachment-full size-full wp-image-23139\" alt=\"\" \/><\/a><\/figure><div class=\"elementor-image-box-content\"><p class=\"elementor-image-box-description\"><a href=\"\/es\/nuestras-capacidades\/los-grandes-tejados-fotovoltaicos\/\" title=\"lien Los grandes tejados fotovoltaicos\" class=\"link-txt\"><img decoding=\"async\" src=\"\/wp-content\/uploads\/2020\/03\/picto-grandes-toitures.svg \" alt=\"pictogramme Los grandes tejados fotovoltaicos\" width=\"75\" \/><span>Los grandes<br> tejados <br>fotovoltaicos<\/span><\/a><\/p><\/div><\/div>\t\t\t\t<\/div>\n\t\t\t\t<\/div>\n\t\t\t\t\t<\/div>\n\t\t<\/div>\n\t\t\t\t\t<\/div>\n\t\t<\/section>\n\t\t\t\t<\/div>\n\t\t\t\t<\/div>\n\t\t\t\t\t\t<\/div>\n\t\t\t\t<\/div>\n\t\t\t\t<div class=\"elementor-element elementor-element-4a28a34 elementor-widget elementor-widget-template\" data-id=\"4a28a34\" data-element_type=\"widget\" data-e-type=\"widget\" data-widget_type=\"template.default\">\n\t\t\t\t<div class=\"elementor-widget-container\">\n\t\t\t\t\t\t\t<div class=\"elementor-template\">\n\t\t\t\t\t<div data-elementor-type=\"section\" data-elementor-id=\"29430\" class=\"elementor elementor-29430\" data-elementor-post-type=\"elementor_library\">\n\t\t\t\t\t<section class=\"elementor-section elementor-top-section elementor-element elementor-element-7f4906d2 elementor-section-stretched elementor-section-content-top block-liste-expertises elementor-section-boxed elementor-section-height-default elementor-section-height-default\" data-id=\"7f4906d2\" data-element_type=\"section\" data-e-type=\"section\" data-settings=\"{&quot;stretch_section&quot;:&quot;section-stretched&quot;}\">\n\t\t\t\t\t\t<div class=\"elementor-container elementor-column-gap-no\">\n\t\t\t\t\t<div class=\"elementor-column elementor-col-25 elementor-top-column elementor-element elementor-element-30d5adfc\" data-id=\"30d5adfc\" data-element_type=\"column\" data-e-type=\"column\">\n\t\t\t<div class=\"elementor-widget-wrap elementor-element-populated\">\n\t\t\t\t\t\t<div class=\"elementor-element elementor-element-1ad593b6 item-link-expertise elementor-position-top elementor-widget elementor-widget-image-box\" data-id=\"1ad593b6\" data-element_type=\"widget\" data-e-type=\"widget\" data-widget_type=\"image-box.default\">\n\t\t\t\t<div class=\"elementor-widget-container\">\n\t\t\t\t\t<div class=\"elementor-image-box-wrapper\"><figure class=\"elementor-image-box-img\"><a href=\"\/es\/nuestras-capacidades\/los-invernaderos-agricolas-fotovoltaicos\/\" title=\"Les serres photovolta\u00efques\" tabindex=\"-1\"><img loading=\"lazy\" decoding=\"async\" width=\"1024\" height=\"683\" src=\"https:\/\/reden.solar\/wp-content\/uploads\/2023\/08\/reden-solar-laragne-monteglin.jpg\" class=\"attachment-full size-full wp-image-24518\" alt=\"\" srcset=\"https:\/\/reden.solar\/wp-content\/uploads\/2023\/08\/reden-solar-laragne-monteglin.jpg 1024w, https:\/\/reden.solar\/wp-content\/uploads\/2023\/08\/reden-solar-laragne-monteglin-300x200.jpg 300w, https:\/\/reden.solar\/wp-content\/uploads\/2023\/08\/reden-solar-laragne-monteglin-768x512.jpg 768w\" sizes=\"(max-width: 1024px) 100vw, 1024px\" \/><\/a><\/figure><div class=\"elementor-image-box-content\"><p class=\"elementor-image-box-description\"><a href=\"\/es\/nuestras-capacidades\/los-invernaderos-agricolas-fotovoltaicos\/\" title=\"Invernaderos agrovoltaicos\" class=\"link-txt\"><img decoding=\"async\" src=\"\/wp-content\/uploads\/2020\/03\/picto-serres.svg\" alt=\"pictogramme Invernaderos agrovoltaicos\" width=\"75\" \/><span>Invernaderos<br>agrovoltaicos<\/span><\/a>\n<\/p><\/div><\/div>\t\t\t\t<\/div>\n\t\t\t\t<\/div>\n\t\t\t\t\t<\/div>\n\t\t<\/div>\n\t\t\t\t<div class=\"elementor-column elementor-col-25 elementor-top-column elementor-element elementor-element-223b708\" data-id=\"223b708\" data-element_type=\"column\" data-e-type=\"column\">\n\t\t\t<div class=\"elementor-widget-wrap elementor-element-populated\">\n\t\t\t\t\t\t<div class=\"elementor-element elementor-element-0f38454 item-link-expertise elementor-position-top elementor-widget elementor-widget-image-box\" data-id=\"0f38454\" data-element_type=\"widget\" data-e-type=\"widget\" data-widget_type=\"image-box.default\">\n\t\t\t\t<div class=\"elementor-widget-container\">\n\t\t\t\t\t<div class=\"elementor-image-box-wrapper\"><figure class=\"elementor-image-box-img\"><a href=\"\/es\/nuestras-capacidades\/emplazamientos-agrovoltaicos-para-ganaderia-y-agricultura\/\" title=\"Les grandes toitures photovolta\u00efques\" tabindex=\"-1\"><img decoding=\"async\" src=\"https:\/\/reden.solar\/wp-content\/uploads\/2023\/11\/anyconv-com--fr-47-gmp--mcb-bv--reden-3-1-scaled.webp\" title=\"AnyConv.com__FR_47_GMP _MCB_BV_\u00a9_REDEN (3) (1)\" alt=\"AnyConv.com__FR_47_GMP _MCB_BV_\u00a9_REDEN (3) (1)\" loading=\"lazy\" \/><\/a><\/figure><div class=\"elementor-image-box-content\"><p class=\"elementor-image-box-description\"><a href=\"\/es\/nuestras-capacidades\/emplazamientos-agrovoltaicos-para-ganaderia-y-agricultura\/\" title=\"Emplazamientos agrovoltaicos para ganader\u00eda y agricultura\" class=\"link-txt\"><img decoding=\"async\" src=\"\/wp-content\/uploads\/2022\/05\/icone_agrivoltaisme.svg \" alt=\"pictogramme sites agrivolta\u00efques\" width=\"34\" \/><span>Emplazamientos<br>agrovoltaicos para<br>ganader\u00eda y agricultura<\/span><\/a><\/p><\/div><\/div>\t\t\t\t<\/div>\n\t\t\t\t<\/div>\n\t\t\t\t\t<\/div>\n\t\t<\/div>\n\t\t\t\t<div class=\"elementor-column elementor-col-25 elementor-top-column elementor-element elementor-element-ac41e55\" data-id=\"ac41e55\" data-element_type=\"column\" data-e-type=\"column\">\n\t\t\t<div class=\"elementor-widget-wrap elementor-element-populated\">\n\t\t\t\t\t\t<div class=\"elementor-element elementor-element-a526aa0 item-link-expertise elementor-position-top elementor-widget elementor-widget-image-box\" data-id=\"a526aa0\" data-element_type=\"widget\" data-e-type=\"widget\" data-widget_type=\"image-box.default\">\n\t\t\t\t<div class=\"elementor-widget-container\">\n\t\t\t\t\t<div class=\"elementor-image-box-wrapper\"><figure class=\"elementor-image-box-img\"><a href=\"\/es\/nuestras-capacidades\/marquesinas-agrovoltaicas-en-huertos\/\" title=\"Les grandes toitures photovolta\u00efques\" tabindex=\"-1\"><img decoding=\"async\" src=\"https:\/\/reden.solar\/wp-content\/uploads\/2023\/11\/ombriserre-vue-3d-5-scaled.jpg\" title=\"Ombriserre Vue 3D 5\" alt=\"Ombriserre Vue 3D 5\" loading=\"lazy\" \/><\/a><\/figure><div class=\"elementor-image-box-content\"><p class=\"elementor-image-box-description\"><a href=\"\/es\/nuestras-capacidades\/marquesinas-agrovoltaicas-en-huertos\/\" title=\"Marquesinas agrovoltaicas en huertos\" class=\"link-txt\"><img decoding=\"async\" src=\"\/wp-content\/uploads\/2022\/05\/icone_agrivoltaisme.svg \" alt=\"pictogramme ombri\u00e8res agrivolta\u00efques\" width=\"34\" \/><span>Marquesinas<br>agrovoltaicas<br>en huertos<\/span><\/a><\/p><\/div><\/div>\t\t\t\t<\/div>\n\t\t\t\t<\/div>\n\t\t\t\t\t<\/div>\n\t\t<\/div>\n\t\t\t\t<div class=\"elementor-column elementor-col-25 elementor-top-column elementor-element elementor-element-7d84b04\" data-id=\"7d84b04\" data-element_type=\"column\" data-e-type=\"column\">\n\t\t\t<div class=\"elementor-widget-wrap elementor-element-populated\">\n\t\t\t\t\t\t<div class=\"elementor-element elementor-element-cd673c9 item-link-expertise elementor-position-top elementor-widget elementor-widget-image-box\" data-id=\"cd673c9\" data-element_type=\"widget\" data-e-type=\"widget\" data-widget_type=\"image-box.default\">\n\t\t\t\t<div class=\"elementor-widget-container\">\n\t\t\t\t\t<div class=\"elementor-image-box-wrapper\"><figure class=\"elementor-image-box-img\"><a href=\"\/es\/nuestras-capacidades\/almacenamiento-de-energia\/\" title=\"Les grandes toitures photovolta\u00efques\" tabindex=\"-1\"><img decoding=\"async\" src=\"https:\/\/reden.solar\/wp-content\/uploads\/2023\/11\/plan-de-travail-3-1.webp\" title=\"Caviar de Neuvic\" alt=\"Caviar de Neuvic\" loading=\"lazy\" \/><\/a><\/figure><div class=\"elementor-image-box-content\"><p class=\"elementor-image-box-description\"><a href=\"\/es\/nuestras-capacidades\/almacenamiento-de-energia\/\" title=\"Tejados fotovoltaicos de piscifactor\u00edas\" class=\"link-txt\"><img decoding=\"async\" src=\"\/wp-content\/uploads\/2020\/03\/picto-grandes-toitures.svg \" alt=\"pictogramme Toitures piscicoles photovolta\u00efques\" width=\"75\" \/><span>Almacenamiento<br>de energ\u00eda<\/span><\/a><\/p><\/div><\/div>\t\t\t\t<\/div>\n\t\t\t\t<\/div>\n\t\t\t\t\t<\/div>\n\t\t<\/div>\n\t\t\t\t\t<\/div>\n\t\t<\/section>\n\t\t\t\t<\/div>\n\t\t\t\t<\/div>\n\t\t\t\t\t\t<\/div>\n\t\t\t\t<\/div>\n\t\t\t\t\t<\/div>\n\t\t<\/div>\n\t\t\t\t\t<\/div>\n\t\t<\/section>\n\t\t\t\t<section class=\"elementor-section elementor-top-section elementor-element elementor-element-e8aae8a elementor-section-stretched bandeau-bottom-contact elementor-section-boxed elementor-section-height-default elementor-section-height-default\" data-id=\"e8aae8a\" data-element_type=\"section\" data-e-type=\"section\" data-settings=\"{&quot;stretch_section&quot;:&quot;section-stretched&quot;}\">\n\t\t\t\t\t\t<div class=\"elementor-container elementor-column-gap-no\">\n\t\t\t\t\t<div class=\"elementor-column elementor-col-100 elementor-top-column elementor-element elementor-element-2cdd80e\" data-id=\"2cdd80e\" data-element_type=\"column\" data-e-type=\"column\">\n\t\t\t<div class=\"elementor-widget-wrap elementor-element-populated\">\n\t\t\t\t\t\t<div class=\"elementor-element elementor-element-13c6334 elementor-widget elementor-widget-image\" data-id=\"13c6334\" data-element_type=\"widget\" data-e-type=\"widget\" data-widget_type=\"image.default\">\n\t\t\t\t<div class=\"elementor-widget-container\">\n\t\t\t\t\t\t\t\t\t\t\t\t\t\t\t<img loading=\"lazy\" decoding=\"async\" width=\"1269\" height=\"480\" src=\"https:\/\/reden.solar\/wp-content\/uploads\/2023\/07\/bandeau-bottom-ombrieres-min-1-1.webp\" class=\"attachment-full size-full wp-image-23790\" alt=\"\" srcset=\"https:\/\/reden.solar\/wp-content\/uploads\/2023\/07\/bandeau-bottom-ombrieres-min-1-1.webp 1269w, https:\/\/reden.solar\/wp-content\/uploads\/2023\/07\/bandeau-bottom-ombrieres-min-1-1-300x113.webp 300w, https:\/\/reden.solar\/wp-content\/uploads\/2023\/07\/bandeau-bottom-ombrieres-min-1-1-1024x387.webp 1024w, https:\/\/reden.solar\/wp-content\/uploads\/2023\/07\/bandeau-bottom-ombrieres-min-1-1-768x290.webp 768w\" sizes=\"(max-width: 1269px) 100vw, 1269px\" \/>\t\t\t\t\t\t\t\t\t\t\t\t\t\t\t<\/div>\n\t\t\t\t<\/div>\n\t\t\t\t<div class=\"elementor-element elementor-element-a24ce54 section-contact-bottom elementor-widget__width-initial elementor-absolute elementor-widget-mobile__width-inherit elementor-widget elementor-widget-text-editor\" data-id=\"a24ce54\" data-element_type=\"widget\" data-e-type=\"widget\" data-settings=\"{&quot;_position&quot;:&quot;absolute&quot;}\" data-widget_type=\"text-editor.default\">\n\t\t\t\t<div class=\"elementor-widget-container\">\n\t\t\t\t\t\t\t\t\t<h3>\u00bfTrabaja por cuenta de una colectividad o una empresa?<\/h3>\n\u00bfDesea mejorar el confort y las condiciones de acogida de sus clientes, visitantes y colaboradores?\n\n<a class=\"cta-contact-bottom\" title=\"NOUS CONTACTER\" href=\"\/es\/contacte-con-nosotros?choix=1\">Contacte con nosotros <\/a>\t\t\t\t\t\t\t\t<\/div>\n\t\t\t\t<\/div>\n\t\t\t\t\t<\/div>\n\t\t<\/div>\n\t\t\t\t\t<\/div>\n\t\t<\/section>\n\t\t\t\t<\/div>\n\t\t","protected":false},"excerpt":{"rendered":"<p>NUESTRAS SOLUCIONES PROTECCI\u00d3N ECOL\u00d3GICA Y PRODUCCI\u00d3N EL\u00c9CTRICA REDEN ofrece una gama de marquesinas fotovoltaicas de aparcamiento. \u00a0 Aprovechando los espacios de aparcamiento para la producci\u00f3n de electricidad verde, las marquesinas fotovoltaicas REDEN garantizan un mayor confort a los usuarios y proporcionan una protecci\u00f3n a sus veh\u00edculos en caso de azares clim\u00e1ticos. \u00a0 Al asociarse con &#8230; <a title=\"Las marquesinas fotovoltaicas de aparcamiento\" class=\"read-more\" href=\"https:\/\/reden.solar\/es\/nuestras-capacidades\/las-marquesinas-fotovoltaicas-de-aparcamiento\/\" aria-label=\"Leer m\u00e1s sobre Las marquesinas fotovoltaicas de aparcamiento\">Leer m\u00e1s<\/a><\/p>\n","protected":false},"author":3,"featured_media":0,"parent":2189,"menu_order":0,"comment_status":"closed","ping_status":"closed","template":"elementor_header_footer","meta":{"inline_featured_image":false,"footnotes":""},"class_list":["post-2205","page","type-page","status-publish"],"yoast_head":"<!-- This site is optimized with the Yoast SEO plugin v27.4 - https:\/\/yoast.com\/product\/yoast-seo-wordpress\/ -->\n<title>Las marquesinas fotovoltaicas de aparcamiento - REDEN<\/title>\n<meta name=\"description\" content=\"Descubra las marquesinas fotovoltaicas REDEN para mejorar el confort de sus usuarios, mientras se convierte en un actor de la transici\u00f3n energ\u00e9tica.\" \/>\n<meta name=\"robots\" content=\"index, follow, max-snippet:-1, max-image-preview:large, max-video-preview:-1\" \/>\n<link rel=\"canonical\" href=\"https:\/\/reden.solar\/es\/nuestras-capacidades\/las-marquesinas-fotovoltaicas-de-aparcamiento\/\" \/>\n<meta property=\"og:locale\" content=\"es_ES\" \/>\n<meta property=\"og:type\" content=\"article\" \/>\n<meta property=\"og:title\" content=\"Las marquesinas fotovoltaicas de aparcamiento - REDEN\" \/>\n<meta property=\"og:description\" content=\"Descubra las marquesinas fotovoltaicas REDEN para mejorar el confort de sus usuarios, mientras se convierte en un actor de la transici\u00f3n energ\u00e9tica.\" \/>\n<meta property=\"og:url\" content=\"https:\/\/reden.solar\/es\/nuestras-capacidades\/las-marquesinas-fotovoltaicas-de-aparcamiento\/\" \/>\n<meta property=\"og:site_name\" content=\"REDEN\" \/>\n<meta property=\"article:modified_time\" content=\"2024-05-30T14:23:02+00:00\" \/>\n<meta property=\"og:image\" content=\"https:\/\/reden.solar\/wp-content\/uploads\/2020\/05\/Bornes_de_recharge_small.jpg\" \/>\n<meta name=\"twitter:card\" content=\"summary_large_image\" \/>\n<meta name=\"twitter:label1\" content=\"Tiempo de lectura\" \/>\n\t<meta name=\"twitter:data1\" content=\"8 minutos\" \/>\n<script type=\"application\/ld+json\" class=\"yoast-schema-graph\">{\"@context\":\"https:\\\/\\\/schema.org\",\"@graph\":[{\"@type\":\"WebPage\",\"@id\":\"https:\\\/\\\/reden.solar\\\/es\\\/nuestras-capacidades\\\/las-marquesinas-fotovoltaicas-de-aparcamiento\\\/\",\"url\":\"https:\\\/\\\/reden.solar\\\/es\\\/nuestras-capacidades\\\/las-marquesinas-fotovoltaicas-de-aparcamiento\\\/\",\"name\":\"Las marquesinas fotovoltaicas de aparcamiento - REDEN\",\"isPartOf\":{\"@id\":\"https:\\\/\\\/reden.solar\\\/es\\\/#website\"},\"primaryImageOfPage\":{\"@id\":\"https:\\\/\\\/reden.solar\\\/es\\\/nuestras-capacidades\\\/las-marquesinas-fotovoltaicas-de-aparcamiento\\\/#primaryimage\"},\"image\":{\"@id\":\"https:\\\/\\\/reden.solar\\\/es\\\/nuestras-capacidades\\\/las-marquesinas-fotovoltaicas-de-aparcamiento\\\/#primaryimage\"},\"thumbnailUrl\":\"https:\\\/\\\/reden.solar\\\/wp-content\\\/uploads\\\/2020\\\/05\\\/Bornes_de_recharge_small.jpg\",\"datePublished\":\"2020-06-11T13:00:39+00:00\",\"dateModified\":\"2024-05-30T14:23:02+00:00\",\"description\":\"Descubra las marquesinas fotovoltaicas REDEN para mejorar el confort de sus usuarios, mientras se convierte en un actor de la transici\u00f3n energ\u00e9tica.\",\"breadcrumb\":{\"@id\":\"https:\\\/\\\/reden.solar\\\/es\\\/nuestras-capacidades\\\/las-marquesinas-fotovoltaicas-de-aparcamiento\\\/#breadcrumb\"},\"inLanguage\":\"es\",\"potentialAction\":[{\"@type\":\"ReadAction\",\"target\":[\"https:\\\/\\\/reden.solar\\\/es\\\/nuestras-capacidades\\\/las-marquesinas-fotovoltaicas-de-aparcamiento\\\/\"]}]},{\"@type\":\"ImageObject\",\"inLanguage\":\"es\",\"@id\":\"https:\\\/\\\/reden.solar\\\/es\\\/nuestras-capacidades\\\/las-marquesinas-fotovoltaicas-de-aparcamiento\\\/#primaryimage\",\"url\":\"https:\\\/\\\/reden.solar\\\/wp-content\\\/uploads\\\/2020\\\/05\\\/Bornes_de_recharge_small.jpg\",\"contentUrl\":\"https:\\\/\\\/reden.solar\\\/wp-content\\\/uploads\\\/2020\\\/05\\\/Bornes_de_recharge_small.jpg\"},{\"@type\":\"BreadcrumbList\",\"@id\":\"https:\\\/\\\/reden.solar\\\/es\\\/nuestras-capacidades\\\/las-marquesinas-fotovoltaicas-de-aparcamiento\\\/#breadcrumb\",\"itemListElement\":[{\"@type\":\"ListItem\",\"position\":1,\"name\":\"Accueil\",\"item\":\"https:\\\/\\\/reden.solar\\\/es\\\/\"},{\"@type\":\"ListItem\",\"position\":2,\"name\":\"Nuestras soluciones\",\"item\":\"https:\\\/\\\/reden.solar\\\/es\\\/nuestras-capacidades\\\/\"},{\"@type\":\"ListItem\",\"position\":3,\"name\":\"Las marquesinas fotovoltaicas de aparcamiento\"}]},{\"@type\":\"WebSite\",\"@id\":\"https:\\\/\\\/reden.solar\\\/es\\\/#website\",\"url\":\"https:\\\/\\\/reden.solar\\\/es\\\/\",\"name\":\"REDEN\",\"description\":\"Sp\u00e9cialiste de la production d\u2019\u00e9lectricit\u00e9 photovolta\u00efque et du stockage d&#039;\u00e9nergie\",\"publisher\":{\"@id\":\"https:\\\/\\\/reden.solar\\\/es\\\/#organization\"},\"potentialAction\":[{\"@type\":\"SearchAction\",\"target\":{\"@type\":\"EntryPoint\",\"urlTemplate\":\"https:\\\/\\\/reden.solar\\\/es\\\/?s={search_term_string}\"},\"query-input\":{\"@type\":\"PropertyValueSpecification\",\"valueRequired\":true,\"valueName\":\"search_term_string\"}}],\"inLanguage\":\"es\"},{\"@type\":\"Organization\",\"@id\":\"https:\\\/\\\/reden.solar\\\/es\\\/#organization\",\"name\":\"REDEN\",\"url\":\"https:\\\/\\\/reden.solar\\\/es\\\/\",\"logo\":{\"@type\":\"ImageObject\",\"inLanguage\":\"es\",\"@id\":\"https:\\\/\\\/reden.solar\\\/es\\\/#\\\/schema\\\/logo\\\/image\\\/\",\"url\":\"https:\\\/\\\/reden.solar\\\/wp-content\\\/uploads\\\/2025\\\/01\\\/cropped-reden-quadri.png\",\"contentUrl\":\"https:\\\/\\\/reden.solar\\\/wp-content\\\/uploads\\\/2025\\\/01\\\/cropped-reden-quadri.png\",\"width\":2399,\"height\":850,\"caption\":\"REDEN\"},\"image\":{\"@id\":\"https:\\\/\\\/reden.solar\\\/es\\\/#\\\/schema\\\/logo\\\/image\\\/\"},\"sameAs\":[\"https:\\\/\\\/www.linkedin.com\\\/company\\\/redensolar\\\/mycompany\\\/\",\"https:\\\/\\\/vimeo.com\\\/redensolar\"]}]}<\/script>\n<!-- \/ Yoast SEO plugin. -->","yoast_head_json":{"title":"Las marquesinas fotovoltaicas de aparcamiento - REDEN","description":"Descubra las marquesinas fotovoltaicas REDEN para mejorar el confort de sus usuarios, mientras se convierte en un actor de la transici\u00f3n energ\u00e9tica.","robots":{"index":"index","follow":"follow","max-snippet":"max-snippet:-1","max-image-preview":"max-image-preview:large","max-video-preview":"max-video-preview:-1"},"canonical":"https:\/\/reden.solar\/es\/nuestras-capacidades\/las-marquesinas-fotovoltaicas-de-aparcamiento\/","og_locale":"es_ES","og_type":"article","og_title":"Las marquesinas fotovoltaicas de aparcamiento - REDEN","og_description":"Descubra las marquesinas fotovoltaicas REDEN para mejorar el confort de sus usuarios, mientras se convierte en un actor de la transici\u00f3n energ\u00e9tica.","og_url":"https:\/\/reden.solar\/es\/nuestras-capacidades\/las-marquesinas-fotovoltaicas-de-aparcamiento\/","og_site_name":"REDEN","article_modified_time":"2024-05-30T14:23:02+00:00","og_image":[{"url":"https:\/\/reden.solar\/wp-content\/uploads\/2020\/05\/Bornes_de_recharge_small.jpg","type":"","width":"","height":""}],"twitter_card":"summary_large_image","twitter_misc":{"Tiempo de lectura":"8 minutos"},"schema":{"@context":"https:\/\/schema.org","@graph":[{"@type":"WebPage","@id":"https:\/\/reden.solar\/es\/nuestras-capacidades\/las-marquesinas-fotovoltaicas-de-aparcamiento\/","url":"https:\/\/reden.solar\/es\/nuestras-capacidades\/las-marquesinas-fotovoltaicas-de-aparcamiento\/","name":"Las marquesinas fotovoltaicas de aparcamiento - REDEN","isPartOf":{"@id":"https:\/\/reden.solar\/es\/#website"},"primaryImageOfPage":{"@id":"https:\/\/reden.solar\/es\/nuestras-capacidades\/las-marquesinas-fotovoltaicas-de-aparcamiento\/#primaryimage"},"image":{"@id":"https:\/\/reden.solar\/es\/nuestras-capacidades\/las-marquesinas-fotovoltaicas-de-aparcamiento\/#primaryimage"},"thumbnailUrl":"https:\/\/reden.solar\/wp-content\/uploads\/2020\/05\/Bornes_de_recharge_small.jpg","datePublished":"2020-06-11T13:00:39+00:00","dateModified":"2024-05-30T14:23:02+00:00","description":"Descubra las marquesinas fotovoltaicas REDEN para mejorar el confort de sus usuarios, mientras se convierte en un actor de la transici\u00f3n energ\u00e9tica.","breadcrumb":{"@id":"https:\/\/reden.solar\/es\/nuestras-capacidades\/las-marquesinas-fotovoltaicas-de-aparcamiento\/#breadcrumb"},"inLanguage":"es","potentialAction":[{"@type":"ReadAction","target":["https:\/\/reden.solar\/es\/nuestras-capacidades\/las-marquesinas-fotovoltaicas-de-aparcamiento\/"]}]},{"@type":"ImageObject","inLanguage":"es","@id":"https:\/\/reden.solar\/es\/nuestras-capacidades\/las-marquesinas-fotovoltaicas-de-aparcamiento\/#primaryimage","url":"https:\/\/reden.solar\/wp-content\/uploads\/2020\/05\/Bornes_de_recharge_small.jpg","contentUrl":"https:\/\/reden.solar\/wp-content\/uploads\/2020\/05\/Bornes_de_recharge_small.jpg"},{"@type":"BreadcrumbList","@id":"https:\/\/reden.solar\/es\/nuestras-capacidades\/las-marquesinas-fotovoltaicas-de-aparcamiento\/#breadcrumb","itemListElement":[{"@type":"ListItem","position":1,"name":"Accueil","item":"https:\/\/reden.solar\/es\/"},{"@type":"ListItem","position":2,"name":"Nuestras soluciones","item":"https:\/\/reden.solar\/es\/nuestras-capacidades\/"},{"@type":"ListItem","position":3,"name":"Las marquesinas fotovoltaicas de aparcamiento"}]},{"@type":"WebSite","@id":"https:\/\/reden.solar\/es\/#website","url":"https:\/\/reden.solar\/es\/","name":"REDEN","description":"Sp\u00e9cialiste de la production d\u2019\u00e9lectricit\u00e9 photovolta\u00efque et du stockage d&#039;\u00e9nergie","publisher":{"@id":"https:\/\/reden.solar\/es\/#organization"},"potentialAction":[{"@type":"SearchAction","target":{"@type":"EntryPoint","urlTemplate":"https:\/\/reden.solar\/es\/?s={search_term_string}"},"query-input":{"@type":"PropertyValueSpecification","valueRequired":true,"valueName":"search_term_string"}}],"inLanguage":"es"},{"@type":"Organization","@id":"https:\/\/reden.solar\/es\/#organization","name":"REDEN","url":"https:\/\/reden.solar\/es\/","logo":{"@type":"ImageObject","inLanguage":"es","@id":"https:\/\/reden.solar\/es\/#\/schema\/logo\/image\/","url":"https:\/\/reden.solar\/wp-content\/uploads\/2025\/01\/cropped-reden-quadri.png","contentUrl":"https:\/\/reden.solar\/wp-content\/uploads\/2025\/01\/cropped-reden-quadri.png","width":2399,"height":850,"caption":"REDEN"},"image":{"@id":"https:\/\/reden.solar\/es\/#\/schema\/logo\/image\/"},"sameAs":["https:\/\/www.linkedin.com\/company\/redensolar\/mycompany\/","https:\/\/vimeo.com\/redensolar"]}]}},"_links":{"self":[{"href":"https:\/\/reden.solar\/es\/wp-json\/wp\/v2\/pages\/2205","targetHints":{"allow":["GET"]}}],"collection":[{"href":"https:\/\/reden.solar\/es\/wp-json\/wp\/v2\/pages"}],"about":[{"href":"https:\/\/reden.solar\/es\/wp-json\/wp\/v2\/types\/page"}],"author":[{"embeddable":true,"href":"https:\/\/reden.solar\/es\/wp-json\/wp\/v2\/users\/3"}],"replies":[{"embeddable":true,"href":"https:\/\/reden.solar\/es\/wp-json\/wp\/v2\/comments?post=2205"}],"version-history":[{"count":3,"href":"https:\/\/reden.solar\/es\/wp-json\/wp\/v2\/pages\/2205\/revisions"}],"predecessor-version":[{"id":31925,"href":"https:\/\/reden.solar\/es\/wp-json\/wp\/v2\/pages\/2205\/revisions\/31925"}],"up":[{"embeddable":true,"href":"https:\/\/reden.solar\/es\/wp-json\/wp\/v2\/pages\/2189"}],"wp:attachment":[{"href":"https:\/\/reden.solar\/es\/wp-json\/wp\/v2\/media?parent=2205"}],"curies":[{"name":"wp","href":"https:\/\/api.w.org\/{rel}","templated":true}]}}