{"id":29629,"date":"2023-12-21T14:48:29","date_gmt":"2023-12-21T13:48:29","guid":{"rendered":"https:\/\/reden.solar\/?page_id=29629"},"modified":"2024-05-30T16:23:33","modified_gmt":"2024-05-30T14:23:33","slug":"tejados-fotovoltaicos-de-piscifactorias","status":"publish","type":"page","link":"https:\/\/reden.solar\/es\/nuestras-capacidades\/tejados-fotovoltaicos-de-piscifactorias\/","title":{"rendered":"Tejados fotovoltaicos de piscifactor\u00edas"},"content":{"rendered":"\t\t<div data-elementor-type=\"wp-page\" data-elementor-id=\"29629\" class=\"elementor elementor-29629 elementor-26837\" data-elementor-post-type=\"page\">\n\t\t\t\t\t\t<section class=\"elementor-section elementor-top-section elementor-element elementor-element-b6e761a elementor-section-height-min-height elementor-section-items-stretch elementor-section-stretched banner elementor-section-boxed elementor-section-height-default\" data-id=\"b6e761a\" data-element_type=\"section\" data-e-type=\"section\" data-settings=\"{&quot;stretch_section&quot;:&quot;section-stretched&quot;,&quot;background_background&quot;:&quot;slideshow&quot;,&quot;background_slideshow_gallery&quot;:[{&quot;id&quot;:10517,&quot;url&quot;:&quot;https:\\\/\\\/reden.solar\\\/wp-content\\\/uploads\\\/2022\\\/04\\\/Aerienne-7.08.19.jpg&quot;},{&quot;id&quot;:28043,&quot;url&quot;:&quot;https:\\\/\\\/reden.solar\\\/wp-content\\\/uploads\\\/2023\\\/12\\\/NEUVIC_Plan-de-travail-7.webp&quot;},{&quot;id&quot;:28037,&quot;url&quot;:&quot;https:\\\/\\\/reden.solar\\\/wp-content\\\/uploads\\\/2023\\\/12\\\/NEUVIC_Plan-de-travail-5.webp&quot;},{&quot;id&quot;:28031,&quot;url&quot;:&quot;https:\\\/\\\/reden.solar\\\/wp-content\\\/uploads\\\/2023\\\/12\\\/NEUVIC_Plan-de-travail-2.webp&quot;}],&quot;background_slideshow_slide_duration&quot;:3000,&quot;background_slideshow_transition_duration&quot;:2000,&quot;background_slideshow_ken_burns&quot;:&quot;yes&quot;,&quot;background_slideshow_ken_burns_zoom_direction&quot;:&quot;out&quot;,&quot;background_slideshow_loop&quot;:&quot;yes&quot;,&quot;background_slideshow_slide_transition&quot;:&quot;fade&quot;}\">\n\t\t\t\t\t\t\t<div class=\"elementor-background-overlay\"><\/div>\n\t\t\t\t\t\t\t<div class=\"elementor-container elementor-column-gap-default\">\n\t\t\t\t\t<div class=\"elementor-column elementor-col-100 elementor-top-column elementor-element elementor-element-18e2800\" data-id=\"18e2800\" data-element_type=\"column\" data-e-type=\"column\">\n\t\t\t<div class=\"elementor-widget-wrap elementor-element-populated\">\n\t\t\t\t\t\t<section class=\"elementor-section elementor-inner-section elementor-element elementor-element-e53c649 elementor-section-height-min-height elementor-reverse-mobile elementor-section-boxed elementor-section-height-default\" data-id=\"e53c649\" data-element_type=\"section\" data-e-type=\"section\">\n\t\t\t\t\t\t<div class=\"elementor-container elementor-column-gap-default\">\n\t\t\t\t\t<div class=\"elementor-column elementor-col-50 elementor-inner-column elementor-element elementor-element-86c48ef\" data-id=\"86c48ef\" data-element_type=\"column\" data-e-type=\"column\" data-settings=\"{&quot;background_background&quot;:&quot;classic&quot;}\">\n\t\t\t<div class=\"elementor-widget-wrap elementor-element-populated\">\n\t\t\t\t\t\t<div class=\"elementor-element elementor-element-a593638 elementor-widget elementor-widget-heading\" data-id=\"a593638\" data-element_type=\"widget\" data-e-type=\"widget\" data-widget_type=\"heading.default\">\n\t\t\t\t<div class=\"elementor-widget-container\">\n\t\t\t\t\t<div class=\"elementor-heading-title elementor-size-default\">NUESTRAS SOLUCIONES<\/div>\t\t\t\t<\/div>\n\t\t\t\t<\/div>\n\t\t\t\t<div class=\"elementor-element elementor-element-2ec9c21 elementor-widget elementor-widget-heading\" data-id=\"2ec9c21\" data-element_type=\"widget\" data-e-type=\"widget\" data-widget_type=\"heading.default\">\n\t\t\t\t<div class=\"elementor-widget-container\">\n\t\t\t\t\t<h1 class=\"elementor-heading-title elementor-size-default\">Tejados fotovoltaicos de piscifactor\u00edas<\/h1>\t\t\t\t<\/div>\n\t\t\t\t<\/div>\n\t\t\t\t\t<\/div>\n\t\t<\/div>\n\t\t\t\t<div class=\"elementor-column elementor-col-50 elementor-inner-column elementor-element elementor-element-fe14d6e\" data-id=\"fe14d6e\" data-element_type=\"column\" data-e-type=\"column\">\n\t\t\t<div class=\"elementor-widget-wrap elementor-element-populated\">\n\t\t\t\t\t\t<div class=\"elementor-element elementor-element-e12fc26 elementor-widget elementor-widget-spacer\" data-id=\"e12fc26\" data-element_type=\"widget\" data-e-type=\"widget\" data-widget_type=\"spacer.default\">\n\t\t\t\t<div class=\"elementor-widget-container\">\n\t\t\t\t\t\t\t<div class=\"elementor-spacer\">\n\t\t\t<div class=\"elementor-spacer-inner\"><\/div>\n\t\t<\/div>\n\t\t\t\t\t\t<\/div>\n\t\t\t\t<\/div>\n\t\t\t\t\t<\/div>\n\t\t<\/div>\n\t\t\t\t\t<\/div>\n\t\t<\/section>\n\t\t\t\t\t<\/div>\n\t\t<\/div>\n\t\t\t\t\t<\/div>\n\t\t<\/section>\n\t\t\t\t<section class=\"elementor-section elementor-top-section elementor-element elementor-element-2de7db3a txt-intro elementor-section-boxed elementor-section-height-default elementor-section-height-default\" data-id=\"2de7db3a\" data-element_type=\"section\" data-e-type=\"section\">\n\t\t\t\t\t\t<div class=\"elementor-container elementor-column-gap-no\">\n\t\t\t\t\t<div class=\"elementor-column elementor-col-100 elementor-top-column elementor-element elementor-element-2b6ad140\" data-id=\"2b6ad140\" data-element_type=\"column\" data-e-type=\"column\">\n\t\t\t<div class=\"elementor-widget-wrap elementor-element-populated\">\n\t\t\t\t\t\t<div class=\"elementor-element elementor-element-34335c7 elementor-widget elementor-widget-text-editor\" data-id=\"34335c7\" data-element_type=\"widget\" data-e-type=\"widget\" data-widget_type=\"text-editor.default\">\n\t\t\t\t<div class=\"elementor-widget-container\">\n\t\t\t\t\t\t\t\t\t<h2>EXPERIENCIA EN PROYECTOS INNOVADORES DE PISCICULTURA<\/h2>\t\t\t\t\t\t\t\t<\/div>\n\t\t\t\t<\/div>\n\t\t\t\t\t<\/div>\n\t\t<\/div>\n\t\t\t\t\t<\/div>\n\t\t<\/section>\n\t\t\t\t<section class=\"elementor-section elementor-top-section elementor-element elementor-element-548a276f txt-aparte elementor-section-stretched elementor-section-boxed elementor-section-height-default elementor-section-height-default\" data-id=\"548a276f\" data-element_type=\"section\" data-e-type=\"section\" data-settings=\"{&quot;stretch_section&quot;:&quot;section-stretched&quot;}\">\n\t\t\t\t\t\t<div class=\"elementor-container elementor-column-gap-no\">\n\t\t\t\t\t<div class=\"elementor-column elementor-col-100 elementor-top-column elementor-element elementor-element-406c411e\" data-id=\"406c411e\" data-element_type=\"column\" data-e-type=\"column\">\n\t\t\t<div class=\"elementor-widget-wrap elementor-element-populated\">\n\t\t\t\t\t\t<div class=\"elementor-element elementor-element-454d13ff block-txt-aparte elementor-widget elementor-widget-text-editor\" data-id=\"454d13ff\" data-element_type=\"widget\" data-e-type=\"widget\" data-widget_type=\"text-editor.default\">\n\t\t\t\t<div class=\"elementor-widget-container\">\n\t\t\t\t\t\t\t\t\t<p><strong>Debido a su c<\/strong><strong>apacidad, Reden tambi\u00e9n es el socio preferente de proyectos innovadores. As\u00ed, la empresa \u00abCaviar de Neuvic\u00bb, en Dordo\u00f1a, Francia, por ejamplo ha elegido REDEN para la instalaci\u00f3n de una cubierta fotovoltaica de 26 000 m\u00b2 en sus estanques de cr\u00eda de esturiones destinados a la producci\u00f3n de caviar franc\u00e9s. El experimento valida los beneficios en t\u00e9rminos de <span style=\"color: #45bdbe;\">bienestar animal<\/span>.<br \/><\/strong><\/p><p>\u00a0<\/p><p>Este proyecto \u00fanico con una potencia total de 4895 kWc, produce cada a\u00f1o alrededor de 5500 MWh, es decir, el equivalente del consumo el\u00e9ctrico de 800 personas que viven en Francia.<\/p><p>\u00a0<\/p><p>Esta soluci\u00f3n at\u00edpica evita la emisi\u00f3n de m\u00e1s de 205 toneladas de CO2 por a\u00f1o, es decir, cerca de 6200 toneladas en los 30 a\u00f1os de duraci\u00f3n de vida del proyecto.<\/p><p>\u00a0<\/p><p><strong>\u00a1Un buen ejemplo de sinergia entre la producci\u00f3n pisc\u00edcola y la producci\u00f3n el\u00e9ctrica!<\/strong><\/p>\t\t\t\t\t\t\t\t<\/div>\n\t\t\t\t<\/div>\n\t\t\t\t\t<\/div>\n\t\t<\/div>\n\t\t\t\t\t<\/div>\n\t\t<\/section>\n\t\t\t\t<section class=\"elementor-section elementor-top-section elementor-element elementor-element-7149ef7 elementor-section-boxed elementor-section-height-default elementor-section-height-default\" data-id=\"7149ef7\" data-element_type=\"section\" data-e-type=\"section\">\n\t\t\t\t\t\t<div class=\"elementor-container elementor-column-gap-default\">\n\t\t\t\t\t<div class=\"elementor-column elementor-col-100 elementor-top-column elementor-element elementor-element-1cee47b\" data-id=\"1cee47b\" data-element_type=\"column\" data-e-type=\"column\">\n\t\t\t<div class=\"elementor-widget-wrap elementor-element-populated\">\n\t\t\t\t\t\t<div class=\"elementor-element elementor-element-a3c60b9 elementor-widget elementor-widget-heading\" data-id=\"a3c60b9\" data-element_type=\"widget\" data-e-type=\"widget\" data-widget_type=\"heading.default\">\n\t\t\t\t<div class=\"elementor-widget-container\">\n\t\t\t\t\t<h3 class=\"elementor-heading-title elementor-size-default\">Discubra nuestras capacidades<\/h3>\t\t\t\t<\/div>\n\t\t\t\t<\/div>\n\t\t\t\t<div class=\"elementor-element elementor-element-964c867 elementor-widget elementor-widget-template\" data-id=\"964c867\" data-element_type=\"widget\" data-e-type=\"widget\" data-widget_type=\"template.default\">\n\t\t\t\t<div class=\"elementor-widget-container\">\n\t\t\t\t\t\t\t<div class=\"elementor-template\">\n\t\t\t\t\t<div data-elementor-type=\"section\" data-elementor-id=\"11404\" class=\"elementor elementor-11404\" data-elementor-post-type=\"elementor_library\">\n\t\t\t\t\t<section class=\"elementor-section elementor-top-section elementor-element elementor-element-220d58ab elementor-section-stretched elementor-section-content-top block-liste-expertises elementor-section-boxed elementor-section-height-default elementor-section-height-default\" data-id=\"220d58ab\" data-element_type=\"section\" data-e-type=\"section\" data-settings=\"{&quot;stretch_section&quot;:&quot;section-stretched&quot;}\">\n\t\t\t\t\t\t<div class=\"elementor-container elementor-column-gap-no\">\n\t\t\t\t\t<div class=\"elementor-column elementor-col-33 elementor-top-column elementor-element elementor-element-6d59de2\" data-id=\"6d59de2\" data-element_type=\"column\" data-e-type=\"column\">\n\t\t\t<div class=\"elementor-widget-wrap elementor-element-populated\">\n\t\t\t\t\t\t<div class=\"elementor-element elementor-element-56e9b73 item-link-expertise elementor-position-top elementor-widget elementor-widget-image-box\" data-id=\"56e9b73\" data-element_type=\"widget\" data-e-type=\"widget\" data-widget_type=\"image-box.default\">\n\t\t\t\t<div class=\"elementor-widget-container\">\n\t\t\t\t\t<div class=\"elementor-image-box-wrapper\"><figure class=\"elementor-image-box-img\"><a href=\"\/es\/nuestras-capacidades\/las-centrales-fotovoltaicas-en-el-suelo\/\" title=\"Les centrales photovolta\u00efques au sol\" tabindex=\"-1\"><img fetchpriority=\"high\" decoding=\"async\" width=\"250\" height=\"220\" src=\"https:\/\/reden.solar\/wp-content\/uploads\/2023\/07\/img-centrales-min-1.webp\" class=\"attachment-full size-full wp-image-23133\" alt=\"\" \/><\/a><\/figure><div class=\"elementor-image-box-content\"><p class=\"elementor-image-box-description\"><a href=\"\/es\/nuestras-capacidades\/las-centrales-fotovoltaicas-en-el-suelo\/\" title=\"lien Plantas fotovoltaicas en el suelo\" class=\"link-txt\"><img decoding=\"async\" src=\"\/wp-content\/uploads\/2020\/03\/picto-centrales.svg \" alt=\"pictogramme centrales photovolta\u00efques au sol\" width=\"75\" \/><span>Plantas fotovoltaicas<br>en el suelo<\/span><\/a>\n<\/p><\/div><\/div>\t\t\t\t<\/div>\n\t\t\t\t<\/div>\n\t\t\t\t\t<\/div>\n\t\t<\/div>\n\t\t\t\t<div class=\"elementor-column elementor-col-33 elementor-top-column elementor-element elementor-element-7f73931d\" data-id=\"7f73931d\" data-element_type=\"column\" data-e-type=\"column\">\n\t\t\t<div class=\"elementor-widget-wrap elementor-element-populated\">\n\t\t\t\t\t\t<div class=\"elementor-element elementor-element-7c54b315 item-link-expertise elementor-position-top elementor-widget elementor-widget-image-box\" data-id=\"7c54b315\" data-element_type=\"widget\" data-e-type=\"widget\" data-widget_type=\"image-box.default\">\n\t\t\t\t<div class=\"elementor-widget-container\">\n\t\t\t\t\t<div class=\"elementor-image-box-wrapper\"><figure class=\"elementor-image-box-img\"><a href=\"\/es\/nuestras-capacidades\/las-marquesinas-fotovoltaicas-de-aparcamiento\/\" title=\"Les ombri\u00e8res photovolta\u00efques de parking\" tabindex=\"-1\"><img decoding=\"async\" width=\"981\" height=\"544\" src=\"https:\/\/reden.solar\/wp-content\/uploads\/2023\/07\/slider-cemoi-1.webp\" class=\"attachment-full size-full wp-image-23385\" alt=\"\" srcset=\"https:\/\/reden.solar\/wp-content\/uploads\/2023\/07\/slider-cemoi-1.webp 981w, https:\/\/reden.solar\/wp-content\/uploads\/2023\/07\/slider-cemoi-1-300x166.webp 300w, https:\/\/reden.solar\/wp-content\/uploads\/2023\/07\/slider-cemoi-1-768x426.webp 768w\" sizes=\"(max-width: 981px) 100vw, 981px\" \/><\/a><\/figure><div class=\"elementor-image-box-content\"><p class=\"elementor-image-box-description\"><a href=\"\/es\/nuestras-capacidades\/las-marquesinas-fotovoltaicas-de-aparcamiento\/\" title=\"lien Las marquesinas fotovoltaicas de aparcamiento\" class=\"link-txt\"><img decoding=\"async\" src=\"\/wp-content\/uploads\/2020\/03\/picto-ombrieres.svg \" alt=\"pictogramme Las marquesinas fotovoltaicas de aparcamiento\" width=\"75\" \/><span>Las marquesinas<br> fotovoltaicas <br>de aparcamiento<\/span><\/a><\/p><\/div><\/div>\t\t\t\t<\/div>\n\t\t\t\t<\/div>\n\t\t\t\t\t<\/div>\n\t\t<\/div>\n\t\t\t\t<div class=\"elementor-column elementor-col-33 elementor-top-column elementor-element elementor-element-5b86a2e\" data-id=\"5b86a2e\" data-element_type=\"column\" data-e-type=\"column\">\n\t\t\t<div class=\"elementor-widget-wrap elementor-element-populated\">\n\t\t\t\t\t\t<div class=\"elementor-element elementor-element-2e29da2d item-link-expertise elementor-position-top elementor-widget elementor-widget-image-box\" data-id=\"2e29da2d\" data-element_type=\"widget\" data-e-type=\"widget\" data-widget_type=\"image-box.default\">\n\t\t\t\t<div class=\"elementor-widget-container\">\n\t\t\t\t\t<div class=\"elementor-image-box-wrapper\"><figure class=\"elementor-image-box-img\"><a href=\"\/es\/nuestras-capacidades\/los-grandes-tejados-fotovoltaicos\/\" title=\"Les grandes toitures photovolta\u00efques\" tabindex=\"-1\"><img decoding=\"async\" width=\"250\" height=\"220\" src=\"https:\/\/reden.solar\/wp-content\/uploads\/2023\/07\/img-grandes-toitures-min-1.webp\" class=\"attachment-full size-full wp-image-23139\" alt=\"\" \/><\/a><\/figure><div class=\"elementor-image-box-content\"><p class=\"elementor-image-box-description\"><a href=\"\/es\/nuestras-capacidades\/los-grandes-tejados-fotovoltaicos\/\" title=\"lien Los grandes tejados fotovoltaicos\" class=\"link-txt\"><img decoding=\"async\" src=\"\/wp-content\/uploads\/2020\/03\/picto-grandes-toitures.svg \" alt=\"pictogramme Los grandes tejados fotovoltaicos\" width=\"75\" \/><span>Los grandes<br> tejados <br>fotovoltaicos<\/span><\/a><\/p><\/div><\/div>\t\t\t\t<\/div>\n\t\t\t\t<\/div>\n\t\t\t\t\t<\/div>\n\t\t<\/div>\n\t\t\t\t\t<\/div>\n\t\t<\/section>\n\t\t\t\t<\/div>\n\t\t\t\t<\/div>\n\t\t\t\t\t\t<\/div>\n\t\t\t\t<\/div>\n\t\t\t\t<div class=\"elementor-element elementor-element-1093c17 elementor-widget elementor-widget-template\" data-id=\"1093c17\" data-element_type=\"widget\" data-e-type=\"widget\" data-widget_type=\"template.default\">\n\t\t\t\t<div class=\"elementor-widget-container\">\n\t\t\t\t\t\t\t<div class=\"elementor-template\">\n\t\t\t\t\t<div data-elementor-type=\"section\" data-elementor-id=\"29430\" class=\"elementor elementor-29430\" data-elementor-post-type=\"elementor_library\">\n\t\t\t\t\t<section class=\"elementor-section elementor-top-section elementor-element elementor-element-7f4906d2 elementor-section-stretched elementor-section-content-top block-liste-expertises elementor-section-boxed elementor-section-height-default elementor-section-height-default\" data-id=\"7f4906d2\" data-element_type=\"section\" data-e-type=\"section\" data-settings=\"{&quot;stretch_section&quot;:&quot;section-stretched&quot;}\">\n\t\t\t\t\t\t<div class=\"elementor-container elementor-column-gap-no\">\n\t\t\t\t\t<div class=\"elementor-column elementor-col-25 elementor-top-column elementor-element elementor-element-30d5adfc\" data-id=\"30d5adfc\" data-element_type=\"column\" data-e-type=\"column\">\n\t\t\t<div class=\"elementor-widget-wrap elementor-element-populated\">\n\t\t\t\t\t\t<div class=\"elementor-element elementor-element-1ad593b6 item-link-expertise elementor-position-top elementor-widget elementor-widget-image-box\" data-id=\"1ad593b6\" data-element_type=\"widget\" data-e-type=\"widget\" data-widget_type=\"image-box.default\">\n\t\t\t\t<div class=\"elementor-widget-container\">\n\t\t\t\t\t<div class=\"elementor-image-box-wrapper\"><figure class=\"elementor-image-box-img\"><a href=\"\/es\/nuestras-capacidades\/los-invernaderos-agricolas-fotovoltaicos\/\" title=\"Les serres photovolta\u00efques\" tabindex=\"-1\"><img loading=\"lazy\" decoding=\"async\" width=\"1024\" height=\"683\" src=\"https:\/\/reden.solar\/wp-content\/uploads\/2023\/08\/reden-solar-laragne-monteglin.jpg\" class=\"attachment-full size-full wp-image-24518\" alt=\"\" srcset=\"https:\/\/reden.solar\/wp-content\/uploads\/2023\/08\/reden-solar-laragne-monteglin.jpg 1024w, https:\/\/reden.solar\/wp-content\/uploads\/2023\/08\/reden-solar-laragne-monteglin-300x200.jpg 300w, https:\/\/reden.solar\/wp-content\/uploads\/2023\/08\/reden-solar-laragne-monteglin-768x512.jpg 768w\" sizes=\"(max-width: 1024px) 100vw, 1024px\" \/><\/a><\/figure><div class=\"elementor-image-box-content\"><p class=\"elementor-image-box-description\"><a href=\"\/es\/nuestras-capacidades\/los-invernaderos-agricolas-fotovoltaicos\/\" title=\"Invernaderos agrovoltaicos\" class=\"link-txt\"><img decoding=\"async\" src=\"\/wp-content\/uploads\/2020\/03\/picto-serres.svg\" alt=\"pictogramme Invernaderos agrovoltaicos\" width=\"75\" \/><span>Invernaderos<br>agrovoltaicos<\/span><\/a>\n<\/p><\/div><\/div>\t\t\t\t<\/div>\n\t\t\t\t<\/div>\n\t\t\t\t\t<\/div>\n\t\t<\/div>\n\t\t\t\t<div class=\"elementor-column elementor-col-25 elementor-top-column elementor-element elementor-element-223b708\" data-id=\"223b708\" data-element_type=\"column\" data-e-type=\"column\">\n\t\t\t<div class=\"elementor-widget-wrap elementor-element-populated\">\n\t\t\t\t\t\t<div class=\"elementor-element elementor-element-0f38454 item-link-expertise elementor-position-top elementor-widget elementor-widget-image-box\" data-id=\"0f38454\" data-element_type=\"widget\" data-e-type=\"widget\" data-widget_type=\"image-box.default\">\n\t\t\t\t<div class=\"elementor-widget-container\">\n\t\t\t\t\t<div class=\"elementor-image-box-wrapper\"><figure class=\"elementor-image-box-img\"><a href=\"\/es\/nuestras-capacidades\/emplazamientos-agrovoltaicos-para-ganaderia-y-agricultura\/\" title=\"Les grandes toitures photovolta\u00efques\" tabindex=\"-1\"><img decoding=\"async\" src=\"https:\/\/reden.solar\/wp-content\/uploads\/2023\/11\/anyconv-com--fr-47-gmp--mcb-bv--reden-3-1-scaled.webp\" title=\"AnyConv.com__FR_47_GMP _MCB_BV_\u00a9_REDEN (3) (1)\" alt=\"AnyConv.com__FR_47_GMP _MCB_BV_\u00a9_REDEN (3) (1)\" loading=\"lazy\" \/><\/a><\/figure><div class=\"elementor-image-box-content\"><p class=\"elementor-image-box-description\"><a href=\"\/es\/nuestras-capacidades\/emplazamientos-agrovoltaicos-para-ganaderia-y-agricultura\/\" title=\"Emplazamientos agrovoltaicos para ganader\u00eda y agricultura\" class=\"link-txt\"><img decoding=\"async\" src=\"\/wp-content\/uploads\/2022\/05\/icone_agrivoltaisme.svg \" alt=\"pictogramme sites agrivolta\u00efques\" width=\"34\" \/><span>Emplazamientos<br>agrovoltaicos para<br>ganader\u00eda y agricultura<\/span><\/a><\/p><\/div><\/div>\t\t\t\t<\/div>\n\t\t\t\t<\/div>\n\t\t\t\t\t<\/div>\n\t\t<\/div>\n\t\t\t\t<div class=\"elementor-column elementor-col-25 elementor-top-column elementor-element elementor-element-ac41e55\" data-id=\"ac41e55\" data-element_type=\"column\" data-e-type=\"column\">\n\t\t\t<div class=\"elementor-widget-wrap elementor-element-populated\">\n\t\t\t\t\t\t<div class=\"elementor-element elementor-element-a526aa0 item-link-expertise elementor-position-top elementor-widget elementor-widget-image-box\" data-id=\"a526aa0\" data-element_type=\"widget\" data-e-type=\"widget\" data-widget_type=\"image-box.default\">\n\t\t\t\t<div class=\"elementor-widget-container\">\n\t\t\t\t\t<div class=\"elementor-image-box-wrapper\"><figure class=\"elementor-image-box-img\"><a href=\"\/es\/nuestras-capacidades\/marquesinas-agrovoltaicas-en-huertos\/\" title=\"Les grandes toitures photovolta\u00efques\" tabindex=\"-1\"><img decoding=\"async\" src=\"https:\/\/reden.solar\/wp-content\/uploads\/2023\/11\/ombriserre-vue-3d-5-scaled.jpg\" title=\"Ombriserre Vue 3D 5\" alt=\"Ombriserre Vue 3D 5\" loading=\"lazy\" \/><\/a><\/figure><div class=\"elementor-image-box-content\"><p class=\"elementor-image-box-description\"><a href=\"\/es\/nuestras-capacidades\/marquesinas-agrovoltaicas-en-huertos\/\" title=\"Marquesinas agrovoltaicas en huertos\" class=\"link-txt\"><img decoding=\"async\" src=\"\/wp-content\/uploads\/2022\/05\/icone_agrivoltaisme.svg \" alt=\"pictogramme ombri\u00e8res agrivolta\u00efques\" width=\"34\" \/><span>Marquesinas<br>agrovoltaicas<br>en huertos<\/span><\/a><\/p><\/div><\/div>\t\t\t\t<\/div>\n\t\t\t\t<\/div>\n\t\t\t\t\t<\/div>\n\t\t<\/div>\n\t\t\t\t<div class=\"elementor-column elementor-col-25 elementor-top-column elementor-element elementor-element-7d84b04\" data-id=\"7d84b04\" data-element_type=\"column\" data-e-type=\"column\">\n\t\t\t<div class=\"elementor-widget-wrap elementor-element-populated\">\n\t\t\t\t\t\t<div class=\"elementor-element elementor-element-cd673c9 item-link-expertise elementor-position-top elementor-widget elementor-widget-image-box\" data-id=\"cd673c9\" data-element_type=\"widget\" data-e-type=\"widget\" data-widget_type=\"image-box.default\">\n\t\t\t\t<div class=\"elementor-widget-container\">\n\t\t\t\t\t<div class=\"elementor-image-box-wrapper\"><figure class=\"elementor-image-box-img\"><a href=\"\/es\/nuestras-capacidades\/almacenamiento-de-energia\/\" title=\"Les grandes toitures photovolta\u00efques\" tabindex=\"-1\"><img decoding=\"async\" src=\"https:\/\/reden.solar\/wp-content\/uploads\/2023\/11\/plan-de-travail-3-1.webp\" title=\"Caviar de Neuvic\" alt=\"Caviar de Neuvic\" loading=\"lazy\" \/><\/a><\/figure><div class=\"elementor-image-box-content\"><p class=\"elementor-image-box-description\"><a href=\"\/es\/nuestras-capacidades\/almacenamiento-de-energia\/\" title=\"Tejados fotovoltaicos de piscifactor\u00edas\" class=\"link-txt\"><img decoding=\"async\" src=\"\/wp-content\/uploads\/2020\/03\/picto-grandes-toitures.svg \" alt=\"pictogramme Toitures piscicoles photovolta\u00efques\" width=\"75\" \/><span>Almacenamiento<br>de energ\u00eda<\/span><\/a><\/p><\/div><\/div>\t\t\t\t<\/div>\n\t\t\t\t<\/div>\n\t\t\t\t\t<\/div>\n\t\t<\/div>\n\t\t\t\t\t<\/div>\n\t\t<\/section>\n\t\t\t\t<\/div>\n\t\t\t\t<\/div>\n\t\t\t\t\t\t<\/div>\n\t\t\t\t<\/div>\n\t\t\t\t\t<\/div>\n\t\t<\/div>\n\t\t\t\t\t<\/div>\n\t\t<\/section>\n\t\t\t\t<section class=\"elementor-section elementor-top-section elementor-element elementor-element-e8aae8a elementor-section-stretched bandeau-bottom-contact elementor-section-boxed elementor-section-height-default elementor-section-height-default\" data-id=\"e8aae8a\" data-element_type=\"section\" data-e-type=\"section\" data-settings=\"{&quot;stretch_section&quot;:&quot;section-stretched&quot;}\">\n\t\t\t\t\t\t<div class=\"elementor-container elementor-column-gap-no\">\n\t\t\t\t\t<div class=\"elementor-column elementor-col-100 elementor-top-column elementor-element elementor-element-2cdd80e\" data-id=\"2cdd80e\" data-element_type=\"column\" data-e-type=\"column\">\n\t\t\t<div class=\"elementor-widget-wrap elementor-element-populated\">\n\t\t\t\t\t\t<div class=\"elementor-element elementor-element-13c6334 elementor-widget elementor-widget-image\" data-id=\"13c6334\" data-element_type=\"widget\" data-e-type=\"widget\" data-widget_type=\"image.default\">\n\t\t\t\t<div class=\"elementor-widget-container\">\n\t\t\t\t\t\t\t\t\t\t\t\t\t\t\t<img loading=\"lazy\" decoding=\"async\" width=\"1920\" height=\"1080\" src=\"https:\/\/reden.solar\/wp-content\/uploads\/2023\/11\/plan-de-travail-3-1.webp\" class=\"attachment-full size-full wp-image-26502\" alt=\"\" srcset=\"https:\/\/reden.solar\/wp-content\/uploads\/2023\/11\/plan-de-travail-3-1.webp 1920w, https:\/\/reden.solar\/wp-content\/uploads\/2023\/11\/plan-de-travail-3-1-300x169.webp 300w, https:\/\/reden.solar\/wp-content\/uploads\/2023\/11\/plan-de-travail-3-1-1024x576.webp 1024w, https:\/\/reden.solar\/wp-content\/uploads\/2023\/11\/plan-de-travail-3-1-768x432.webp 768w, https:\/\/reden.solar\/wp-content\/uploads\/2023\/11\/plan-de-travail-3-1-1536x864.webp 1536w\" sizes=\"(max-width: 1920px) 100vw, 1920px\" \/>\t\t\t\t\t\t\t\t\t\t\t\t\t\t\t<\/div>\n\t\t\t\t<\/div>\n\t\t\t\t<div class=\"elementor-element elementor-element-a24ce54 section-contact-bottom elementor-widget__width-initial elementor-absolute elementor-widget-mobile__width-inherit elementor-widget elementor-widget-text-editor\" data-id=\"a24ce54\" data-element_type=\"widget\" data-e-type=\"widget\" data-settings=\"{&quot;_position&quot;:&quot;absolute&quot;}\" data-widget_type=\"text-editor.default\">\n\t\t\t\t<div class=\"elementor-widget-container\">\n\t\t\t\t\t\t\t\t\t<h3>\u00bfEs piscicultor?<\/h3><p>\u00bfLe gustar\u00eda optimizar el bienestar de sus animales, sacar el m\u00e1ximo partido a sus cubiertas y convertirse en protagonista de la transici\u00f3n energ\u00e9tica?<\/p><p><a class=\"cta-contact-bottom\" title=\"NOUS CONTACTER\" href=\"https:\/\/reden.solar\/es\/contacte-con-nosotros\/\">CONTACTE CON NOSOTROS<\/a><\/p>\t\t\t\t\t\t\t\t<\/div>\n\t\t\t\t<\/div>\n\t\t\t\t\t<\/div>\n\t\t<\/div>\n\t\t\t\t\t<\/div>\n\t\t<\/section>\n\t\t\t\t<\/div>\n\t\t","protected":false},"excerpt":{"rendered":"<p>NUESTRAS SOLUCIONES EXPERIENCIA EN PROYECTOS INNOVADORES DE PISCICULTURA Debido a su capacidad, Reden tambi\u00e9n es el socio preferente de proyectos innovadores. As\u00ed, la empresa \u00abCaviar de Neuvic\u00bb, en Dordo\u00f1a, Francia, por ejamplo ha elegido REDEN para la instalaci\u00f3n de una cubierta fotovoltaica de 26 000 m\u00b2 en sus estanques de cr\u00eda de esturiones destinados a &#8230; <a title=\"Tejados fotovoltaicos de piscifactor\u00edas\" class=\"read-more\" href=\"https:\/\/reden.solar\/es\/nuestras-capacidades\/tejados-fotovoltaicos-de-piscifactorias\/\" aria-label=\"Leer m\u00e1s sobre Tejados fotovoltaicos de piscifactor\u00edas\">Leer m\u00e1s<\/a><\/p>\n","protected":false},"author":5,"featured_media":0,"parent":2189,"menu_order":0,"comment_status":"closed","ping_status":"closed","template":"elementor_header_footer","meta":{"inline_featured_image":false,"footnotes":""},"class_list":["post-29629","page","type-page","status-publish"],"yoast_head":"<!-- This site is optimized with the Yoast SEO plugin v27.5 - https:\/\/yoast.com\/product\/yoast-seo-wordpress\/ -->\n<title>Tejados fotovoltaicos de piscifactor\u00edas - REDEN<\/title>\n<meta name=\"robots\" content=\"index, follow, max-snippet:-1, max-image-preview:large, max-video-preview:-1\" \/>\n<link rel=\"canonical\" href=\"https:\/\/reden.solar\/es\/nuestras-capacidades\/tejados-fotovoltaicos-de-piscifactorias\/\" \/>\n<meta property=\"og:locale\" content=\"es_ES\" \/>\n<meta property=\"og:type\" content=\"article\" \/>\n<meta property=\"og:title\" content=\"Tejados fotovoltaicos de piscifactor\u00edas - REDEN\" \/>\n<meta property=\"og:description\" content=\"NUESTRAS SOLUCIONES EXPERIENCIA EN PROYECTOS INNOVADORES DE PISCICULTURA Debido a su capacidad, Reden tambi\u00e9n es el socio preferente de proyectos innovadores. As\u00ed, la empresa \u00abCaviar de Neuvic\u00bb, en Dordo\u00f1a, Francia, por ejamplo ha elegido REDEN para la instalaci\u00f3n de una cubierta fotovoltaica de 26 000 m\u00b2 en sus estanques de cr\u00eda de esturiones destinados a ... Leer m\u00e1s\" \/>\n<meta property=\"og:url\" content=\"https:\/\/reden.solar\/es\/nuestras-capacidades\/tejados-fotovoltaicos-de-piscifactorias\/\" \/>\n<meta property=\"og:site_name\" content=\"REDEN\" \/>\n<meta property=\"article:modified_time\" content=\"2024-05-30T14:23:33+00:00\" \/>\n<meta property=\"og:image\" content=\"https:\/\/reden.solar\/wp-content\/uploads\/2023\/11\/plan-de-travail-3-1.webp\" \/>\n<meta name=\"twitter:card\" content=\"summary_large_image\" \/>\n<meta name=\"twitter:label1\" content=\"Tiempo de lectura\" \/>\n\t<meta name=\"twitter:data1\" content=\"7 minutos\" \/>\n<script type=\"application\/ld+json\" class=\"yoast-schema-graph\">{\"@context\":\"https:\\\/\\\/schema.org\",\"@graph\":[{\"@type\":\"WebPage\",\"@id\":\"https:\\\/\\\/reden.solar\\\/es\\\/nuestras-capacidades\\\/tejados-fotovoltaicos-de-piscifactorias\\\/\",\"url\":\"https:\\\/\\\/reden.solar\\\/es\\\/nuestras-capacidades\\\/tejados-fotovoltaicos-de-piscifactorias\\\/\",\"name\":\"Tejados fotovoltaicos de piscifactor\u00edas - REDEN\",\"isPartOf\":{\"@id\":\"https:\\\/\\\/reden.solar\\\/es\\\/#website\"},\"primaryImageOfPage\":{\"@id\":\"https:\\\/\\\/reden.solar\\\/es\\\/nuestras-capacidades\\\/tejados-fotovoltaicos-de-piscifactorias\\\/#primaryimage\"},\"image\":{\"@id\":\"https:\\\/\\\/reden.solar\\\/es\\\/nuestras-capacidades\\\/tejados-fotovoltaicos-de-piscifactorias\\\/#primaryimage\"},\"thumbnailUrl\":\"https:\\\/\\\/reden.solar\\\/wp-content\\\/uploads\\\/2023\\\/11\\\/plan-de-travail-3-1.webp\",\"datePublished\":\"2023-12-21T13:48:29+00:00\",\"dateModified\":\"2024-05-30T14:23:33+00:00\",\"breadcrumb\":{\"@id\":\"https:\\\/\\\/reden.solar\\\/es\\\/nuestras-capacidades\\\/tejados-fotovoltaicos-de-piscifactorias\\\/#breadcrumb\"},\"inLanguage\":\"es\",\"potentialAction\":[{\"@type\":\"ReadAction\",\"target\":[\"https:\\\/\\\/reden.solar\\\/es\\\/nuestras-capacidades\\\/tejados-fotovoltaicos-de-piscifactorias\\\/\"]}]},{\"@type\":\"ImageObject\",\"inLanguage\":\"es\",\"@id\":\"https:\\\/\\\/reden.solar\\\/es\\\/nuestras-capacidades\\\/tejados-fotovoltaicos-de-piscifactorias\\\/#primaryimage\",\"url\":\"https:\\\/\\\/reden.solar\\\/wp-content\\\/uploads\\\/2023\\\/11\\\/plan-de-travail-3-1.webp\",\"contentUrl\":\"https:\\\/\\\/reden.solar\\\/wp-content\\\/uploads\\\/2023\\\/11\\\/plan-de-travail-3-1.webp\"},{\"@type\":\"BreadcrumbList\",\"@id\":\"https:\\\/\\\/reden.solar\\\/es\\\/nuestras-capacidades\\\/tejados-fotovoltaicos-de-piscifactorias\\\/#breadcrumb\",\"itemListElement\":[{\"@type\":\"ListItem\",\"position\":1,\"name\":\"Accueil\",\"item\":\"https:\\\/\\\/reden.solar\\\/es\\\/\"},{\"@type\":\"ListItem\",\"position\":2,\"name\":\"Nuestras soluciones\",\"item\":\"https:\\\/\\\/reden.solar\\\/es\\\/nuestras-capacidades\\\/\"},{\"@type\":\"ListItem\",\"position\":3,\"name\":\"Tejados fotovoltaicos de piscifactor\u00edas\"}]},{\"@type\":\"WebSite\",\"@id\":\"https:\\\/\\\/reden.solar\\\/es\\\/#website\",\"url\":\"https:\\\/\\\/reden.solar\\\/es\\\/\",\"name\":\"REDEN\",\"description\":\"Sp\u00e9cialiste de la production d\u2019\u00e9lectricit\u00e9 photovolta\u00efque et du stockage d&#039;\u00e9nergie\",\"publisher\":{\"@id\":\"https:\\\/\\\/reden.solar\\\/es\\\/#organization\"},\"potentialAction\":[{\"@type\":\"SearchAction\",\"target\":{\"@type\":\"EntryPoint\",\"urlTemplate\":\"https:\\\/\\\/reden.solar\\\/es\\\/?s={search_term_string}\"},\"query-input\":{\"@type\":\"PropertyValueSpecification\",\"valueRequired\":true,\"valueName\":\"search_term_string\"}}],\"inLanguage\":\"es\"},{\"@type\":\"Organization\",\"@id\":\"https:\\\/\\\/reden.solar\\\/es\\\/#organization\",\"name\":\"REDEN\",\"url\":\"https:\\\/\\\/reden.solar\\\/es\\\/\",\"logo\":{\"@type\":\"ImageObject\",\"inLanguage\":\"es\",\"@id\":\"https:\\\/\\\/reden.solar\\\/es\\\/#\\\/schema\\\/logo\\\/image\\\/\",\"url\":\"https:\\\/\\\/reden.solar\\\/wp-content\\\/uploads\\\/2025\\\/01\\\/cropped-reden-quadri.png\",\"contentUrl\":\"https:\\\/\\\/reden.solar\\\/wp-content\\\/uploads\\\/2025\\\/01\\\/cropped-reden-quadri.png\",\"width\":2399,\"height\":850,\"caption\":\"REDEN\"},\"image\":{\"@id\":\"https:\\\/\\\/reden.solar\\\/es\\\/#\\\/schema\\\/logo\\\/image\\\/\"},\"sameAs\":[\"https:\\\/\\\/www.linkedin.com\\\/company\\\/redensolar\\\/mycompany\\\/\",\"https:\\\/\\\/vimeo.com\\\/redensolar\"]}]}<\/script>\n<!-- \/ Yoast SEO plugin. -->","yoast_head_json":{"title":"Tejados fotovoltaicos de piscifactor\u00edas - REDEN","robots":{"index":"index","follow":"follow","max-snippet":"max-snippet:-1","max-image-preview":"max-image-preview:large","max-video-preview":"max-video-preview:-1"},"canonical":"https:\/\/reden.solar\/es\/nuestras-capacidades\/tejados-fotovoltaicos-de-piscifactorias\/","og_locale":"es_ES","og_type":"article","og_title":"Tejados fotovoltaicos de piscifactor\u00edas - REDEN","og_description":"NUESTRAS SOLUCIONES EXPERIENCIA EN PROYECTOS INNOVADORES DE PISCICULTURA Debido a su capacidad, Reden tambi\u00e9n es el socio preferente de proyectos innovadores. As\u00ed, la empresa \u00abCaviar de Neuvic\u00bb, en Dordo\u00f1a, Francia, por ejamplo ha elegido REDEN para la instalaci\u00f3n de una cubierta fotovoltaica de 26 000 m\u00b2 en sus estanques de cr\u00eda de esturiones destinados a ... Leer m\u00e1s","og_url":"https:\/\/reden.solar\/es\/nuestras-capacidades\/tejados-fotovoltaicos-de-piscifactorias\/","og_site_name":"REDEN","article_modified_time":"2024-05-30T14:23:33+00:00","og_image":[{"url":"https:\/\/reden.solar\/wp-content\/uploads\/2023\/11\/plan-de-travail-3-1.webp","type":"","width":"","height":""}],"twitter_card":"summary_large_image","twitter_misc":{"Tiempo de lectura":"7 minutos"},"schema":{"@context":"https:\/\/schema.org","@graph":[{"@type":"WebPage","@id":"https:\/\/reden.solar\/es\/nuestras-capacidades\/tejados-fotovoltaicos-de-piscifactorias\/","url":"https:\/\/reden.solar\/es\/nuestras-capacidades\/tejados-fotovoltaicos-de-piscifactorias\/","name":"Tejados fotovoltaicos de piscifactor\u00edas - REDEN","isPartOf":{"@id":"https:\/\/reden.solar\/es\/#website"},"primaryImageOfPage":{"@id":"https:\/\/reden.solar\/es\/nuestras-capacidades\/tejados-fotovoltaicos-de-piscifactorias\/#primaryimage"},"image":{"@id":"https:\/\/reden.solar\/es\/nuestras-capacidades\/tejados-fotovoltaicos-de-piscifactorias\/#primaryimage"},"thumbnailUrl":"https:\/\/reden.solar\/wp-content\/uploads\/2023\/11\/plan-de-travail-3-1.webp","datePublished":"2023-12-21T13:48:29+00:00","dateModified":"2024-05-30T14:23:33+00:00","breadcrumb":{"@id":"https:\/\/reden.solar\/es\/nuestras-capacidades\/tejados-fotovoltaicos-de-piscifactorias\/#breadcrumb"},"inLanguage":"es","potentialAction":[{"@type":"ReadAction","target":["https:\/\/reden.solar\/es\/nuestras-capacidades\/tejados-fotovoltaicos-de-piscifactorias\/"]}]},{"@type":"ImageObject","inLanguage":"es","@id":"https:\/\/reden.solar\/es\/nuestras-capacidades\/tejados-fotovoltaicos-de-piscifactorias\/#primaryimage","url":"https:\/\/reden.solar\/wp-content\/uploads\/2023\/11\/plan-de-travail-3-1.webp","contentUrl":"https:\/\/reden.solar\/wp-content\/uploads\/2023\/11\/plan-de-travail-3-1.webp"},{"@type":"BreadcrumbList","@id":"https:\/\/reden.solar\/es\/nuestras-capacidades\/tejados-fotovoltaicos-de-piscifactorias\/#breadcrumb","itemListElement":[{"@type":"ListItem","position":1,"name":"Accueil","item":"https:\/\/reden.solar\/es\/"},{"@type":"ListItem","position":2,"name":"Nuestras soluciones","item":"https:\/\/reden.solar\/es\/nuestras-capacidades\/"},{"@type":"ListItem","position":3,"name":"Tejados fotovoltaicos de piscifactor\u00edas"}]},{"@type":"WebSite","@id":"https:\/\/reden.solar\/es\/#website","url":"https:\/\/reden.solar\/es\/","name":"REDEN","description":"Sp\u00e9cialiste de la production d\u2019\u00e9lectricit\u00e9 photovolta\u00efque et du stockage d&#039;\u00e9nergie","publisher":{"@id":"https:\/\/reden.solar\/es\/#organization"},"potentialAction":[{"@type":"SearchAction","target":{"@type":"EntryPoint","urlTemplate":"https:\/\/reden.solar\/es\/?s={search_term_string}"},"query-input":{"@type":"PropertyValueSpecification","valueRequired":true,"valueName":"search_term_string"}}],"inLanguage":"es"},{"@type":"Organization","@id":"https:\/\/reden.solar\/es\/#organization","name":"REDEN","url":"https:\/\/reden.solar\/es\/","logo":{"@type":"ImageObject","inLanguage":"es","@id":"https:\/\/reden.solar\/es\/#\/schema\/logo\/image\/","url":"https:\/\/reden.solar\/wp-content\/uploads\/2025\/01\/cropped-reden-quadri.png","contentUrl":"https:\/\/reden.solar\/wp-content\/uploads\/2025\/01\/cropped-reden-quadri.png","width":2399,"height":850,"caption":"REDEN"},"image":{"@id":"https:\/\/reden.solar\/es\/#\/schema\/logo\/image\/"},"sameAs":["https:\/\/www.linkedin.com\/company\/redensolar\/mycompany\/","https:\/\/vimeo.com\/redensolar"]}]}},"_links":{"self":[{"href":"https:\/\/reden.solar\/es\/wp-json\/wp\/v2\/pages\/29629","targetHints":{"allow":["GET"]}}],"collection":[{"href":"https:\/\/reden.solar\/es\/wp-json\/wp\/v2\/pages"}],"about":[{"href":"https:\/\/reden.solar\/es\/wp-json\/wp\/v2\/types\/page"}],"author":[{"embeddable":true,"href":"https:\/\/reden.solar\/es\/wp-json\/wp\/v2\/users\/5"}],"replies":[{"embeddable":true,"href":"https:\/\/reden.solar\/es\/wp-json\/wp\/v2\/comments?post=29629"}],"version-history":[{"count":3,"href":"https:\/\/reden.solar\/es\/wp-json\/wp\/v2\/pages\/29629\/revisions"}],"predecessor-version":[{"id":31940,"href":"https:\/\/reden.solar\/es\/wp-json\/wp\/v2\/pages\/29629\/revisions\/31940"}],"up":[{"embeddable":true,"href":"https:\/\/reden.solar\/es\/wp-json\/wp\/v2\/pages\/2189"}],"wp:attachment":[{"href":"https:\/\/reden.solar\/es\/wp-json\/wp\/v2\/media?parent=29629"}],"curies":[{"name":"wp","href":"https:\/\/api.w.org\/{rel}","templated":true}]}}