{"id":5995,"date":"2021-03-31T17:53:39","date_gmt":"2021-03-31T15:53:39","guid":{"rendered":"https:\/\/reden.solar\/?page_id=5995"},"modified":"2026-04-22T15:54:04","modified_gmt":"2026-04-22T13:54:04","slug":"politica-de-cookies","status":"publish","type":"page","link":"https:\/\/reden.solar\/es\/politica-de-cookies\/","title":{"rendered":"Pol\u00edtica de RGPD y cookies"},"content":{"rendered":"\n<p>REDEN SOLAR se compromete a proteger toda aquella informaci\u00f3n personal y &nbsp;privacidad de los visitantes del Sitio Web y de cualquier persona que utilice sus Servicios en general.<\/p>\n\n\n\n<p>La presente Pol\u00edtica de Privacidad y Cookies tiene por objeto informarle sobre lo siguiente:<\/p>\n\n\n\n<ul class=\"wp-block-list\">\n<li>El tipo de datos personales que recogemos sobre usted;<\/li>\n\n\n\n<li>El tratamiento de sus datos personales por parte de REDEN SOLAR y sus posibles socios, colaboradores \u00a0y subcontratistas;<\/li>\n\n\n\n<li>Las condiciones de uso de sus datos personales y sus derechos al respecto, de acuerdo con la legislaci\u00f3n europea y espa\u00f1ola aplicables;<\/li>\n\n\n\n<li>Que todas las operaciones que se lleven a cabo sobre sus datos personales se realizar\u00e1n de conformidad con la normativa vigente y, en particular, con el Reglamento n\u00ba 2016\/679 del Parlamento Europeo y del Consejo, de 27 de abril de 2016, relativo a la protecci\u00f3n de las personas f\u00edsicas en lo que respecta al tratamiento de datos personales y a la libre circulaci\u00f3n de estos datos (en adelante, el \u00abRGPD\u00bb), as\u00ed como con cualquier legislaci\u00f3n nacional aplicable en materia de protecci\u00f3n de datos.<\/li>\n<\/ul>\n\n\n\n<p>DEFINICIONES<\/p>\n\n\n\n<p><strong>Datos personales<\/strong>: cualquier informaci\u00f3n relativa a una persona f\u00edsica identificada o a una persona que pueda ser identificada, directa o indirectamente, por medio de un n\u00famero de identificaci\u00f3n o a trav\u00e9s de uno o m\u00e1s factores espec\u00edficos de esa persona.<strong><\/strong><\/p>\n\n\n\n<p><strong>Fichero: <\/strong>cualquier conjunto estructurado y estable de datos personales accesible seg\u00fan criterios espec\u00edficos.<strong><\/strong><\/p>\n\n\n\n<p><strong>Interesado: <\/strong>cualquier persona f\u00edsica a la que se refieren los datos objeto de tratamiento.<strong><\/strong><\/p>\n\n\n\n<p><strong>Controlador de datos: <\/strong>la entidad que recoge y procesa los datos personales.<strong><\/strong><\/p>\n\n\n\n<p><strong>Tratamiento de datos: <\/strong>cualquier operaci\u00f3n o conjunto de operaciones que se realicen con datos personales, cualquiera que sea el proceso utilizado, incluyendo la recogida, registro, organizaci\u00f3n, almacenamiento, adaptaci\u00f3n o alteraci\u00f3n, recuperaci\u00f3n, consulta, utilizaci\u00f3n, divulgaci\u00f3n por transmisi\u00f3n, difusi\u00f3n o cualquier otra forma de puesta a disposici\u00f3n, alineaci\u00f3n o combinaci\u00f3n, bloqueo, borrado o destrucci\u00f3n.<strong><\/strong><\/p>\n\n\n\n<p><strong>Destinatario: <\/strong>cualquier persona con derecho a recibir la comunicaci\u00f3n de los datos personales, siempre que no sea el Responsable del Tratamiento, el Encargado del Tratamiento y las personas que, en virtud de sus funciones, sean responsables del tratamiento de los datos.<strong><\/strong><\/p>\n\n\n\n<p><strong>Terceros autorizados: <\/strong>las autoridades legalmente habilitadas para solicitar al responsable del tratamiento la comunicaci\u00f3n de cualquier dato personal en el marco de una misi\u00f3n particular o del ejercicio de un derecho de comunicaci\u00f3n.<\/p>\n\n\n\n<p><strong>IDENTIDAD DEL CONTROLADOR<\/strong><\/p>\n\n\n\n<p>REDEN SOLAR Soci\u00e9t\u00e9 par actions simplifi\u00e9e (sociedad an\u00f3nima simplificada) con un capital de 50.514.572,87 euros, inscrita en el Registro Mercantil de Agen con el n\u00famero 500 661 806, cuyo domicilio social se encuentra en ZAC des Champs de Lescaze, 47310 Roquefort, representada por su Presidente, la sociedad denominada REDEN HOLDING, Soci\u00e9t\u00e9 par Actions Simplifi\u00e9e (SAS) con un capital de 130.321.400,00 euros, cuyo domicilio social se encuentra en ZAC des Champs de Lescaze en Roquefort (47310), inscrita en el Registre du Commerce et des Soci\u00e9t\u00e9s (RCS) de Agen con el n\u00famero de identificaci\u00f3n 825 001 696, representada a su vez por D. Frank DEMAILLE , su Presidente.<\/p>\n\n\n\n<p><strong>TRATAMIENTO DE DATOS PERSONALES<\/strong><\/p>\n\n\n\n<p>En el marco del funcionamiento del sitio web <a href=\"https:\/\/reden.solar\/es\/\">https:\/\/reden.solar\/<\/a>, REDEN SOLAR recoger\u00e1 datos que le conciernen. Estos datos se tratan de acuerdo con las finalidades establecidas en el momento de la recogida, siendo algunos datos obligatorios y otros opcionales, como se indica en los formularios de recogida. &nbsp;&nbsp;<\/p>\n\n\n\n<p>Adem\u00e1s, podremos recopilar datos personales para otros fines, siempre previo consentimiento de las personas afectadas.<\/p>\n\n\n\n<p><strong>La finalidad del tratamiento efectuado en nuestro sitio web es permitir:<\/strong><\/p>\n\n\n\n<ul class=\"wp-block-list\">\n<li>la puesta en contacto con nosotros a trav\u00e9s del formulario;<\/li>\n\n\n\n<li>la elaboraci\u00f3n de estad\u00edsticas relativas a la frecuentaci\u00f3n del sitio;<\/li>\n\n\n\n<li>la gesti\u00f3n de la contrataci\u00f3n.<\/li>\n<\/ul>\n\n\n\n<p>La recopilaci\u00f3n de datos se basa en su consentimiento el cual se mostrar\u00e1 aceptando el dep\u00f3sito de cookies o marcando la casilla asociada al formulario de recogida o escribi\u00e9ndonos directamente.<\/p>\n\n\n\n<p>El tratamiento estar\u00e1 basado en el inter\u00e9s leg\u00edtimo de REDEN SOLAR, especialmente para el correcto funcionamiento del sitio web.<\/p>\n\n\n\n<p>Cuando usted presente una solicitud a trav\u00e9s del sitio web, el tratamiento de datos ser\u00e1 necesario para la ejecuci\u00f3n de aquellas medidas precontractuales.<\/p>\n\n\n\n<p><strong>REDEN SOLAR puede recopilar los siguientes datos sobre usted:<\/strong><strong><\/strong><\/p>\n\n\n\n<p>Formulario de contacto:<\/p>\n\n\n\n<p><strong>Datos de identificaci\u00f3n, datos profesionales y datos de contacto<\/strong>: nombre, apellidos, direcci\u00f3n de correo electr\u00f3nico, asunto de los mensajes, correspondencia intercambiada, fecha y hora de los mensajes.<\/p>\n\n\n\n<p>Formulario de solicitud:<\/p>\n\n\n\n<p><strong>Datos de identificaci\u00f3n y datos relativos a la vida personal:<\/strong> apellidos, nombre, direcci\u00f3n de correo electr\u00f3nico y cualquier dato que figure en el CV y\/o la carta de presentaci\u00f3n.<\/p>\n\n\n\n<p>Estad\u00edsticas; Cookies y otros rastreadores:<\/p>\n\n\n\n<p><strong>Datos de conexi\u00f3n:<\/strong> p\u00e1ginas consultadas por el usuario, fecha y hora de la consulta, ubicaci\u00f3n geogr\u00e1fica, origen de la conexi\u00f3n (redes sociales, motor de b\u00fasqueda, sitio asociado, directorio), herramienta de conexi\u00f3n (ordenador, tableta, m\u00f3vil), comportamiento (p\u00e1gina visitada, duraci\u00f3n de la consulta).<\/p>\n\n\n\n<p><strong>PER\u00cdODOS DE RETENCI\u00d3N<\/strong><\/p>\n\n\n\n<p>REDEN SOLAR conservar\u00e1 sus datos personales en un entorno seguro \u00fanicamente durante el periodo de tiempo necesario para cumplir con los fines para los que fueron recogidos o durante el per\u00edodo m\u00e1ximo de conservaci\u00f3n previsto por la legislaci\u00f3n aplicable en Francia.<\/p>\n\n\n\n<figure class=\"wp-block-table\"><table class=\"has-fixed-layout\"><tbody><tr><td><strong>Finalidad<\/strong><\/td><td><strong>Vida \u00fatil<\/strong><\/td><\/tr><tr><td>Gesti\u00f3n de solicitudes a trav\u00e9s del formulario de contacto<\/td><td>Tiempo necesario para responder a la solicitud + 4 meses<\/td><\/tr><tr><td>Gesti\u00f3n de aplicaciones<\/td><td>2 a\u00f1os desde el \u00faltimo contacto con el solicitante<\/td><\/tr><tr><td>Medici\u00f3n de la audiencia y personalizaci\u00f3n de sitios web y aplicaciones m\u00f3viles, gesti\u00f3n de cookies<\/td><td>13 meses<\/td><\/tr><tr><td>Cookies estad\u00edsticas<\/td><td>6 meses<\/td><\/tr><\/tbody><\/table><\/figure>\n\n\n\n<p><strong>DERECHOS DE LAS PERSONAS<\/strong><\/p>\n\n\n\n<p>De acuerdo con el Reglamento (UE) 2016\/679 sobre protecci\u00f3n de datos personales, usted tiene derecho a solicitar al responsable del tratamiento: el acceso a sus datos personales, la rectificaci\u00f3n o supresi\u00f3n de los mismos y la limitaci\u00f3n del tratamiento de sus datos personales. Tambi\u00e9n tiene derecho a oponerse al tratamiento de sus datos personales por motivos leg\u00edtimos, as\u00ed como a oponerse a que sus datos se utilicen con fines de prospecci\u00f3n comercial. Por \u00faltimo, tiene derecho a establecer instrucciones generales y espec\u00edficas sobre c\u00f3mo desea que se ejerzan estos derechos despu\u00e9s de su muerte.<\/p>\n\n\n\n<p>Si, tras ponerse en contacto con nosotros, considera que no se respetan sus derechos relacionados con sus datos personales, puede presentar una reclamaci\u00f3n ante la <a href=\"https:\/\/www.cnil.fr\/professionnel\">CNIL<\/a> o la autoridad de control de su lugar de residencia.<\/p>\n\n\n\n<p>Para el ejercicio de estos derechos o para cualquier consulta sobre el tratamiento de sus datos en este sistema, puede dirigirse a nuestro Delegado de Protecci\u00f3n de Datos (DPO), justificando su identidad mediante la referencia a su n\u00famero de cliente o cualquier otro elemento que permita identificar su identidad, de lo contrario adjunte una fotocopia de su documento de identidad.<\/p>\n\n\n\n<p>Para ejercer sus derechos, puede ponerse en contacto con nosotros:&nbsp;<\/p>\n\n\n\n<p>&#8211; por correo electr\u00f3nico a <a href=\"mailto:privacy@reden.solar\">privacy@reden.solar<\/a><\/p>\n\n\n\n<p>&#8211; por correo REDEN SOLAR &#8211; Responsable de Protecci\u00f3n de Datos &#8211; ZAC des Champs de Lescaze, 47310 Roquefort.<\/p>\n\n\n\n<p><strong>DESTIANTARIOS<\/strong><\/p>\n\n\n\n<p>Los destinatarios de sus datos personales son los servicios afectados de REDEN SOLAR y sus subcontratistas en el marco de sus misiones.<\/p>\n\n\n\n<p>Estos datos personales no se comunicar\u00e1n a terceros. No obstante, REDEN SOLAR se reserva el derecho de ceder los datos personales de terceros autorizados para el cumplimiento de sus obligaciones legales, y en particular si se ve obligada a ello por requerimiento judicial.<\/p>\n\n\n\n<p>Para algunos servicios, como compartir en las redes sociales, las cookies, nuestros socios tendr\u00e1n acceso a sus datos personales.<\/p>\n\n\n\n<p>REDEN SOLAR exige a todos sus proveedores de servicios y colaboradores que traten los datos personales de acuerdo con los compromisos de confidencialidad y seguridad.<\/p>\n\n\n\n<p><strong>SEGURIDAD<\/strong><\/p>\n\n\n\n<p>Dada la evoluci\u00f3n de las tecnolog\u00edas, los costes de implantaci\u00f3n, la naturaleza de los datos a proteger, as\u00ed como los riesgos para los derechos y libertades de las personas, REDEN SOLAR implementar\u00e1 todas las medidas t\u00e9cnicas y organizativas adecuadas para garantizar la confidencialidad de los datos personales recogidos y tratados y para garantizar un nivel de seguridad adecuado al riesgo.<\/p>\n\n\n\n<p>REDEN SOLAR garantiza la seguridad de sus datos personales mediante la implementaci\u00f3n de una protecci\u00f3n de datos reforzada por el uso de medios de seguridad f\u00edsicos y l\u00f3gicos.<\/p>\n\n\n\n<p>REDEN SOLAR ha definido una pol\u00edtica de protecci\u00f3n de datos personales e informa a cualquier persona que act\u00fae bajo su autoridad y que tenga acceso a esta informaci\u00f3n del car\u00e1cter confidencial de la misma. Adem\u00e1s, REDEN SOLAR se asegurar\u00e1 de que sus proveedores de servicios t\u00e9cnicos que puedan tener conocimiento de los datos personales respeten la misma confidencialidad.<\/p>\n\n\n\n<p>No obstante, es responsabilidad de cada usuario garantizar la seguridad de las transmisiones de datos personales a trav\u00e9s de Internet. REDEN SOLAR no se hace responsable de la transmisi\u00f3n de datos personales a trav\u00e9s de Internet.<\/p>\n\n\n\n<p><a><strong>TRANSFERENCIA DE DATOS PERSONALES<\/strong><\/a><\/p>\n\n\n\n<p>Sus datos podr\u00e1n transferirse a un tercer pa\u00eds fuera del Espacio Econ\u00f3mico Europeo. Google Analytics 4 declara haber establecido las siguientes garant\u00edas para asegurar un nivel suficiente de protecci\u00f3n de su informaci\u00f3n:<\/p>\n\n\n\n<p>\u00b7 El pa\u00eds del destinatario o destinatarios ofrece un nivel de protecci\u00f3n adecuado seg\u00fan la decisi\u00f3n de la Comisi\u00f3n Europea a trav\u00e9s del Marco de Protecci\u00f3n de Datos<\/p>\n\n\n\n<p>Y<\/p>\n\n\n\n<p>\u00b7 La transferencia se rige, de conformidad con los requisitos del Reglamento europeo n.\u00ba 2016\/679\/UE, de 27 de abril de 2016, por:<\/p>\n\n\n\n<ul class=\"wp-block-list\">\n<li>las cl\u00e1usulas tipo de protecci\u00f3n adoptadas por la Comisi\u00f3n Europea;<\/li>\n<\/ul>\n\n\n\n<p><strong>ENLACES A REDES SOCIALES<\/strong><\/p>\n\n\n\n<p>Tiene la posibilidad de compartir las p\u00e1ginas que le interesen en las redes sociales haciendo clic en los enlaces para compartir.<\/p>\n\n\n\n<p>La recopilaci\u00f3n de informaci\u00f3n mediante los enlaces para compartir en redes sociales est\u00e1 sujeta a las pol\u00edticas de confidencialidad de dichos terceros. Le invitamos a leer las pol\u00edticas de estas redes sociales para conocer el uso que se hace de sus datos personales.<\/p>\n\n\n\n<p><strong>COOKIES<\/strong><\/p>\n\n\n\n<p><strong>Definici\u00f3n<\/strong><strong><\/strong><\/p>\n\n\n\n<p>Las cookies son datos almacenados en el equipo terminal de un usuario y utilizados por el sitio web para enviar informaci\u00f3n al navegador del usuario, lo que permite al navegador enviar informaci\u00f3n al sitio web de origen (por ejemplo, un identificador de sesi\u00f3n, la elecci\u00f3n de idioma o la fecha).<\/p>\n\n\n\n<p>Las cookies permiten conservar la informaci\u00f3n de estado durante el periodo de validez de la cookie cuando un navegador accede a diferentes p\u00e1ginas de un sitio web o cuando el navegador vuelve a ese sitio web en una fecha posterior.<\/p>\n\n\n\n<p>S\u00f3lo el emisor de una cookie puede leer o modificar la informaci\u00f3n que contiene.<\/p>\n\n\n\n<p>Es probable que el sitio utilice varios tipos de cookies:<\/p>\n\n\n\n<p><strong>Cookies t\u00e9cnicas estrictamente necesarias para la navegaci\u00f3n en el sitio:<\/strong><\/p>\n\n\n\n<ul class=\"wp-block-list\">\n<li>Identificadores de conexi\u00f3n<\/li>\n\n\n\n<li>Personalizaci\u00f3n de la interfaz<\/li>\n<\/ul>\n\n\n\n<p><strong>Cookies que nos permiten establecer estad\u00edsticas de tr\u00e1fico:<\/strong><\/p>\n\n\n\n<ul class=\"wp-block-list\">\n<li>Permitir la generaci\u00f3n de estad\u00edsticas sobre el tr\u00e1fico del sitio, el uso realizado, el origen de los visitantes, etc.<\/li>\n<\/ul>\n\n\n\n<p><strong>Cookies de redes sociales:<\/strong><\/p>\n\n\n\n<ul class=\"wp-block-list\">\n<li>Permitir compartir en las redes sociales<\/li>\n<\/ul>\n\n\n\n<p><strong>Cookies y rastreadores<\/strong>:<\/p>\n\n\n\n<figure class=\"wp-block-table\"><table class=\"has-fixed-layout\"><tbody><tr><td><strong><em>Nombre&nbsp;&nbsp;&nbsp;<\/em><\/strong><\/td><td><strong><em>Funci\u00f3n&nbsp;&nbsp;&nbsp;<\/em><\/strong><\/td><td><strong><em>Periodo de conservaci\u00f3n<\/em><\/strong><\/td><\/tr><tr><td>cookielawinfo-checbox-analytics<\/td><td>Esta cookie es establecida por el plugin GDPR Cookie Consent. La cookie se utiliza para almacenar el consentimiento del usuario para las cookies de la categor\u00eda \u00abAnal\u00edtica\u00bb. &nbsp;<\/td><td>6 meses<\/td><\/tr><tr><td>cookielawinfo-checbox-functional<\/td><td>La cookie es establecida por el consentimiento de cookies del RGPD para registrar el consentimiento del usuario para las cookies de la categor\u00eda \u00abFuncional\u00bb.<\/td><td>6 meses<\/td><\/tr><tr><td>cookielawinfo-checbox-others<\/td><td>Esta cookie es establecida por el plugin GDPR Cookie Consent. La cookie se utiliza para almacenar el consentimiento del usuario para las cookies de la categor\u00eda \u00abOtros\u00bb.<\/td><td>6 meses<\/td><\/tr><tr><td>cookielawinfo-checkbox-necessary<\/td><td>Esta cookie es establecida por el plugin GDPR Cookie Consent. Las cookies se utilizan para almacenar el consentimiento del usuario para las cookies de la categor\u00eda \u00abNecesarias\u00bb.<\/td><td>6 meses<\/td><\/tr><tr><td>cookielawinfo-checkbox-performance<\/td><td>Esta cookie es establecida por el complemento GDPR Cookie Consent. La cookie se utiliza para almacenar el consentimiento del usuario para las cookies de la categor\u00eda \u00abRendimiento\u00bb.<\/td><td>6 meses<\/td><\/tr><tr><td>viewed_cookie_policy<\/td><td>La cookie es establecida por el plugin GDPR Cookie Consent y se utiliza para almacenar si el usuario ha dado su consentimiento para el uso de cookies. No almacena ning\u00fan dato personal.<\/td><td>6 meses<\/td><\/tr><\/tbody><\/table><\/figure>\n\n\n\n<p>El contenido publicitario de nuestro sitio web puede contener cookies emitidas por terceros. Dichas cookies tambi\u00e9n pueden ser depositadas en su terminal durante su navegaci\u00f3n. La emisi\u00f3n y el uso de estas cookies por parte de terceros est\u00e1n sujetos a las pol\u00edticas de protecci\u00f3n de la privacidad de estos terceros.<\/p>\n\n\n\n<p><strong>Cookies y rastreadores de terceros<\/strong> :<\/p>\n\n\n\n<figure class=\"wp-block-table\"><table class=\"has-fixed-layout\"><tbody><tr><td><strong><em>Nombre&nbsp;&nbsp;&nbsp;&nbsp;<\/em><\/strong><\/td><td><strong><em>Funci\u00f3n&nbsp;&nbsp;&nbsp;<\/em><\/strong><\/td><td><strong><em>Periodo de conservaci\u00f3n&nbsp;<\/em><\/strong><\/td><td><strong><em>Terceros<\/em><\/strong><\/td><\/tr><tr><td>Calam\u00e9o<\/td><td>Cookies utilizadas para convertir documentos en publicaciones digitales interactivas que se pueden compartir con todo el mundo.<\/td><td>Variable<\/td><td>Calam\u00e9o<\/td><\/tr><tr><td>Facebook<\/td><td>Cookies utilizadas para reproducir v\u00eddeos integrados procedentes de Facebook. \u00a0 <a href=\"https:\/\/www.facebook.com\/privacy\/policies\/cookies\/\">M<\/a><a href=\"https:\/\/www.facebook.com\/privacy\/policies\/cookies\/\" target=\"_blank\" rel=\"noreferrer noopener\">\u00e1<\/a><a href=\"https:\/\/www.facebook.com\/privacy\/policies\/cookies\/\">s informaci\u00f3n<\/a><\/td><td>Variable<\/td><td>Facebook<\/td><\/tr><tr><td>Youtube<\/td><td>Cookies utilizadas para reproducir v\u00eddeos integrados procedentes de YouTube. \u00a0 <a href=\"https:\/\/www.youtube.com\/intl\/en_mt\/howyoutubeworks\/privacy\/\" target=\"_blank\" rel=\"noreferrer noopener\">M\u00e1s informaci\u00f3n<\/a><\/td><td>Variable<\/td><td>Youtube<\/td><\/tr><tr><td>Vimeo<\/td><td>Cookies utilizadas para reproducir v\u00eddeos integrados procedentes de Vimeo. <a href=\"https:\/\/vimeo.com\/legal\/privacy\/cookies\" target=\"_blank\" rel=\"noreferrer noopener\">M\u00e1s informaci\u00f3n<\/a><\/td><td>Variable<\/td><td>Vimeo<\/td><\/tr><tr><td>LinkedIn<\/td><td>Cookies utilizadas para utilizar el bot\u00f3n \u00abCompartir\u00bb en LinkedIn. <a href=\"https:\/\/www.linkedin.com\/legal\/cookie-policy\" target=\"_blank\" rel=\"noreferrer noopener\">M\u00e1s informaci\u00f3n<\/a><\/td><td>Variable<\/td><td>LinkedIn<\/td><\/tr><\/tbody><\/table><\/figure>\n\n\n\n<p><strong>Consentimiento<\/strong><strong><\/strong><\/p>\n\n\n\n<p>Cuando usted navegue por nuestro sitio web, el dep\u00f3sito y la lectura de cookies nos permiteir\u00e1 analizar su navegaci\u00f3n y medir la audiencia del sitio web. Usted puede elegir si autoriza o no el dep\u00f3sito de las cookies utilizadas por nuestro sitio web y determinar aquellas las cuales no son esenciales para su funcionamiento. S\u00f3lo se depositar\u00e1n si usted acepta su uso. Para configurar o modificar su elecci\u00f3n en cualquier momento, puede utilizar nuestra herramienta de gesti\u00f3n de cookies.<\/p>\n\n\n\n<p>Tambi\u00e9n podr\u00e1 configurar su navegador para rechazar las cookies. No obstante, algunas funciones, p\u00e1ginas y \u00e1reas del sitio no ser\u00e1n accesibles, por lo que no podemos responsabilizarnos.<\/p>\n\n\n\n<p>Tambi\u00e9n nos gustar\u00eda llamar su atenci\u00f3n sobre el hecho de que, cuando usted se opone a la instalaci\u00f3n o uso de una cookie, se instala una cookie de rechazo en su equipo terminal.<\/p>\n\n\n\n<p>Si elimina esta cookie de rechazo, ya no ser\u00e1 posible identificar que ha rechazado el uso de cookies.<\/p>\n\n\n\n<p>Del mismo modo, cuando usted consiente la instalaci\u00f3n de cookies, se instala una cookie de consentimiento. La cookie de consentimiento o rechazo debe permanecer en su equipo terminal.<\/p>\n\n\n\n<p><strong>ACTUALIZACIONES<\/strong><\/p>\n\n\n\n<p>La presente pol\u00edtica entrar\u00e1 en vigor el 17 de abril de 2026.<\/p>\n\n\n\n<p>Para comprobar las actualizaciones de nuestra pol\u00edtica, visite esta p\u00e1gina con regularidad.<\/p>\n\n\n\n<p><strong>\u00bfTIENE ALGUNA PREGUNTA?<\/strong><\/p>\n\n\n\n<p>El DPO de REDEN SOLAR est\u00e1 a su disposici\u00f3n para cualquier informaci\u00f3n adicional sobre el uso de sus datos:<\/p>\n\n\n\n<p>&#8211; por correo electr\u00f3nico a <a href=\"mailto:privacy@reden.solar\">privacy@reden.solar<\/a><\/p>\n\n\n\n<p>&#8211; por correo REDEN SOLAR &#8211; Responsable de la protecci\u00f3n de datos &#8211; ZAC des Champs de Lescaze, 47310 Roquefort<\/p>\n","protected":false},"excerpt":{"rendered":"<p>REDEN SOLAR se compromete a proteger toda aquella informaci\u00f3n personal y &nbsp;privacidad de los visitantes del Sitio Web y de cualquier persona que utilice sus Servicios en general. La presente Pol\u00edtica de Privacidad y Cookies tiene por objeto informarle sobre lo siguiente: DEFINICIONES Datos personales: cualquier informaci\u00f3n relativa a una persona f\u00edsica identificada o a &#8230; <a title=\"Pol\u00edtica de RGPD y cookies\" class=\"read-more\" href=\"https:\/\/reden.solar\/es\/politica-de-cookies\/\" aria-label=\"Leer m\u00e1s sobre Pol\u00edtica de RGPD y cookies\">Leer m\u00e1s<\/a><\/p>\n","protected":false},"author":3,"featured_media":0,"parent":0,"menu_order":0,"comment_status":"closed","ping_status":"closed","template":"","meta":{"inline_featured_image":false,"footnotes":""},"class_list":["post-5995","page","type-page","status-publish"],"yoast_head":"<!-- This site is optimized with the Yoast SEO plugin v27.5 - https:\/\/yoast.com\/product\/yoast-seo-wordpress\/ -->\n<title>Pol\u00edtica de RGPD y cookies - REDEN<\/title>\n<meta name=\"robots\" content=\"index, follow, max-snippet:-1, max-image-preview:large, max-video-preview:-1\" \/>\n<link rel=\"canonical\" href=\"https:\/\/reden.solar\/es\/politica-de-cookies\/\" \/>\n<meta property=\"og:locale\" content=\"es_ES\" \/>\n<meta property=\"og:type\" content=\"article\" \/>\n<meta property=\"og:title\" content=\"Pol\u00edtica de RGPD y cookies - REDEN\" \/>\n<meta property=\"og:description\" content=\"REDEN SOLAR se compromete a proteger toda aquella informaci\u00f3n personal y &nbsp;privacidad de los visitantes del Sitio Web y de cualquier persona que utilice sus Servicios en general. La presente Pol\u00edtica de Privacidad y Cookies tiene por objeto informarle sobre lo siguiente: DEFINICIONES Datos personales: cualquier informaci\u00f3n relativa a una persona f\u00edsica identificada o a ... Leer m\u00e1s\" \/>\n<meta property=\"og:url\" content=\"https:\/\/reden.solar\/es\/politica-de-cookies\/\" \/>\n<meta property=\"og:site_name\" content=\"REDEN\" \/>\n<meta property=\"article:modified_time\" content=\"2026-04-22T13:54:04+00:00\" \/>\n<meta name=\"twitter:card\" content=\"summary_large_image\" \/>\n<meta name=\"twitter:label1\" content=\"Tiempo de lectura\" \/>\n\t<meta name=\"twitter:data1\" content=\"12 minutos\" \/>\n<script type=\"application\/ld+json\" class=\"yoast-schema-graph\">{\"@context\":\"https:\\\/\\\/schema.org\",\"@graph\":[{\"@type\":\"WebPage\",\"@id\":\"https:\\\/\\\/reden.solar\\\/es\\\/politica-de-cookies\\\/\",\"url\":\"https:\\\/\\\/reden.solar\\\/es\\\/politica-de-cookies\\\/\",\"name\":\"Pol\u00edtica de RGPD y cookies - REDEN\",\"isPartOf\":{\"@id\":\"https:\\\/\\\/reden.solar\\\/es\\\/#website\"},\"datePublished\":\"2021-03-31T15:53:39+00:00\",\"dateModified\":\"2026-04-22T13:54:04+00:00\",\"breadcrumb\":{\"@id\":\"https:\\\/\\\/reden.solar\\\/es\\\/politica-de-cookies\\\/#breadcrumb\"},\"inLanguage\":\"es\",\"potentialAction\":[{\"@type\":\"ReadAction\",\"target\":[\"https:\\\/\\\/reden.solar\\\/es\\\/politica-de-cookies\\\/\"]}]},{\"@type\":\"BreadcrumbList\",\"@id\":\"https:\\\/\\\/reden.solar\\\/es\\\/politica-de-cookies\\\/#breadcrumb\",\"itemListElement\":[{\"@type\":\"ListItem\",\"position\":1,\"name\":\"Accueil\",\"item\":\"https:\\\/\\\/reden.solar\\\/es\\\/\"},{\"@type\":\"ListItem\",\"position\":2,\"name\":\"Pol\u00edtica de RGPD y cookies\"}]},{\"@type\":\"WebSite\",\"@id\":\"https:\\\/\\\/reden.solar\\\/es\\\/#website\",\"url\":\"https:\\\/\\\/reden.solar\\\/es\\\/\",\"name\":\"REDEN\",\"description\":\"Sp\u00e9cialiste de la production d\u2019\u00e9lectricit\u00e9 photovolta\u00efque et du stockage d&#039;\u00e9nergie\",\"publisher\":{\"@id\":\"https:\\\/\\\/reden.solar\\\/es\\\/#organization\"},\"potentialAction\":[{\"@type\":\"SearchAction\",\"target\":{\"@type\":\"EntryPoint\",\"urlTemplate\":\"https:\\\/\\\/reden.solar\\\/es\\\/?s={search_term_string}\"},\"query-input\":{\"@type\":\"PropertyValueSpecification\",\"valueRequired\":true,\"valueName\":\"search_term_string\"}}],\"inLanguage\":\"es\"},{\"@type\":\"Organization\",\"@id\":\"https:\\\/\\\/reden.solar\\\/es\\\/#organization\",\"name\":\"REDEN\",\"url\":\"https:\\\/\\\/reden.solar\\\/es\\\/\",\"logo\":{\"@type\":\"ImageObject\",\"inLanguage\":\"es\",\"@id\":\"https:\\\/\\\/reden.solar\\\/es\\\/#\\\/schema\\\/logo\\\/image\\\/\",\"url\":\"https:\\\/\\\/reden.solar\\\/wp-content\\\/uploads\\\/2025\\\/01\\\/cropped-reden-quadri.png\",\"contentUrl\":\"https:\\\/\\\/reden.solar\\\/wp-content\\\/uploads\\\/2025\\\/01\\\/cropped-reden-quadri.png\",\"width\":2399,\"height\":850,\"caption\":\"REDEN\"},\"image\":{\"@id\":\"https:\\\/\\\/reden.solar\\\/es\\\/#\\\/schema\\\/logo\\\/image\\\/\"},\"sameAs\":[\"https:\\\/\\\/www.linkedin.com\\\/company\\\/redensolar\\\/mycompany\\\/\",\"https:\\\/\\\/vimeo.com\\\/redensolar\"]}]}<\/script>\n<!-- \/ Yoast SEO plugin. -->","yoast_head_json":{"title":"Pol\u00edtica de RGPD y cookies - REDEN","robots":{"index":"index","follow":"follow","max-snippet":"max-snippet:-1","max-image-preview":"max-image-preview:large","max-video-preview":"max-video-preview:-1"},"canonical":"https:\/\/reden.solar\/es\/politica-de-cookies\/","og_locale":"es_ES","og_type":"article","og_title":"Pol\u00edtica de RGPD y cookies - REDEN","og_description":"REDEN SOLAR se compromete a proteger toda aquella informaci\u00f3n personal y &nbsp;privacidad de los visitantes del Sitio Web y de cualquier persona que utilice sus Servicios en general. La presente Pol\u00edtica de Privacidad y Cookies tiene por objeto informarle sobre lo siguiente: DEFINICIONES Datos personales: cualquier informaci\u00f3n relativa a una persona f\u00edsica identificada o a ... Leer m\u00e1s","og_url":"https:\/\/reden.solar\/es\/politica-de-cookies\/","og_site_name":"REDEN","article_modified_time":"2026-04-22T13:54:04+00:00","twitter_card":"summary_large_image","twitter_misc":{"Tiempo de lectura":"12 minutos"},"schema":{"@context":"https:\/\/schema.org","@graph":[{"@type":"WebPage","@id":"https:\/\/reden.solar\/es\/politica-de-cookies\/","url":"https:\/\/reden.solar\/es\/politica-de-cookies\/","name":"Pol\u00edtica de RGPD y cookies - REDEN","isPartOf":{"@id":"https:\/\/reden.solar\/es\/#website"},"datePublished":"2021-03-31T15:53:39+00:00","dateModified":"2026-04-22T13:54:04+00:00","breadcrumb":{"@id":"https:\/\/reden.solar\/es\/politica-de-cookies\/#breadcrumb"},"inLanguage":"es","potentialAction":[{"@type":"ReadAction","target":["https:\/\/reden.solar\/es\/politica-de-cookies\/"]}]},{"@type":"BreadcrumbList","@id":"https:\/\/reden.solar\/es\/politica-de-cookies\/#breadcrumb","itemListElement":[{"@type":"ListItem","position":1,"name":"Accueil","item":"https:\/\/reden.solar\/es\/"},{"@type":"ListItem","position":2,"name":"Pol\u00edtica de RGPD y cookies"}]},{"@type":"WebSite","@id":"https:\/\/reden.solar\/es\/#website","url":"https:\/\/reden.solar\/es\/","name":"REDEN","description":"Sp\u00e9cialiste de la production d\u2019\u00e9lectricit\u00e9 photovolta\u00efque et du stockage d&#039;\u00e9nergie","publisher":{"@id":"https:\/\/reden.solar\/es\/#organization"},"potentialAction":[{"@type":"SearchAction","target":{"@type":"EntryPoint","urlTemplate":"https:\/\/reden.solar\/es\/?s={search_term_string}"},"query-input":{"@type":"PropertyValueSpecification","valueRequired":true,"valueName":"search_term_string"}}],"inLanguage":"es"},{"@type":"Organization","@id":"https:\/\/reden.solar\/es\/#organization","name":"REDEN","url":"https:\/\/reden.solar\/es\/","logo":{"@type":"ImageObject","inLanguage":"es","@id":"https:\/\/reden.solar\/es\/#\/schema\/logo\/image\/","url":"https:\/\/reden.solar\/wp-content\/uploads\/2025\/01\/cropped-reden-quadri.png","contentUrl":"https:\/\/reden.solar\/wp-content\/uploads\/2025\/01\/cropped-reden-quadri.png","width":2399,"height":850,"caption":"REDEN"},"image":{"@id":"https:\/\/reden.solar\/es\/#\/schema\/logo\/image\/"},"sameAs":["https:\/\/www.linkedin.com\/company\/redensolar\/mycompany\/","https:\/\/vimeo.com\/redensolar"]}]}},"_links":{"self":[{"href":"https:\/\/reden.solar\/es\/wp-json\/wp\/v2\/pages\/5995","targetHints":{"allow":["GET"]}}],"collection":[{"href":"https:\/\/reden.solar\/es\/wp-json\/wp\/v2\/pages"}],"about":[{"href":"https:\/\/reden.solar\/es\/wp-json\/wp\/v2\/types\/page"}],"author":[{"embeddable":true,"href":"https:\/\/reden.solar\/es\/wp-json\/wp\/v2\/users\/3"}],"replies":[{"embeddable":true,"href":"https:\/\/reden.solar\/es\/wp-json\/wp\/v2\/comments?post=5995"}],"version-history":[{"count":4,"href":"https:\/\/reden.solar\/es\/wp-json\/wp\/v2\/pages\/5995\/revisions"}],"predecessor-version":[{"id":41101,"href":"https:\/\/reden.solar\/es\/wp-json\/wp\/v2\/pages\/5995\/revisions\/41101"}],"wp:attachment":[{"href":"https:\/\/reden.solar\/es\/wp-json\/wp\/v2\/media?parent=5995"}],"curies":[{"name":"wp","href":"https:\/\/api.w.org\/{rel}","templated":true}]}}